{"id":3528,"date":"2023-05-04T14:25:00","date_gmt":"2023-05-04T14:25:00","guid":{"rendered":"https:\/\/madoriarquitectos.com\/metodo\/"},"modified":"2023-05-04T14:25:00","modified_gmt":"2023-05-04T14:25:00","slug":"metodo","status":"publish","type":"page","link":"https:\/\/madoriarquitectos.com\/en\/metodo\/","title":{"rendered":"M\u00e9todo"},"content":{"rendered":"<p>[et_pb_section fb_built=&#8221;1&#8243; module_class=&#8221;metodo pagina_proyecto img_anchura_completa_proyecto&#8221; _builder_version=&#8221;4.20.4&#8243; _module_preset=&#8221;default&#8221; custom_padding=&#8221;||0px||false|false&#8221; locked=&#8221;off&#8221; global_colors_info=&#8221;{}&#8221;][et_pb_row module_class=&#8221;img_anchura_proyecto&#8221; _builder_version=&#8221;4.20.4&#8243; _module_preset=&#8221;default&#8221; width=&#8221;100%&#8221; max_width=&#8221;100%&#8221; custom_padding=&#8221;0px||0px||false|false&#8221; global_colors_info=&#8221;{}&#8221;][et_pb_column type=&#8221;4_4&#8243; _builder_version=&#8221;4.20.4&#8243; _module_preset=&#8221;default&#8221; global_colors_info=&#8221;{}&#8221;][et_pb_text admin_label=&#8221;IMAGEN + texto&#8221; _builder_version=&#8221;4.24.1&#8243; _module_preset=&#8221;default&#8221; hover_enabled=&#8221;0&#8243; global_colors_info=&#8221;{}&#8221; sticky_enabled=&#8221;0&#8243;]<\/p>\n<p><img loading=\"lazy\" decoding=\"async\" class=\"aligncenter wp-image-2065 size-full\" src=\"https:\/\/madoriarquitectos.com\/wp-content\/uploads\/2023\/07\/Equipo-Madori_4370-scaled.jpg\" alt=\"madori arquitectos valencia tavernes de la valldigna\" width=\"2560\" height=\"1709\" srcset=\"https:\/\/madoriarquitectos.com\/wp-content\/uploads\/2023\/07\/Equipo-Madori_4370-scaled.jpg 2560w, https:\/\/madoriarquitectos.com\/wp-content\/uploads\/2023\/07\/Equipo-Madori_4370-300x200.jpg 300w, https:\/\/madoriarquitectos.com\/wp-content\/uploads\/2023\/07\/Equipo-Madori_4370-1024x684.jpg 1024w, https:\/\/madoriarquitectos.com\/wp-content\/uploads\/2023\/07\/Equipo-Madori_4370-768x513.jpg 768w, https:\/\/madoriarquitectos.com\/wp-content\/uploads\/2023\/07\/Equipo-Madori_4370-1536x1025.jpg 1536w, https:\/\/madoriarquitectos.com\/wp-content\/uploads\/2023\/07\/Equipo-Madori_4370-2048x1367.jpg 2048w, https:\/\/madoriarquitectos.com\/wp-content\/uploads\/2023\/07\/Equipo-Madori_4370-1080x721.jpg 1080w\" sizes=\"(max-width: 2560px) 100vw, 2560px\" \/><\/p>\n<p>[\/et_pb_text][\/et_pb_column][\/et_pb_row][et_pb_row column_structure=&#8221;1_2,1_2&#8243; custom_padding_last_edited=&#8221;on|desktop&#8221; disabled_on=&#8221;on|on|on&#8221; admin_label=&#8221;Fila&#8221; module_class=&#8221;box_verde_madori&#8221; _builder_version=&#8221;4.20.4&#8243; _module_preset=&#8221;default&#8221; width=&#8221;60%&#8221; width_tablet=&#8221;90%&#8221; width_phone=&#8221;90%&#8221; width_last_edited=&#8221;on|tablet&#8221; max_width=&#8221;100%&#8221; custom_padding=&#8221;100px||||false|false&#8221; custom_padding_tablet=&#8221;100px||||false|false&#8221; custom_padding_phone=&#8221;50px||||false|false&#8221; disabled=&#8221;on&#8221; global_colors_info=&#8221;{}&#8221;][et_pb_column type=&#8221;1_2&#8243; _builder_version=&#8221;4.20.4&#8243; _module_preset=&#8221;default&#8221; global_colors_info=&#8221;{}&#8221;][et_pb_text disabled_on=&#8221;off|off|off&#8221; admin_label=&#8221;M\u00e9todo Madori&#8221; _builder_version=&#8221;4.20.4&#8243; _module_preset=&#8221;default&#8221; border_width_bottom=&#8221;1px&#8221; border_color_bottom=&#8221;#000000&#8243; global_colors_info=&#8221;{}&#8221;]<\/p>\n<h2><span style=\"color: #000000;\">Madori<\/span><\/h2>\n<p style=\"font-size: 1.1rem;\">[ma &#8211; do &#8211; ri], <em>sustantivo<\/em><\/p>\n<p>[\/et_pb_text][et_pb_text _builder_version=&#8221;4.20.4&#8243; _module_preset=&#8221;default&#8221; global_colors_info=&#8221;{}&#8221;]<\/p>\n<ol>\n<li style=\"text-align: justify; color: #000;\">Palabra japonesa que hace referencia al dise\u00f1o aludiendo a la creaci\u00f3n del espacio, a su distribuci\u00f3n, y al plan espacial de todo lugar que nos rodea y somos capaces de percibir.<\/li>\n<li style=\"text-align: justify; color: #000;\">Madori significa literalmente \u201cCaptaci\u00f3n de la conciencia del lugar\u201d. Una existencia y a la vez experiencia, carente de sentido si no existe alguien para vivirla.<\/li>\n<\/ol>\n<p>[\/et_pb_text][\/et_pb_column][et_pb_column type=&#8221;1_2&#8243; _builder_version=&#8221;4.20.4&#8243; _module_preset=&#8221;default&#8221; global_colors_info=&#8221;{}&#8221;][et_pb_text disabled_on=&#8221;off|off|off&#8221; admin_label=&#8221;IMG Madori&#8221; _builder_version=&#8221;4.20.4&#8243; _module_preset=&#8221;default&#8221; global_colors_info=&#8221;{}&#8221;]<\/p>\n<p><img loading=\"lazy\" decoding=\"async\" class=\"alignnone wp-image-1118 size-full\" src=\"https:\/\/madoriarquitectos.com\/wp-content\/uploads\/2023\/05\/MADORI-CONCEPTO-ESQUEMA.png\" alt=\"Conceptos Madori\" width=\"1361\" height=\"1288\" srcset=\"https:\/\/madoriarquitectos.com\/wp-content\/uploads\/2023\/05\/MADORI-CONCEPTO-ESQUEMA.png 1361w, https:\/\/madoriarquitectos.com\/wp-content\/uploads\/2023\/05\/MADORI-CONCEPTO-ESQUEMA-1280x1211.png 1280w, https:\/\/madoriarquitectos.com\/wp-content\/uploads\/2023\/05\/MADORI-CONCEPTO-ESQUEMA-980x927.png 980w, https:\/\/madoriarquitectos.com\/wp-content\/uploads\/2023\/05\/MADORI-CONCEPTO-ESQUEMA-480x454.png 480w\" sizes=\"(min-width: 0px) and (max-width: 480px) 480px, (min-width: 481px) and (max-width: 980px) 980px, (min-width: 981px) and (max-width: 1280px) 1280px, (min-width: 1281px) 1361px, 100vw\" \/><\/p>\n<p>[\/et_pb_text][\/et_pb_column][\/et_pb_row][et_pb_row column_structure=&#8221;1_2,1_2&#8243; custom_padding_last_edited=&#8221;on|phone&#8221; disabled_on=&#8221;on|on|on&#8221; admin_label=&#8221;COPIA SEGUIRDAD &#8211; Fila&#8221; module_class=&#8221;box_verde_madori&#8221; _builder_version=&#8221;4.20.4&#8243; _module_preset=&#8221;default&#8221; width=&#8221;90%&#8221; max_width=&#8221;100%&#8221; custom_padding=&#8221;200px||||false|false&#8221; custom_padding_tablet=&#8221;100px||||false|false&#8221; custom_padding_phone=&#8221;50px||||false|false&#8221; disabled=&#8221;on&#8221; global_colors_info=&#8221;{}&#8221;][et_pb_column type=&#8221;1_2&#8243; _builder_version=&#8221;4.20.4&#8243; _module_preset=&#8221;default&#8221; global_colors_info=&#8221;{}&#8221;][et_pb_text disabled_on=&#8221;off|off|off&#8221; admin_label=&#8221;M\u00e9todo Madori&#8221; _builder_version=&#8221;4.20.4&#8243; _module_preset=&#8221;default&#8221; border_width_bottom=&#8221;1px&#8221; border_color_bottom=&#8221;#000000&#8243; global_colors_info=&#8221;{}&#8221;]<\/p>\n<h2><span style=\"color: #000000;\">\u00bfQu\u00e9 quiere decir Madori?<\/span><\/h2>\n<p>&nbsp;<\/p>\n<p>[\/et_pb_text][et_pb_text disabled_on=&#8221;off|off|off&#8221; admin_label=&#8221;M\u00e9todo Madori&#8221; _builder_version=&#8221;4.20.4&#8243; _module_preset=&#8221;default&#8221; border_width_bottom=&#8221;1px&#8221; border_color_bottom=&#8221;#000000&#8243; global_colors_info=&#8221;{}&#8221;]<\/p>\n<h2><span style=\"color: #000000;\">\u00bfQu\u00e9 quiere decir Madori?<\/span><\/h2>\n<p>&nbsp;<\/p>\n<p>[\/et_pb_text][et_pb_text _builder_version=&#8221;4.20.4&#8243; _module_preset=&#8221;default&#8221; global_colors_info=&#8221;{}&#8221;]<\/p>\n<p style=\"text-align: justify;\">Es un palabra japonesa que hace referencia al dise\u00f1o aludiendo a la creaci\u00f3n del espacio, a su distribuci\u00f3n, y al plan espacial de todo lugar que nos rodea y somos capaces de percibir.<\/p>\n<p>&nbsp;<\/p>\n<p>&nbsp;<\/p>\n<p style=\"text-align: justify;\">Madori significa literalmente \u201cCaptaci\u00f3n de la conciencia del lugar\u201d. Una existencia y a la vez experiencia, carente de sentido si no existe alguien para vivirla.<\/p>\n<p>[\/et_pb_text][et_pb_text _builder_version=&#8221;4.20.4&#8243; _module_preset=&#8221;default&#8221; global_colors_info=&#8221;{}&#8221;]<\/p>\n<p style=\"text-align: justify;\">Es un palabra japonesa que hace referencia al dise\u00f1o aludiendo a la creaci\u00f3n del espacio, a su distribuci\u00f3n, y al plan espacial de todo lugar que nos rodea y somos capaces de percibir.<\/p>\n<p>&nbsp;<\/p>\n<p>&nbsp;<\/p>\n<p style=\"text-align: justify;\">Madori significa literalmente \u201cCaptaci\u00f3n de la conciencia del lugar\u201d. Una existencia y a la vez experiencia, carente de sentido si no existe alguien para vivirla.<\/p>\n<p>[\/et_pb_text][\/et_pb_column][et_pb_column type=&#8221;1_2&#8243; _builder_version=&#8221;4.20.4&#8243; _module_preset=&#8221;default&#8221; global_colors_info=&#8221;{}&#8221;][et_pb_text disabled_on=&#8221;off|off|off&#8221; admin_label=&#8221;IMG Madori&#8221; _builder_version=&#8221;4.20.4&#8243; _module_preset=&#8221;default&#8221; global_colors_info=&#8221;{}&#8221;]<\/p>\n<p><img loading=\"lazy\" decoding=\"async\" class=\"alignnone wp-image-1118 size-full\" src=\"https:\/\/madoriarquitectos.com\/wp-content\/uploads\/2023\/05\/MADORI-CONCEPTO-ESQUEMA.png\" alt=\"\" width=\"1361\" height=\"1288\" srcset=\"https:\/\/madoriarquitectos.com\/wp-content\/uploads\/2023\/05\/MADORI-CONCEPTO-ESQUEMA.png 1361w, https:\/\/madoriarquitectos.com\/wp-content\/uploads\/2023\/05\/MADORI-CONCEPTO-ESQUEMA-1280x1211.png 1280w, https:\/\/madoriarquitectos.com\/wp-content\/uploads\/2023\/05\/MADORI-CONCEPTO-ESQUEMA-980x927.png 980w, https:\/\/madoriarquitectos.com\/wp-content\/uploads\/2023\/05\/MADORI-CONCEPTO-ESQUEMA-480x454.png 480w\" sizes=\"(min-width: 0px) and (max-width: 480px) 480px, (min-width: 481px) and (max-width: 980px) 980px, (min-width: 981px) and (max-width: 1280px) 1280px, (min-width: 1281px) 1361px, 100vw\" \/><\/p>\n<p>[\/et_pb_text][\/et_pb_column][\/et_pb_row][et_pb_row custom_padding_last_edited=&#8221;on|tablet&#8221; disabled_on=&#8221;on|on|on&#8221; _builder_version=&#8221;4.20.4&#8243; _module_preset=&#8221;default&#8221; width=&#8221;60%&#8221; width_tablet=&#8221;90%&#8221; width_phone=&#8221;90%&#8221; width_last_edited=&#8221;on|tablet&#8221; max_width=&#8221;100%&#8221; custom_padding=&#8221;100px||||false|false&#8221; custom_padding_tablet=&#8221;50px||||false|false&#8221; custom_padding_phone=&#8221;50px||||false|false&#8221; disabled=&#8221;on&#8221; global_colors_info=&#8221;{}&#8221;][et_pb_column type=&#8221;4_4&#8243; _builder_version=&#8221;4.20.4&#8243; _module_preset=&#8221;default&#8221; global_colors_info=&#8221;{}&#8221;][et_pb_text admin_label=&#8221;Nuestra filosof\u00eda y nuestros proyectos&#8221; _builder_version=&#8221;4.20.4&#8243; _module_preset=&#8221;default&#8221; custom_css_main_element=&#8221;font-family: &#8216;Outfit-ExtraBold&#8217; !important;||font-size: 1.1rem;&#8221; global_colors_info=&#8221;{}&#8221;]<\/p>\n<p style=\"text-align: center; font-family: 'Outfit-ExtraBold' !important;\"><span style=\"color: #000000;\"><strong>Nuestra filosof\u00eda y nuestros proyectos toman esa voluntad como punto de partida de todo proceso creativo; de toda relaci\u00f3n entre el objeto que construimos, el espacio que generamos y las personas que lo disfrutan. <\/strong><\/span><\/p>\n<p>[\/et_pb_text][\/et_pb_column][\/et_pb_row][et_pb_row custom_padding_last_edited=&#8221;on|tablet&#8221; disabled_on=&#8221;on|on|on&#8221; admin_label=&#8221;COPIA DE SEGURIDAD &#8211; Fila&#8221; _builder_version=&#8221;4.20.4&#8243; _module_preset=&#8221;default&#8221; width=&#8221;90%&#8221; max_width=&#8221;100%&#8221; custom_padding=&#8221;100px||||false|false&#8221; custom_padding_tablet=&#8221;50px||||false|false&#8221; custom_padding_phone=&#8221;50px||||false|false&#8221; disabled=&#8221;on&#8221; collapsed=&#8221;on&#8221; global_colors_info=&#8221;{}&#8221;][et_pb_column type=&#8221;4_4&#8243; _builder_version=&#8221;4.20.4&#8243; _module_preset=&#8221;default&#8221; global_colors_info=&#8221;{}&#8221;][et_pb_text admin_label=&#8221;Nuestra filosof\u00eda y nuestros proyectos&#8230;&#8221; _builder_version=&#8221;4.20.4&#8243; _module_preset=&#8221;default&#8221; global_colors_info=&#8221;{}&#8221;]<\/p>\n<p style=\"text-align: center;\"><span style=\"color: #000000;\"><strong>Nuestra filosof\u00eda y nuestros proyectos toman esa voluntad como punto de partida de todo proceso creativo; de toda relaci\u00f3n entre el objeto que construimos, el espacio que generamos y las personas que lo disfrutan. <\/strong><\/span><\/p>\n<p>[\/et_pb_text][\/et_pb_column][\/et_pb_row][et_pb_row disabled_on=&#8221;on|on|on&#8221; admin_label=&#8221;OLD&#8221; _builder_version=&#8221;4.20.4&#8243; _module_preset=&#8221;default&#8221; max_width=&#8221;100%&#8221; disabled=&#8221;on&#8221; collapsed=&#8221;on&#8221; global_colors_info=&#8221;{}&#8221;][et_pb_column type=&#8221;4_4&#8243; _builder_version=&#8221;4.20.4&#8243; _module_preset=&#8221;default&#8221; global_colors_info=&#8221;{}&#8221;][et_pb_text disabled_on=&#8221;off|off|off&#8221; admin_label=&#8221;M\u00e9todo Madori&#8221; _builder_version=&#8221;4.20.4&#8243; _module_preset=&#8221;default&#8221; global_colors_info=&#8221;{}&#8221;]<\/p>\n<h2><span style=\"color: #000000;\">M\u00e9todo<\/span><br \/><span style=\"color: #000000;\">Madori<\/span><\/h2>\n<p>&nbsp;<\/p>\n<p><strong>\/MADORI\/ Palabra japonesa<\/strong> que hace referencia al dise\u00f1o aludiendo a la creaci\u00f3n del espacio, a su distribuci\u00f3n, y al plan espacial de todo lugar que nos rodea y somos capaces de percibir.<\/p>\n<p>&nbsp;<\/p>\n<p>El sentido japon\u00e9s del espacio, el cual es conocido como \u201cma\u201d, nos habla de la conciencia del lugar no entendido como un objeto f\u00edsico, sino como un Espacio Experiencial. Una b\u00fasqueda de la armon\u00eda a trav\u00e9s no solo del objeto en s\u00ed, sino de la relaci\u00f3n del objeto con el espacio vac\u00edo que le rodea. La perfecci\u00f3n del conjunto conseguida a trav\u00e9s de la relaci\u00f3n entre la forma y la no forma. Por tanto, el espacio como tal no es un lugar objetivo, sino que depende tambi\u00e9n de la persona que se encuentra en \u00e9l, de como lo percibe y como lo capta.<\/p>\n<p>&nbsp;<\/p>\n<p>Madori significa literalmente esa \u201cCaptaci\u00f3n de la conciencia del lugar\u201d.<br \/>Una existencia y a la vez experiencia, carente de sentido si no existe alguien para experimentarla.<\/p>\n<p>&nbsp;<\/p>\n<p>Nuestra filosof\u00eda y nuestros proyectos, toman esa voluntad como punto de partida de todo proceso creativo; de toda relaci\u00f3n entre el objeto que construimos, el espacio que generamos y las personas que lo disfrutan.<\/p>\n<p>&nbsp;<\/p>\n<p><img loading=\"lazy\" decoding=\"async\" class=\"aligncenter wp-image-1098 size-full\" src=\"https:\/\/madoriarquitectos.com\/wp-content\/uploads\/2023\/05\/Metodo.png\" alt=\"\" width=\"657\" height=\"423\" \/><\/p>\n<p>&nbsp;<\/p>\n<p>[\/et_pb_text][\/et_pb_column][\/et_pb_row][et_pb_row disabled_on=&#8221;on|on|on&#8221; admin_label=&#8221;OLD&#8221; _builder_version=&#8221;4.20.4&#8243; _module_preset=&#8221;default&#8221; max_width=&#8221;100%&#8221; disabled=&#8221;on&#8221; collapsed=&#8221;on&#8221; global_colors_info=&#8221;{}&#8221;][et_pb_column type=&#8221;4_4&#8243; _builder_version=&#8221;4.20.4&#8243; _module_preset=&#8221;default&#8221; global_colors_info=&#8221;{}&#8221;][et_pb_text admin_label=&#8221;Qui\u00e9nes somos:<br \/>\n&#8221; _builder_version=&#8221;4.20.4&#8243; _module_preset=&#8221;default&#8221; global_colors_info=&#8221;{}&#8221;]<\/p>\n<h2>Qui\u00e9nes somos:<\/h2>\n<p>[\/et_pb_text][et_pb_code _builder_version=&#8221;4.20.4&#8243; _module_preset=&#8221;default&#8221; global_colors_info=&#8221;{}&#8221;]<p>Shortcode Deleted, kindly add correct Shortcode<\/p>[\/et_pb_code][\/et_pb_column][\/et_pb_row][\/et_pb_section][et_pb_section fb_built=&#8221;1&#8243; make_equal=&#8221;on&#8221; specialty=&#8221;on&#8221; custom_padding_last_edited=&#8221;on|tablet&#8221; module_class=&#8221;seccion_especial&#8221; _builder_version=&#8221;4.20.4&#8243; _module_preset=&#8221;default&#8221; custom_padding=&#8221;100px||100px||false|false&#8221; custom_padding_tablet=&#8221;50px||50px||false|false&#8221; custom_padding_phone=&#8221;50px||50px||false|false&#8221; global_colors_info=&#8221;{}&#8221;][et_pb_column type=&#8221;1_2&#8243; _builder_version=&#8221;4.16&#8243; custom_padding=&#8221;|||&#8221; global_colors_info=&#8221;{}&#8221; custom_padding__hover=&#8221;|||&#8221;][et_pb_text admin_label=&#8221;Que es?&#8221; _builder_version=&#8221;4.20.4&#8243; _module_preset=&#8221;default&#8221; global_colors_info=&#8221;{}&#8221;]<\/p>\n<h2><span style=\"color: #000000;\">\u00bfQu\u00e9 es madori?<\/span><\/h2>\n<p>[\/et_pb_text][et_pb_text admin_label=&#8221;TEXTO&#8221; _builder_version=&#8221;4.20.4&#8243; _module_preset=&#8221;default&#8221; text_orientation=&#8221;justified&#8221; global_colors_info=&#8221;{}&#8221;]<\/p>\n<p style=\"text-align: justify;\">Es un palabra japonesa que hace referencia al dise\u00f1o aludiendo a la creaci\u00f3n del espacio, a su distribuci\u00f3n, y al plan espacial de todo lugar que nos rodea y somos capaces de percibir.<\/p>\n<p>&nbsp;<\/p>\n<p>&nbsp;<\/p>\n<p style=\"text-align: justify;\">Madori significa literalmente <em>\u201ccaptaci\u00f3n de la conciencia del lugar\u201d<\/em>. Una existencia y a la vez experiencia, carente de sentido si no existe alguien para vivirla.<\/p>\n<p>&nbsp;<\/p>\n<p>&nbsp;<\/p>\n<p><span style=\"color: #000000;\">Nuestra filosof\u00eda y nuestros proyectos toman esa voluntad como punto de partida de todo proceso creativo; de toda relaci\u00f3n entre el objeto que construimos, el espacio que generamos y las personas que lo disfrutan.<\/span><\/p>\n<p>[\/et_pb_text][\/et_pb_column][et_pb_column type=&#8221;1_2&#8243; specialty_columns=&#8221;2&#8243; _builder_version=&#8221;4.16&#8243; custom_padding=&#8221;|||&#8221; global_colors_info=&#8221;{}&#8221; custom_padding__hover=&#8221;|||&#8221;][et_pb_row_inner module_class=&#8221;seccion_imagenes&#8221; _builder_version=&#8221;4.20.4&#8243; _module_preset=&#8221;default&#8221; custom_padding=&#8221;0px||0px||false|false&#8221; global_colors_info=&#8221;{}&#8221;][et_pb_column_inner saved_specialty_column_type=&#8221;1_2&#8243; _builder_version=&#8221;4.20.4&#8243; _module_preset=&#8221;default&#8221; global_colors_info=&#8221;{}&#8221;][et_pb_text disabled_on=&#8221;off|off|off&#8221; admin_label=&#8221;IMG Madori&#8221; _builder_version=&#8221;4.24.1&#8243; _module_preset=&#8221;default&#8221; global_colors_info=&#8221;{}&#8221;]<img loading=\"lazy\" decoding=\"async\" class=\"alignnone wp-image-1118 size-large\" src=\"https:\/\/madoriarquitectos.com\/wp-content\/uploads\/2023\/05\/MADORI-CONCEPTO-ESQUEMA-1024x969.png\" alt=\"madori arquitectos valencia tavernes de la valldigna\" width=\"1024\" height=\"969\" srcset=\"https:\/\/madoriarquitectos.com\/wp-content\/uploads\/2023\/05\/MADORI-CONCEPTO-ESQUEMA-980x927.png 980w, https:\/\/madoriarquitectos.com\/wp-content\/uploads\/2023\/05\/MADORI-CONCEPTO-ESQUEMA-480x454.png 480w\" sizes=\"(min-width: 0px) and (max-width: 480px) 480px, (min-width: 481px) and (max-width: 980px) 980px, (min-width: 981px) 1024px, 100vw\" \/>[\/et_pb_text][\/et_pb_column_inner][\/et_pb_row_inner][\/et_pb_column][\/et_pb_section][et_pb_section fb_built=&#8221;1&#8243; make_equal=&#8221;on&#8221; specialty=&#8221;on&#8221; custom_padding_last_edited=&#8221;on|tablet&#8221; disabled_on=&#8221;on|on|off&#8221; module_class=&#8221;seccion_especial&#8221; _builder_version=&#8221;4.20.4&#8243; _module_preset=&#8221;default&#8221; custom_padding=&#8221;100px||100px||false|false&#8221; custom_padding_tablet=&#8221;50px||50px||false|false&#8221; custom_padding_phone=&#8221;50px||50px||false|false&#8221; global_colors_info=&#8221;{}&#8221;][et_pb_column type=&#8221;1_2&#8243; _builder_version=&#8221;4.16&#8243; custom_padding=&#8221;|||&#8221; global_colors_info=&#8221;{}&#8221; custom_padding__hover=&#8221;|||&#8221;][et_pb_text admin_label=&#8221;Equipo&#8221; _builder_version=&#8221;4.20.4&#8243; _module_preset=&#8221;default&#8221; global_colors_info=&#8221;{}&#8221;]<\/p>\n<h2><span style=\"color: #000000;\">Equipo\u00a0<\/span><\/h2>\n<p>[\/et_pb_text][et_pb_text admin_label=&#8221;TEXTO&#8221; _builder_version=&#8221;4.24.1&#8243; _module_preset=&#8221;default&#8221; text_orientation=&#8221;justified&#8221; global_colors_info=&#8221;{}&#8221;]<\/p>\n<p style=\"text-align: justify;\">Somos un estudio de arquitectura apasionado por el dise\u00f1o, la innovaci\u00f3n y la creatividad; Aportamos al desarrollo de cada proyecto un alto grado de autoexigencia y entusiasmo.<\/p>\n<p>&nbsp;<\/p>\n<p>&nbsp;<\/p>\n<p style=\"text-align: justify;\"><span style=\"color: #000000;\"><a style=\"color: #000000;\" href=\"https:\/\/madoriarquitectos.com\/en\/\" target=\"_blank\" rel=\"noopener\">Madori arquitectos<\/a><\/span> esta formado por Elena Verdejo y Adri\u00e1n Sifres, arquitectos por la <span style=\"color: #000000;\"><a style=\"color: #000000;\" href=\"https:\/\/www.upv.es\/entidades\/etsa\/\" target=\"_blank\" rel=\"noopener\">Escuela T\u00e9cnica Superior de Arquitectura de la Universidad Polit\u00e9cnica de Val\u00e8ncia<\/a><\/span>, con sede en Valencia y Tavernes de la Valldigna, el estudio realiza proyectos en todo el \u00e1mbito nacional.<\/p>\n<p>&nbsp;<\/p>\n<p>&nbsp;<\/p>\n<p style=\"text-align: justify;\">Consideramos esencial la puesta en com\u00fan de diferentes \u00e1mbitos y conocimientos complementarios dentro de nuestro trabajo como arquitectos; por ello trabajamos conjuntamente con una amplia red de colaboradores externos de diversas especialidades relacionadas con el \u00e1mbito de la construcci\u00f3n, hecho que nos permite estar al d\u00eda de los \u00faltimos avances y tendencias en el campo del conocimiento y desarrollo arquitect\u00f3nico.<\/p>\n<p>[\/et_pb_text][\/et_pb_column][et_pb_column type=&#8221;1_2&#8243; specialty_columns=&#8221;2&#8243; _builder_version=&#8221;4.16&#8243; custom_padding=&#8221;|||&#8221; global_colors_info=&#8221;{}&#8221; custom_padding__hover=&#8221;|||&#8221;][et_pb_row_inner column_structure=&#8221;1_2,1_2&#8243; disabled_on=&#8221;on|on|on&#8221; module_class=&#8221;seccion_imagenes&#8221; _builder_version=&#8221;4.20.4&#8243; _module_preset=&#8221;default&#8221; disabled=&#8221;on&#8221; global_colors_info=&#8221;{}&#8221;][et_pb_column_inner type=&#8221;1_2&#8243; saved_specialty_column_type=&#8221;1_2&#8243; _builder_version=&#8221;4.20.4&#8243; _module_preset=&#8221;default&#8221; global_colors_info=&#8221;{}&#8221;][et_pb_text admin_label=&#8221;IMG ELENA&#8221; _builder_version=&#8221;4.20.4&#8243; _module_preset=&#8221;default&#8221; global_colors_info=&#8221;{}&#8221;]<\/p>\n<p><img loading=\"lazy\" decoding=\"async\" class=\"alignnone wp-image-1133 size-full\" src=\"https:\/\/madoriarquitectos.com\/wp-content\/uploads\/2023\/05\/2020_01_19_elena_verdejo_010_1-scaled.jpg\" alt=\"\" width=\"2560\" height=\"2493\" \/><\/p>\n<p>[\/et_pb_text][et_pb_text admin_label=&#8221;Elena&#8221; _builder_version=&#8221;4.20.4&#8243; _module_preset=&#8221;default&#8221; global_colors_info=&#8221;{}&#8221;]<\/p>\n<h2><span style=\"color: #000000;\">ELENA VERDEJO<\/span><\/h2>\n<p>Arquitecta, co-fundadora<\/p>\n<p>[\/et_pb_text][\/et_pb_column_inner][et_pb_column_inner type=&#8221;1_2&#8243; saved_specialty_column_type=&#8221;1_2&#8243; _builder_version=&#8221;4.20.4&#8243; _module_preset=&#8221;default&#8221; global_colors_info=&#8221;{}&#8221;][et_pb_text admin_label=&#8221;IMG ADRIAN&#8221; _builder_version=&#8221;4.20.4&#8243; _module_preset=&#8221;default&#8221; global_colors_info=&#8221;{}&#8221;]<\/p>\n<p><img loading=\"lazy\" decoding=\"async\" class=\"aligncenter wp-image-1128 size-full\" src=\"https:\/\/madoriarquitectos.com\/wp-content\/uploads\/2023\/05\/Foto-Personal-Adrian_1-scaled.jpg\" alt=\"\" width=\"2560\" height=\"2494\" \/><\/p>\n<p>[\/et_pb_text][et_pb_text admin_label=&#8221;Adrian&#8221; _builder_version=&#8221;4.20.4&#8243; _module_preset=&#8221;default&#8221; global_colors_info=&#8221;{}&#8221;]<\/p>\n<h2><span style=\"color: #000000;\">ADRI\u00c1N SIFRES<\/span><\/h2>\n<p>Arquitecto, co-fundador<\/p>\n<p>[\/et_pb_text][\/et_pb_column_inner][\/et_pb_row_inner][et_pb_row_inner module_class=&#8221;seccion_imagenes&#8221; _builder_version=&#8221;4.20.4&#8243; _module_preset=&#8221;default&#8221; custom_padding=&#8221;0px||0px||false|false&#8221; global_colors_info=&#8221;{}&#8221;][et_pb_column_inner saved_specialty_column_type=&#8221;1_2&#8243; _builder_version=&#8221;4.20.4&#8243; _module_preset=&#8221;default&#8221; global_colors_info=&#8221;{}&#8221;][et_pb_text admin_label=&#8221;IMAGEN&#8221; _builder_version=&#8221;4.24.1&#8243; _module_preset=&#8221;default&#8221; global_colors_info=&#8221;{}&#8221;]&nbsp;<\/p>\n<p><img loading=\"lazy\" decoding=\"async\" class=\"aligncenter wp-image-2067 size-full\" src=\"https:\/\/madoriarquitectos.com\/wp-content\/uploads\/2023\/07\/Equipo-Madori_4430-BN-scaled.jpg\" alt=\"madori arquitectos valencia tavernes de la valldigna\" width=\"2560\" height=\"1143\" srcset=\"https:\/\/madoriarquitectos.com\/wp-content\/uploads\/2023\/07\/Equipo-Madori_4430-BN-scaled.jpg 2560w, https:\/\/madoriarquitectos.com\/wp-content\/uploads\/2023\/07\/Equipo-Madori_4430-BN-1280x572.jpg 1280w, https:\/\/madoriarquitectos.com\/wp-content\/uploads\/2023\/07\/Equipo-Madori_4430-BN-980x438.jpg 980w, https:\/\/madoriarquitectos.com\/wp-content\/uploads\/2023\/07\/Equipo-Madori_4430-BN-480x214.jpg 480w\" sizes=\"(min-width: 0px) and (max-width: 480px) 480px, (min-width: 481px) and (max-width: 980px) 980px, (min-width: 981px) and (max-width: 1280px) 1280px, (min-width: 1281px) 2560px, 100vw\" \/>[\/et_pb_text][\/et_pb_column_inner][\/et_pb_row_inner][et_pb_row_inner column_structure=&#8221;1_2,1_2&#8243; disabled_on=&#8221;on|on|off&#8221; module_class=&#8221;seccion_imagenes&#8221; _builder_version=&#8221;4.20.4&#8243; _module_preset=&#8221;default&#8221; custom_padding=&#8221;25px||0px||false|false&#8221; global_colors_info=&#8221;{}&#8221;][et_pb_column_inner type=&#8221;1_2&#8243; saved_specialty_column_type=&#8221;1_2&#8243; _builder_version=&#8221;4.20.4&#8243; _module_preset=&#8221;default&#8221; global_colors_info=&#8221;{}&#8221;][et_pb_text admin_label=&#8221;Adrian&#8221; _builder_version=&#8221;4.20.4&#8243; _module_preset=&#8221;default&#8221; global_colors_info=&#8221;{}&#8221;]<\/p>\n<h2><span style=\"color: #000000;\">ADRI\u00c1N SIFRES<\/span><\/h2>\n<p>Arquitecto, co-fundador<\/p>\n<p>[\/et_pb_text][\/et_pb_column_inner][et_pb_column_inner type=&#8221;1_2&#8243; saved_specialty_column_type=&#8221;1_2&#8243; module_class=&#8221;seccion_imagenes&#8221; _builder_version=&#8221;4.20.4&#8243; _module_preset=&#8221;default&#8221; global_colors_info=&#8221;{}&#8221;][et_pb_text admin_label=&#8221;Elena&#8221; _builder_version=&#8221;4.20.4&#8243; _module_preset=&#8221;default&#8221; global_colors_info=&#8221;{}&#8221;]<\/p>\n<h2><span style=\"color: #000000;\">ELENA VERDEJO<\/span><\/h2>\n<p>Arquitecta, co-fundadora<\/p>\n<p>[\/et_pb_text][\/et_pb_column_inner][\/et_pb_row_inner][\/et_pb_column][\/et_pb_section][et_pb_section fb_built=&#8221;1&#8243; make_equal=&#8221;on&#8221; specialty=&#8221;on&#8221; custom_padding_last_edited=&#8221;on|tablet&#8221; disabled_on=&#8221;off|off|on&#8221; admin_label=&#8221;Secci\u00f3n movil&#8221; module_class=&#8221;seccion_especial&#8221; _builder_version=&#8221;4.20.4&#8243; _module_preset=&#8221;default&#8221; custom_padding=&#8221;100px||100px||false|false&#8221; custom_padding_tablet=&#8221;50px||50px||false|false&#8221; custom_padding_phone=&#8221;50px||50px||false|false&#8221; global_colors_info=&#8221;{}&#8221;][et_pb_column type=&#8221;1_2&#8243; _builder_version=&#8221;4.16&#8243; custom_padding=&#8221;|||&#8221; global_colors_info=&#8221;{}&#8221; custom_padding__hover=&#8221;|||&#8221;][et_pb_text admin_label=&#8221;Equipo&#8221; _builder_version=&#8221;4.20.4&#8243; _module_preset=&#8221;default&#8221; global_colors_info=&#8221;{}&#8221;]<\/p>\n<h2><span style=\"color: #000000;\">Equipo\u00a0<\/span><\/h2>\n<p>[\/et_pb_text][et_pb_text admin_label=&#8221;TEXTO&#8221; _builder_version=&#8221;4.24.1&#8243; _module_preset=&#8221;default&#8221; text_orientation=&#8221;justified&#8221; global_colors_info=&#8221;{}&#8221;]<\/p>\n<p style=\"text-align: justify;\">Somos un estudio de arquitectura apasionado por el dise\u00f1o, la innovaci\u00f3n y la creatividad; Aportamos al desarrollo de cada proyecto un alto grado de autoexigencia y entusiasmo.<\/p>\n<p>&nbsp;<\/p>\n<p>&nbsp;<\/p>\n<p style=\"text-align: justify;\"><span style=\"color: #000000;\"><a style=\"color: #000000;\" href=\"https:\/\/madoriarquitectos.com\/en\/\" target=\"_blank\" rel=\"noopener\">Madori arquitectos<\/a><\/span> esta formado por Elena Verdejo y Adri\u00e1n Sifres, arquitectos por la <span style=\"color: #000000;\"><a style=\"color: #000000;\" href=\"https:\/\/www.upv.es\/entidades\/etsa\/\" target=\"_blank\" rel=\"noopener\">Escuela T\u00e9cnica Superior de Arquitectura de la Universidad Polit\u00e9cnica de Val\u00e8ncia<\/a><\/span>, con sede en Valencia y Tavernes de la Valldigna, el estudio realiza proyectos en todo el \u00e1mbito nacional.<\/p>\n<p>&nbsp;<\/p>\n<p>&nbsp;<\/p>\n<p style=\"text-align: justify;\">Consideramos esencial la puesta en com\u00fan de diferentes \u00e1mbitos y conocimientos complementarios dentro de nuestro trabajo como arquitectos; por ello trabajamos conjuntamente con una amplia red de colaboradores externos de diversas especialidades relacionadas con el \u00e1mbito de la construcci\u00f3n, hecho que nos permite estar al d\u00eda de los \u00faltimos avances y tendencias en el campo del conocimiento y desarrollo arquitect\u00f3nico.<\/p>\n<p style=\"text-align: justify;\">[\/et_pb_text][et_pb_text admin_label=&#8221;IMAGEN&#8221; _builder_version=&#8221;4.24.1&#8243; _module_preset=&#8221;default&#8221; global_colors_info=&#8221;{}&#8221;]<img loading=\"lazy\" decoding=\"async\" class=\"aligncenter wp-image-2067 size-full\" src=\"https:\/\/madoriarquitectos.com\/wp-content\/uploads\/2023\/07\/Equipo-Madori_4430-BN-scaled.jpg\" alt=\"madori arquitectos valencia tavernes de la valldigna\" width=\"2560\" height=\"1143\" srcset=\"https:\/\/madoriarquitectos.com\/wp-content\/uploads\/2023\/07\/Equipo-Madori_4430-BN-scaled.jpg 2560w, https:\/\/madoriarquitectos.com\/wp-content\/uploads\/2023\/07\/Equipo-Madori_4430-BN-1280x572.jpg 1280w, https:\/\/madoriarquitectos.com\/wp-content\/uploads\/2023\/07\/Equipo-Madori_4430-BN-980x438.jpg 980w, https:\/\/madoriarquitectos.com\/wp-content\/uploads\/2023\/07\/Equipo-Madori_4430-BN-480x214.jpg 480w\" sizes=\"(min-width: 0px) and (max-width: 480px) 480px, (min-width: 481px) and (max-width: 980px) 980px, (min-width: 981px) and (max-width: 1280px) 1280px, (min-width: 1281px) 2560px, 100vw\" \/>[\/et_pb_text][et_pb_text admin_label=&#8221;TEXTO&#8221; _builder_version=&#8221;4.20.4&#8243; _module_preset=&#8221;default&#8221; text_orientation=&#8221;justified&#8221; global_colors_info=&#8221;{}&#8221;]<\/p>\n<p style=\"text-align: justify;\">Consideramos esencial la puesta en com\u00fan de diferentes \u00e1mbitos y conocimientos complementarios dentro de nuestro trabajo como arquitectos; por ello trabajamos conjuntamente con una amplia red de colaboradores externos de diversas especialidades relacionadas con el \u00e1mbito de la construcci\u00f3n, hecho que nos permite estar al d\u00eda de los \u00faltimos avances y tendencias en el campo del conocimiento y desarrollo arquitect\u00f3nico.<\/p>\n<p>[\/et_pb_text][\/et_pb_column][et_pb_column type=&#8221;1_2&#8243; specialty_columns=&#8221;2&#8243; _builder_version=&#8221;4.16&#8243; custom_padding=&#8221;|||&#8221; global_colors_info=&#8221;{}&#8221; custom_padding__hover=&#8221;|||&#8221;][et_pb_row_inner column_structure=&#8221;1_2,1_2&#8243; disabled_on=&#8221;on|on|on&#8221; module_class=&#8221;seccion_imagenes&#8221; _builder_version=&#8221;4.20.4&#8243; _module_preset=&#8221;default&#8221; disabled=&#8221;on&#8221; global_colors_info=&#8221;{}&#8221;][et_pb_column_inner type=&#8221;1_2&#8243; saved_specialty_column_type=&#8221;1_2&#8243; _builder_version=&#8221;4.20.4&#8243; _module_preset=&#8221;default&#8221; global_colors_info=&#8221;{}&#8221;][et_pb_text admin_label=&#8221;IMG ELENA&#8221; _builder_version=&#8221;4.20.4&#8243; _module_preset=&#8221;default&#8221; global_colors_info=&#8221;{}&#8221;]<\/p>\n<p><img loading=\"lazy\" decoding=\"async\" class=\"alignnone wp-image-1133 size-full\" src=\"https:\/\/madoriarquitectos.com\/wp-content\/uploads\/2023\/05\/2020_01_19_elena_verdejo_010_1-scaled.jpg\" alt=\"\" width=\"2560\" height=\"2493\" \/><\/p>\n<p>[\/et_pb_text][et_pb_text admin_label=&#8221;Elena&#8221; _builder_version=&#8221;4.20.4&#8243; _module_preset=&#8221;default&#8221; global_colors_info=&#8221;{}&#8221;]<\/p>\n<h2><span style=\"color: #000000;\">ELENA VERDEJO<\/span><\/h2>\n<p>Arquitecta, co-fundadora<\/p>\n<p>[\/et_pb_text][\/et_pb_column_inner][et_pb_column_inner type=&#8221;1_2&#8243; saved_specialty_column_type=&#8221;1_2&#8243; _builder_version=&#8221;4.20.4&#8243; _module_preset=&#8221;default&#8221; global_colors_info=&#8221;{}&#8221;][et_pb_text admin_label=&#8221;IMG ADRIAN&#8221; _builder_version=&#8221;4.20.4&#8243; _module_preset=&#8221;default&#8221; global_colors_info=&#8221;{}&#8221;]<\/p>\n<p><img loading=\"lazy\" decoding=\"async\" class=\"aligncenter wp-image-1128 size-full\" src=\"https:\/\/madoriarquitectos.com\/wp-content\/uploads\/2023\/05\/Foto-Personal-Adrian_1-scaled.jpg\" alt=\"\" width=\"2560\" height=\"2494\" \/><\/p>\n<p>[\/et_pb_text][et_pb_text admin_label=&#8221;Adrian&#8221; _builder_version=&#8221;4.20.4&#8243; _module_preset=&#8221;default&#8221; global_colors_info=&#8221;{}&#8221;]<\/p>\n<h2><span style=\"color: #000000;\">ADRI\u00c1N SIFRES<\/span><\/h2>\n<p>Arquitecto, co-fundador<\/p>\n<p>[\/et_pb_text][\/et_pb_column_inner][\/et_pb_row_inner][et_pb_row_inner module_class=&#8221;seccion_imagenes&#8221; _builder_version=&#8221;4.20.4&#8243; _module_preset=&#8221;default&#8221; custom_padding=&#8221;0px||0px||false|false&#8221; global_colors_info=&#8221;{}&#8221;][et_pb_column_inner saved_specialty_column_type=&#8221;1_2&#8243; _builder_version=&#8221;4.20.4&#8243; _module_preset=&#8221;default&#8221; global_colors_info=&#8221;{}&#8221;][\/et_pb_column_inner][\/et_pb_row_inner][\/et_pb_column][\/et_pb_section][et_pb_section fb_built=&#8221;1&#8243; module_class=&#8221;box_azul_valores&#8221; _builder_version=&#8221;4.20.4&#8243; _module_preset=&#8221;default&#8221; custom_padding=&#8221;0px||0px||false|false&#8221; global_colors_info=&#8221;{}&#8221;][et_pb_row module_class=&#8221;box_verde_tiulo_valores&#8221; _builder_version=&#8221;4.20.4&#8243; _module_preset=&#8221;default&#8221; width=&#8221;90%&#8221; max_width=&#8221;100%&#8221; custom_padding=&#8221;0px||0px||false|false&#8221; global_colors_info=&#8221;{}&#8221;][et_pb_column type=&#8221;4_4&#8243; _builder_version=&#8221;4.20.4&#8243; _module_preset=&#8221;default&#8221; global_colors_info=&#8221;{}&#8221;][et_pb_text admin_label=&#8221;Nuestros valores<br \/>\n&#8221; _builder_version=&#8221;4.20.4&#8243; _module_preset=&#8221;default&#8221; global_colors_info=&#8221;{}&#8221;]<\/p>\n<h2>\u00a0<\/h2>\n<h2><span style=\"color: #000000;\">Nuestros valores<\/span><\/h2>\n<p>[\/et_pb_text][\/et_pb_column][\/et_pb_row][\/et_pb_section][et_pb_section fb_built=&#8221;1&#8243; specialty=&#8221;on&#8221; custom_padding_last_edited=&#8221;off|desktop&#8221; disabled_on=&#8221;on|on|on&#8221; module_class=&#8221;seccion_especial_valores&#8221; _builder_version=&#8221;4.20.4&#8243; _module_preset=&#8221;default&#8221; custom_padding=&#8221;||||false|false&#8221; custom_padding_tablet=&#8221;50px||50px||false|false&#8221; custom_padding_phone=&#8221;50px||50px||false|false&#8221; disabled=&#8221;on&#8221; global_colors_info=&#8221;{}&#8221;][et_pb_column type=&#8221;1_4&#8243; _builder_version=&#8221;4.16&#8243; custom_padding=&#8221;|||&#8221; global_colors_info=&#8221;{}&#8221; custom_padding__hover=&#8221;|||&#8221;][\/et_pb_column][et_pb_column type=&#8221;3_4&#8243; specialty_columns=&#8221;3&#8243; _builder_version=&#8221;4.16&#8243; custom_padding=&#8221;|||&#8221; global_colors_info=&#8221;{}&#8221; custom_padding__hover=&#8221;|||&#8221;][et_pb_row_inner column_structure=&#8221;1_3,1_3,1_3&#8243; _builder_version=&#8221;4.20.4&#8243; _module_preset=&#8221;default&#8221; border_width_bottom=&#8221;1px&#8221; global_colors_info=&#8221;{}&#8221;][et_pb_column_inner type=&#8221;1_3&#8243; saved_specialty_column_type=&#8221;3_4&#8243; _builder_version=&#8221;4.20.4&#8243; _module_preset=&#8221;default&#8221; global_colors_info=&#8221;{}&#8221;][et_pb_text admin_label=&#8221;1. \u00a1S\u00d3MOS<br \/>\nTODO O\u00cdDOS!&#8221; _builder_version=&#8221;4.20.4&#8243; _module_preset=&#8221;default&#8221; border_color_bottom=&#8221;#000000&#8243; global_colors_info=&#8221;{}&#8221;]<\/p>\n<h2><span style=\"color: #000000;\">1. \u00a1S\u00d3MOS<\/span><br \/><span style=\"color: #000000;\">TODO O\u00cdDOS!<\/span><\/h2>\n<p>&nbsp;<\/p>\n<p style=\"text-align: justify;\"><span style=\"color: #000000;\">Cu\u00e9ntanos tus ideas y deseos, estamos aqu\u00ed para hacerlos realidad.<\/span><\/p>\n<p>[\/et_pb_text][\/et_pb_column_inner][et_pb_column_inner type=&#8221;1_3&#8243; saved_specialty_column_type=&#8221;3_4&#8243; _builder_version=&#8221;4.20.4&#8243; _module_preset=&#8221;default&#8221; global_colors_info=&#8221;{}&#8221;][et_pb_text admin_label=&#8221;2. LA ARQUITECTURA COMO<br \/>\nEXPRESI\u00d3N DE IDENTIDAD&#8221; _builder_version=&#8221;4.20.4&#8243; _module_preset=&#8221;default&#8221; border_color_bottom=&#8221;#000000&#8243; global_colors_info=&#8221;{}&#8221;]<\/p>\n<h2><span style=\"color: #000000;\">2. LA ARQUITECTURA COMO<\/span><br \/><span style=\"color: #000000;\">EXPRESI\u00d3N DE IDENTIDAD<\/span><\/h2>\n<p>&nbsp;<\/p>\n<p style=\"text-align: justify;\"><span style=\"color: #000000;\">En Madori, creamos espacios personalizados y \u00fanicos que reflejan tu historia y tus valores.<\/span><\/p>\n<p>[\/et_pb_text][\/et_pb_column_inner][et_pb_column_inner type=&#8221;1_3&#8243; saved_specialty_column_type=&#8221;3_4&#8243; _builder_version=&#8221;4.20.4&#8243; _module_preset=&#8221;default&#8221; global_colors_info=&#8221;{}&#8221;][et_pb_text admin_label=&#8221;3. COMPROMISO<br \/>\nEN CADA PROYECTO&#8221; _builder_version=&#8221;4.20.4&#8243; _module_preset=&#8221;default&#8221; border_color_bottom=&#8221;#000000&#8243; global_colors_info=&#8221;{}&#8221;]<\/p>\n<h2 style=\"color: #000000;\">3. COMPROMISO<br \/>EN CADA PROYECTO<\/h2>\n<p>&nbsp;<\/p>\n<p style=\"text-align: justify;\"><span style=\"color: #000000;\">Queremos que nuestro trabajo sea una muestra de nuestra dedicaci\u00f3n y pasi\u00f3n por la arquitectura.<\/span><\/p>\n<p>[\/et_pb_text][\/et_pb_column_inner][\/et_pb_row_inner][et_pb_row_inner column_structure=&#8221;1_3,1_3,1_3&#8243; _builder_version=&#8221;4.20.4&#8243; _module_preset=&#8221;default&#8221; global_colors_info=&#8221;{}&#8221;][et_pb_column_inner type=&#8221;1_3&#8243; saved_specialty_column_type=&#8221;3_4&#8243; _builder_version=&#8221;4.20.4&#8243; _module_preset=&#8221;default&#8221; global_colors_info=&#8221;{}&#8221;][et_pb_text admin_label=&#8221;4. TRANSFORMAMOS DEBILIDADES<br \/>\nEN VIRTUDES&#8221; _builder_version=&#8221;4.20.4&#8243; _module_preset=&#8221;default&#8221; global_colors_info=&#8221;{}&#8221;]<\/p>\n<h2 style=\"color: #000000;\">4. TRANSFORMAMOS DEBILIDADES<br \/>EN VIRTUDES<\/h2>\n<p>&nbsp;<\/p>\n<p style=\"text-align: justify;\"><span style=\"color: #000000;\">Nuestros proyectos se basan en convertir las debilidades o deficiencias que presenta el lugar, en potenciales virtudes. Por ello, optamos siempre por construir el lugar, en vez de construir en el lugar.<\/span><\/p>\n<p>[\/et_pb_text][\/et_pb_column_inner][et_pb_column_inner type=&#8221;1_3&#8243; saved_specialty_column_type=&#8221;3_4&#8243; _builder_version=&#8221;4.20.4&#8243; _module_preset=&#8221;default&#8221; global_colors_info=&#8221;{}&#8221;][et_pb_text admin_label=&#8221;5. CREATIVIDAD<br \/>\nE INNOVACI\u00d3N &#8221; _builder_version=&#8221;4.20.4&#8243; _module_preset=&#8221;default&#8221; global_colors_info=&#8221;{}&#8221;]<\/p>\n<h2 style=\"color: #000000;\">5. CREATIVIDAD<br \/>E INNOVACI\u00d3N<\/h2>\n<p>&nbsp;<\/p>\n<p style=\"text-align: justify;\"><span style=\"color: #000000;\">Ideamos proyectos que proponen una arquitectura contempor\u00e1nea donde la creatividad y la innovaci\u00f3n est\u00e1n siempre presentes c\u00f3mo cualidades esenciales de nuestro trabajo.<\/span><\/p>\n<p>[\/et_pb_text][\/et_pb_column_inner][et_pb_column_inner type=&#8221;1_3&#8243; saved_specialty_column_type=&#8221;3_4&#8243; _builder_version=&#8221;4.20.4&#8243; _module_preset=&#8221;default&#8221; global_colors_info=&#8221;{}&#8221;][et_pb_text admin_label=&#8221;6. DE LA IDEA<br \/>\nA LA REALIDAD&#8221; _builder_version=&#8221;4.20.4&#8243; _module_preset=&#8221;default&#8221; global_colors_info=&#8221;{}&#8221;]<\/p>\n<h2 style=\"color: #000000;\">6. DE LA IDEA<br \/>A LA REALIDAD<\/h2>\n<p>&nbsp;<\/p>\n<p style=\"text-align: justify;\"><span style=\"color: #000000;\">En Madori arquitectos, somos un equipo riguroso y dedicado que se asegura de que todo el proceso, desde la idea hasta los detalles finales, cumpla con nuestras expectativas de calidad.<\/span><\/p>\n<p>[\/et_pb_text][\/et_pb_column_inner][\/et_pb_row_inner][\/et_pb_column][\/et_pb_section][et_pb_section fb_built=&#8221;1&#8243; specialty=&#8221;on&#8221; custom_padding_last_edited=&#8221;off|desktop&#8221; disabled_on=&#8221;on|on|off&#8221; admin_label=&#8221;PC&#8221; module_class=&#8221;seccion_especial_valores&#8221; _builder_version=&#8221;4.20.4&#8243; _module_preset=&#8221;default&#8221; custom_padding=&#8221;||||false|false&#8221; custom_padding_tablet=&#8221;50px||50px||false|false&#8221; custom_padding_phone=&#8221;50px||50px||false|false&#8221; global_colors_info=&#8221;{}&#8221;][et_pb_column type=&#8221;1_4&#8243; _builder_version=&#8221;4.16&#8243; custom_padding=&#8221;|||&#8221; global_colors_info=&#8221;{}&#8221; custom_padding__hover=&#8221;|||&#8221;][\/et_pb_column][et_pb_column type=&#8221;3_4&#8243; specialty_columns=&#8221;3&#8243; _builder_version=&#8221;4.16&#8243; custom_padding=&#8221;|||&#8221; global_colors_info=&#8221;{}&#8221; custom_padding__hover=&#8221;|||&#8221;][et_pb_row_inner column_structure=&#8221;1_3,1_3,1_3&#8243; _builder_version=&#8221;4.20.4&#8243; _module_preset=&#8221;default&#8221; custom_padding=&#8221;||10px||false|false&#8221; global_colors_info=&#8221;{}&#8221;][et_pb_column_inner type=&#8221;1_3&#8243; saved_specialty_column_type=&#8221;3_4&#8243; _builder_version=&#8221;4.20.4&#8243; _module_preset=&#8221;default&#8221; global_colors_info=&#8221;{}&#8221;][et_pb_text admin_label=&#8221;1. \u00a1S\u00d3MOS<br \/>\nTODO O\u00cdDOS!&#8221; _builder_version=&#8221;4.20.4&#8243; _module_preset=&#8221;default&#8221; border_color_bottom=&#8221;#000000&#8243; global_colors_info=&#8221;{}&#8221;]<\/p>\n<h2><span style=\"color: #000000;\">1.\u00a0 \u00a1S\u00d3MOS <\/span><span style=\"color: #000000;\">TODO O\u00cdDOS!<\/span><\/h2>\n<p>[\/et_pb_text][\/et_pb_column_inner][et_pb_column_inner type=&#8221;1_3&#8243; saved_specialty_column_type=&#8221;3_4&#8243; _builder_version=&#8221;4.20.4&#8243; _module_preset=&#8221;default&#8221; global_colors_info=&#8221;{}&#8221;][et_pb_text admin_label=&#8221;2. LA ARQUITECTURA COMO<br \/>\nEXPRESI\u00d3N DE IDENTIDAD&#8221; _builder_version=&#8221;4.20.4&#8243; _module_preset=&#8221;default&#8221; border_color_bottom=&#8221;#000000&#8243; global_colors_info=&#8221;{}&#8221;]<\/p>\n<h2><span style=\"color: #000000;\">2.\u00a0 LA ARQUITECTURA COMO EXPRESI\u00d3N DE IDENTIDAD<\/span><\/h2>\n<p>[\/et_pb_text][\/et_pb_column_inner][et_pb_column_inner type=&#8221;1_3&#8243; saved_specialty_column_type=&#8221;3_4&#8243; _builder_version=&#8221;4.20.4&#8243; _module_preset=&#8221;default&#8221; global_colors_info=&#8221;{}&#8221;][et_pb_text admin_label=&#8221;3. COMPROMISO<br \/>\nEN CADA PROYECTO&#8221; _builder_version=&#8221;4.20.4&#8243; _module_preset=&#8221;default&#8221; border_color_bottom=&#8221;#000000&#8243; global_colors_info=&#8221;{}&#8221;]<\/p>\n<h2 style=\"color: #000000;\">3.\u00a0 COMPROMISO EN CADA PROYECTO<\/h2>\n<p>[\/et_pb_text][\/et_pb_column_inner][\/et_pb_row_inner][et_pb_row_inner column_structure=&#8221;1_3,1_3,1_3&#8243; _builder_version=&#8221;4.20.4&#8243; _module_preset=&#8221;default&#8221; custom_padding=&#8221;0px||||false|false&#8221; border_width_bottom=&#8221;1px&#8221; global_colors_info=&#8221;{}&#8221;][et_pb_column_inner type=&#8221;1_3&#8243; saved_specialty_column_type=&#8221;3_4&#8243; _builder_version=&#8221;4.20.4&#8243; _module_preset=&#8221;default&#8221; global_colors_info=&#8221;{}&#8221;][et_pb_text admin_label=&#8221;TEXTO  &#8211; \u00a1S\u00d3MOS TODO O\u00cdDOS!&#8221; _builder_version=&#8221;4.24.1&#8243; _module_preset=&#8221;default&#8221; border_color_bottom=&#8221;#000000&#8243; global_colors_info=&#8221;{}&#8221;]<\/p>\n<p>&nbsp;<\/p>\n<p style=\"text-align: justify;\"><span style=\"color: #000000;\">Primero y para comenzar, cu\u00e9ntanos tus ideas y deseos. \u00a1Estamos aqu\u00ed para hacerlos realidad!<\/span><\/p>\n<p>[\/et_pb_text][\/et_pb_column_inner][et_pb_column_inner type=&#8221;1_3&#8243; saved_specialty_column_type=&#8221;3_4&#8243; _builder_version=&#8221;4.20.4&#8243; _module_preset=&#8221;default&#8221; global_colors_info=&#8221;{}&#8221;][et_pb_text admin_label=&#8221;TEXTO &#8211; LA ARQUITECTURA COMO EXPRESI\u00d3N DE IDENTIDAD&#8221; _builder_version=&#8221;4.24.1&#8243; _module_preset=&#8221;default&#8221; border_color_bottom=&#8221;#000000&#8243; global_colors_info=&#8221;{}&#8221;]<\/p>\n<p>&nbsp;<\/p>\n<p style=\"text-align: justify;\"><span style=\"color: #000000;\">En Madori arquitectos, trabajamos incansablemente en nuestros estudios de Valencia y Tavernes de la Valldigna, para crear espacios personalizados y \u00fanicos que reflejan tu historia y tus valores.<\/span><\/p>\n<p>[\/et_pb_text][\/et_pb_column_inner][et_pb_column_inner type=&#8221;1_3&#8243; saved_specialty_column_type=&#8221;3_4&#8243; _builder_version=&#8221;4.20.4&#8243; _module_preset=&#8221;default&#8221; global_colors_info=&#8221;{}&#8221;][et_pb_text admin_label=&#8221;TEXTO &#8211;  COMPROMISO<br \/>\nEN CADA PROYECTO&#8221; _builder_version=&#8221;4.20.4&#8243; _module_preset=&#8221;default&#8221; border_color_bottom=&#8221;#000000&#8243; global_colors_info=&#8221;{}&#8221;]<\/p>\n<p>&nbsp;<\/p>\n<p style=\"text-align: justify;\"><span style=\"color: #000000;\">Queremos que nuestro trabajo sea una muestra de nuestra dedicaci\u00f3n y pasi\u00f3n por la arquitectura.<\/span><\/p>\n<p>[\/et_pb_text][\/et_pb_column_inner][\/et_pb_row_inner][et_pb_row_inner column_structure=&#8221;1_3,1_3,1_3&#8243; _builder_version=&#8221;4.20.4&#8243; _module_preset=&#8221;default&#8221; custom_padding=&#8221;||10px||false|false&#8221; global_colors_info=&#8221;{}&#8221;][et_pb_column_inner type=&#8221;1_3&#8243; saved_specialty_column_type=&#8221;3_4&#8243; _builder_version=&#8221;4.20.4&#8243; _module_preset=&#8221;default&#8221; global_colors_info=&#8221;{}&#8221;][et_pb_text admin_label=&#8221;4. TRANSFORMAMOS DEBILIDADES<br \/>\nEN VIRTUDES&#8221; _builder_version=&#8221;4.20.4&#8243; _module_preset=&#8221;default&#8221; global_colors_info=&#8221;{}&#8221;]<\/p>\n<h2 style=\"color: #000000;\">4.\u00a0 TRANSFORMAMOS DEBILIDADES EN VIRTUDES<\/h2>\n<p>[\/et_pb_text][\/et_pb_column_inner][et_pb_column_inner type=&#8221;1_3&#8243; saved_specialty_column_type=&#8221;3_4&#8243; _builder_version=&#8221;4.20.4&#8243; _module_preset=&#8221;default&#8221; global_colors_info=&#8221;{}&#8221;][et_pb_text admin_label=&#8221;5. CREATIVIDAD<br \/>\nE INNOVACI\u00d3N &#8221; _builder_version=&#8221;4.20.4&#8243; _module_preset=&#8221;default&#8221; global_colors_info=&#8221;{}&#8221;]<\/p>\n<h2 style=\"color: #000000;\">5.\u00a0 CREATIVIDAD E INNOVACI\u00d3N<\/h2>\n<p>[\/et_pb_text][\/et_pb_column_inner][et_pb_column_inner type=&#8221;1_3&#8243; saved_specialty_column_type=&#8221;3_4&#8243; _builder_version=&#8221;4.20.4&#8243; _module_preset=&#8221;default&#8221; global_colors_info=&#8221;{}&#8221;][et_pb_text admin_label=&#8221;6. DE LA IDEA<br \/>\nA LA REALIDAD&#8221; _builder_version=&#8221;4.20.4&#8243; _module_preset=&#8221;default&#8221; global_colors_info=&#8221;{}&#8221;]<\/p>\n<h2 style=\"color: #000000;\">6.\u00a0 DE LA IDEA A LA REALIDAD<\/h2>\n<p>[\/et_pb_text][\/et_pb_column_inner][\/et_pb_row_inner][et_pb_row_inner column_structure=&#8221;1_3,1_3,1_3&#8243; _builder_version=&#8221;4.20.4&#8243; _module_preset=&#8221;default&#8221; custom_padding=&#8221;0px||||false|false&#8221; global_colors_info=&#8221;{}&#8221;][et_pb_column_inner type=&#8221;1_3&#8243; saved_specialty_column_type=&#8221;3_4&#8243; _builder_version=&#8221;4.20.4&#8243; _module_preset=&#8221;default&#8221; global_colors_info=&#8221;{}&#8221;][et_pb_text admin_label=&#8221;TEXTO &#8211; TRANSFORMAMOS DEBILIDADES<br \/>\nEN VIRTUDES&#8221; _builder_version=&#8221;4.20.4&#8243; _module_preset=&#8221;default&#8221; global_colors_info=&#8221;{}&#8221;]<\/p>\n<p>&nbsp;<\/p>\n<p style=\"text-align: justify;\"><span style=\"color: #000000;\">Nuestros proyectos se basan en convertir las debilidades o deficiencias que presenta el lugar, en potenciales virtudes. Por ello, optamos siempre por construir el lugar, en vez de construir en el lugar.<\/span><\/p>\n<p>[\/et_pb_text][\/et_pb_column_inner][et_pb_column_inner type=&#8221;1_3&#8243; saved_specialty_column_type=&#8221;3_4&#8243; _builder_version=&#8221;4.20.4&#8243; _module_preset=&#8221;default&#8221; global_colors_info=&#8221;{}&#8221;][et_pb_text admin_label=&#8221;TEXTO &#8211;  CREATIVIDAD<br \/>\nE INNOVACI\u00d3N &#8221; _builder_version=&#8221;4.20.4&#8243; _module_preset=&#8221;default&#8221; global_colors_info=&#8221;{}&#8221;]<\/p>\n<p>&nbsp;<\/p>\n<p style=\"text-align: justify;\"><span style=\"color: #000000;\">Ideamos proyectos que proponen una arquitectura contempor\u00e1nea donde la creatividad y la innovaci\u00f3n est\u00e1n siempre presentes c\u00f3mo cualidades esenciales de nuestro trabajo.<\/span><\/p>\n<p>[\/et_pb_text][\/et_pb_column_inner][et_pb_column_inner type=&#8221;1_3&#8243; saved_specialty_column_type=&#8221;3_4&#8243; _builder_version=&#8221;4.20.4&#8243; _module_preset=&#8221;default&#8221; global_colors_info=&#8221;{}&#8221;][et_pb_text admin_label=&#8221;TEXTO &#8211;  DE LA IDEA<br \/>\nA LA REALIDAD&#8221; _builder_version=&#8221;4.20.4&#8243; _module_preset=&#8221;default&#8221; global_colors_info=&#8221;{}&#8221;]<\/p>\n<p>&nbsp;<\/p>\n<p style=\"text-align: justify;\"><span style=\"color: #000000;\">Somos un equipo riguroso y dedicado que se asegura de que todo el proceso, desde la idea hasta los detalles finales, cumpla con nuestras expectativas de calidad.<\/span><\/p>\n<p>[\/et_pb_text][\/et_pb_column_inner][\/et_pb_row_inner][\/et_pb_column][\/et_pb_section][et_pb_section fb_built=&#8221;1&#8243; disabled_on=&#8221;off|off|on&#8221; admin_label=&#8221;TABLET MOVIL&#8221; module_class=&#8221;box_azul_valores_movil&#8221; _builder_version=&#8221;4.20.4&#8243; _module_preset=&#8221;default&#8221; custom_padding=&#8221;0px||||false|false&#8221; global_colors_info=&#8221;{}&#8221;][et_pb_row _builder_version=&#8221;4.20.4&#8243; _module_preset=&#8221;default&#8221; width=&#8221;90%&#8221; max_width=&#8221;100%&#8221; custom_padding=&#8221;||10px||false|false&#8221; locked=&#8221;off&#8221; global_colors_info=&#8221;{}&#8221;][et_pb_column type=&#8221;4_4&#8243; _builder_version=&#8221;4.20.4&#8243; _module_preset=&#8221;default&#8221; global_colors_info=&#8221;{}&#8221;][et_pb_text admin_label=&#8221;1. \u00a1S\u00d3MOS<br \/>\nTODO O\u00cdDOS!&#8221; _builder_version=&#8221;4.20.4&#8243; _module_preset=&#8221;default&#8221; border_color_bottom=&#8221;#000000&#8243; global_colors_info=&#8221;{}&#8221;]<\/p>\n<h2><span style=\"color: #000000;\">1.\u00a0 S\u00d3MOS <\/span><span style=\"color: #000000;\">TODO O\u00cdDOS<\/span><\/h2>\n<p>[\/et_pb_text][et_pb_text admin_label=&#8221;TEXTO  &#8211; \u00a1S\u00d3MOS TODO O\u00cdDOS!&#8221; _builder_version=&#8221;4.24.1&#8243; _module_preset=&#8221;default&#8221; border_color_bottom=&#8221;#000000&#8243; global_colors_info=&#8221;{}&#8221;]<\/p>\n<p style=\"text-align: justify;\"><span style=\"color: #000000;\">Primero y para comenzar, cu\u00e9ntanos tus ideas y deseos. \u00a1Estamos aqu\u00ed para hacerlos realidad!<\/span><\/p>\n<p>&nbsp;<\/p>\n<p>&nbsp;<\/p>\n<p>[\/et_pb_text][\/et_pb_column][\/et_pb_row][et_pb_row _builder_version=&#8221;4.20.4&#8243; _module_preset=&#8221;default&#8221; width=&#8221;90%&#8221; max_width=&#8221;100%&#8221; custom_padding=&#8221;||10px||false|false&#8221; locked=&#8221;off&#8221; global_colors_info=&#8221;{}&#8221;][et_pb_column type=&#8221;4_4&#8243; _builder_version=&#8221;4.20.4&#8243; _module_preset=&#8221;default&#8221; global_colors_info=&#8221;{}&#8221;][et_pb_text admin_label=&#8221;2. LA ARQUITECTURA COMO<br \/>\nEXPRESI\u00d3N DE IDENTIDAD&#8221; _builder_version=&#8221;4.20.4&#8243; _module_preset=&#8221;default&#8221; border_color_bottom=&#8221;#000000&#8243; global_colors_info=&#8221;{}&#8221;]<\/p>\n<h2><span style=\"color: #000000;\">2.\u00a0 LA ARQUITECTURA COMO EXPRESI\u00d3N DE IDENTIDAD<\/span><\/h2>\n<p>[\/et_pb_text][et_pb_text admin_label=&#8221;TEXTO &#8211; LA ARQUITECTURA COMO EXPRESI\u00d3N DE IDENTIDAD&#8221; _builder_version=&#8221;4.24.1&#8243; _module_preset=&#8221;default&#8221; border_color_bottom=&#8221;#000000&#8243; global_colors_info=&#8221;{}&#8221;]<\/p>\n<p style=\"text-align: justify;\"><span style=\"color: #000000;\">En Madori arquitectos, trabajamos incansablemente en nuestros estudios de Valencia y Tavernes de la Valldigna, para crear espacios personalizados y \u00fanicos que reflejan tu historia y tus valores.<\/span><\/p>\n<p>&nbsp;<\/p>\n<p>[\/et_pb_text][\/et_pb_column][\/et_pb_row][et_pb_row _builder_version=&#8221;4.20.4&#8243; _module_preset=&#8221;default&#8221; width=&#8221;90%&#8221; max_width=&#8221;100%&#8221; custom_padding=&#8221;||10px||false|false&#8221; locked=&#8221;off&#8221; global_colors_info=&#8221;{}&#8221;][et_pb_column type=&#8221;4_4&#8243; _builder_version=&#8221;4.20.4&#8243; _module_preset=&#8221;default&#8221; global_colors_info=&#8221;{}&#8221;][et_pb_text admin_label=&#8221;3. COMPROMISO<br \/>\nEN CADA PROYECTO&#8221; _builder_version=&#8221;4.20.4&#8243; _module_preset=&#8221;default&#8221; border_color_bottom=&#8221;#000000&#8243; global_colors_info=&#8221;{}&#8221;]<\/p>\n<h2 style=\"color: #000000;\">3.\u00a0 COMPROMISO EN CADA PROYECTO<\/h2>\n<p>[\/et_pb_text][et_pb_text admin_label=&#8221;TEXTO &#8211;  COMPROMISO<br \/>\nEN CADA PROYECTO&#8221; _builder_version=&#8221;4.20.4&#8243; _module_preset=&#8221;default&#8221; border_color_bottom=&#8221;#000000&#8243; global_colors_info=&#8221;{}&#8221;]<\/p>\n<p style=\"text-align: justify;\"><span style=\"color: #000000;\">Queremos que nuestro trabajo sea una muestra de nuestra dedicaci\u00f3n y pasi\u00f3n por la arquitectura.<\/span><\/p>\n<p>&nbsp;<\/p>\n<p>[\/et_pb_text][\/et_pb_column][\/et_pb_row][et_pb_row _builder_version=&#8221;4.20.4&#8243; _module_preset=&#8221;default&#8221; width=&#8221;90%&#8221; max_width=&#8221;100%&#8221; custom_padding=&#8221;||10px||false|false&#8221; locked=&#8221;off&#8221; global_colors_info=&#8221;{}&#8221;][et_pb_column type=&#8221;4_4&#8243; _builder_version=&#8221;4.20.4&#8243; _module_preset=&#8221;default&#8221; global_colors_info=&#8221;{}&#8221;][et_pb_text admin_label=&#8221;4. TRANSFORMAMOS DEBILIDADES<br \/>\nEN VIRTUDES&#8221; _builder_version=&#8221;4.20.4&#8243; _module_preset=&#8221;default&#8221; global_colors_info=&#8221;{}&#8221;]<\/p>\n<h2 style=\"color: #000000;\">4.\u00a0 TRANSFORMAMOS DEBILIDADES EN VIRTUDES<\/h2>\n<p>[\/et_pb_text][et_pb_text admin_label=&#8221;TEXTO &#8211; TRANSFORMAMOS DEBILIDADES<br \/>\nEN VIRTUDES&#8221; _builder_version=&#8221;4.20.4&#8243; _module_preset=&#8221;default&#8221; global_colors_info=&#8221;{}&#8221;]<\/p>\n<p style=\"text-align: justify;\"><span style=\"color: #000000;\">Nuestros proyectos se basan en convertir las debilidades o deficiencias que presenta el lugar, en potenciales virtudes. Por ello, optamos siempre por construir el lugar, en vez de construir en el lugar.<\/span><\/p>\n<p>&nbsp;<\/p>\n<p>[\/et_pb_text][\/et_pb_column][\/et_pb_row][et_pb_row _builder_version=&#8221;4.20.4&#8243; _module_preset=&#8221;default&#8221; width=&#8221;90%&#8221; max_width=&#8221;100%&#8221; custom_padding=&#8221;||10px||false|false&#8221; locked=&#8221;off&#8221; global_colors_info=&#8221;{}&#8221;][et_pb_column type=&#8221;4_4&#8243; _builder_version=&#8221;4.20.4&#8243; _module_preset=&#8221;default&#8221; global_colors_info=&#8221;{}&#8221;][et_pb_text admin_label=&#8221;5. CREATIVIDAD<br \/>\nE INNOVACI\u00d3N &#8221; _builder_version=&#8221;4.20.4&#8243; _module_preset=&#8221;default&#8221; global_colors_info=&#8221;{}&#8221;]<\/p>\n<h2 style=\"color: #000000;\">5.\u00a0 CREATIVIDAD E INNOVACI\u00d3N<\/h2>\n<p>[\/et_pb_text][et_pb_text admin_label=&#8221;TEXTO &#8211;  CREATIVIDAD<br \/>\nE INNOVACI\u00d3N &#8221; _builder_version=&#8221;4.20.4&#8243; _module_preset=&#8221;default&#8221; global_colors_info=&#8221;{}&#8221;]<\/p>\n<p style=\"text-align: justify;\"><span style=\"color: #000000;\">Ideamos proyectos que proponen una arquitectura contempor\u00e1nea donde la creatividad y la innovaci\u00f3n est\u00e1n siempre presentes c\u00f3mo cualidades esenciales de nuestro trabajo.<\/span><\/p>\n<p>&nbsp;<\/p>\n<p>[\/et_pb_text][\/et_pb_column][\/et_pb_row][et_pb_row _builder_version=&#8221;4.20.4&#8243; _module_preset=&#8221;default&#8221; width=&#8221;90%&#8221; max_width=&#8221;100%&#8221; custom_padding=&#8221;||10px||false|false&#8221; locked=&#8221;off&#8221; global_colors_info=&#8221;{}&#8221;][et_pb_column type=&#8221;4_4&#8243; _builder_version=&#8221;4.20.4&#8243; _module_preset=&#8221;default&#8221; global_colors_info=&#8221;{}&#8221;][et_pb_text admin_label=&#8221;6. DE LA IDEA<br \/>\nA LA REALIDAD&#8221; _builder_version=&#8221;4.20.4&#8243; _module_preset=&#8221;default&#8221; global_colors_info=&#8221;{}&#8221;]<\/p>\n<h2 style=\"color: #000000;\">6.\u00a0 DE LA IDEA A LA REALIDAD<\/h2>\n<p>[\/et_pb_text][et_pb_text admin_label=&#8221;TEXTO &#8211;  DE LA IDEA<br \/>\nA LA REALIDAD&#8221; _builder_version=&#8221;4.20.4&#8243; _module_preset=&#8221;default&#8221; global_colors_info=&#8221;{}&#8221;]<\/p>\n<p style=\"text-align: justify;\"><span style=\"color: #000000;\">En Madori arquitectos, somos un equipo riguroso y dedicado que se asegura de que todo el proceso, desde la idea hasta los detalles finales, cumpla con nuestras expectativas de calidad.<\/span><\/p>\n<p>&nbsp;<\/p>\n<p>[\/et_pb_text][\/et_pb_column][\/et_pb_row][\/et_pb_section][et_pb_section fb_built=&#8221;1&#8243; custom_padding_last_edited=&#8221;on|tablet&#8221; disabled_on=&#8221;off|off|off&#8221; module_class=&#8221;box_azul_servicios&#8221; _builder_version=&#8221;4.20.4&#8243; _module_preset=&#8221;default&#8221; custom_padding=&#8221;0px||||false|false&#8221; custom_padding_tablet=&#8221;||0px||false|false&#8221; custom_padding_phone=&#8221;||0px||false|false&#8221; global_colors_info=&#8221;{}&#8221;][et_pb_row custom_padding_last_edited=&#8221;off|desktop&#8221; module_class=&#8221;box_verde_tiulo_servicios&#8221; _builder_version=&#8221;4.20.4&#8243; _module_preset=&#8221;default&#8221; width=&#8221;90%&#8221; max_width=&#8221;100%&#8221; custom_padding=&#8221;||||false|false&#8221; custom_padding_tablet=&#8221;50px||||false|false&#8221; custom_padding_phone=&#8221;50px||||false|false&#8221; global_colors_info=&#8221;{}&#8221;][et_pb_column type=&#8221;4_4&#8243; _builder_version=&#8221;4.20.4&#8243; _module_preset=&#8221;default&#8221; global_colors_info=&#8221;{}&#8221;][et_pb_text disabled_on=&#8221;off|off|off&#8221; admin_label=&#8221;Servicios&#8221; _builder_version=&#8221;4.20.4&#8243; _module_preset=&#8221;default&#8221; global_colors_info=&#8221;{}&#8221;]<\/p>\n<h2><span style=\"color: #000000;\">Servicios<\/span><\/h2>\n<p>&nbsp;<\/p>\n<p>&nbsp;<\/p>\n<p>[\/et_pb_text][\/et_pb_column][\/et_pb_row][\/et_pb_section][et_pb_section fb_built=&#8221;1&#8243; custom_padding_last_edited=&#8221;on|desktop&#8221; disabled_on=&#8221;off|off|off&#8221; admin_label=&#8221;OBRA NUEVA&#8221; module_class=&#8221;box_azul_servicios&#8221; _builder_version=&#8221;4.20.4&#8243; _module_preset=&#8221;default&#8221; custom_padding=&#8221;0px||80px||false|false&#8221; custom_padding_tablet=&#8221;||50px||false|false&#8221; custom_padding_phone=&#8221;||50px||false|false&#8221; global_colors_info=&#8221;{}&#8221;][et_pb_row column_structure=&#8221;1_4,3_4&#8243; disabled_on=&#8221;on|on|off&#8221; admin_label=&#8221;PC&#8221; module_class=&#8221;box_azul_servicios_titulo&#8221; _builder_version=&#8221;4.20.4&#8243; _module_preset=&#8221;default&#8221; width=&#8221;90%&#8221; max_width=&#8221;100%&#8221; custom_padding=&#8221;0px||0px||false|false&#8221; global_colors_info=&#8221;{}&#8221;][et_pb_column type=&#8221;1_4&#8243; _builder_version=&#8221;4.20.4&#8243; _module_preset=&#8221;default&#8221; global_colors_info=&#8221;{}&#8221;][\/et_pb_column][et_pb_column type=&#8221;3_4&#8243; _builder_version=&#8221;4.20.4&#8243; _module_preset=&#8221;default&#8221; global_colors_info=&#8221;{}&#8221;][et_pb_text admin_label=&#8221;TITULO OBRA NUEVA&#8221; _builder_version=&#8221;4.20.4&#8243; _module_preset=&#8221;default&#8221; border_width_bottom=&#8221;1px&#8221; border_color_bottom=&#8221;#000000&#8243; global_colors_info=&#8221;{}&#8221;]<\/p>\n<h2><span style=\"color: #000000;\">OBRA NUEVA<\/span><\/h2>\n<p>[\/et_pb_text][\/et_pb_column][\/et_pb_row][et_pb_row column_structure=&#8221;1_4,1_4,1_2&#8243; disabled_on=&#8221;on|on|off&#8221; admin_label=&#8221;PC&#8221; module_class=&#8221;box_azul_servicios_texto&#8221; _builder_version=&#8221;4.20.4&#8243; _module_preset=&#8221;default&#8221; width=&#8221;90%&#8221; max_width=&#8221;100%&#8221; custom_padding=&#8221;0px||0px||false|false&#8221; global_colors_info=&#8221;{}&#8221;][et_pb_column type=&#8221;1_4&#8243; _builder_version=&#8221;4.20.4&#8243; _module_preset=&#8221;default&#8221; global_colors_info=&#8221;{}&#8221;][\/et_pb_column][et_pb_column type=&#8221;1_4&#8243; _builder_version=&#8221;4.20.4&#8243; _module_preset=&#8221;default&#8221; global_colors_info=&#8221;{}&#8221;][\/et_pb_column][et_pb_column type=&#8221;1_2&#8243; _builder_version=&#8221;4.20.4&#8243; _module_preset=&#8221;default&#8221; global_colors_info=&#8221;{}&#8221;][et_pb_text admin_label=&#8221;TEXTO OBRA NUEVA&#8221; _builder_version=&#8221;4.20.4&#8243; _module_preset=&#8221;default&#8221; global_colors_info=&#8221;{}&#8221;]<\/p>\n<p>&nbsp;<\/p>\n<p style=\"text-align: justify;\"><span style=\"color: #000000;\">\u00bfQuieres construirte una casa nueva en Valencia?<\/span><\/p>\n<p>&nbsp;<\/p>\n<p style=\"text-align: justify;\"><span style=\"color: #000000;\">Nuestro estudio de arquitectura en Valencia est\u00e1 aqu\u00ed para ayudarte. Como arquitectos en Valencia, nuestro enfoque se centra en <span style=\"text-decoration: underline;\">crear hogares personalizados que reflejen las necesidades y gustos de nuestros clientes. Desde el dise\u00f1o hasta la construcci\u00f3n<\/span>, nuestro equipo trabaja contigo para asegurarte de que tu proyecto de obra nueva sea un \u00e9xito. <\/span><\/p>\n<p>&nbsp;<\/p>\n<p style=\"text-align: justify;\"><span style=\"color: #000000;\">Si est\u00e1s buscando un <span style=\"text-decoration: underline;\">estudio de arquitectura en Valencia<\/span> para construir tu casa nueva, \u00a1has venido al lugar adecuado!<\/span><\/p>\n<p>&nbsp;<\/p>\n<p>[\/et_pb_text][\/et_pb_column][\/et_pb_row][et_pb_row disabled_on=&#8221;off|off|on&#8221; admin_label=&#8221;TABLET\/MOVIL&#8221; module_class=&#8221;box_azul_servicios_titulo&#8221; _builder_version=&#8221;4.20.4&#8243; _module_preset=&#8221;default&#8221; width=&#8221;90%&#8221; max_width=&#8221;100%&#8221; custom_padding=&#8221;0px||0px||false|false&#8221; global_colors_info=&#8221;{}&#8221;][et_pb_column type=&#8221;4_4&#8243; _builder_version=&#8221;4.20.4&#8243; _module_preset=&#8221;default&#8221; global_colors_info=&#8221;{}&#8221;][et_pb_text admin_label=&#8221;TITULO OBRA NUEVA&#8221; _builder_version=&#8221;4.20.4&#8243; _module_preset=&#8221;default&#8221; border_width_bottom=&#8221;1px&#8221; border_color_bottom=&#8221;#000000&#8243; global_colors_info=&#8221;{}&#8221;]<\/p>\n<h2><span style=\"color: #000000;\">OBRA NUEVA<\/span><\/h2>\n<p>[\/et_pb_text][\/et_pb_column][\/et_pb_row][et_pb_row disabled_on=&#8221;off|off|on&#8221; admin_label=&#8221;TABLET\/MOVIL&#8221; module_class=&#8221;box_azul_servicios_texto&#8221; _builder_version=&#8221;4.20.4&#8243; _module_preset=&#8221;default&#8221; width=&#8221;90%&#8221; max_width=&#8221;100%&#8221; custom_padding=&#8221;0px||0px||false|false&#8221; global_colors_info=&#8221;{}&#8221;][et_pb_column type=&#8221;4_4&#8243; _builder_version=&#8221;4.20.4&#8243; _module_preset=&#8221;default&#8221; global_colors_info=&#8221;{}&#8221;][et_pb_text admin_label=&#8221;TEXTO OBRA NUEVA&#8221; _builder_version=&#8221;4.20.4&#8243; _module_preset=&#8221;default&#8221; global_colors_info=&#8221;{}&#8221;]<\/p>\n<p>&nbsp;<\/p>\n<p style=\"text-align: justify;\"><span style=\"color: #000000;\">\u00bfQuieres construirte una casa nueva en Valencia?<\/span><\/p>\n<p>&nbsp;<\/p>\n<p style=\"text-align: justify;\"><span style=\"color: #000000;\">Nuestro estudio de arquitectura en Valencia est\u00e1 aqu\u00ed para ayudarte. Como arquitectos en Valencia, nuestro enfoque se centra en <span style=\"text-decoration: underline;\">crear hogares personalizados que reflejen las necesidades y gustos de nuestros clientes. Desde el dise\u00f1o hasta la construcci\u00f3n<\/span>, nuestro equipo trabaja contigo para asegurarte de que tu proyecto de obra nueva sea un \u00e9xito. Si est\u00e1s buscando un <span style=\"text-decoration: underline;\">estudio de arquitectura en Valencia<\/span> para construir tu casa nueva, \u00a1has venido al lugar adecuado!<\/span><\/p>\n<p>[\/et_pb_text][\/et_pb_column][\/et_pb_row][\/et_pb_section][et_pb_section fb_built=&#8221;1&#8243; custom_padding_last_edited=&#8221;on|desktop&#8221; disabled_on=&#8221;off|off|off&#8221; admin_label=&#8221;REHABILITACI\u00d3N&#8221; module_class=&#8221;box_azul_servicios&#8221; _builder_version=&#8221;4.20.4&#8243; _module_preset=&#8221;default&#8221; custom_padding=&#8221;0px||80px||false|false&#8221; custom_padding_tablet=&#8221;||50px||false|false&#8221; custom_padding_phone=&#8221;||50px||false|false&#8221; global_colors_info=&#8221;{}&#8221;][et_pb_row column_structure=&#8221;1_4,3_4&#8243; disabled_on=&#8221;on|on|off&#8221; admin_label=&#8221;PC&#8221; module_class=&#8221;box_azul_servicios_titulo&#8221; _builder_version=&#8221;4.20.4&#8243; _module_preset=&#8221;default&#8221; width=&#8221;90%&#8221; max_width=&#8221;100%&#8221; custom_padding=&#8221;0px||0px||false|false&#8221; global_colors_info=&#8221;{}&#8221;][et_pb_column type=&#8221;1_4&#8243; _builder_version=&#8221;4.20.4&#8243; _module_preset=&#8221;default&#8221; global_colors_info=&#8221;{}&#8221;][\/et_pb_column][et_pb_column type=&#8221;3_4&#8243; _builder_version=&#8221;4.20.4&#8243; _module_preset=&#8221;default&#8221; global_colors_info=&#8221;{}&#8221;][et_pb_text admin_label=&#8221;TITULO REHABILITACI\u00d3N&#8221; _builder_version=&#8221;4.20.4&#8243; _module_preset=&#8221;default&#8221; border_width_bottom=&#8221;1px&#8221; border_color_bottom=&#8221;#000000&#8243; global_colors_info=&#8221;{}&#8221;]<\/p>\n<h2><span style=\"color: #000000;\">REHABILITACI\u00d3N<\/span><\/h2>\n<p>[\/et_pb_text][\/et_pb_column][\/et_pb_row][et_pb_row column_structure=&#8221;1_4,1_4,1_2&#8243; disabled_on=&#8221;on|on|off&#8221; admin_label=&#8221;PC&#8221; module_class=&#8221;box_azul_servicios_texto&#8221; _builder_version=&#8221;4.20.4&#8243; _module_preset=&#8221;default&#8221; width=&#8221;90%&#8221; max_width=&#8221;100%&#8221; custom_padding=&#8221;0px||0px||false|false&#8221; global_colors_info=&#8221;{}&#8221;][et_pb_column type=&#8221;1_4&#8243; _builder_version=&#8221;4.20.4&#8243; _module_preset=&#8221;default&#8221; global_colors_info=&#8221;{}&#8221;][\/et_pb_column][et_pb_column type=&#8221;1_4&#8243; _builder_version=&#8221;4.20.4&#8243; _module_preset=&#8221;default&#8221; global_colors_info=&#8221;{}&#8221;][\/et_pb_column][et_pb_column type=&#8221;1_2&#8243; _builder_version=&#8221;4.20.4&#8243; _module_preset=&#8221;default&#8221; global_colors_info=&#8221;{}&#8221;][et_pb_text admin_label=&#8221;TEXTO REHABILITACI\u00d3N&#8221; _builder_version=&#8221;4.20.4&#8243; _module_preset=&#8221;default&#8221; global_colors_info=&#8221;{}&#8221;]<\/p>\n<p>&nbsp;<\/p>\n<p style=\"text-align: justify;\"><span style=\"color: #000000;\">En nuestro estudio de arquitectura en Valencia tambi\u00e9n ofrecemos servicios de <span style=\"text-decoration: underline;\">proyectos de rehabilitaci\u00f3n para dar una nueva vida a edificios antiguos<\/span> y mejorar su funcionalidad y eficiencia energ\u00e9tica. Realizamos un an\u00e1lisis exhaustivo del estado actual del edificio y proponemos <span style=\"text-decoration: underline;\">soluciones personalizadas y adaptadas<\/span> a las necesidades y deseos del cliente. <\/span><\/p>\n<p>&nbsp;<\/p>\n<p style=\"text-align: justify;\"><span style=\"color: #000000;\">Nuestro objetivo es mantener la esencia y el car\u00e1cter del edificio original, mientras lo adaptamos a los est\u00e1ndares y necesidades actuales. <\/span><\/p>\n<p>&nbsp;<\/p>\n<p style=\"text-align: justify;\"><span style=\"color: #000000;\"><span style=\"text-decoration: underline;\">Trabajamos en todas las fases del proyecto, desde la idea inicial hasta la ejecuci\u00f3n final, garantizando la calidad y la excelencia en cada etapa del proceso.<\/span><\/span><\/p>\n<p>&nbsp;<\/p>\n<p>[\/et_pb_text][\/et_pb_column][\/et_pb_row][et_pb_row disabled_on=&#8221;off|off|on&#8221; admin_label=&#8221;TABLET\/MOVIL&#8221; module_class=&#8221;box_azul_servicios_titulo&#8221; _builder_version=&#8221;4.20.4&#8243; _module_preset=&#8221;default&#8221; width=&#8221;90%&#8221; max_width=&#8221;100%&#8221; custom_padding=&#8221;0px||0px||false|false&#8221; global_colors_info=&#8221;{}&#8221;][et_pb_column type=&#8221;4_4&#8243; _builder_version=&#8221;4.20.4&#8243; _module_preset=&#8221;default&#8221; global_colors_info=&#8221;{}&#8221;][et_pb_text admin_label=&#8221;TITULO REHABILITACI\u00d3N&#8221; _builder_version=&#8221;4.20.4&#8243; _module_preset=&#8221;default&#8221; border_width_bottom=&#8221;1px&#8221; border_color_bottom=&#8221;#000000&#8243; global_colors_info=&#8221;{}&#8221;]<\/p>\n<h2><span style=\"color: #000000;\">REHABILITACI\u00d3N<\/span><\/h2>\n<p>[\/et_pb_text][\/et_pb_column][\/et_pb_row][et_pb_row disabled_on=&#8221;off|off|on&#8221; admin_label=&#8221;TABLET\/MOVIL&#8221; module_class=&#8221;box_azul_servicios_texto&#8221; _builder_version=&#8221;4.20.4&#8243; _module_preset=&#8221;default&#8221; width=&#8221;90%&#8221; max_width=&#8221;100%&#8221; custom_padding=&#8221;0px||0px||false|false&#8221; global_colors_info=&#8221;{}&#8221;][et_pb_column type=&#8221;4_4&#8243; _builder_version=&#8221;4.20.4&#8243; _module_preset=&#8221;default&#8221; global_colors_info=&#8221;{}&#8221;][et_pb_text admin_label=&#8221;TEXTO REHABILITACI\u00d3N&#8221; _builder_version=&#8221;4.20.4&#8243; _module_preset=&#8221;default&#8221; global_colors_info=&#8221;{}&#8221;]<\/p>\n<p>&nbsp;<\/p>\n<p style=\"text-align: justify;\"><span style=\"color: #000000;\">En nuestro estudio de arquitectura en Valencia tambi\u00e9n ofrecemos servicios de proyectos de rehabilitaci\u00f3n para dar una nueva vida a edificios antiguos y mejorar su funcionalidad y eficiencia energ\u00e9tica. <\/span><\/p>\n<p>&nbsp;<\/p>\n<p style=\"text-align: justify;\"><span style=\"color: #000000;\">Realizamos un an\u00e1lisis exhaustivo del estado actual del edificio y proponemos soluciones personalizadas y adaptadas a las necesidades y deseos del cliente. <\/span><\/p>\n<p>&nbsp;<\/p>\n<p style=\"text-align: justify;\"><span style=\"color: #000000;\">Nuestro objetivo es mantener la esencia y el car\u00e1cter del edificio original, mientras lo adaptamos a los est\u00e1ndares y necesidades actuales. Trabajamos en todas las fases del proyecto, desde la idea inicial hasta la ejecuci\u00f3n final, garantizando la calidad y la excelencia en cada etapa del proceso.<\/span><\/p>\n<p>[\/et_pb_text][\/et_pb_column][\/et_pb_row][\/et_pb_section][et_pb_section fb_built=&#8221;1&#8243; custom_padding_last_edited=&#8221;on|tablet&#8221; disabled_on=&#8221;off|off|off&#8221; admin_label=&#8221;REFORMA INTEGRAL<br \/>\n&#8221; module_class=&#8221;box_azul_servicios&#8221; _builder_version=&#8221;4.20.4&#8243; _module_preset=&#8221;default&#8221; custom_padding=&#8221;0px||80px||false|false&#8221; custom_padding_tablet=&#8221;||50px||false|false&#8221; custom_padding_phone=&#8221;||50px||false|false&#8221; global_colors_info=&#8221;{}&#8221;][et_pb_row column_structure=&#8221;1_4,3_4&#8243; disabled_on=&#8221;on|on|off&#8221; admin_label=&#8221;PC&#8221; module_class=&#8221;box_azul_servicios_titulo&#8221; _builder_version=&#8221;4.20.4&#8243; _module_preset=&#8221;default&#8221; width=&#8221;90%&#8221; max_width=&#8221;100%&#8221; custom_padding=&#8221;0px||0px||false|false&#8221; global_colors_info=&#8221;{}&#8221;][et_pb_column type=&#8221;1_4&#8243; _builder_version=&#8221;4.20.4&#8243; _module_preset=&#8221;default&#8221; global_colors_info=&#8221;{}&#8221;][\/et_pb_column][et_pb_column type=&#8221;3_4&#8243; _builder_version=&#8221;4.20.4&#8243; _module_preset=&#8221;default&#8221; global_colors_info=&#8221;{}&#8221;][et_pb_text admin_label=&#8221;TITULO REFORMA INTEGRAL<br \/>\n&#8221; _builder_version=&#8221;4.20.4&#8243; _module_preset=&#8221;default&#8221; border_width_bottom=&#8221;1px&#8221; border_color_bottom=&#8221;#000000&#8243; global_colors_info=&#8221;{}&#8221;]<\/p>\n<h2><span style=\"color: #000000;\">REFORMA INTEGRAL<\/span><\/h2>\n<p>[\/et_pb_text][\/et_pb_column][\/et_pb_row][et_pb_row column_structure=&#8221;1_4,1_4,1_2&#8243; disabled_on=&#8221;on|on|off&#8221; admin_label=&#8221;PC&#8221; module_class=&#8221;box_azul_servicios_texto&#8221; _builder_version=&#8221;4.20.4&#8243; _module_preset=&#8221;default&#8221; width=&#8221;90%&#8221; max_width=&#8221;100%&#8221; custom_padding=&#8221;0px||0px||false|false&#8221; global_colors_info=&#8221;{}&#8221;][et_pb_column type=&#8221;1_4&#8243; _builder_version=&#8221;4.20.4&#8243; _module_preset=&#8221;default&#8221; global_colors_info=&#8221;{}&#8221;][\/et_pb_column][et_pb_column type=&#8221;1_4&#8243; _builder_version=&#8221;4.20.4&#8243; _module_preset=&#8221;default&#8221; global_colors_info=&#8221;{}&#8221;][\/et_pb_column][et_pb_column type=&#8221;1_2&#8243; _builder_version=&#8221;4.20.4&#8243; _module_preset=&#8221;default&#8221; global_colors_info=&#8221;{}&#8221;][et_pb_text admin_label=&#8221;TEXTO REFORMA INTEGRAL<br \/>\n&#8221; _builder_version=&#8221;4.24.1&#8243; _module_preset=&#8221;default&#8221; global_colors_info=&#8221;{}&#8221;]<\/p>\n<p>&nbsp;<\/p>\n<p style=\"text-align: justify;\"><span style=\"color: #000000;\">Como estudio de arquitectura en Valencia, ofrecemos servicios integrales de reforma para viviendas, oficinas y locales comerciales. <\/span><\/p>\n<p>&nbsp;<\/p>\n<p style=\"text-align: justify;\"><span style=\"color: #000000;\">Para empezar nos encargamos de todo el proceso, desde el dise\u00f1o hasta la entrega llave en mano, con especial atenci\u00f3n en la selecci\u00f3n de materiales de alta calidad y la optimizaci\u00f3n de los espacios. Trabajamos con un enfoque personalizado y adaptado a las necesidades de cada cliente.<\/span><\/p>\n<p>[\/et_pb_text][\/et_pb_column][\/et_pb_row][et_pb_row disabled_on=&#8221;off|off|on&#8221; admin_label=&#8221;TABLET\/MOVIL&#8221; module_class=&#8221;box_azul_servicios_titulo&#8221; _builder_version=&#8221;4.20.4&#8243; _module_preset=&#8221;default&#8221; width=&#8221;90%&#8221; max_width=&#8221;100%&#8221; custom_padding=&#8221;0px||0px||false|false&#8221; global_colors_info=&#8221;{}&#8221;][et_pb_column type=&#8221;4_4&#8243; _builder_version=&#8221;4.20.4&#8243; _module_preset=&#8221;default&#8221; global_colors_info=&#8221;{}&#8221;][et_pb_text admin_label=&#8221;TITULO REFORMA INTEGRAL<br \/>\n&#8221; _builder_version=&#8221;4.20.4&#8243; _module_preset=&#8221;default&#8221; border_width_bottom=&#8221;1px&#8221; border_color_bottom=&#8221;#000000&#8243; global_colors_info=&#8221;{}&#8221;]<\/p>\n<h2><span style=\"color: #000000;\">REFORMA INTEGRAL<\/span><\/h2>\n<p>[\/et_pb_text][\/et_pb_column][\/et_pb_row][et_pb_row disabled_on=&#8221;off|off|on&#8221; admin_label=&#8221;TABLET\/MOVIL&#8221; module_class=&#8221;box_azul_servicios_texto&#8221; _builder_version=&#8221;4.20.4&#8243; _module_preset=&#8221;default&#8221; width=&#8221;90%&#8221; max_width=&#8221;100%&#8221; custom_padding=&#8221;0px||0px||false|false&#8221; global_colors_info=&#8221;{}&#8221;][et_pb_column type=&#8221;4_4&#8243; _builder_version=&#8221;4.20.4&#8243; _module_preset=&#8221;default&#8221; global_colors_info=&#8221;{}&#8221;][et_pb_text admin_label=&#8221;TEXTO REFORMA INTEGRAL<br \/>\n&#8221; _builder_version=&#8221;4.24.1&#8243; _module_preset=&#8221;default&#8221; global_colors_info=&#8221;{}&#8221;]<\/p>\n<p>&nbsp;<\/p>\n<p style=\"text-align: justify;\"><span style=\"color: #000000;\">Como estudio de arquitectura en Valencia, ofrecemos servicios integrales de reforma para viviendas, oficinas y locales comerciales. <\/span><\/p>\n<p>&nbsp;<\/p>\n<p style=\"text-align: justify;\"><span style=\"color: #000000;\">Para empezar nos encargamos de todo el proceso, desde el dise\u00f1o hasta la entrega llave en mano, con especial atenci\u00f3n en la selecci\u00f3n de materiales de alta calidad y la optimizaci\u00f3n de los espacios. Trabajamos con un enfoque personalizado y adaptado a las necesidades de cada cliente.<\/span><\/p>\n<p>&nbsp;<\/p>\n<p>[\/et_pb_text][\/et_pb_column][\/et_pb_row][\/et_pb_section][et_pb_section fb_built=&#8221;1&#8243; custom_padding_last_edited=&#8221;on|tablet&#8221; disabled_on=&#8221;off|off|off&#8221; admin_label=&#8221;EMPRESAS<br \/>\n&#8221; module_class=&#8221;box_azul_servicios&#8221; _builder_version=&#8221;4.20.4&#8243; _module_preset=&#8221;default&#8221; custom_padding=&#8221;0px||80px||false|false&#8221; custom_padding_tablet=&#8221;0px||50px||false|false&#8221; custom_padding_phone=&#8221;0px||50px||false|false&#8221; global_colors_info=&#8221;{}&#8221;][et_pb_row column_structure=&#8221;1_4,3_4&#8243; disabled_on=&#8221;on|on|off&#8221; admin_label=&#8221;PC&#8221; module_class=&#8221;box_azul_servicios_titulo&#8221; _builder_version=&#8221;4.20.4&#8243; _module_preset=&#8221;default&#8221; width=&#8221;90%&#8221; max_width=&#8221;100%&#8221; custom_padding=&#8221;0px||0px||false|false&#8221; global_colors_info=&#8221;{}&#8221;][et_pb_column type=&#8221;1_4&#8243; _builder_version=&#8221;4.20.4&#8243; _module_preset=&#8221;default&#8221; global_colors_info=&#8221;{}&#8221;][\/et_pb_column][et_pb_column type=&#8221;3_4&#8243; _builder_version=&#8221;4.20.4&#8243; _module_preset=&#8221;default&#8221; global_colors_info=&#8221;{}&#8221;][et_pb_text admin_label=&#8221;TITULO EMPRESAS<br \/>\n&#8221; _builder_version=&#8221;4.20.4&#8243; _module_preset=&#8221;default&#8221; border_width_bottom=&#8221;1px&#8221; border_color_bottom=&#8221;#000000&#8243; global_colors_info=&#8221;{}&#8221;]<\/p>\n<h2><span style=\"color: #000000;\">EMPRESAS<\/span><\/h2>\n<p>[\/et_pb_text][\/et_pb_column][\/et_pb_row][et_pb_row column_structure=&#8221;1_4,1_4,1_2&#8243; disabled_on=&#8221;on|on|off&#8221; admin_label=&#8221;PC&#8221; module_class=&#8221;box_azul_servicios_texto&#8221; _builder_version=&#8221;4.20.4&#8243; _module_preset=&#8221;default&#8221; width=&#8221;90%&#8221; max_width=&#8221;100%&#8221; custom_padding=&#8221;0px||0px||false|false&#8221; global_colors_info=&#8221;{}&#8221;][et_pb_column type=&#8221;1_4&#8243; _builder_version=&#8221;4.20.4&#8243; _module_preset=&#8221;default&#8221; global_colors_info=&#8221;{}&#8221;][\/et_pb_column][et_pb_column type=&#8221;1_4&#8243; _builder_version=&#8221;4.20.4&#8243; _module_preset=&#8221;default&#8221; global_colors_info=&#8221;{}&#8221;][\/et_pb_column][et_pb_column type=&#8221;1_2&#8243; _builder_version=&#8221;4.20.4&#8243; _module_preset=&#8221;default&#8221; global_colors_info=&#8221;{}&#8221;][et_pb_text admin_label=&#8221;TEXTO EMPRESAS<br \/>\n&#8221; _builder_version=&#8221;4.24.1&#8243; _module_preset=&#8221;default&#8221; global_colors_info=&#8221;{}&#8221;]<\/p>\n<p>&nbsp;<\/p>\n<p style=\"text-align: justify;\"><span style=\"color: #000000;\">En el \u00e1mbito de los espacios corporativos, nuestro estudio de arquitectura en Valencia se dedica a la realizaci\u00f3n de proyectos a medida para empresas de diversos sectores. <\/span><\/p>\n<p>&nbsp;<\/p>\n<p style=\"text-align: justify;\"><span style=\"color: #000000;\">Por supuesto nos enfocamos en el dise\u00f1o y la optimizaci\u00f3n de espacios de trabajo que fomenten la productividad, el bienestar de los empleados y la imagen corporativa de la empresa. Trabajamos de manera rigurosa y dedicada en todo el proceso, desde la concepci\u00f3n de la idea hasta la materializaci\u00f3n de los detalles finales, asegur\u00e1ndonos de que el resultado final cumpla con nuestras expectativas de calidad.<\/span><\/p>\n<p>&nbsp;<\/p>\n<p>[\/et_pb_text][\/et_pb_column][\/et_pb_row][et_pb_row disabled_on=&#8221;off|off|on&#8221; admin_label=&#8221;TABLET\/MOVIL&#8221; module_class=&#8221;box_azul_servicios_titulo&#8221; _builder_version=&#8221;4.20.4&#8243; _module_preset=&#8221;default&#8221; width=&#8221;90%&#8221; max_width=&#8221;100%&#8221; custom_padding=&#8221;0px||0px||false|false&#8221; global_colors_info=&#8221;{}&#8221;][et_pb_column type=&#8221;4_4&#8243; _builder_version=&#8221;4.20.4&#8243; _module_preset=&#8221;default&#8221; global_colors_info=&#8221;{}&#8221;][et_pb_text admin_label=&#8221;TITULO EMPRESAS<br \/>\n&#8221; _builder_version=&#8221;4.20.4&#8243; _module_preset=&#8221;default&#8221; border_width_bottom=&#8221;1px&#8221; border_color_bottom=&#8221;#000000&#8243; global_colors_info=&#8221;{}&#8221;]<\/p>\n<h2><span style=\"color: #000000;\">EMPRESAS<\/span><\/h2>\n<p>[\/et_pb_text][\/et_pb_column][\/et_pb_row][et_pb_row disabled_on=&#8221;off|off|on&#8221; admin_label=&#8221;TABLET\/MOVIL&#8221; module_class=&#8221;box_azul_servicios_texto&#8221; _builder_version=&#8221;4.20.4&#8243; _module_preset=&#8221;default&#8221; width=&#8221;90%&#8221; max_width=&#8221;100%&#8221; custom_padding=&#8221;0px||0px||false|false&#8221; global_colors_info=&#8221;{}&#8221;][et_pb_column type=&#8221;4_4&#8243; _builder_version=&#8221;4.20.4&#8243; _module_preset=&#8221;default&#8221; global_colors_info=&#8221;{}&#8221;][et_pb_text admin_label=&#8221;TEXTO EMPRESAS<br \/>\n&#8221; _builder_version=&#8221;4.24.1&#8243; _module_preset=&#8221;default&#8221; global_colors_info=&#8221;{}&#8221;]<\/p>\n<p>&nbsp;<\/p>\n<p style=\"text-align: justify;\"><span style=\"color: #000000;\">En el \u00e1mbito de los espacios corporativos, nuestro estudio de arquitectura en Valencia se dedica a la realizaci\u00f3n de proyectos a medida para empresas de diversos sectores. <\/span><\/p>\n<p>&nbsp;<\/p>\n<p style=\"text-align: justify;\"><span style=\"color: #000000;\">Por supuesto nos enfocamos en el dise\u00f1o y la optimizaci\u00f3n de espacios de trabajo que fomenten la productividad, el bienestar de los empleados y la imagen corporativa de la empresa. Trabajamos de manera rigurosa y dedicada en todo el proceso, desde la concepci\u00f3n de la idea hasta la materializaci\u00f3n de los detalles finales, asegur\u00e1ndonos de que el resultado final cumpla con nuestras expectativas de calidad.<\/span><\/p>\n<p>&nbsp;<\/p>\n<p>[\/et_pb_text][\/et_pb_column][\/et_pb_row][\/et_pb_section][et_pb_section fb_built=&#8221;1&#8243; custom_padding_last_edited=&#8221;on|desktop&#8221; disabled_on=&#8221;off|off|off&#8221; admin_label=&#8221;ESTUDIOS DE VIABILIDAD<br \/>\n&#8221; module_class=&#8221;box_azul_servicios&#8221; _builder_version=&#8221;4.20.4&#8243; _module_preset=&#8221;default&#8221; custom_margin_last_edited=&#8221;off|desktop&#8221; custom_padding=&#8221;0px||200px||false|false&#8221; custom_padding_tablet=&#8221;||54px||false|false&#8221; custom_padding_phone=&#8221;||54px||false|false&#8221; global_colors_info=&#8221;{}&#8221;][et_pb_row column_structure=&#8221;1_4,3_4&#8243; disabled_on=&#8221;on|on|off&#8221; admin_label=&#8221;PC&#8221; module_class=&#8221;box_azul_servicios_titulo&#8221; _builder_version=&#8221;4.20.4&#8243; _module_preset=&#8221;default&#8221; width=&#8221;90%&#8221; max_width=&#8221;100%&#8221; custom_padding=&#8221;0px||0px||false|false&#8221; global_colors_info=&#8221;{}&#8221;][et_pb_column type=&#8221;1_4&#8243; _builder_version=&#8221;4.20.4&#8243; _module_preset=&#8221;default&#8221; global_colors_info=&#8221;{}&#8221;][\/et_pb_column][et_pb_column type=&#8221;3_4&#8243; _builder_version=&#8221;4.20.4&#8243; _module_preset=&#8221;default&#8221; global_colors_info=&#8221;{}&#8221;][et_pb_text admin_label=&#8221;TITULO ESTUDIOS DE VIABILIDAD<br \/>\n&#8221; _builder_version=&#8221;4.20.4&#8243; _module_preset=&#8221;default&#8221; border_width_bottom=&#8221;1px&#8221; border_color_bottom=&#8221;#000000&#8243; global_colors_info=&#8221;{}&#8221;]<\/p>\n<h2><span style=\"color: #000000;\">ESTUDIOS DE VIABILIDAD<\/span><\/h2>\n<p>[\/et_pb_text][\/et_pb_column][\/et_pb_row][et_pb_row column_structure=&#8221;1_4,1_4,1_2&#8243; disabled_on=&#8221;on|on|off&#8221; admin_label=&#8221;PC&#8221; module_class=&#8221;box_azul_servicios_texto&#8221; _builder_version=&#8221;4.20.4&#8243; _module_preset=&#8221;default&#8221; width=&#8221;90%&#8221; max_width=&#8221;100%&#8221; custom_padding=&#8221;0px||0px||false|false&#8221; global_colors_info=&#8221;{}&#8221;][et_pb_column type=&#8221;1_4&#8243; _builder_version=&#8221;4.20.4&#8243; _module_preset=&#8221;default&#8221; global_colors_info=&#8221;{}&#8221;][\/et_pb_column][et_pb_column type=&#8221;1_4&#8243; _builder_version=&#8221;4.20.4&#8243; _module_preset=&#8221;default&#8221; global_colors_info=&#8221;{}&#8221;][\/et_pb_column][et_pb_column type=&#8221;1_2&#8243; _builder_version=&#8221;4.20.4&#8243; _module_preset=&#8221;default&#8221; global_colors_info=&#8221;{}&#8221;][et_pb_text admin_label=&#8221;TEXTO ESTUDIOS DE VIABILIDAD<br \/>\n&#8221; _builder_version=&#8221;4.20.4&#8243; _module_preset=&#8221;default&#8221; global_colors_info=&#8221;{}&#8221;]<\/p>\n<p>&nbsp;<\/p>\n<p style=\"text-align: justify;\"><span style=\"color: #000000;\">\u00bfEst\u00e1s buscando comprar una parcela o vivienda en Valencia y necesitas saber cu\u00e1l es la normativa municipal que se aplica?<\/span><\/p>\n<p>&nbsp;<\/p>\n<p style=\"text-align: justify;\"><span style=\"color: #000000;\"> Como expertos arquitectos en Valencia, en nuestro estudio de arquitectura te asesoramos sobre la normativa vigente para que puedas tomar la mejor decisi\u00f3n de compra.<\/span><\/p>\n<p>[\/et_pb_text][\/et_pb_column][\/et_pb_row][et_pb_row disabled_on=&#8221;off|off|on&#8221; admin_label=&#8221;TABLET\/MOVIL&#8221; module_class=&#8221;box_azul_servicios_titulo&#8221; _builder_version=&#8221;4.20.4&#8243; _module_preset=&#8221;default&#8221; width=&#8221;90%&#8221; max_width=&#8221;100%&#8221; custom_padding=&#8221;0px||0px||false|false&#8221; global_colors_info=&#8221;{}&#8221;][et_pb_column type=&#8221;4_4&#8243; _builder_version=&#8221;4.20.4&#8243; _module_preset=&#8221;default&#8221; global_colors_info=&#8221;{}&#8221;][et_pb_text admin_label=&#8221;TITULO ESTUDIOS DE VIABILIDAD<br \/>\n&#8221; _builder_version=&#8221;4.20.4&#8243; _module_preset=&#8221;default&#8221; border_width_bottom=&#8221;1px&#8221; border_color_bottom=&#8221;#000000&#8243; global_colors_info=&#8221;{}&#8221;]<\/p>\n<h2><span style=\"color: #000000;\">ESTUDIOS DE VIABILIDAD<\/span><\/h2>\n<p>[\/et_pb_text][\/et_pb_column][\/et_pb_row][et_pb_row disabled_on=&#8221;off|off|on&#8221; admin_label=&#8221;TABLET\/MOVIL&#8221; module_class=&#8221;box_azul_servicios_texto&#8221; _builder_version=&#8221;4.20.4&#8243; _module_preset=&#8221;default&#8221; width=&#8221;90%&#8221; max_width=&#8221;100%&#8221; custom_padding=&#8221;0px||0px||false|false&#8221; global_colors_info=&#8221;{}&#8221;][et_pb_column type=&#8221;4_4&#8243; _builder_version=&#8221;4.20.4&#8243; _module_preset=&#8221;default&#8221; global_colors_info=&#8221;{}&#8221;][et_pb_text admin_label=&#8221;TEXTO ESTUDIOS DE VIABILIDAD<br \/>\n&#8221; _builder_version=&#8221;4.20.4&#8243; _module_preset=&#8221;default&#8221; global_colors_info=&#8221;{}&#8221;]<\/p>\n<p>&nbsp;<\/p>\n<p style=\"text-align: justify;\"><span style=\"color: #000000;\">\u00bfEst\u00e1s buscando comprar una parcela o vivienda en Valencia y necesitas saber cu\u00e1l es la normativa municipal que se aplica? <\/span><\/p>\n<p>&nbsp;<\/p>\n<p style=\"text-align: justify;\"><span style=\"color: #000000;\">Como expertos arquitectos en Valencia, en nuestro estudio de arquitectura te asesoramos sobre la normativa vigente para que puedas tomar la mejor decisi\u00f3n de compra.<\/span><\/p>\n<p>&nbsp;<\/p>\n<p>[\/et_pb_text][\/et_pb_column][\/et_pb_row][\/et_pb_section]<\/p>\n","protected":false},"excerpt":{"rendered":"<p>Madori [ma &#8211; do &#8211; ri], sustantivo Palabra japonesa que hace referencia al dise\u00f1o aludiendo a la creaci\u00f3n del espacio, a su distribuci\u00f3n, y al plan espacial de todo lugar que nos rodea y somos capaces de percibir. Madori significa literalmente \u201cCaptaci\u00f3n de la conciencia del lugar\u201d. Una existencia y a la vez experiencia, carente [&hellip;]<\/p>\n","protected":false},"author":1,"featured_media":0,"parent":0,"menu_order":0,"comment_status":"closed","ping_status":"closed","template":"","meta":{"_et_pb_use_builder":"on","_et_pb_old_content":"","_et_gb_content_width":"","footnotes":""},"class_list":["post-3528","page","type-page","status-publish","hentry"],"yoast_head":"<!-- This site is optimized with the Yoast SEO plugin v27.8 - https:\/\/yoast.com\/product\/yoast-seo-wordpress\/ -->\n<title>M\u00e9todo<\/title>\n<meta name=\"robots\" content=\"index, follow, max-snippet:-1, max-image-preview:large, max-video-preview:-1\" \/>\n<link rel=\"canonical\" href=\"https:\/\/madoriarquitectos.com\/en\/metodo\/\" \/>\n<meta property=\"og:locale\" content=\"en_US\" \/>\n<meta property=\"og:type\" content=\"article\" \/>\n<meta property=\"og:title\" content=\"M\u00e9todo\" \/>\n<meta property=\"og:description\" content=\"Madori [ma - do - ri], sustantivo Palabra japonesa que hace referencia al dise\u00f1o aludiendo a la creaci\u00f3n del espacio, a su distribuci\u00f3n, y al plan espacial de todo lugar que nos rodea y somos capaces de percibir. Madori significa literalmente \u201cCaptaci\u00f3n de la conciencia del lugar\u201d. Una existencia y a la vez experiencia, carente [&hellip;]\" \/>\n<meta property=\"og:url\" content=\"https:\/\/madoriarquitectos.com\/en\/metodo\/\" \/>\n<meta property=\"og:site_name\" content=\"MADORI ARQUITECTOS\" \/>\n<meta property=\"og:image\" content=\"https:\/\/madoriarquitectos.com\/wp-content\/uploads\/2023\/07\/Equipo-Madori_4370-scaled.jpg\" \/>\n<meta name=\"twitter:card\" content=\"summary_large_image\" \/>\n<meta name=\"twitter:label1\" content=\"Est. reading time\" \/>\n\t<meta name=\"twitter:data1\" content=\"40 minutes\" \/>\n<script type=\"application\/ld+json\" class=\"yoast-schema-graph\">{\"@context\":\"https:\\\/\\\/schema.org\",\"@graph\":[{\"@type\":\"WebPage\",\"@id\":\"https:\\\/\\\/madoriarquitectos.com\\\/en\\\/metodo\\\/\",\"url\":\"https:\\\/\\\/madoriarquitectos.com\\\/en\\\/metodo\\\/\",\"name\":\"M\u00e9todo\",\"isPartOf\":{\"@id\":\"https:\\\/\\\/madoriarquitectos.com\\\/#website\"},\"primaryImageOfPage\":{\"@id\":\"https:\\\/\\\/madoriarquitectos.com\\\/en\\\/metodo\\\/#primaryimage\"},\"image\":{\"@id\":\"https:\\\/\\\/madoriarquitectos.com\\\/en\\\/metodo\\\/#primaryimage\"},\"thumbnailUrl\":\"https:\\\/\\\/madoriarquitectos.com\\\/wp-content\\\/uploads\\\/2023\\\/07\\\/Equipo-Madori_4370-scaled.jpg\",\"datePublished\":\"2023-05-04T14:25:00+00:00\",\"breadcrumb\":{\"@id\":\"https:\\\/\\\/madoriarquitectos.com\\\/en\\\/metodo\\\/#breadcrumb\"},\"inLanguage\":\"en-US\",\"potentialAction\":[{\"@type\":\"ReadAction\",\"target\":[\"https:\\\/\\\/madoriarquitectos.com\\\/en\\\/metodo\\\/\"]}]},{\"@type\":\"ImageObject\",\"inLanguage\":\"en-US\",\"@id\":\"https:\\\/\\\/madoriarquitectos.com\\\/en\\\/metodo\\\/#primaryimage\",\"url\":\"https:\\\/\\\/madoriarquitectos.com\\\/wp-content\\\/uploads\\\/2023\\\/07\\\/Equipo-Madori_4370-scaled.jpg\",\"contentUrl\":\"https:\\\/\\\/madoriarquitectos.com\\\/wp-content\\\/uploads\\\/2023\\\/07\\\/Equipo-Madori_4370-scaled.jpg\"},{\"@type\":\"BreadcrumbList\",\"@id\":\"https:\\\/\\\/madoriarquitectos.com\\\/en\\\/metodo\\\/#breadcrumb\",\"itemListElement\":[{\"@type\":\"ListItem\",\"position\":1,\"name\":\"Home\",\"item\":\"https:\\\/\\\/madoriarquitectos.com\\\/en\\\/inicio\\\/\"},{\"@type\":\"ListItem\",\"position\":2,\"name\":\"M\u00e9todo\"}]},{\"@type\":\"WebSite\",\"@id\":\"https:\\\/\\\/madoriarquitectos.com\\\/#website\",\"url\":\"https:\\\/\\\/madoriarquitectos.com\\\/\",\"name\":\"Madori Arquitectos\",\"description\":\"Arquitectos Valencia Tavernes de la Valldigna Gandia Oliva J\u00e1vea D\u00e9nia Altea Calpe\",\"publisher\":{\"@id\":\"https:\\\/\\\/madoriarquitectos.com\\\/#organization\"},\"potentialAction\":[{\"@type\":\"SearchAction\",\"target\":{\"@type\":\"EntryPoint\",\"urlTemplate\":\"https:\\\/\\\/madoriarquitectos.com\\\/?s={search_term_string}\"},\"query-input\":{\"@type\":\"PropertyValueSpecification\",\"valueRequired\":true,\"valueName\":\"search_term_string\"}}],\"inLanguage\":\"en-US\"},{\"@type\":\"Organization\",\"@id\":\"https:\\\/\\\/madoriarquitectos.com\\\/#organization\",\"name\":\"Madori Arquitectos\",\"url\":\"https:\\\/\\\/madoriarquitectos.com\\\/\",\"logo\":{\"@type\":\"ImageObject\",\"inLanguage\":\"en-US\",\"@id\":\"https:\\\/\\\/madoriarquitectos.com\\\/#\\\/schema\\\/logo\\\/image\\\/\",\"url\":\"https:\\\/\\\/madoriarquitectos.com\\\/wp-content\\\/uploads\\\/2024\\\/02\\\/logo_am.webp\",\"contentUrl\":\"https:\\\/\\\/madoriarquitectos.com\\\/wp-content\\\/uploads\\\/2024\\\/02\\\/logo_am.webp\",\"width\":10508,\"height\":6391,\"caption\":\"Madori Arquitectos\"},\"image\":{\"@id\":\"https:\\\/\\\/madoriarquitectos.com\\\/#\\\/schema\\\/logo\\\/image\\\/\"},\"sameAs\":[\"https:\\\/\\\/www.instagram.com\\\/madoriarquitectos\\\/\",\"https:\\\/\\\/www.linkedin.com\\\/company\\\/madori-arquitectos-valencia\\\/\"]}]}<\/script>\n<!-- \/ Yoast SEO plugin. -->","yoast_head_json":{"title":"M\u00e9todo","robots":{"index":"index","follow":"follow","max-snippet":"max-snippet:-1","max-image-preview":"max-image-preview:large","max-video-preview":"max-video-preview:-1"},"canonical":"https:\/\/madoriarquitectos.com\/en\/metodo\/","og_locale":"en_US","og_type":"article","og_title":"M\u00e9todo","og_description":"Madori [ma - do - ri], sustantivo Palabra japonesa que hace referencia al dise\u00f1o aludiendo a la creaci\u00f3n del espacio, a su distribuci\u00f3n, y al plan espacial de todo lugar que nos rodea y somos capaces de percibir. Madori significa literalmente \u201cCaptaci\u00f3n de la conciencia del lugar\u201d. Una existencia y a la vez experiencia, carente [&hellip;]","og_url":"https:\/\/madoriarquitectos.com\/en\/metodo\/","og_site_name":"MADORI ARQUITECTOS","og_image":[{"url":"https:\/\/madoriarquitectos.com\/wp-content\/uploads\/2023\/07\/Equipo-Madori_4370-scaled.jpg","type":"","width":"","height":""}],"twitter_card":"summary_large_image","twitter_misc":{"Est. reading time":"40 minutes"},"schema":{"@context":"https:\/\/schema.org","@graph":[{"@type":"WebPage","@id":"https:\/\/madoriarquitectos.com\/en\/metodo\/","url":"https:\/\/madoriarquitectos.com\/en\/metodo\/","name":"M\u00e9todo","isPartOf":{"@id":"https:\/\/madoriarquitectos.com\/#website"},"primaryImageOfPage":{"@id":"https:\/\/madoriarquitectos.com\/en\/metodo\/#primaryimage"},"image":{"@id":"https:\/\/madoriarquitectos.com\/en\/metodo\/#primaryimage"},"thumbnailUrl":"https:\/\/madoriarquitectos.com\/wp-content\/uploads\/2023\/07\/Equipo-Madori_4370-scaled.jpg","datePublished":"2023-05-04T14:25:00+00:00","breadcrumb":{"@id":"https:\/\/madoriarquitectos.com\/en\/metodo\/#breadcrumb"},"inLanguage":"en-US","potentialAction":[{"@type":"ReadAction","target":["https:\/\/madoriarquitectos.com\/en\/metodo\/"]}]},{"@type":"ImageObject","inLanguage":"en-US","@id":"https:\/\/madoriarquitectos.com\/en\/metodo\/#primaryimage","url":"https:\/\/madoriarquitectos.com\/wp-content\/uploads\/2023\/07\/Equipo-Madori_4370-scaled.jpg","contentUrl":"https:\/\/madoriarquitectos.com\/wp-content\/uploads\/2023\/07\/Equipo-Madori_4370-scaled.jpg"},{"@type":"BreadcrumbList","@id":"https:\/\/madoriarquitectos.com\/en\/metodo\/#breadcrumb","itemListElement":[{"@type":"ListItem","position":1,"name":"Home","item":"https:\/\/madoriarquitectos.com\/en\/inicio\/"},{"@type":"ListItem","position":2,"name":"M\u00e9todo"}]},{"@type":"WebSite","@id":"https:\/\/madoriarquitectos.com\/#website","url":"https:\/\/madoriarquitectos.com\/","name":"Madori Arquitectos","description":"Arquitectos Valencia Tavernes de la Valldigna Gandia Oliva J\u00e1vea D\u00e9nia Altea Calpe","publisher":{"@id":"https:\/\/madoriarquitectos.com\/#organization"},"potentialAction":[{"@type":"SearchAction","target":{"@type":"EntryPoint","urlTemplate":"https:\/\/madoriarquitectos.com\/?s={search_term_string}"},"query-input":{"@type":"PropertyValueSpecification","valueRequired":true,"valueName":"search_term_string"}}],"inLanguage":"en-US"},{"@type":"Organization","@id":"https:\/\/madoriarquitectos.com\/#organization","name":"Madori Arquitectos","url":"https:\/\/madoriarquitectos.com\/","logo":{"@type":"ImageObject","inLanguage":"en-US","@id":"https:\/\/madoriarquitectos.com\/#\/schema\/logo\/image\/","url":"https:\/\/madoriarquitectos.com\/wp-content\/uploads\/2024\/02\/logo_am.webp","contentUrl":"https:\/\/madoriarquitectos.com\/wp-content\/uploads\/2024\/02\/logo_am.webp","width":10508,"height":6391,"caption":"Madori Arquitectos"},"image":{"@id":"https:\/\/madoriarquitectos.com\/#\/schema\/logo\/image\/"},"sameAs":["https:\/\/www.instagram.com\/madoriarquitectos\/","https:\/\/www.linkedin.com\/company\/madori-arquitectos-valencia\/"]}]}},"_links":{"self":[{"href":"https:\/\/madoriarquitectos.com\/en\/wp-json\/wp\/v2\/pages\/3528","targetHints":{"allow":["GET"]}}],"collection":[{"href":"https:\/\/madoriarquitectos.com\/en\/wp-json\/wp\/v2\/pages"}],"about":[{"href":"https:\/\/madoriarquitectos.com\/en\/wp-json\/wp\/v2\/types\/page"}],"author":[{"embeddable":true,"href":"https:\/\/madoriarquitectos.com\/en\/wp-json\/wp\/v2\/users\/1"}],"replies":[{"embeddable":true,"href":"https:\/\/madoriarquitectos.com\/en\/wp-json\/wp\/v2\/comments?post=3528"}],"version-history":[{"count":0,"href":"https:\/\/madoriarquitectos.com\/en\/wp-json\/wp\/v2\/pages\/3528\/revisions"}],"wp:attachment":[{"href":"https:\/\/madoriarquitectos.com\/en\/wp-json\/wp\/v2\/media?parent=3528"}],"curies":[{"name":"wp","href":"https:\/\/api.w.org\/{rel}","templated":true}]}}