{"id":3525,"date":"2023-04-12T13:51:15","date_gmt":"2023-04-12T13:51:15","guid":{"rendered":"https:\/\/madoriarquitectos.com\/inicio\/"},"modified":"2023-04-12T13:51:15","modified_gmt":"2023-04-12T13:51:15","slug":"inicio","status":"publish","type":"page","link":"https:\/\/madoriarquitectos.com\/en\/","title":{"rendered":"Home"},"content":{"rendered":"<p>[et_pb_section fb_built=&#8221;1&#8243; fullwidth=&#8221;on&#8221; disabled_on=&#8221;on|on|on&#8221; admin_label=&#8221;Secci\u00f3n&#8221; module_class=&#8221;smart_slider_home&#8221; _builder_version=&#8221;4.20.4&#8243; _module_preset=&#8221;default&#8221; custom_padding=&#8221;0px||0px||false|false&#8221; disabled=&#8221;on&#8221; global_colors_info=&#8221;{}&#8221;][et_pb_nextend_smart_slider_3_fullwidth slider=&#8221;2&#8243; _builder_version=&#8221;4.20.4&#8243; _module_preset=&#8221;default&#8221; global_colors_info=&#8221;{}&#8221;][\/et_pb_nextend_smart_slider_3_fullwidth][\/et_pb_section][et_pb_section fb_built=&#8221;1&#8243; disabled_on=&#8221;on|on|on&#8221; admin_label=&#8221;Secci\u00f3n IMAGENES FULL FRAME &#8211; COPIA DE SEGURIDAD&#8221; module_class=&#8221;img_anchura_completa&#8221; _builder_version=&#8221;4.20.4&#8243; _module_preset=&#8221;default&#8221; custom_padding=&#8221;0px||0px||false|false&#8221; disabled=&#8221;on&#8221; collapsed=&#8221;on&#8221; global_colors_info=&#8221;{}&#8221;][et_pb_row module_class=&#8221;full_iframe&#8221; _builder_version=&#8221;4.20.4&#8243; _module_preset=&#8221;default&#8221; width=&#8221;100%&#8221; max_width=&#8221;100%&#8221; custom_margin=&#8221;||||false|false&#8221; custom_padding=&#8221;0px||0px||false|false&#8221; global_colors_info=&#8221;{}&#8221;][et_pb_column type=&#8221;4_4&#8243; _builder_version=&#8221;4.20.4&#8243; _module_preset=&#8221;default&#8221; global_colors_info=&#8221;{}&#8221;][et_pb_text admin_label=&#8221;IMG ANCHURA COMPLETA &#8211; EL DE CUANDO&#8221; module_id=&#8221;tavernes&#8221; module_class=&#8221;img_ancla&#8221; _builder_version=&#8221;4.20.4&#8243; _module_preset=&#8221;default&#8221; global_colors_info=&#8221;{}&#8221;]<\/p>\n<p><img loading=\"lazy\" decoding=\"async\" class=\"aligncenter wp-image-28 size-full\" src=\"https:\/\/madoriarquitectos.com\/wp-content\/uploads\/2023\/04\/FOTO-1_VTQYL-scaled.webp\" alt=\"Comedor grande\" width=\"2560\" height=\"1600\" srcset=\"https:\/\/madoriarquitectos.com\/wp-content\/uploads\/2023\/04\/FOTO-1_VTQYL-scaled.webp 2560w, https:\/\/madoriarquitectos.com\/wp-content\/uploads\/2023\/04\/FOTO-1_VTQYL-1280x800.webp 1280w, https:\/\/madoriarquitectos.com\/wp-content\/uploads\/2023\/04\/FOTO-1_VTQYL-980x613.webp 980w, https:\/\/madoriarquitectos.com\/wp-content\/uploads\/2023\/04\/FOTO-1_VTQYL-480x300.webp 480w\" sizes=\"(min-width: 0px) and (max-width: 480px) 480px, (min-width: 481px) and (max-width: 980px) 980px, (min-width: 981px) and (max-width: 1280px) 1280px, (min-width: 1281px) 2560px, 100vw\" \/><\/p>\n<p><a href=\"\"><\/p>\n<h2>EL DE CUANDO CONSTRUIMOS SIN ZAPATAS<\/h2>\n<p><\/p>\n<p>Proyecto de vivienda unifamiliar en el centro hist\u00f3rico de Tavernes de la Valldigna.<\/p>\n<p><\/a><\/p>\n<p><a title=\"Alameda\" href=\"#alameda\"><img loading=\"lazy\" decoding=\"async\" class=\"alignnone wp-image-754 size-full\" src=\"https:\/\/madoriarquitectos.com\/wp-content\/uploads\/2023\/04\/flecha-para-abajo.png\" alt=\"\" width=\"62\" height=\"37\" \/><\/a><\/p>\n<p>[\/et_pb_text][\/et_pb_column][\/et_pb_row][et_pb_row module_class=&#8221;full_iframe&#8221; _builder_version=&#8221;4.20.4&#8243; _module_preset=&#8221;default&#8221; width=&#8221;100%&#8221; max_width=&#8221;100%&#8221; custom_margin=&#8221;||||false|false&#8221; custom_padding=&#8221;0px||0px||false|false&#8221; global_colors_info=&#8221;{}&#8221;][et_pb_column type=&#8221;4_4&#8243; _builder_version=&#8221;4.20.4&#8243; _module_preset=&#8221;default&#8221; global_colors_info=&#8221;{}&#8221;][et_pb_text admin_label=&#8221;IMG ANCHURA COMPLETA &#8211; EL DEL CUBO NEGRO&#8221; module_id=&#8221;alameda&#8221; module_class=&#8221;img_ancla&#8221; _builder_version=&#8221;4.20.4&#8243; _module_preset=&#8221;default&#8221; global_colors_info=&#8221;{}&#8221;]<\/p>\n<p><img loading=\"lazy\" decoding=\"async\" class=\"alignnone wp-image-29 size-full\" src=\"https:\/\/madoriarquitectos.com\/wp-content\/uploads\/2023\/04\/FOTO-2_CUBONEGRO-scaled.webp\" alt=\"CUBONEGRO\" width=\"2560\" height=\"1724\" srcset=\"https:\/\/madoriarquitectos.com\/wp-content\/uploads\/2023\/04\/FOTO-2_CUBONEGRO-scaled.webp 2560w, https:\/\/madoriarquitectos.com\/wp-content\/uploads\/2023\/04\/FOTO-2_CUBONEGRO-1280x862.webp 1280w, https:\/\/madoriarquitectos.com\/wp-content\/uploads\/2023\/04\/FOTO-2_CUBONEGRO-980x660.webp 980w, https:\/\/madoriarquitectos.com\/wp-content\/uploads\/2023\/04\/FOTO-2_CUBONEGRO-480x323.webp 480w\" sizes=\"(min-width: 0px) and (max-width: 480px) 480px, (min-width: 481px) and (max-width: 980px) 980px, (min-width: 981px) and (max-width: 1280px) 1280px, (min-width: 1281px) 2560px, 100vw\" \/><\/p>\n<p><a href=\"\"><\/p>\n<h2>EL DEL CUBO NEGRO<\/h2>\n<p>Reforma integral en Paseo de la Alameda, Valencia.<\/p>\n<p><\/a><\/p>\n<p><a href=\"#jardin\"><img loading=\"lazy\" decoding=\"async\" class=\"alignnone wp-image-754 size-full\" src=\"https:\/\/madoriarquitectos.com\/wp-content\/uploads\/2023\/04\/flecha-para-abajo.png\" alt=\"\" width=\"62\" height=\"37\" \/><\/a><\/p>\n<p>[\/et_pb_text][\/et_pb_column][\/et_pb_row][et_pb_row module_class=&#8221;full_iframe&#8221; _builder_version=&#8221;4.20.4&#8243; _module_preset=&#8221;default&#8221; width=&#8221;100%&#8221; max_width=&#8221;100%&#8221; custom_margin=&#8221;||||false|false&#8221; custom_padding=&#8221;0px||0px||false|false&#8221; global_colors_info=&#8221;{}&#8221;][et_pb_column type=&#8221;4_4&#8243; _builder_version=&#8221;4.20.4&#8243; _module_preset=&#8221;default&#8221; global_colors_info=&#8221;{}&#8221;][et_pb_text admin_label=&#8221;IMG ANCHURA COMPLETA &#8211; EL DEL JARD\u00cdN DE LEIRE&#8221; module_id=&#8221;jardin&#8221; module_class=&#8221;img_ancla&#8221; _builder_version=&#8221;4.20.4&#8243; _module_preset=&#8221;default&#8221; global_colors_info=&#8221;{}&#8221;]<\/p>\n<p><img loading=\"lazy\" decoding=\"async\" class=\"aligncenter wp-image-30 size-full\" src=\"https:\/\/madoriarquitectos.com\/wp-content\/uploads\/2023\/04\/FOTO-3_JARDIN-scaled.webp\" alt=\"JARDINLEIRE_MADORIARQUITECTOS\" width=\"2560\" height=\"1753\" srcset=\"https:\/\/madoriarquitectos.com\/wp-content\/uploads\/2023\/04\/FOTO-3_JARDIN-scaled.webp 2560w, https:\/\/madoriarquitectos.com\/wp-content\/uploads\/2023\/04\/FOTO-3_JARDIN-1280x877.webp 1280w, https:\/\/madoriarquitectos.com\/wp-content\/uploads\/2023\/04\/FOTO-3_JARDIN-980x671.webp 980w, https:\/\/madoriarquitectos.com\/wp-content\/uploads\/2023\/04\/FOTO-3_JARDIN-480x329.webp 480w\" sizes=\"(min-width: 0px) and (max-width: 480px) 480px, (min-width: 481px) and (max-width: 980px) 980px, (min-width: 981px) and (max-width: 1280px) 1280px, (min-width: 1281px) 2560px, 100vw\" \/><\/p>\n<p><a href=\"\"><\/p>\n<h2>EL DEL JARD\u00cdN DE LEIRE<\/h2>\n<p>Proyecto de exteriorismo en la Pobla de Vallbona, Valencia.<\/p>\n<p><\/a><\/p>\n<p><a title=\"Flecha\" href=\"#moncada\"><img loading=\"lazy\" decoding=\"async\" class=\"wp-image-754 alignnone size-full\" src=\"https:\/\/madoriarquitectos.com\/wp-content\/uploads\/2023\/04\/flecha-para-abajo.png\" alt=\"\" width=\"62\" height=\"37\" \/><\/a><\/p>\n<p>[\/et_pb_text][\/et_pb_column][\/et_pb_row][et_pb_row module_class=&#8221;full_iframe&#8221; _builder_version=&#8221;4.20.4&#8243; _module_preset=&#8221;default&#8221; width=&#8221;100%&#8221; max_width=&#8221;100%&#8221; custom_margin=&#8221;||||false|false&#8221; custom_padding=&#8221;0px||0px||false|false&#8221; global_colors_info=&#8221;{}&#8221;][et_pb_column type=&#8221;4_4&#8243; _builder_version=&#8221;4.20.4&#8243; _module_preset=&#8221;default&#8221; global_colors_info=&#8221;{}&#8221;][et_pb_text admin_label=&#8221;IMG ANCHURA COMPLETA &#8211; EL DE CUANDO TODO MIDE NOVENTA&#8221; module_id=&#8221;moncada&#8221; module_class=&#8221;img_ancla&#8221; _builder_version=&#8221;4.20.4&#8243; _module_preset=&#8221;default&#8221; global_colors_info=&#8221;{}&#8221;]<\/p>\n<p><img loading=\"lazy\" decoding=\"async\" class=\"aligncenter wp-image-1917 size-full\" src=\"https:\/\/madoriarquitectos.com\/wp-content\/uploads\/2023\/06\/Moncada-Portada-scaled.webp\" alt=\"\" width=\"2560\" height=\"1545\" srcset=\"https:\/\/madoriarquitectos.com\/wp-content\/uploads\/2023\/06\/Moncada-Portada-scaled.webp 2560w, https:\/\/madoriarquitectos.com\/wp-content\/uploads\/2023\/06\/Moncada-Portada-1280x773.webp 1280w, https:\/\/madoriarquitectos.com\/wp-content\/uploads\/2023\/06\/Moncada-Portada-980x591.webp 980w, https:\/\/madoriarquitectos.com\/wp-content\/uploads\/2023\/06\/Moncada-Portada-480x290.webp 480w\" sizes=\"(min-width: 0px) and (max-width: 480px) 480px, (min-width: 481px) and (max-width: 980px) 980px, (min-width: 981px) and (max-width: 1280px) 1280px, (min-width: 1281px) 2560px, 100vw\" \/><\/p>\n<p><a href=\"\"><\/p>\n<h2>EL DE CUANDO TODO MIDE NOVENTA<\/h2>\n<p>Proyecto de vivienda unifamiliar para una pareja en Moncada, Valencia. <\/p>\n<p><\/a><\/p>\n<p><a href=\"#botanic\"><img loading=\"lazy\" decoding=\"async\" class=\"alignnone wp-image-754 size-full\" src=\"https:\/\/madoriarquitectos.com\/wp-content\/uploads\/2023\/04\/flecha-para-abajo.png\" alt=\"\" width=\"62\" height=\"37\" \/><\/a><\/p>\n<p>[\/et_pb_text][\/et_pb_column][\/et_pb_row][et_pb_row module_class=&#8221;full_iframe&#8221; _builder_version=&#8221;4.20.4&#8243; _module_preset=&#8221;default&#8221; width=&#8221;100%&#8221; max_width=&#8221;100%&#8221; custom_margin=&#8221;||||false|false&#8221; custom_padding=&#8221;0px||0px||false|false&#8221; global_colors_info=&#8221;{}&#8221;][et_pb_column type=&#8221;4_4&#8243; _builder_version=&#8221;4.20.4&#8243; _module_preset=&#8221;default&#8221; global_colors_info=&#8221;{}&#8221;][et_pb_text admin_label=&#8221;IMG ANCHURA COMPLETA &#8211; EL DE NOSOTROS MISMOS&#8221; module_id=&#8221;botanic&#8221; module_class=&#8221;img_ancla&#8221; _builder_version=&#8221;4.20.4&#8243; _module_preset=&#8221;default&#8221; global_colors_info=&#8221;{}&#8221;]<\/p>\n<p><img loading=\"lazy\" decoding=\"async\" class=\"aligncenter wp-image-32 size-full\" src=\"https:\/\/madoriarquitectos.com\/wp-content\/uploads\/2023\/04\/FOTO5_QUART-scaled.webp\" alt=\"Quart\" width=\"2560\" height=\"1552\" srcset=\"https:\/\/madoriarquitectos.com\/wp-content\/uploads\/2023\/04\/FOTO5_QUART-scaled.webp 2560w, https:\/\/madoriarquitectos.com\/wp-content\/uploads\/2023\/04\/FOTO5_QUART-1280x776.webp 1280w, https:\/\/madoriarquitectos.com\/wp-content\/uploads\/2023\/04\/FOTO5_QUART-980x594.webp 980w, https:\/\/madoriarquitectos.com\/wp-content\/uploads\/2023\/04\/FOTO5_QUART-480x291.webp 480w\" sizes=\"(min-width: 0px) and (max-width: 480px) 480px, (min-width: 481px) and (max-width: 980px) 980px, (min-width: 981px) and (max-width: 1280px) 1280px, (min-width: 1281px) 2560px, 100vw\" \/><\/p>\n<p><a href=\"\"><\/p>\n<h2>EL DE NOSOTROS MISMOS<\/h2>\n<p>Proyecto reforma integral en el barrio del Bot\u00e1nic, Valencia.<\/p>\n<p><\/a><\/p>\n<p><a href=\"#video\"><img loading=\"lazy\" decoding=\"async\" class=\"alignnone wp-image-754 size-full\" src=\"https:\/\/madoriarquitectos.com\/wp-content\/uploads\/2023\/04\/flecha-para-abajo.png\" alt=\"\" width=\"62\" height=\"37\" \/><\/a><\/p>\n<p>[\/et_pb_text][\/et_pb_column][\/et_pb_row][et_pb_row module_class=&#8221;full_iframe&#8221; _builder_version=&#8221;4.20.4&#8243; _module_preset=&#8221;default&#8221; width=&#8221;100%&#8221; max_width=&#8221;100%&#8221; custom_margin=&#8221;||||false|false&#8221; custom_padding=&#8221;0px||0px||false|false&#8221; global_colors_info=&#8221;{}&#8221;][et_pb_column type=&#8221;4_4&#8243; _builder_version=&#8221;4.20.4&#8243; _module_preset=&#8221;default&#8221; global_colors_info=&#8221;{}&#8221;][et_pb_code admin_label=&#8221;V\u00eddeo&#8221; module_id=&#8221;video&#8221; module_class=&#8221;img_ancla&#8221; _builder_version=&#8221;4.20.4&#8243; _module_preset=&#8221;default&#8221; global_colors_info=&#8221;{}&#8221;]<video width=\"100%\" playsinline loop muted autoplay><!-- [et_pb_line_break_holder] --><source src=\"https:\/\/madoriarquitectos.com\/wp-content\/uploads\/2023\/05\/impasium_madori_arquitectos.-1080p.mp4\" type=\"video\/mp4\"><!-- [et_pb_line_break_holder] --><\/video><!-- [et_pb_line_break_holder] --><a href=\"\"><!-- [et_pb_line_break_holder] -->  <\/p>\n<h2>EL DE CUANDO TORTOSA SE TI\u00d1\u00d3 DE ROJO<\/h2>\n<p><!-- [et_pb_line_break_holder] -->\t<pee>Impassium. Festival de Arquitectura Ef\u00edmera.<\/pee><!-- [et_pb_line_break_holder] --><\/a>[\/et_pb_code][et_pb_code disabled_on=&#8221;on|on|on&#8221; admin_label=&#8221;OLD &#8211; V\u00eddeo&#8221; module_id=&#8221;video&#8221; module_class=&#8221;img_ancla&#8221; _builder_version=&#8221;4.20.4&#8243; _module_preset=&#8221;default&#8221; disabled=&#8221;on&#8221; global_colors_info=&#8221;{}&#8221;]<iframe loading=\"lazy\" id=\"video_vimeo\" src=\"https:\/\/player.vimeo.com\/video\/819422828?autoplay=1&#038;mute=1&#038;loop=1&#038;controls=1&#038;autopause=0\" width=\"560\" height=\"315\" frameborder=\"0\" allow=\"autoplay\" allowfullscreen><\/iframe>[\/et_pb_code][\/et_pb_column][\/et_pb_row][\/et_pb_section][et_pb_section fb_built=&#8221;1&#8243; disabled_on=&#8221;off|off|off&#8221; module_class=&#8221;img_anchura_completa_nuevo&#8221; _builder_version=&#8221;4.20.4&#8243; _module_preset=&#8221;default&#8221; custom_padding=&#8221;0px||0px||false|false&#8221; locked=&#8221;off&#8221; global_colors_info=&#8221;{}&#8221;][et_pb_row disabled_on=&#8221;off|off|off&#8221; module_class=&#8221;full_iframe&#8221; _builder_version=&#8221;4.20.4&#8243; _module_preset=&#8221;default&#8221; width=&#8221;100%&#8221; max_width=&#8221;100%&#8221; custom_margin=&#8221;||||false|false&#8221; custom_padding=&#8221;0px||0px||false|false&#8221; global_colors_info=&#8221;{}&#8221;][et_pb_column type=&#8221;4_4&#8243; _builder_version=&#8221;4.20.4&#8243; _module_preset=&#8221;default&#8221; global_colors_info=&#8221;{}&#8221;][et_pb_text admin_label=&#8221;IMAGEN&#8221; module_id=&#8221;tavernes&#8221; module_class=&#8221;img_full_frame&#8221; _builder_version=&#8221;4.24.1&#8243; _module_preset=&#8221;default&#8221; custom_margin=&#8221;||0px||false|false&#8221; hover_enabled=&#8221;0&#8243; global_colors_info=&#8221;{}&#8221; sticky_enabled=&#8221;0&#8243;]<\/p>\n<p><img loading=\"lazy\" decoding=\"async\" class=\"aligncenter wp-image-28 size-full\" src=\"https:\/\/madoriarquitectos.com\/wp-content\/uploads\/2023\/04\/FOTO-1_VTQYL-scaled.webp\" alt=\"arquitectos valencia tavernes de la valldigna\" width=\"2560\" height=\"1600\" srcset=\"https:\/\/madoriarquitectos.com\/wp-content\/uploads\/2023\/04\/FOTO-1_VTQYL-scaled.webp 2560w, https:\/\/madoriarquitectos.com\/wp-content\/uploads\/2023\/04\/FOTO-1_VTQYL-1280x800.webp 1280w, https:\/\/madoriarquitectos.com\/wp-content\/uploads\/2023\/04\/FOTO-1_VTQYL-980x613.webp 980w, https:\/\/madoriarquitectos.com\/wp-content\/uploads\/2023\/04\/FOTO-1_VTQYL-480x300.webp 480w\" sizes=\"(min-width: 0px) and (max-width: 480px) 480px, (min-width: 481px) and (max-width: 980px) 980px, (min-width: 981px) and (max-width: 1280px) 1280px, (min-width: 1281px) 2560px, 100vw\" \/><\/p>\n<p>[\/et_pb_text][et_pb_text admin_label=&#8221;EL DE LA DOBLE FACHADA&#8221; _builder_version=&#8221;4.24.0&#8243; _module_preset=&#8221;default&#8221; custom_margin=&#8221;||0px||false|false&#8221; global_colors_info=&#8221;{}&#8221;]<\/p>\n<h2><a href=\"#\">EL DE LA DOBLE FACHADA<\/a><\/h2>\n<p><a href=\"#\">Vivienda unifamiliar entre medianeras en Tavernes de la Valldigna, Valencia.<\/a><\/p>\n<p>[\/et_pb_text][et_pb_text admin_label=&#8221;IMG FLECHA&#8221; _builder_version=&#8221;4.24.1&#8243; _module_preset=&#8221;default&#8221; custom_margin=&#8221;||0px||false|false&#8221; global_colors_info=&#8221;{}&#8221;]<\/p>\n<p><a title=\"Alameda\" href=\"#alameda\"><img loading=\"lazy\" decoding=\"async\" class=\"alignnone wp-image-754 size-full\" src=\"https:\/\/madoriarquitectos.com\/wp-content\/uploads\/2024\/01\/flecha-para-abajo-png-fondo-transparente.png\" alt=\"arquitectos valencia tavernes de valldigna flecha\" width=\"62\" height=\"37\" \/><\/a><\/p>\n<p>[\/et_pb_text][\/et_pb_column][\/et_pb_row][et_pb_row disabled_on=&#8221;off|off|off&#8221; module_class=&#8221;full_iframe&#8221; _builder_version=&#8221;4.20.4&#8243; _module_preset=&#8221;default&#8221; width=&#8221;100%&#8221; max_width=&#8221;100%&#8221; custom_margin=&#8221;||||false|false&#8221; custom_padding=&#8221;0px||0px||false|false&#8221; global_colors_info=&#8221;{}&#8221;][et_pb_column type=&#8221;4_4&#8243; _builder_version=&#8221;4.20.4&#8243; _module_preset=&#8221;default&#8221; global_colors_info=&#8221;{}&#8221;][et_pb_text admin_label=&#8221;IMAGEN&#8221; module_id=&#8221;alameda&#8221; module_class=&#8221;img_full_frame&#8221; _builder_version=&#8221;4.24.1&#8243; _module_preset=&#8221;default&#8221; custom_margin=&#8221;||0px||false|false&#8221; global_colors_info=&#8221;{}&#8221;]<img loading=\"lazy\" decoding=\"async\" class=\"alignnone wp-image-29 size-full\" src=\"https:\/\/madoriarquitectos.com\/wp-content\/uploads\/2023\/04\/FOTO-2_CUBONEGRO-scaled.webp\" alt=\"arquitectos valencia tavernes de la valldigna\" width=\"2560\" height=\"1724\" srcset=\"https:\/\/madoriarquitectos.com\/wp-content\/uploads\/2023\/04\/FOTO-2_CUBONEGRO-scaled.webp 2560w, https:\/\/madoriarquitectos.com\/wp-content\/uploads\/2023\/04\/FOTO-2_CUBONEGRO-1280x862.webp 1280w, https:\/\/madoriarquitectos.com\/wp-content\/uploads\/2023\/04\/FOTO-2_CUBONEGRO-980x660.webp 980w, https:\/\/madoriarquitectos.com\/wp-content\/uploads\/2023\/04\/FOTO-2_CUBONEGRO-480x323.webp 480w\" sizes=\"(min-width: 0px) and (max-width: 480px) 480px, (min-width: 481px) and (max-width: 980px) 980px, (min-width: 981px) and (max-width: 1280px) 1280px, (min-width: 1281px) 2560px, 100vw\" \/>[\/et_pb_text][et_pb_text admin_label=&#8221; EL DEL CUBO NEGRO&#8221; _builder_version=&#8221;4.20.4&#8243; _module_preset=&#8221;default&#8221; custom_margin=&#8221;||0px||false|false&#8221; link_option_url=&#8221;https:\/\/madoriarquitectos.com\/proyectos\/2b-house\/&#8221; global_colors_info=&#8221;{}&#8221;]<\/p>\n<h2><a href=\"https:\/\/madoriarquitectos.com\/en\/2b-house\/\">EL DEL CUBO NEGRO<\/a><\/h2>\n<p><a href=\"https:\/\/madoriarquitectos.com\/en\/2b-house\/\">Reforma integral en Paseo de la Alameda, Valencia.<\/a><\/p>\n<p>[\/et_pb_text][et_pb_text admin_label=&#8221;IMG FLECHA&#8221; _builder_version=&#8221;4.24.1&#8243; _module_preset=&#8221;default&#8221; custom_margin=&#8221;||0px||false|false&#8221; global_colors_info=&#8221;{}&#8221;]<a title=\"jardin\" href=\"#jardin\"><img loading=\"lazy\" decoding=\"async\" class=\"alignnone wp-image-754 size-full\" src=\"https:\/\/madoriarquitectos.com\/wp-content\/uploads\/2024\/01\/flecha-para-abajo-png-fondo-transparente.png\" alt=\"arquitectos valencia tavernes de valldigna flecha\" width=\"62\" height=\"37\" \/><\/a>[\/et_pb_text][\/et_pb_column][\/et_pb_row][et_pb_row disabled_on=&#8221;off|off|off&#8221; module_class=&#8221;full_iframe&#8221; _builder_version=&#8221;4.20.4&#8243; _module_preset=&#8221;default&#8221; width=&#8221;100%&#8221; max_width=&#8221;100%&#8221; custom_margin=&#8221;||||false|false&#8221; custom_padding=&#8221;0px||0px||false|false&#8221; global_colors_info=&#8221;{}&#8221;][et_pb_column type=&#8221;4_4&#8243; _builder_version=&#8221;4.20.4&#8243; _module_preset=&#8221;default&#8221; global_colors_info=&#8221;{}&#8221;][et_pb_text admin_label=&#8221;IMG&#8221; module_id=&#8221;moncada&#8221; module_class=&#8221;img_full_frame&#8221; _builder_version=&#8221;4.24.1&#8243; _module_preset=&#8221;default&#8221; custom_margin=&#8221;||0px||false|false&#8221; global_colors_info=&#8221;{}&#8221;]<img loading=\"lazy\" decoding=\"async\" class=\"aligncenter wp-image-1917 size-full\" src=\"https:\/\/madoriarquitectos.com\/wp-content\/uploads\/2023\/06\/Moncada-Portada-scaled.webp\" alt=\"arquitectos valencia tavernes de la valldigna\" width=\"2560\" height=\"1545\" srcset=\"https:\/\/madoriarquitectos.com\/wp-content\/uploads\/2023\/06\/Moncada-Portada-scaled.webp 2560w, https:\/\/madoriarquitectos.com\/wp-content\/uploads\/2023\/06\/Moncada-Portada-1280x773.webp 1280w, https:\/\/madoriarquitectos.com\/wp-content\/uploads\/2023\/06\/Moncada-Portada-980x591.webp 980w, https:\/\/madoriarquitectos.com\/wp-content\/uploads\/2023\/06\/Moncada-Portada-480x290.webp 480w\" sizes=\"(min-width: 0px) and (max-width: 480px) 480px, (min-width: 481px) and (max-width: 980px) 980px, (min-width: 981px) and (max-width: 1280px) 1280px, (min-width: 1281px) 2560px, 100vw\" \/>[\/et_pb_text][et_pb_text admin_label=&#8221;EL DE CUANDO TODO MIDE NOVENTA&#8221; module_id=&#8221;moncada&#8221; module_class=&#8221;img_ancla&#8221; _builder_version=&#8221;4.20.4&#8243; _module_preset=&#8221;default&#8221; custom_margin=&#8221;||0px||false|false&#8221; global_colors_info=&#8221;{}&#8221;]<\/p>\n<h2><a href=\"https:\/\/madoriarquitectos.com\/?page_id=2744\">EL DE CUANDO TODO MIDE NOVENTA<\/a><\/h2>\n<p><a href=\"https:\/\/madoriarquitectos.com\/?page_id=2744\">Proyecto de vivienda unifamiliar para una pareja en Moncada, Valencia.<\/a><\/p>\n<p>[\/et_pb_text][et_pb_text admin_label=&#8221;IMG FLECHA&#8221; module_id=&#8221;moncada&#8221; module_class=&#8221;img_ancla&#8221; _builder_version=&#8221;4.24.1&#8243; _module_preset=&#8221;default&#8221; custom_margin=&#8221;||0px||false|false&#8221; global_colors_info=&#8221;{}&#8221;]<a title=\"Flecha\" href=\"#botanic\"><img loading=\"lazy\" decoding=\"async\" class=\"wp-image-754 alignnone size-full\" src=\"https:\/\/madoriarquitectos.com\/wp-content\/uploads\/2024\/01\/flecha-para-abajo-png-fondo-transparente.png\" alt=\"arquitectos valencia tavernes de valldigna flecha\" width=\"62\" height=\"37\" \/><\/a>[\/et_pb_text][\/et_pb_column][\/et_pb_row][et_pb_row disabled_on=&#8221;off|off|off&#8221; module_class=&#8221;full_iframe&#8221; _builder_version=&#8221;4.20.4&#8243; _module_preset=&#8221;default&#8221; width=&#8221;100%&#8221; max_width=&#8221;100%&#8221; custom_margin=&#8221;||||false|false&#8221; custom_padding=&#8221;0px||0px||false|false&#8221; global_colors_info=&#8221;{}&#8221;][et_pb_column type=&#8221;4_4&#8243; _builder_version=&#8221;4.20.4&#8243; _module_preset=&#8221;default&#8221; global_colors_info=&#8221;{}&#8221;][et_pb_code admin_label=&#8221;V\u00eddeo&#8221; module_id=&#8221;video&#8221; module_class=&#8221;img_ancla&#8221; _builder_version=&#8221;4.20.4&#8243; _module_preset=&#8221;default&#8221; custom_margin=&#8221;||0px||false|false&#8221; global_colors_info=&#8221;{}&#8221;]<video width=\"100%\" playsinline loop muted autoplay><!-- [et_pb_line_break_holder] --><source src=\"https:\/\/madoriarquitectos.com\/wp-content\/uploads\/2023\/10\/reformaintegral-oliva-madoriarquitectos-.mp4\" type=\"video\/mp4\"><!-- [et_pb_line_break_holder] --><\/video>[\/et_pb_code][et_pb_text admin_label=&#8221;EL DE CUANDO LLEG\u00d3 CARLA&#8221; module_id=&#8221;botanic&#8221; module_class=&#8221;img_ancla&#8221; _builder_version=&#8221;4.20.4&#8243; _module_preset=&#8221;default&#8221; custom_margin=&#8221;||0px||false|false&#8221; locked=&#8221;off&#8221; global_colors_info=&#8221;{}&#8221;]<\/p>\n<h2><a href=\"https:\/\/madoriarquitectos.com\/proyectos\/el-de-cuando-llego-carla\/\">EL DE CUANDO LLEG\u00d3 CARLA<\/a><\/h2>\n<p><a href=\"https:\/\/madoriarquitectos.com\/proyectos\/el-de-cuando-llego-carla\/\">Reforma Integral en Oliva, Valencia.<\/a><\/p>\n<p>[\/et_pb_text][et_pb_code disabled_on=&#8221;on|on|on&#8221; admin_label=&#8221;V\u00eddeo &#8211; COPIA DE SEGUIRDAD&#8221; module_id=&#8221;video&#8221; module_class=&#8221;img_ancla&#8221; _builder_version=&#8221;4.20.4&#8243; _module_preset=&#8221;default&#8221; disabled=&#8221;on&#8221; global_colors_info=&#8221;{}&#8221;]<video width=\"100%\" playsinline loop muted autoplay><!-- [et_pb_line_break_holder] --><source src=\"https:\/\/madoriarquitectos.com\/wp-content\/uploads\/2023\/05\/impasium_madori_arquitectos.-1080p.mp4\" type=\"video\/mp4\"><!-- [et_pb_line_break_holder] --><\/video><!-- [et_pb_line_break_holder] --><a href=\"\"><!-- [et_pb_line_break_holder] -->  <\/p>\n<h2>EL DE CUANDO TORTOSA SE TI\u00d1\u00d3 DE ROJO<\/h2>\n<p><!-- [et_pb_line_break_holder] -->\t<pee>Impassium. Festival de Arquitectura Ef\u00edmera.<\/pee><!-- [et_pb_line_break_holder] --><\/a>[\/et_pb_code][et_pb_code disabled_on=&#8221;on|on|on&#8221; admin_label=&#8221;OLD &#8211; V\u00eddeo&#8221; module_id=&#8221;video&#8221; module_class=&#8221;img_ancla&#8221; _builder_version=&#8221;4.20.4&#8243; _module_preset=&#8221;default&#8221; disabled=&#8221;on&#8221; global_colors_info=&#8221;{}&#8221;]<iframe loading=\"lazy\" id=\"video_vimeo\" src=\"https:\/\/player.vimeo.com\/video\/819422828?autoplay=1&#038;mute=1&#038;loop=1&#038;controls=1&#038;autopause=0\" width=\"560\" height=\"315\" frameborder=\"0\" allow=\"autoplay\" allowfullscreen><\/iframe>[\/et_pb_code][\/et_pb_column][\/et_pb_row][et_pb_row disabled_on=&#8221;off|off|off&#8221; module_class=&#8221;full_iframe&#8221; _builder_version=&#8221;4.20.4&#8243; _module_preset=&#8221;default&#8221; width=&#8221;100%&#8221; max_width=&#8221;100%&#8221; custom_margin=&#8221;||||false|false&#8221; custom_padding=&#8221;0px||0px||false|false&#8221; global_colors_info=&#8221;{}&#8221;][et_pb_column type=&#8221;4_4&#8243; _builder_version=&#8221;4.20.4&#8243; _module_preset=&#8221;default&#8221; global_colors_info=&#8221;{}&#8221;][et_pb_text admin_label=&#8221;IMAGEN&#8221; module_id=&#8221;jardin&#8221; module_class=&#8221;img_full_frame&#8221; _builder_version=&#8221;4.24.1&#8243; _module_preset=&#8221;default&#8221; custom_margin=&#8221;||0px||false|false&#8221; global_colors_info=&#8221;{}&#8221;]<img loading=\"lazy\" decoding=\"async\" class=\"aligncenter wp-image-30 size-full\" src=\"https:\/\/madoriarquitectos.com\/wp-content\/uploads\/2023\/04\/FOTO-3_JARDIN-scaled.webp\" alt=\"arquitectos valencia tavernes de la valldigna\" width=\"2560\" height=\"1753\" srcset=\"https:\/\/madoriarquitectos.com\/wp-content\/uploads\/2023\/04\/FOTO-3_JARDIN-scaled.webp 2560w, https:\/\/madoriarquitectos.com\/wp-content\/uploads\/2023\/04\/FOTO-3_JARDIN-1280x877.webp 1280w, https:\/\/madoriarquitectos.com\/wp-content\/uploads\/2023\/04\/FOTO-3_JARDIN-980x671.webp 980w, https:\/\/madoriarquitectos.com\/wp-content\/uploads\/2023\/04\/FOTO-3_JARDIN-480x329.webp 480w\" sizes=\"(min-width: 0px) and (max-width: 480px) 480px, (min-width: 481px) and (max-width: 980px) 980px, (min-width: 981px) and (max-width: 1280px) 1280px, (min-width: 1281px) 2560px, 100vw\" \/>[\/et_pb_text][et_pb_text admin_label=&#8221;EL DEL JARD\u00cdN DE LEIRE&#8221; _builder_version=&#8221;4.24.0&#8243; _module_preset=&#8221;default&#8221; custom_margin=&#8221;||0px||false|false&#8221; link_option_url=&#8221;https:\/\/madoriarquitectos.com\/proyectos\/el-jardin-de-leire\/&#8221; global_colors_info=&#8221;{}&#8221;]<\/p>\n<h2><a href=\"https:\/\/madoriarquitectos.com\/en\/el-jardin-de-leire\/\">EL DEL JARD\u00cdN DE LEIRE<\/a><\/h2>\n<p><a href=\"https:\/\/madoriarquitectos.com\/en\/el-jardin-de-leire\/\">Dise\u00f1o de jard\u00edn y piscina en la Pobla de Vallbona, Valencia.<\/a><\/p>\n<p>[\/et_pb_text][et_pb_text admin_label=&#8221;IMG FLECHA&#8221; _builder_version=&#8221;4.24.1&#8243; _module_preset=&#8221;default&#8221; custom_margin=&#8221;||0px||false|false&#8221; global_colors_info=&#8221;{}&#8221;]<a title=\"Flecha\" href=\"#moncada\"><img loading=\"lazy\" decoding=\"async\" class=\"wp-image-754 alignnone size-full\" src=\"https:\/\/madoriarquitectos.com\/wp-content\/uploads\/2024\/01\/flecha-para-abajo-png-fondo-transparente.png\" alt=\"arquitectos valencia tavernes de valldigna flecha\" width=\"62\" height=\"37\" \/><\/a>[\/et_pb_text][\/et_pb_column][\/et_pb_row][et_pb_row disabled_on=&#8221;on|on|on&#8221; module_class=&#8221;full_iframe&#8221; _builder_version=&#8221;4.20.4&#8243; _module_preset=&#8221;default&#8221; width=&#8221;100%&#8221; max_width=&#8221;100%&#8221; custom_margin=&#8221;||||false|false&#8221; custom_padding=&#8221;0px||0px||false|false&#8221; disabled=&#8221;on&#8221; global_colors_info=&#8221;{}&#8221;][et_pb_column type=&#8221;4_4&#8243; _builder_version=&#8221;4.20.4&#8243; _module_preset=&#8221;default&#8221; global_colors_info=&#8221;{}&#8221;][et_pb_text admin_label=&#8221;IMG&#8221; module_id=&#8221;botanic&#8221; module_class=&#8221;img_full_frame&#8221; _builder_version=&#8221;4.20.4&#8243; _module_preset=&#8221;default&#8221; custom_margin=&#8221;||0px||false|false&#8221; global_colors_info=&#8221;{}&#8221;]<img loading=\"lazy\" decoding=\"async\" class=\"aligncenter wp-image-32 size-full\" src=\"https:\/\/madoriarquitectos.com\/wp-content\/uploads\/2023\/04\/FOTO5_QUART-scaled.webp\" alt=\"Proyecto reforma integral en el barrio del Bot\u00e1nic, Valencia.\" width=\"2560\" height=\"1552\" srcset=\"https:\/\/madoriarquitectos.com\/wp-content\/uploads\/2023\/04\/FOTO5_QUART-scaled.webp 2560w, https:\/\/madoriarquitectos.com\/wp-content\/uploads\/2023\/04\/FOTO5_QUART-1280x776.webp 1280w, https:\/\/madoriarquitectos.com\/wp-content\/uploads\/2023\/04\/FOTO5_QUART-980x594.webp 980w, https:\/\/madoriarquitectos.com\/wp-content\/uploads\/2023\/04\/FOTO5_QUART-480x291.webp 480w\" sizes=\"(min-width: 0px) and (max-width: 480px) 480px, (min-width: 481px) and (max-width: 980px) 980px, (min-width: 981px) and (max-width: 1280px) 1280px, (min-width: 1281px) 2560px, 100vw\" \/>[\/et_pb_text][et_pb_text admin_label=&#8221;EL DE NOSOTROS MISMOS&#8221; module_id=&#8221;botanic&#8221; module_class=&#8221;img_ancla&#8221; _builder_version=&#8221;4.20.4&#8243; _module_preset=&#8221;default&#8221; custom_margin=&#8221;||0px||false|false&#8221; global_colors_info=&#8221;{}&#8221;]<\/p>\n<h2><a href=\"\">EL DE NOSOTROS MISMOS<\/a><\/h2>\n<p><a href=\"\">Proyecto reforma integral en el barrio del Bot\u00e1nic, Valencia.<\/a><\/p>\n<p>[\/et_pb_text][et_pb_text admin_label=&#8221;IMG FLECHA&#8221; module_id=&#8221;botanic&#8221; module_class=&#8221;img_ancla&#8221; _builder_version=&#8221;4.20.4&#8243; _module_preset=&#8221;default&#8221; global_colors_info=&#8221;{}&#8221;]<a href=\"#video\"><img loading=\"lazy\" decoding=\"async\" class=\"alignnone wp-image-754 size-full\" src=\"https:\/\/madoriarquitectos.com\/wp-content\/uploads\/2023\/04\/flecha-para-abajo.png\" alt=\"\" width=\"62\" height=\"37\" \/><\/a>[\/et_pb_text][\/et_pb_column][\/et_pb_row][et_pb_row disabled_on=&#8221;off|off|off&#8221; module_class=&#8221;full_iframe&#8221; _builder_version=&#8221;4.20.4&#8243; _module_preset=&#8221;default&#8221; width=&#8221;100%&#8221; max_width=&#8221;100%&#8221; custom_margin=&#8221;||||false|false&#8221; custom_padding=&#8221;0px||0px||false|false&#8221; global_colors_info=&#8221;{}&#8221;][et_pb_column type=&#8221;4_4&#8243; _builder_version=&#8221;4.20.4&#8243; _module_preset=&#8221;default&#8221; global_colors_info=&#8221;{}&#8221;][et_pb_code admin_label=&#8221;V\u00eddeo&#8221; module_id=&#8221;video&#8221; module_class=&#8221;img_ancla&#8221; _builder_version=&#8221;4.20.4&#8243; _module_preset=&#8221;default&#8221; custom_margin=&#8221;||0px||false|false&#8221; global_colors_info=&#8221;{}&#8221;]<video width=\"100%\" playsinline loop muted autoplay><!-- [et_pb_line_break_holder] --><source src=\"https:\/\/madoriarquitectos.com\/wp-content\/uploads\/2023\/05\/impasium_madori_arquitectos.-1080p.mp4\" type=\"video\/mp4\"><!-- [et_pb_line_break_holder] --><\/video>[\/et_pb_code][et_pb_text admin_label=&#8221;EL DE CUANDO TORTOSA&#8221; module_id=&#8221;botanic&#8221; module_class=&#8221;img_ancla&#8221; _builder_version=&#8221;4.20.4&#8243; _module_preset=&#8221;default&#8221; custom_margin=&#8221;||0px||false|false&#8221; link_option_url=&#8221;https:\/\/madoriarquitectos.com\/proyectos\/el-de-cuando-tortosa-se-tino-de-rojo\/&#8221; locked=&#8221;off&#8221; global_colors_info=&#8221;{}&#8221;]<\/p>\n<h2><a href=\"https:\/\/madoriarquitectos.com\/proyectos\/el-de-cuando-tortosa-se-tino-de-rojo\/\">EL DE CUANDO TORTOSA SE TI\u00d1\u00d3 DE ROJO<\/a><\/h2>\n<p><a href=\"https:\/\/madoriarquitectos.com\/proyectos\/el-de-cuando-tortosa-se-tino-de-rojo\/\">Impassium. Festival de Arquitectura Ef\u00edmera.<\/a>[\/et_pb_text][et_pb_code disabled_on=&#8221;on|on|on&#8221; admin_label=&#8221;V\u00eddeo &#8211; COPIA DE SEGUIRDAD&#8221; module_id=&#8221;video&#8221; module_class=&#8221;img_ancla&#8221; _builder_version=&#8221;4.20.4&#8243; _module_preset=&#8221;default&#8221; disabled=&#8221;on&#8221; global_colors_info=&#8221;{}&#8221;]<video width=\"100%\" playsinline loop muted autoplay><!-- [et_pb_line_break_holder] --><source src=\"https:\/\/madoriarquitectos.com\/wp-content\/uploads\/2023\/05\/impasium_madori_arquitectos.-1080p.mp4\" type=\"video\/mp4\"><!-- [et_pb_line_break_holder] --><\/video><!-- [et_pb_line_break_holder] --><a href=\"\"><!-- [et_pb_line_break_holder] -->  <\/p>\n<h2>EL DE CUANDO TORTOSA SE TI\u00d1\u00d3 DE ROJO<\/h2>\n<p><!-- [et_pb_line_break_holder] -->\t<pee>Impassium. Festival de Arquitectura Ef\u00edmera.<\/pee><!-- [et_pb_line_break_holder] --><\/a>[\/et_pb_code][et_pb_code disabled_on=&#8221;on|on|on&#8221; admin_label=&#8221;OLD &#8211; V\u00eddeo&#8221; module_id=&#8221;video&#8221; module_class=&#8221;img_ancla&#8221; _builder_version=&#8221;4.20.4&#8243; _module_preset=&#8221;default&#8221; disabled=&#8221;on&#8221; global_colors_info=&#8221;{}&#8221;]<iframe loading=\"lazy\" id=\"video_vimeo\" src=\"https:\/\/player.vimeo.com\/video\/819422828?autoplay=1&#038;mute=1&#038;loop=1&#038;controls=1&#038;autopause=0\" width=\"560\" height=\"315\" frameborder=\"0\" allow=\"autoplay\" allowfullscreen><\/iframe>[\/et_pb_code][\/et_pb_column][\/et_pb_row][et_pb_row custom_padding_last_edited=&#8221;on|desktop&#8221; disabled_on=&#8221;on|on|on&#8221; admin_label=&#8221;TABLET\/MOVIL &#8221; _builder_version=&#8221;4.20.4&#8243; _module_preset=&#8221;default&#8221; width=&#8221;90%&#8221; max_width=&#8221;100%&#8221; custom_margin_tablet=&#8221;||50px||false|false&#8221; custom_margin_phone=&#8221;||50px||false|false&#8221; custom_margin_last_edited=&#8221;off|desktop&#8221; custom_padding=&#8221;200px||0px||false|false&#8221; custom_padding_tablet=&#8221;50px||||false|false&#8221; custom_padding_phone=&#8221;50px||||false|false&#8221; disabled=&#8221;on&#8221; locked=&#8221;off&#8221; global_colors_info=&#8221;{}&#8221;][et_pb_column type=&#8221;4_4&#8243; _builder_version=&#8221;4.20.4&#8243; _module_preset=&#8221;default&#8221; global_colors_info=&#8221;{}&#8221;][et_pb_text admin_label=&#8221;EL DE LA DOBLE FACHADA&#8221; _builder_version=&#8221;4.20.4&#8243; _module_preset=&#8221;default&#8221; global_colors_info=&#8221;{}&#8221;]<\/p>\n<p>&nbsp;<\/p>\n<p>&nbsp;<\/p>\n<p><img loading=\"lazy\" decoding=\"async\" class=\"alignnone wp-image-278 size-full\" src=\"https:\/\/madoriarquitectos.com\/wp-content\/uploads\/2023\/04\/08_HORIZONTALIZQ_SINZAPATAS_MADORIARQUITECTOS-scaled.webp\" alt=\"SINZAPATAS_MADORIARQUITECTOS\" width=\"2560\" height=\"1600\" srcset=\"https:\/\/madoriarquitectos.com\/wp-content\/uploads\/2023\/04\/08_HORIZONTALIZQ_SINZAPATAS_MADORIARQUITECTOS-scaled.webp 2560w, https:\/\/madoriarquitectos.com\/wp-content\/uploads\/2023\/04\/08_HORIZONTALIZQ_SINZAPATAS_MADORIARQUITECTOS-1280x800.webp 1280w, https:\/\/madoriarquitectos.com\/wp-content\/uploads\/2023\/04\/08_HORIZONTALIZQ_SINZAPATAS_MADORIARQUITECTOS-980x613.webp 980w, https:\/\/madoriarquitectos.com\/wp-content\/uploads\/2023\/04\/08_HORIZONTALIZQ_SINZAPATAS_MADORIARQUITECTOS-480x300.webp 480w\" sizes=\"(min-width: 0px) and (max-width: 480px) 480px, (min-width: 481px) and (max-width: 980px) 980px, (min-width: 981px) and (max-width: 1280px) 1280px, (min-width: 1281px) 2560px, 100vw\" \/><\/p>\n<p><span style=\"font-size: 14px;\">EL DE LA DOBLE FACHADA<\/span><\/p>\n<p>[\/et_pb_text][\/et_pb_column][\/et_pb_row][et_pb_row custom_padding_last_edited=&#8221;on|desktop&#8221; disabled_on=&#8221;on|on|on&#8221; admin_label=&#8221;TABLET\/MOVIL&#8221; _builder_version=&#8221;4.20.4&#8243; _module_preset=&#8221;default&#8221; width=&#8221;90%&#8221; max_width=&#8221;100%&#8221; custom_margin_tablet=&#8221;||50px||false|false&#8221; custom_margin_phone=&#8221;||50px||false|false&#8221; custom_margin_last_edited=&#8221;off|desktop&#8221; custom_padding=&#8221;200px||0px||false|false&#8221; custom_padding_tablet=&#8221;50px||||false|false&#8221; custom_padding_phone=&#8221;50px||||false|false&#8221; disabled=&#8221;on&#8221; locked=&#8221;off&#8221; global_colors_info=&#8221;{}&#8221;][et_pb_column type=&#8221;4_4&#8243; _builder_version=&#8221;4.20.4&#8243; _module_preset=&#8221;default&#8221; global_colors_info=&#8221;{}&#8221;][et_pb_text admin_label=&#8221;EL DEL CUBO NEGRO&#8221; _builder_version=&#8221;4.20.4&#8243; _module_preset=&#8221;default&#8221; global_colors_info=&#8221;{}&#8221;]<\/p>\n<p><a href=\"https:\/\/madoriarquitectos.com\/en\/2b-house\/\"><img loading=\"lazy\" decoding=\"async\" class=\"alignnone wp-image-29 size-full\" src=\"https:\/\/madoriarquitectos.com\/wp-content\/uploads\/2023\/04\/FOTO-2_CUBONEGRO-scaled.webp\" alt=\"CUBONEGRO\" width=\"2560\" height=\"1724\" srcset=\"https:\/\/madoriarquitectos.com\/wp-content\/uploads\/2023\/04\/FOTO-2_CUBONEGRO-scaled.webp 2560w, https:\/\/madoriarquitectos.com\/wp-content\/uploads\/2023\/04\/FOTO-2_CUBONEGRO-1280x862.webp 1280w, https:\/\/madoriarquitectos.com\/wp-content\/uploads\/2023\/04\/FOTO-2_CUBONEGRO-980x660.webp 980w, https:\/\/madoriarquitectos.com\/wp-content\/uploads\/2023\/04\/FOTO-2_CUBONEGRO-480x323.webp 480w\" sizes=\"(min-width: 0px) and (max-width: 480px) 480px, (min-width: 481px) and (max-width: 980px) 980px, (min-width: 981px) and (max-width: 1280px) 1280px, (min-width: 1281px) 2560px, 100vw\" \/><\/a><\/p>\n<p style=\"text-align: justify;\"><a href=\"https:\/\/madoriarquitectos.com\/en\/2b-house\/\"><span style=\"font-size: 14px;\">EL DEL CUBO NEGRO<\/span><\/a><\/p>\n<p>[\/et_pb_text][\/et_pb_column][\/et_pb_row][et_pb_row custom_padding_last_edited=&#8221;on|desktop&#8221; disabled_on=&#8221;on|on|on&#8221; admin_label=&#8221;TABLET\/MOVIL&#8221; _builder_version=&#8221;4.20.4&#8243; _module_preset=&#8221;default&#8221; width=&#8221;90%&#8221; max_width=&#8221;100%&#8221; custom_margin_tablet=&#8221;||50px||false|false&#8221; custom_margin_phone=&#8221;||50px||false|false&#8221; custom_margin_last_edited=&#8221;off|desktop&#8221; custom_padding=&#8221;200px||0px||false|false&#8221; custom_padding_tablet=&#8221;50px||||false|false&#8221; custom_padding_phone=&#8221;50px||||false|false&#8221; disabled=&#8221;on&#8221; locked=&#8221;off&#8221; global_colors_info=&#8221;{}&#8221;][et_pb_column type=&#8221;4_4&#8243; _builder_version=&#8221;4.20.4&#8243; _module_preset=&#8221;default&#8221; global_colors_info=&#8221;{}&#8221;][et_pb_text admin_label=&#8221;EL DE CUANDO LLEGO CARLA&#8221; _builder_version=&#8221;4.20.4&#8243; _module_preset=&#8221;default&#8221; link_option_url=&#8221;https:\/\/madoriarquitectos.com\/proyectos\/el-de-cuando-llego-carla\/&#8221; global_colors_info=&#8221;{}&#8221;]<video width=\"100%\" playsinline loop muted autoplay><source src=\"https:\/\/madoriarquitectos.com\/wp-content\/uploads\/2023\/10\/reformaintegral-oliva-madoriarquitectos-.mp4\" type=\"video\/mp4\"><\/video>[\/et_pb_text][\/et_pb_column][\/et_pb_row][et_pb_row custom_padding_last_edited=&#8221;on|desktop&#8221; disabled_on=&#8221;on|on|on&#8221; admin_label=&#8221;TABLET\/MOVIL&#8221; _builder_version=&#8221;4.20.4&#8243; _module_preset=&#8221;default&#8221; width=&#8221;90%&#8221; max_width=&#8221;100%&#8221; custom_margin_tablet=&#8221;||50px||false|false&#8221; custom_margin_phone=&#8221;||50px||false|false&#8221; custom_margin_last_edited=&#8221;off|desktop&#8221; custom_padding=&#8221;200px||0px||false|false&#8221; custom_padding_tablet=&#8221;50px||||false|false&#8221; custom_padding_phone=&#8221;50px||||false|false&#8221; disabled=&#8221;on&#8221; locked=&#8221;off&#8221; global_colors_info=&#8221;{}&#8221;][et_pb_column type=&#8221;4_4&#8243; _builder_version=&#8221;4.20.4&#8243; _module_preset=&#8221;default&#8221; global_colors_info=&#8221;{}&#8221;][et_pb_text admin_label=&#8221;EL DE CUANDO TODO MIDE 90&#8243; _builder_version=&#8221;4.20.4&#8243; _module_preset=&#8221;default&#8221; global_colors_info=&#8221;{}&#8221;]<\/p>\n<p><a href=\"https:\/\/madoriarquitectos.com\/?page_id=2744\"><img loading=\"lazy\" decoding=\"async\" class=\"alignnone wp-image-1917 size-full\" src=\"https:\/\/madoriarquitectos.com\/wp-content\/uploads\/2023\/06\/Moncada-Portada-scaled.webp\" alt=\"\" width=\"2560\" height=\"1545\" srcset=\"https:\/\/madoriarquitectos.com\/wp-content\/uploads\/2023\/06\/Moncada-Portada-scaled.webp 2560w, https:\/\/madoriarquitectos.com\/wp-content\/uploads\/2023\/06\/Moncada-Portada-1280x773.webp 1280w, https:\/\/madoriarquitectos.com\/wp-content\/uploads\/2023\/06\/Moncada-Portada-980x591.webp 980w, https:\/\/madoriarquitectos.com\/wp-content\/uploads\/2023\/06\/Moncada-Portada-480x290.webp 480w\" sizes=\"(min-width: 0px) and (max-width: 480px) 480px, (min-width: 481px) and (max-width: 980px) 980px, (min-width: 981px) and (max-width: 1280px) 1280px, (min-width: 1281px) 2560px, 100vw\" \/><\/a><\/p>\n<p style=\"text-align: justify;\"><a href=\"https:\/\/madoriarquitectos.com\/?page_id=2744\"><span style=\"font-size: 14px;\">EL DE CUANDO TODO MIDE NOVENTA<\/span><\/a><\/p>\n<p>[\/et_pb_text][\/et_pb_column][\/et_pb_row][et_pb_row custom_padding_last_edited=&#8221;on|desktop&#8221; disabled_on=&#8221;on|on|on&#8221; admin_label=&#8221;TABLET\/MOVIL&#8221; _builder_version=&#8221;4.20.4&#8243; _module_preset=&#8221;default&#8221; width=&#8221;90%&#8221; max_width=&#8221;100%&#8221; custom_margin_tablet=&#8221;||50px||false|false&#8221; custom_margin_phone=&#8221;||50px||false|false&#8221; custom_margin_last_edited=&#8221;off|desktop&#8221; custom_padding=&#8221;200px||0px||false|false&#8221; custom_padding_tablet=&#8221;50px||||false|false&#8221; custom_padding_phone=&#8221;50px||||false|false&#8221; disabled=&#8221;on&#8221; locked=&#8221;off&#8221; global_colors_info=&#8221;{}&#8221;][et_pb_column type=&#8221;4_4&#8243; _builder_version=&#8221;4.20.4&#8243; _module_preset=&#8221;default&#8221; global_colors_info=&#8221;{}&#8221;][et_pb_text admin_label=&#8221;EL DEL JARDIN DE LEIRE&#8221; _builder_version=&#8221;4.20.4&#8243; _module_preset=&#8221;default&#8221; global_colors_info=&#8221;{}&#8221;]<\/p>\n<p><a href=\"https:\/\/madoriarquitectos.com\/en\/el-jardin-de-leire\/\"><img loading=\"lazy\" decoding=\"async\" class=\"alignnone wp-image-131 size-full\" src=\"https:\/\/madoriarquitectos.com\/wp-content\/uploads\/2023\/04\/02_HORIZONTAL-DERECHA_JARDINLEIRE_MADORIARQUITECTOS-scaled.webp\" alt=\"JARDINLEIRE_MADORIARQUITECTOS\" width=\"2560\" height=\"1753\" srcset=\"https:\/\/madoriarquitectos.com\/wp-content\/uploads\/2023\/04\/02_HORIZONTAL-DERECHA_JARDINLEIRE_MADORIARQUITECTOS-scaled.webp 2560w, https:\/\/madoriarquitectos.com\/wp-content\/uploads\/2023\/04\/02_HORIZONTAL-DERECHA_JARDINLEIRE_MADORIARQUITECTOS-1280x877.webp 1280w, https:\/\/madoriarquitectos.com\/wp-content\/uploads\/2023\/04\/02_HORIZONTAL-DERECHA_JARDINLEIRE_MADORIARQUITECTOS-980x671.webp 980w, https:\/\/madoriarquitectos.com\/wp-content\/uploads\/2023\/04\/02_HORIZONTAL-DERECHA_JARDINLEIRE_MADORIARQUITECTOS-480x329.webp 480w\" sizes=\"(min-width: 0px) and (max-width: 480px) 480px, (min-width: 481px) and (max-width: 980px) 980px, (min-width: 981px) and (max-width: 1280px) 1280px, (min-width: 1281px) 2560px, 100vw\" \/><\/a><\/p>\n<p><a href=\"https:\/\/madoriarquitectos.com\/en\/el-jardin-de-leire\/\"><span style=\"font-size: 14px;\">EL DEL JARD\u00cdN DE LEIRE<\/span><\/a><\/p>\n<p>[\/et_pb_text][\/et_pb_column][\/et_pb_row][et_pb_row custom_padding_last_edited=&#8221;on|desktop&#8221; disabled_on=&#8221;on|on|on&#8221; admin_label=&#8221;TABLET\/MOVIL&#8221; _builder_version=&#8221;4.20.4&#8243; _module_preset=&#8221;default&#8221; width=&#8221;90%&#8221; max_width=&#8221;100%&#8221; custom_margin_tablet=&#8221;||50px||false|false&#8221; custom_margin_phone=&#8221;||50px||false|false&#8221; custom_margin_last_edited=&#8221;off|desktop&#8221; custom_padding=&#8221;200px||0px||false|false&#8221; custom_padding_tablet=&#8221;50px||||false|false&#8221; custom_padding_phone=&#8221;50px||||false|false&#8221; disabled=&#8221;on&#8221; locked=&#8221;off&#8221; global_colors_info=&#8221;{}&#8221;][et_pb_column type=&#8221;4_4&#8243; _builder_version=&#8221;4.20.4&#8243; _module_preset=&#8221;default&#8221; global_colors_info=&#8221;{}&#8221;][et_pb_text admin_label=&#8221;EL DE TORTOSA&#8221; _builder_version=&#8221;4.20.4&#8243; _module_preset=&#8221;default&#8221; global_colors_info=&#8221;{}&#8221;]<video width=\"100%\" playsinline loop muted autoplay><source src=\"https:\/\/madoriarquitectos.com\/wp-content\/uploads\/2023\/05\/impasium_madori_arquitectos.-1080p.mp4\" type=\"video\/mp4\"><\/video>[\/et_pb_text][\/et_pb_column][\/et_pb_row][\/et_pb_section][et_pb_section fb_built=&#8221;1&#8243; custom_padding_last_edited=&#8221;on|tablet&#8221; module_class=&#8221;azul_madori_home&#8221; _builder_version=&#8221;4.20.4&#8243; _module_preset=&#8221;default&#8221; custom_padding=&#8221;||150px||false|false&#8221; custom_padding_tablet=&#8221;||54px||false|false&#8221; custom_padding_phone=&#8221;||54px||false|false&#8221; global_colors_info=&#8221;{}&#8221;][et_pb_row column_structure=&#8221;3_5,2_5&#8243; custom_padding_last_edited=&#8221;on|desktop&#8221; module_class=&#8221;verde_madori_home&#8221; _builder_version=&#8221;4.20.4&#8243; _module_preset=&#8221;default&#8221; width=&#8221;90%&#8221; max_width=&#8221;100%&#8221; custom_padding=&#8221;100px||||false|false&#8221; custom_padding_tablet=&#8221;50px||||false|false&#8221; custom_padding_phone=&#8221;||0px||false|false&#8221; global_colors_info=&#8221;{}&#8221;][et_pb_column type=&#8221;3_5&#8243; _builder_version=&#8221;4.20.4&#8243; _module_preset=&#8221;default&#8221; global_colors_info=&#8221;{}&#8221;][et_pb_text admin_label=&#8221;Madori Arquitectos&#8221; _builder_version=&#8221;4.24.0&#8243; _module_preset=&#8221;default&#8221; header_2_text_color=&#8221;#000000&#8243; global_colors_info=&#8221;{}&#8221;]<\/p>\n<h2>Madori Arquitectos<\/h2>\n<p>[\/et_pb_text][et_pb_text content_tablet=&#8221;Somos un estudio creativo de Arquitectura e Interiorismo en Valencia y Tavernes de la Valldigna.<\/p>\n<p>Nuestros proyectos nacen de tener en cuenta la relaci\u00f3n entre:<\/p>\n<p style=%22padding-left: 20px;%22>el espacio que construimos,<br \/>\nel espacio que generamos<br \/>\ny las personas que los disfrutan.<\/p>\n<p>&#8221; content_phone=&#8221;Somos un estudio creativo de Arquitectura e Interiorismo en Valencia y Tavernes de la Valldigna.<\/p>\n<p>Nuestros proyectos nacen de tener en cuenta la relaci\u00f3n entre:<\/p>\n<p style=%22padding-left: 20px;%22>el espacio que construimos,<br \/>\nel espacio que generamos<br \/>\ny las personas que los disfrutan.<\/p>\n<p>&#8221; content_last_edited=&#8221;off|desktop&#8221; admin_label=&#8221;Texto&#8221; _builder_version=&#8221;4.24.0&#8243; _module_preset=&#8221;default&#8221; text_line_height=&#8221;1.5em&#8221; global_colors_info=&#8221;{}&#8221;]<\/p>\n<p style=\"text-align: justify;\">Madori Arquitectos s<span style=\"font-weight: 400;\">omos un estudio creativo de arquitectura y dise\u00f1o ubicado en la ciudad de<span style=\"color: #000000;\"> <a style=\"color: #000000;\" href=\"https:\/\/maps.app.goo.gl\/sSJEkyVPiUjn8jzr9\" target=\"_blank\" rel=\"noopener\">Valencia<\/a> <\/span>as\u00ed como tambi\u00e9n en el municipio de<span style=\"color: #000000;\"> <a style=\"color: #000000;\" href=\"https:\/\/maps.app.goo.gl\/BZspqmrhHYA2KQ4k9\" target=\"_blank\" rel=\"noopener\">Tavernes de la Valldigna<\/a>.<\/span><\/span><\/p>\n<p>&nbsp;<\/p>\n<p style=\"text-align: justify;\">Dise\u00f1amos y materializamos espacios personalizados pensados como experiencias para personas o empresas que busquen materializar sus sue\u00f1os o ideas, mediante proyectos singulares basados en la creatividad y en la diferenciaci\u00f3n como piedra angular. Por ello, en Madori Arquitectos afrontamos cada proyecto de arquitectura como una respuesta especifica al contexto y a la demanda de cada cliente.<\/p>\n<p>&nbsp;<\/p>\n<p style=\"text-align: justify;\"><span style=\"font-weight: 400;\">En definitiva, creemos en una arquitectura diferente que aporte un valor a\u00f1adido al usuario. Es decir, vamos m\u00e1s all\u00e1 de lo estrictamente t\u00e9cnico y convencional, para que los espacios tambi\u00e9n respondan a temas intangibles como la calidad espacial, las emociones, la relaci\u00f3n con el entorno, la naturaleza, y por supuesto la belleza. Nuestra filosof\u00eda y nuestros proyectos toman ese punto de partida como base de nuestro proceso creativo; trabajando continuamente la relaci\u00f3n entre el objeto que construimos, el espacio que generamos y las personas que lo disfrutan.<\/span><\/p>\n<p>&nbsp;<\/p>\n<p style=\"text-align: justify;\">Ante todo ideamos proyectos hechos a medida, con car\u00e1cter y elegancia donde se cuida hasta el m\u00e1s m\u00ednimo detalle. Espacios singulares, que proponen una arquitectura contempor\u00e1nea donde la creatividad y tambi\u00e9n la innovaci\u00f3n est\u00e1n siempre presentes c\u00f3mo cualidades esenciales de nuestro trabajo. En conclusi\u00f3n, si quieres conocer mejor c\u00f3mo podemos ayudarte a hacer tu proyecto realidad, ponte en contacto con nosotros. Sin duda, en Madori Arquitectos estaremos encantados de atenderte en nuestro estudio de Valencia o de Tavernes de la Valldigna.<\/p>\n<p>[\/et_pb_text][et_pb_button button_url=&#8221;https:\/\/madoriarquitectos.com\/metodo\/&#8221; button_text=&#8221;Saber m\u00e1s&#8221; admin_label=&#8221;BTN &#8211; SABER M\u00c1S&#8221; _builder_version=&#8221;4.20.4&#8243; _module_preset=&#8221;default&#8221; custom_button=&#8221;on&#8221; button_text_size=&#8221;20px&#8221; button_text_color=&#8221;#000000&#8243; button_border_color=&#8221;RGBA(255,255,255,0)&#8221; button_font=&#8221;||||on|||#000000|&#8221; button_use_icon=&#8221;off&#8221; custom_padding=&#8221;0px|0px|0px|0px|false|false&#8221; button_bg_color_last_edited=&#8221;off|desktop&#8221; global_colors_info=&#8221;{}&#8221;][\/et_pb_button][\/et_pb_column][et_pb_column type=&#8221;2_5&#8243; _builder_version=&#8221;4.20.4&#8243; _module_preset=&#8221;default&#8221; global_colors_info=&#8221;{}&#8221;][et_pb_text disabled_on=&#8221;on|on|off&#8221; admin_label=&#8221;LISTADO &#8221; module_class=&#8221;listado&#8221; _builder_version=&#8221;4.24.0&#8243; _module_preset=&#8221;default&#8221; border_width_left=&#8221;2px&#8221; border_color_left=&#8221;#000000&#8243; global_colors_info=&#8221;{}&#8221;]<\/p>\n<p style=\"padding-left: 20px;\">OBRA NUEVA<\/p>\n<p>&nbsp;<\/p>\n<p style=\"padding-left: 20px;\">REFORMA INTEGRAL<\/p>\n<p>&nbsp;<\/p>\n<p style=\"padding-left: 20px;\">REHABILITACI\u00d3N<\/p>\n<p>&nbsp;<\/p>\n<p style=\"padding-left: 20px;\">INTERIORISMO<\/p>\n<p>&nbsp;<\/p>\n<p style=\"padding-left: 20px;\">ESPACIOS CORPORATIVOS<\/p>\n<p>&nbsp;<\/p>\n<p style=\"padding-left: 20px;\">ESTUDIOS DE VIABILIDAD<\/p>\n<p>&nbsp;<\/p>\n<p style=\"padding-left: 20px;\">ASESORAMIENTO INMOBILIARIO<\/p>\n<p>[\/et_pb_text][et_pb_text disabled_on=&#8221;on|on|on&#8221; admin_label=&#8221;IMG CON HOVER&#8221; _builder_version=&#8221;4.20.4&#8243; _module_preset=&#8221;default&#8221; disabled=&#8221;on&#8221; global_colors_info=&#8221;{}&#8221;]<\/p>\n            <div class=\"oxi-addons-container noLightbox oxi-image-hover-wrapper-2 \" id=\"oxi-image-hover-wrapper-2\">\n                <div class=\"oxi-addons-row\">\n                    \n            <div class=\"oxi-image-hover-style oxi-bt-col-lg-12 oxi-bt-col-md-12 oxi-bt-col-sm-12                         \" sa-data-animation=\"zoomIn\" sa-data-animation-offset=\"100%\" sa-data-animation-delay=\"0ms\" sa-data-animation-duration=\"1000ms\">\n                <div class=\"oxi-image-hover-style-general\">\n                    <div class=\"oxi-image-hover oxi-image-general-hover oxi-image-general-hover-style-1 oxi-image-general-hover-2-2\">\n                                                    <div class=\"oxi-image-hover-figure\">\n                                <div class=\"oxi-image-hover-image\">\n                                    <img decoding=\"async\" src=\"https:\/\/madoriarquitectos.com\/wp-content\/uploads\/2023\/04\/02_ELDENOSOTROSMISMOS_MADORIARQUITECTOS-scaled.webp\" >\n                                <\/div>\n                                <div class=\"oxi-image-hover-figure-caption\">\n                                    <div class=\"oxi-image-hover-caption-tab   image-hover-align-center-center\">\n                                                                                    <div class=\"oxi-image-hover-content iheu-fade-up \">MADORI ARQUITECTOS<\/div>\n                                                                                <\/div>\n                                <\/div>\n                            <\/div>\n                                                <\/div>\n                <\/div> \n                            <\/div> \n                            <\/div>\n            <\/div>\n\t\t\t\n<p>[\/et_pb_text][et_pb_text disabled_on=&#8221;on|on|on&#8221; admin_label=&#8221;MADORI ARQUITECTOS<br \/>\n&#8221; _builder_version=&#8221;4.20.4&#8243; _module_preset=&#8221;default&#8221; background_enable_color=&#8221;off&#8221; background_image=&#8221;https:\/\/madoriarquitectos.com\/wp-content\/uploads\/2023\/04\/02_ELDENOSOTROSMISMOS_MADORIARQUITECTOS-scaled.webp&#8221; background_size=&#8221;contain&#8221; custom_padding=&#8221;||||false|false&#8221; disabled=&#8221;on&#8221; locked=&#8221;off&#8221; global_colors_info=&#8221;{}&#8221; content__hover_enabled=&#8221;on|hover&#8221; content__hover=&#8221;<\/p>\n<h2 style=%22text-align: center;%22><span style=%22color: #000000;%22>MADORI ARQUITECTOS<\/span><\/h2>\n<p>&#8221; background__hover_enabled=&#8221;on|hover&#8221; background_image__hover=&#8221;&#8221; background_enable_image__hover=&#8221;off&#8221; background_color__hover=&#8221;#8c7122&#8243; background_enable_color__hover=&#8221;on&#8221; custom_padding__hover_enabled=&#8221;off|hover&#8221; custom_padding__hover=&#8221;500px|0px|500px|0px|false|false&#8221;][\/et_pb_text][et_pb_text disabled_on=&#8221;on|on|on&#8221; admin_label=&#8221;EL DE NOSOTROS MISMOS OLD&#8221; module_class=&#8221;imagen_hover&#8221; _builder_version=&#8221;4.20.4&#8243; _module_preset=&#8221;default&#8221; header_text_align=&#8221;center&#8221; background_image=&#8221;https:\/\/madoriarquitectos.com\/wp-content\/uploads\/2023\/04\/02_ELDENOSOTROSMISMOS_MADORIARQUITECTOS-scaled.webp&#8221; min_height=&#8221;500px&#8221; height=&#8221;600px&#8221; custom_css_main_element=&#8221;display: flex;||align-items: center;||justify-content: center;||cursor: pointer;&#8221; disabled=&#8221;on&#8221; locked=&#8221;off&#8221; global_colors_info=&#8221;{}&#8221; content__hover_enabled=&#8221;on|hover&#8221; content__hover=&#8221;<\/p>\n<h2 style=%22text-align: center;%22><span style=%22color: #000000;%22>MADORI ARQUITECTOS<\/span><\/h2>\n<p>&#8221; background__hover_enabled=&#8221;on|hover&#8221; background_color__hover=&#8221;&#8221; background_enable_color__hover=&#8221;off&#8221; background_image__hover=&#8221;&#8221; background_enable_image__hover=&#8221;off&#8221; custom_css_main_element__hover_enabled=&#8221;off|hover&#8221; custom_css_main_element_last_edited=&#8221;off|desktop&#8221;][\/et_pb_text][et_pb_text disabled_on=&#8221;on|on|on&#8221; admin_label=&#8221;TEXTO + IMAGEN DEFINITIVA&#8221; module_class=&#8221;imagen_hover&#8221; _builder_version=&#8221;4.20.4&#8243; _module_preset=&#8221;default&#8221; custom_padding=&#8221;||||false|false&#8221; custom_padding_tablet=&#8221;||25px||false|false&#8221; custom_padding_phone=&#8221;||25px||false|false&#8221; custom_padding_last_edited=&#8221;on|desktop&#8221; disabled=&#8221;on&#8221; global_colors_info=&#8221;{}&#8221;]<\/p>\n<h2 style=\"text-align: center;\"><span style=\"color: #000000;\">MADORI ARQUITECTOS<\/span><\/h2>\n<p><img loading=\"lazy\" decoding=\"async\" class=\"aligncenter wp-image-538 size-full\" src=\"https:\/\/madoriarquitectos.com\/wp-content\/uploads\/2023\/04\/02_ELDENOSOTROSMISMOS_MADORIARQUITECTOS_comentarios.png\" alt=\"\" width=\"529\" height=\"800\" srcset=\"https:\/\/madoriarquitectos.com\/wp-content\/uploads\/2023\/04\/02_ELDENOSOTROSMISMOS_MADORIARQUITECTOS_comentarios.png 529w, https:\/\/madoriarquitectos.com\/wp-content\/uploads\/2023\/04\/02_ELDENOSOTROSMISMOS_MADORIARQUITECTOS_comentarios-480x726.png 480w\" sizes=\"(min-width: 0px) and (max-width: 480px) 480px, (min-width: 481px) 529px, 100vw\" \/><\/p>\n<p>[\/et_pb_text][\/et_pb_column][\/et_pb_row][et_pb_row column_structure=&#8221;1_2,1_2&#8243; custom_padding_last_edited=&#8221;on|desktop&#8221; admin_label=&#8221;Proyectos relacionados &#8211; titulo&#8221; module_class=&#8221;slider_proyectos_home_old&#8221; _builder_version=&#8221;4.20.4&#8243; _module_preset=&#8221;default&#8221; width=&#8221;90%&#8221; max_width=&#8221;100%&#8221; custom_margin=&#8221;||||false|false&#8221; custom_padding=&#8221;100px||0px||false|false&#8221; custom_padding_tablet=&#8221;50px||||false|false&#8221; custom_padding_phone=&#8221;50px||||false|false&#8221; global_module=&#8221;2268&#8243; saved_tabs=&#8221;all&#8221; collapsed=&#8221;on&#8221; global_colors_info=&#8221;{}&#8221;][et_pb_column type=&#8221;1_2&#8243; _builder_version=&#8221;4.20.4&#8243; _module_preset=&#8221;default&#8221; global_colors_info=&#8221;{}&#8221;][et_pb_text content_tablet=&#8221;<\/p>\n<p style=%22letter-spacing: 10px;%22>DESCUBRE M\u00c1S<br \/>\nPROYECTOS<\/p>\n<p>%91slide-anything id=%2245%22%93&#8243; content_phone=&#8221;<\/p>\n<p style=%22letter-spacing: 10px;%22>DESCUBRE M\u00c1S<br \/>\nPROYECTOS<\/p>\n<p>%91slide-anything id=%2245%22%93&#8243; content_last_edited=&#8221;off|desktop&#8221; admin_label=&#8221;PROYECTOS DESTACADOS&#8221; _builder_version=&#8221;4.20.4&#8243; _module_preset=&#8221;default&#8221; link_option_url=&#8221;https:\/\/madoriarquitectos.com\/proyectos\/&#8221; global_colors_info=&#8221;{}&#8221; content__hover_enabled=&#8221;off|desktop&#8221;]<\/p>\n<p style=\"color: #000; font-size: 1.125rem;\">PROYECTOS DESTACADOS<\/p>\n<p>[\/et_pb_text][et_pb_text content_tablet=&#8221;<\/p>\n<p style=%22letter-spacing: 10px;%22>DESCUBRE M\u00c1S<br \/>\nPROYECTOS<\/p>\n<p>%91slide-anything id=%2245%22%93&#8243; content_phone=&#8221;<\/p>\n<p style=%22letter-spacing: 10px;%22>DESCUBRE M\u00c1S<br \/>\nPROYECTOS<\/p>\n<p>%91slide-anything id=%2245%22%93&#8243; content_last_edited=&#8221;off|desktop&#8221; disabled_on=&#8221;on|on|on&#8221; admin_label=&#8221;OLD &#8211; SLIDER PROYECTOS&#8221; _builder_version=&#8221;4.20.4&#8243; _module_preset=&#8221;default&#8221; disabled=&#8221;on&#8221; global_colors_info=&#8221;{}&#8221; content__hover_enabled=&#8221;off|desktop&#8221;]<\/p>\n<p style=\"letter-spacing: 5px;\">DESCUBRE M\u00c1S PROYECTOS<\/p>\n<p><div class='white' style='background:rgba(0,0,0,0); border:solid 0px rgba(0,0,0,0); border-radius:0px; padding:0px 0px 0px 0px;'>\n<div id='slider_45' class='owl-carousel sa_owl_theme ' data-slider-id='slider_45' style='visibility:hidden;'>\n<div id='slider_45_slide01' class='sa_hover_container' style='padding:5% 5%; margin:0px 0%; '><h2><a href=\"https:\/\/madoriarquitectos.com\/proyectos\/2b-house\/\">EL DEL CUBO NEGRO<\/a><\/h2>\r\n<p><a href=\"https:\/\/madoriarquitectos.com\/proyectos\/2b-house\/\"><img loading=\"lazy\" decoding=\"async\" class=\"aligncenter wp-image-510 size-large\" src=\"https:\/\/madoriarquitectos.com\/wp-content\/uploads\/2023\/04\/01_ELDELCUBONEGRO_MADORIARQUITECTOS_1-677x1024.jpg\" alt=\"\" width=\"677\" height=\"1024\" \/><\/a><\/p>\r\n<p><a href=\"https:\/\/madoriarquitectos.com\/proyectos\/2b-house\/\">Reforma Integral<\/a><br \/><a href=\"https:\/\/madoriarquitectos.com\/proyectos\/2b-house\/\">en la Alameda, Valencia<\/a><\/p><\/div>\n<div id='slider_45_slide04' class='sa_hover_container' style='padding:5% 5%; margin:0px 0%; '><h2><a href=\"https:\/\/madoriarquitectos.com\/proyectos\/2b-house\/\">EL DEL CUBO NEGRO<\/a><\/h2>\r\n<p><img loading=\"lazy\" decoding=\"async\" class=\"aligncenter wp-image-563 size-full\" src=\"https:\/\/madoriarquitectos.com\/wp-content\/uploads\/2023\/04\/09_VERTICALDERECHA_SINZAPATAS_MADORIARQUITECTOS_JPG.jpg\" alt=\"VERTICALDERECHA_SINZAPATAS_MADORIARQUITECTOS\" width=\"1704\" height=\"2500\" srcset=\"https:\/\/madoriarquitectos.com\/wp-content\/uploads\/2023\/04\/09_VERTICALDERECHA_SINZAPATAS_MADORIARQUITECTOS_JPG.jpg 1704w, https:\/\/madoriarquitectos.com\/wp-content\/uploads\/2023\/04\/09_VERTICALDERECHA_SINZAPATAS_MADORIARQUITECTOS_JPG-1280x1878.jpg 1280w, https:\/\/madoriarquitectos.com\/wp-content\/uploads\/2023\/04\/09_VERTICALDERECHA_SINZAPATAS_MADORIARQUITECTOS_JPG-980x1438.jpg 980w, https:\/\/madoriarquitectos.com\/wp-content\/uploads\/2023\/04\/09_VERTICALDERECHA_SINZAPATAS_MADORIARQUITECTOS_JPG-480x704.jpg 480w\" sizes=\"(min-width: 0px) and (max-width: 480px) 480px, (min-width: 481px) and (max-width: 980px) 980px, (min-width: 981px) and (max-width: 1280px) 1280px, (min-width: 1281px) 1704px, 100vw\" \/><\/p>\r\n<p><a href=\"https:\/\/madoriarquitectos.com\/proyectos\/2b-house\/\">Reforma Integral<\/a><br \/><a href=\"https:\/\/madoriarquitectos.com\/proyectos\/2b-house\/\">en la Alameda, Valencia<\/a><\/p><\/div>\n<div id='slider_45_slide02' class='sa_hover_container' style='padding:5% 5%; margin:0px 0%; '><h2>EL DE NOSOTROS MISMOS<\/h2>\r\n<p><img loading=\"lazy\" decoding=\"async\" class=\"aligncenter wp-image-511 size-large\" src=\"https:\/\/madoriarquitectos.com\/wp-content\/uploads\/2023\/04\/02_ELDENOSOTROSMISMOS_MADORIARQUITECTOS_1-677x1024.jpg\" alt=\"\" width=\"677\" height=\"1024\" \/><\/p>\r\n<p>Reforma Integral<br \/>junto al jard\u00edn bot\u00e1nico<\/p><\/div>\n<div id='slider_45_slide03' class='sa_hover_container' style='padding:5% 5%; margin:0px 0%; '><h2>EL DEL CLIENTE FRANC\u00c9S<\/h2>\r\n<p><img loading=\"lazy\" decoding=\"async\" class=\"aligncenter wp-image-512 size-large\" src=\"https:\/\/madoriarquitectos.com\/wp-content\/uploads\/2023\/04\/03_ELDELCLIENTEFRANCES_MADORIARQUITECTOS_1-677x1024.jpg\" alt=\"\" width=\"677\" height=\"1024\" \/><\/p>\r\n<p>Reforma Integral<br \/>en calle Jorge Juan, Valencia.<\/p><\/div>\n<\/div>\n<\/div>\n<script type='text\/javascript'>\n\tjQuery(document).ready(function() {\n\t\tjQuery('#slider_45').owlCarousel({\n\t\t\tresponsive:{\n\t\t\t\t0:{ items:1 },\n\t\t\t\t480:{ items:1 },\n\t\t\t\t768:{ items:1 },\n\t\t\t\t980:{ items:2 },\n\t\t\t\t1200:{ items:3 },\n\t\t\t\t1500:{ items:3 }\n\t\t\t},\n\t\t\tautoplay : true,\n\t\t\tautoplayTimeout : 5000,\n\t\t\tautoplayHoverPause : true,\n\t\t\tsmartSpeed : 300,\n\t\t\tfluidSpeed : 300,\n\t\t\tautoplaySpeed : 300,\n\t\t\tnavSpeed : 300,\n\t\t\tdotsSpeed : 300,\n\t\t\tloop : true,\n\t\t\tnav : true,\n\t\t\tnavText : ['Previous','Next'],\n\t\t\tdots : false,\n\t\t\tresponsiveRefreshRate : 200,\n\t\t\tslideBy : 1,\n\t\t\tmergeFit : true,\n\t\t\tautoHeight : false,\n\t\t\tmouseDrag : true,\n\t\t\ttouchDrag : true\n\t\t});\n\t\tjQuery('#slider_45').css('visibility', 'visible');\n\t\tsa_resize_slider_45();\n\t\twindow.addEventListener('resize', sa_resize_slider_45);\n\t\tfunction sa_resize_slider_45() {\n\t\t\tvar min_height = '50';\n\t\t\tvar win_width = jQuery(window).width();\n\t\t\tvar slider_width = jQuery('#slider_45').width();\n\t\t\tif (win_width < 480) {\n\t\t\t\tvar slide_width = slider_width \/ 1;\n\t\t\t} else if (win_width < 768) {\n\t\t\t\tvar slide_width = slider_width \/ 1;\n\t\t\t} else if (win_width < 980) {\n\t\t\t\tvar slide_width = slider_width \/ 1;\n\t\t\t} else if (win_width < 1200) {\n\t\t\t\tvar slide_width = slider_width \/ 2;\n\t\t\t} else if (win_width < 1500) {\n\t\t\t\tvar slide_width = slider_width \/ 3;\n\t\t\t} else {\n\t\t\t\tvar slide_width = slider_width \/ 3;\n\t\t\t}\n\t\t\tslide_width = Math.round(slide_width);\n\t\t\tvar slide_height = '0';\n\t\t\tif (min_height == 'aspect43') {\n\t\t\t\tslide_height = (slide_width \/ 4) * 3;\t\t\t\tslide_height = Math.round(slide_height);\n\t\t\t} else if (min_height == 'aspect169') {\n\t\t\t\tslide_height = (slide_width \/ 16) * 9;\t\t\t\tslide_height = Math.round(slide_height);\n\t\t\t} else {\n\t\t\t\tslide_height = (slide_width \/ 100) * min_height;\t\t\t\tslide_height = Math.round(slide_height);\n\t\t\t}\n\t\t\tjQuery('#slider_45 .owl-item .sa_hover_container').css('min-height', slide_height+'px');\n\t\t}\n\t\tvar owl_goto = jQuery('#slider_45');\n\t\tjQuery('.slider_45_goto1').click(function(event){\n\t\t\towl_goto.trigger('to.owl.carousel', 0);\n\t\t});\n\t\tjQuery('.slider_45_goto2').click(function(event){\n\t\t\towl_goto.trigger('to.owl.carousel', 1);\n\t\t});\n\t\tjQuery('.slider_45_goto3').click(function(event){\n\t\t\towl_goto.trigger('to.owl.carousel', 2);\n\t\t});\n\t\tjQuery('.slider_45_goto4').click(function(event){\n\t\t\towl_goto.trigger('to.owl.carousel', 3);\n\t\t});\n\t\tvar resize_45 = jQuery('.owl-carousel');\n\t\tresize_45.on('initialized.owl.carousel', function(e) {\n\t\t\tif (typeof(Event) === 'function') {\n\t\t\t\twindow.dispatchEvent(new Event('resize'));\n\t\t\t} else {\n\t\t\t\tvar evt = window.document.createEvent('UIEvents');\n\t\t\t\tevt.initUIEvent('resize', true, false, window, 0);\n\t\t\t\twindow.dispatchEvent(evt);\n\t\t\t}\n\t\t});\n\t});\n<\/script>\n[\/et_pb_text][\/et_pb_column][et_pb_column type=&#8221;1_2&#8243; _builder_version=&#8221;4.20.4&#8243; _module_preset=&#8221;default&#8221; global_colors_info=&#8221;{}&#8221;][et_pb_text content_tablet=&#8221;<\/p>\n<p style=%22letter-spacing: 10px;%22>DESCUBRE M\u00c1S<br \/>\nPROYECTOS<\/p>\n<p>%91slide-anything id=%2245%22%93&#8243; content_phone=&#8221;<\/p>\n<p style=%22letter-spacing: 10px;%22>DESCUBRE M\u00c1S<br \/>\nPROYECTOS<\/p>\n<p>%91slide-anything id=%2245%22%93&#8243; content_last_edited=&#8221;off|desktop&#8221; disabled_on=&#8221;on|on|on&#8221; admin_label=&#8221;DESCUBRE M\u00c1S PROYECTOS&#8221; _builder_version=&#8221;4.20.4&#8243; _module_preset=&#8221;default&#8221; link_option_url=&#8221;https:\/\/madoriarquitectos.com\/proyectos\/&#8221; disabled=&#8221;on&#8221; global_colors_info=&#8221;{}&#8221; content__hover_enabled=&#8221;off|desktop&#8221;]<\/p>\n<p style=\"color: #000; text-align: right; font-size: 1.125rem;\">DESCUBRE OTROS<\/p>\n<p>[\/et_pb_text][et_pb_text disabled_on=&#8221;on|on|on&#8221; admin_label=&#8221;IMAGEN&#8221; _builder_version=&#8221;4.20.4&#8243; _module_preset=&#8221;default&#8221; custom_margin_tablet=&#8221;||20px||false|false&#8221; custom_margin_phone=&#8221;||20px||false|false&#8221; custom_margin_last_edited=&#8221;on|tablet&#8221; disabled=&#8221;on&#8221; global_colors_info=&#8221;{}&#8221;]<img loading=\"lazy\" decoding=\"async\" class=\"aligncenter wp-image-833 size-full\" src=\"https:\/\/madoriarquitectos.com\/wp-content\/uploads\/2023\/04\/04_1-scaled.jpg\" alt=\"Cubo cuadrado\" width=\"1728\" height=\"2560\" srcset=\"https:\/\/madoriarquitectos.com\/wp-content\/uploads\/2023\/04\/04_1-scaled.jpg 1728w, https:\/\/madoriarquitectos.com\/wp-content\/uploads\/2023\/04\/04_1-1280x1896.jpg 1280w, https:\/\/madoriarquitectos.com\/wp-content\/uploads\/2023\/04\/04_1-980x1452.jpg 980w, https:\/\/madoriarquitectos.com\/wp-content\/uploads\/2023\/04\/04_1-480x711.jpg 480w\" sizes=\"(min-width: 0px) and (max-width: 480px) 480px, (min-width: 481px) and (max-width: 980px) 980px, (min-width: 981px) and (max-width: 1280px) 1280px, (min-width: 1281px) 1728px, 100vw\" \/>[\/et_pb_text][\/et_pb_column][\/et_pb_row][et_pb_row column_structure=&#8221;1_3,1_3,1_3&#8243; admin_label=&#8221;Proyectos relacionados&#8221; module_id=&#8221;proyectos_destacados&#8221; module_class=&#8221;slider_proyectos_home&#8221; _builder_version=&#8221;4.20.4&#8243; _module_preset=&#8221;default&#8221; width=&#8221;90%&#8221; max_width=&#8221;100%&#8221; custom_margin=&#8221;||||false|false&#8221; custom_padding=&#8221;25px||||false|false&#8221; global_module=&#8221;2270&#8243; saved_tabs=&#8221;all&#8221; global_colors_info=&#8221;{}&#8221;][et_pb_column type=&#8221;1_3&#8243; _builder_version=&#8221;4.20.4&#8243; _module_preset=&#8221;default&#8221; global_colors_info=&#8221;{}&#8221;][et_pb_text admin_label=&#8221;IMG1 + Reforma Integral en la Alameda, Valencia.&#8221; module_class=&#8221;imagen_hover&#8221; _builder_version=&#8221;4.24.1&#8243; _module_preset=&#8221;default&#8221; link_option_url=&#8221;https:\/\/madoriarquitectos.com\/proyectos\/2b-house\/&#8221; global_colors_info=&#8221;{}&#8221;]<\/p>\n<h2 style=\"padding: 0px 10px;\"><span style=\"color: #000000;\">EL DEL CUBO NEGRO<\/span><\/h2>\n<p><img loading=\"lazy\" decoding=\"async\" class=\"aligncenter wp-image-510 size-full\" src=\"https:\/\/madoriarquitectos.com\/wp-content\/uploads\/2023\/04\/01_ELDELCUBONEGRO_MADORIARQUITECTOS_1-scaled.jpg\" alt=\"arquitectos valencia tavernes de la valldigna\" width=\"1693\" height=\"2560\" srcset=\"https:\/\/madoriarquitectos.com\/wp-content\/uploads\/2023\/04\/01_ELDELCUBONEGRO_MADORIARQUITECTOS_1-scaled.jpg 1693w, https:\/\/madoriarquitectos.com\/wp-content\/uploads\/2023\/04\/01_ELDELCUBONEGRO_MADORIARQUITECTOS_1-1280x1935.jpg 1280w, https:\/\/madoriarquitectos.com\/wp-content\/uploads\/2023\/04\/01_ELDELCUBONEGRO_MADORIARQUITECTOS_1-980x1482.jpg 980w, https:\/\/madoriarquitectos.com\/wp-content\/uploads\/2023\/04\/01_ELDELCUBONEGRO_MADORIARQUITECTOS_1-480x726.jpg 480w\" sizes=\"(min-width: 0px) and (max-width: 480px) 480px, (min-width: 481px) and (max-width: 980px) 980px, (min-width: 981px) and (max-width: 1280px) 1280px, (min-width: 1281px) 1693px, 100vw\" \/><\/p>\n<p>Reforma integral en Paseo de la Alameda, Valencia.<\/p>\n<p>[\/et_pb_text][\/et_pb_column][et_pb_column type=&#8221;1_3&#8243; _builder_version=&#8221;4.20.4&#8243; _module_preset=&#8221;default&#8221; global_colors_info=&#8221;{}&#8221;][et_pb_text admin_label=&#8221;IMG2 + Reforma Integral junto al jard\u00edn bot\u00e1nico&#8221; module_class=&#8221;imagen_hover&#8221; _builder_version=&#8221;4.24.1&#8243; _module_preset=&#8221;default&#8221; link_option_url=&#8221;https:\/\/madoriarquitectos.com\/proyectos\/el-del-barrio-del-botanic\/&#8221; global_colors_info=&#8221;{}&#8221;]<\/p>\n<h2><span style=\"color: #000000;\">EL DEL BARRIO DEL BOT\u00c1NIC<\/span><\/h2>\n<p><img loading=\"lazy\" decoding=\"async\" class=\"aligncenter wp-image-511 size-full\" src=\"https:\/\/madoriarquitectos.com\/wp-content\/uploads\/2023\/04\/02_ELDENOSOTROSMISMOS_MADORIARQUITECTOS_1-scaled.jpg\" alt=\"arquitectos valencia tavernes de la valldigna\" width=\"1693\" height=\"2560\" srcset=\"https:\/\/madoriarquitectos.com\/wp-content\/uploads\/2023\/04\/02_ELDENOSOTROSMISMOS_MADORIARQUITECTOS_1-scaled.jpg 1693w, https:\/\/madoriarquitectos.com\/wp-content\/uploads\/2023\/04\/02_ELDENOSOTROSMISMOS_MADORIARQUITECTOS_1-1280x1935.jpg 1280w, https:\/\/madoriarquitectos.com\/wp-content\/uploads\/2023\/04\/02_ELDENOSOTROSMISMOS_MADORIARQUITECTOS_1-980x1482.jpg 980w, https:\/\/madoriarquitectos.com\/wp-content\/uploads\/2023\/04\/02_ELDENOSOTROSMISMOS_MADORIARQUITECTOS_1-480x726.jpg 480w\" sizes=\"(min-width: 0px) and (max-width: 480px) 480px, (min-width: 481px) and (max-width: 980px) 980px, (min-width: 981px) and (max-width: 1280px) 1280px, (min-width: 1281px) 1693px, 100vw\" \/><\/p>\n<p>Proyecto reforma integral en el barrio del Bot\u00e1nic, Valencia.<\/p>\n<p>[\/et_pb_text][\/et_pb_column][et_pb_column type=&#8221;1_3&#8243; _builder_version=&#8221;4.20.4&#8243; _module_preset=&#8221;default&#8221; global_colors_info=&#8221;{}&#8221;][et_pb_text admin_label=&#8221;IMG3 + Reforma Integral en calle Jorge Juan, Valencia.&#8221; module_class=&#8221;imagen_hover&#8221; _builder_version=&#8221;4.24.1&#8243; _module_preset=&#8221;default&#8221; link_option_url=&#8221;https:\/\/madoriarquitectos.com\/proyectos\/el-del-cliente-frances\/&#8221; global_colors_info=&#8221;{}&#8221;]<\/p>\n<h2><span style=\"color: #000000;\">EL DEL CLIENTE FRANC\u00c9S<\/span><\/h2>\n<p><img loading=\"lazy\" decoding=\"async\" class=\"aligncenter wp-image-512 size-full\" src=\"https:\/\/madoriarquitectos.com\/wp-content\/uploads\/2023\/04\/03_ELDELCLIENTEFRANCES_MADORIARQUITECTOS_1-scaled.jpg\" alt=\"arquitectos valencia tavernes de la valldigna\" width=\"1693\" height=\"2560\" srcset=\"https:\/\/madoriarquitectos.com\/wp-content\/uploads\/2023\/04\/03_ELDELCLIENTEFRANCES_MADORIARQUITECTOS_1-scaled.jpg 1693w, https:\/\/madoriarquitectos.com\/wp-content\/uploads\/2023\/04\/03_ELDELCLIENTEFRANCES_MADORIARQUITECTOS_1-1280x1935.jpg 1280w, https:\/\/madoriarquitectos.com\/wp-content\/uploads\/2023\/04\/03_ELDELCLIENTEFRANCES_MADORIARQUITECTOS_1-980x1482.jpg 980w, https:\/\/madoriarquitectos.com\/wp-content\/uploads\/2023\/04\/03_ELDELCLIENTEFRANCES_MADORIARQUITECTOS_1-480x726.jpg 480w\" sizes=\"(min-width: 0px) and (max-width: 480px) 480px, (min-width: 481px) and (max-width: 980px) 980px, (min-width: 981px) and (max-width: 1280px) 1280px, (min-width: 1281px) 1693px, 100vw\" \/><\/p>\n<p>Proyecto de reforma integral en Jorge Juan, Valencia.[\/et_pb_text][\/et_pb_column][\/et_pb_row][et_pb_row column_structure=&#8221;1_3,1_3,1_3&#8243; disabled_on=&#8221;on|on|on&#8221; admin_label=&#8221;OLD &#8211; 3 IMAGENES&#8221; module_class=&#8221;slider_proyectos_home&#8221; _builder_version=&#8221;4.20.4&#8243; _module_preset=&#8221;default&#8221; width=&#8221;90%&#8221; max_width=&#8221;100%&#8221; custom_margin=&#8221;||||false|false&#8221; custom_padding=&#8221;25px||||false|false&#8221; disabled=&#8221;on&#8221; global_colors_info=&#8221;{}&#8221;][et_pb_column type=&#8221;1_3&#8243; _builder_version=&#8221;4.20.4&#8243; _module_preset=&#8221;default&#8221; global_colors_info=&#8221;{}&#8221;][et_pb_text admin_label=&#8221;IMG1 + Reforma Integral en la Alameda, Valencia.&#8221; _builder_version=&#8221;4.20.4&#8243; _module_preset=&#8221;default&#8221; link_option_url=&#8221;https:\/\/madoriarquitectos.com\/proyectos\/2b-house\/&#8221; global_colors_info=&#8221;{}&#8221;]<\/p>\n<p><img loading=\"lazy\" decoding=\"async\" class=\"aligncenter wp-image-510 size-full\" src=\"https:\/\/madoriarquitectos.com\/wp-content\/uploads\/2023\/04\/01_ELDELCUBONEGRO_MADORIARQUITECTOS_1-scaled.jpg\" alt=\"ELDELCUBONEGRO_MADORIARQUITECTOS\" width=\"1693\" height=\"2560\" srcset=\"https:\/\/madoriarquitectos.com\/wp-content\/uploads\/2023\/04\/01_ELDELCUBONEGRO_MADORIARQUITECTOS_1-scaled.jpg 1693w, https:\/\/madoriarquitectos.com\/wp-content\/uploads\/2023\/04\/01_ELDELCUBONEGRO_MADORIARQUITECTOS_1-1280x1935.jpg 1280w, https:\/\/madoriarquitectos.com\/wp-content\/uploads\/2023\/04\/01_ELDELCUBONEGRO_MADORIARQUITECTOS_1-980x1482.jpg 980w, https:\/\/madoriarquitectos.com\/wp-content\/uploads\/2023\/04\/01_ELDELCUBONEGRO_MADORIARQUITECTOS_1-480x726.jpg 480w\" sizes=\"(min-width: 0px) and (max-width: 480px) 480px, (min-width: 481px) and (max-width: 980px) 980px, (min-width: 981px) and (max-width: 1280px) 1280px, (min-width: 1281px) 1693px, 100vw\" \/><\/p>\n<p>Reforma Integral en la Alameda, Valencia.<br \/>+ INFO<\/p>\n<p>[\/et_pb_text][\/et_pb_column][et_pb_column type=&#8221;1_3&#8243; _builder_version=&#8221;4.20.4&#8243; _module_preset=&#8221;default&#8221; global_colors_info=&#8221;{}&#8221;][et_pb_text admin_label=&#8221;IMG2 + Reforma Integral junto al jard\u00edn bot\u00e1nico&#8221; _builder_version=&#8221;4.20.4&#8243; _module_preset=&#8221;default&#8221; global_colors_info=&#8221;{}&#8221;]<\/p>\n<p><img loading=\"lazy\" decoding=\"async\" class=\"aligncenter wp-image-511 size-full\" src=\"https:\/\/madoriarquitectos.com\/wp-content\/uploads\/2023\/04\/02_ELDENOSOTROSMISMOS_MADORIARQUITECTOS_1-scaled.jpg\" alt=\"ELDENOSOTROSMISMOS_MADORIARQUITECTOS\" width=\"1693\" height=\"2560\" srcset=\"https:\/\/madoriarquitectos.com\/wp-content\/uploads\/2023\/04\/02_ELDENOSOTROSMISMOS_MADORIARQUITECTOS_1-scaled.jpg 1693w, https:\/\/madoriarquitectos.com\/wp-content\/uploads\/2023\/04\/02_ELDENOSOTROSMISMOS_MADORIARQUITECTOS_1-1280x1935.jpg 1280w, https:\/\/madoriarquitectos.com\/wp-content\/uploads\/2023\/04\/02_ELDENOSOTROSMISMOS_MADORIARQUITECTOS_1-980x1482.jpg 980w, https:\/\/madoriarquitectos.com\/wp-content\/uploads\/2023\/04\/02_ELDENOSOTROSMISMOS_MADORIARQUITECTOS_1-480x726.jpg 480w\" sizes=\"(min-width: 0px) and (max-width: 480px) 480px, (min-width: 481px) and (max-width: 980px) 980px, (min-width: 981px) and (max-width: 1280px) 1280px, (min-width: 1281px) 1693px, 100vw\" \/><\/p>\n<p>Reforma Integral junto al jard\u00edn bot\u00e1nico<br \/>+ INFO<\/p>\n<p>[\/et_pb_text][\/et_pb_column][et_pb_column type=&#8221;1_3&#8243; _builder_version=&#8221;4.20.4&#8243; _module_preset=&#8221;default&#8221; global_colors_info=&#8221;{}&#8221;][et_pb_text admin_label=&#8221;IMG3 + Reforma Integral en calle Jorge Juan, Valencia.&#8221; _builder_version=&#8221;4.20.4&#8243; _module_preset=&#8221;default&#8221; global_colors_info=&#8221;{}&#8221;]<\/p>\n<p><img loading=\"lazy\" decoding=\"async\" class=\"aligncenter wp-image-512 size-full\" src=\"https:\/\/madoriarquitectos.com\/wp-content\/uploads\/2023\/04\/03_ELDELCLIENTEFRANCES_MADORIARQUITECTOS_1-scaled.jpg\" alt=\"ELDELCLIENTEFRANCES_MADORIARQUITECTOS\" width=\"1693\" height=\"2560\" srcset=\"https:\/\/madoriarquitectos.com\/wp-content\/uploads\/2023\/04\/03_ELDELCLIENTEFRANCES_MADORIARQUITECTOS_1-scaled.jpg 1693w, https:\/\/madoriarquitectos.com\/wp-content\/uploads\/2023\/04\/03_ELDELCLIENTEFRANCES_MADORIARQUITECTOS_1-1280x1935.jpg 1280w, https:\/\/madoriarquitectos.com\/wp-content\/uploads\/2023\/04\/03_ELDELCLIENTEFRANCES_MADORIARQUITECTOS_1-980x1482.jpg 980w, https:\/\/madoriarquitectos.com\/wp-content\/uploads\/2023\/04\/03_ELDELCLIENTEFRANCES_MADORIARQUITECTOS_1-480x726.jpg 480w\" sizes=\"(min-width: 0px) and (max-width: 480px) 480px, (min-width: 481px) and (max-width: 980px) 980px, (min-width: 981px) and (max-width: 1280px) 1280px, (min-width: 1281px) 1693px, 100vw\" \/><\/p>\n<p>Reforma Integral en calle Jorge Juan, Valencia.<br \/>+INFO<\/p>\n<p>[\/et_pb_text][\/et_pb_column][\/et_pb_row][et_pb_row custom_padding_last_edited=&#8221;on|tablet&#8221; disabled_on=&#8221;on|on|on&#8221; admin_label=&#8221;COPIA DE SEGUIRDAD &#8211; QUE DICEN DE NOSOTROS NUESTROS CLIENTES:&#8221; _builder_version=&#8221;4.20.4&#8243; _module_preset=&#8221;default&#8221; width=&#8221;90%&#8221; max_width=&#8221;100%&#8221; custom_padding=&#8221;100px||||false|false&#8221; custom_padding_tablet=&#8221;50px||||false|false&#8221; custom_padding_phone=&#8221;50px||||false|false&#8221; disabled=&#8221;on&#8221; global_colors_info=&#8221;{}&#8221;][et_pb_column type=&#8221;4_4&#8243; _builder_version=&#8221;4.20.4&#8243; _module_preset=&#8221;default&#8221; global_colors_info=&#8221;{}&#8221;][et_pb_text content_tablet=&#8221;<\/p>\n<p style=%22letter-spacing: 10px;%22>DESCUBRE M\u00c1S<br \/>\nPROYECTOS<\/p>\n<p>%91slide-anything id=%2245%22%93&#8243; content_phone=&#8221;<\/p>\n<p style=%22letter-spacing: 10px;%22>DESCUBRE M\u00c1S<br \/>\nPROYECTOS<\/p>\n<p>%91slide-anything id=%2245%22%93&#8243; content_last_edited=&#8221;off|desktop&#8221; disabled_on=&#8221;on|on|on&#8221; admin_label=&#8221;COMENTARIOS&#8221; module_class=&#8221;comentarios&#8221; _builder_version=&#8221;4.20.4&#8243; _module_preset=&#8221;default&#8221; disabled=&#8221;on&#8221; global_colors_info=&#8221;{}&#8221; content__hover_enabled=&#8221;off|desktop&#8221;]<\/p>\n<p style=\"letter-spacing: 5px;\">OPINIONES:<\/p>\n<div class='white' style='background:rgba(0,0,0,0); border:solid 0px rgba(0,0,0,0); border-radius:0px; padding:0px 0px 0px 0px;'>\n<div id='slider_481' class='owl-carousel sa_owl_theme ' data-slider-id='slider_481' style='visibility:hidden;'>\n<div id='slider_481_slide01' class='sa_hover_container' style='padding:0% 0%; margin:0px 0%; '><table style=\"border-collapse: collapse;width: 100%\">\r\n<tbody>\r\n<tr>\r\n<td style=\"width: 60%\">\r\n<p>\u00abHab\u00e9is superado con creces nuestras expectativas. Estamos ..........................felices en nuestro precioso, a la vez que comod\u00edsimo\u00bb<\/p>\r\n<p>MARI FE ORTEGA<\/p>\r\n<\/td>\r\n<td style=\"width: 40%\"><img loading=\"lazy\" decoding=\"async\" class=\"aligncenter wp-image-510 size-large\" src=\"https:\/\/madoriarquitectos.com\/wp-content\/uploads\/2023\/04\/01_ELDELCUBONEGRO_MADORIARQUITECTOS_1-677x1024.jpg\" alt=\"\" width=\"677\" height=\"1024\" \/><\/td>\r\n<\/tr>\r\n<\/tbody>\r\n<\/table><\/div>\n<div id='slider_481_slide02' class='sa_hover_container' style='padding:0% 0%; margin:0px 0%; '><table style=\"border-collapse: collapse;width: 100%\">\r\n<tbody>\r\n<tr>\r\n<td style=\"width: 40%\"><img loading=\"lazy\" decoding=\"async\" class=\"aligncenter wp-image-511 size-large\" src=\"https:\/\/madoriarquitectos.com\/wp-content\/uploads\/2023\/04\/02_ELDENOSOTROSMISMOS_MADORIARQUITECTOS_1-677x1024.jpg\" alt=\"\" width=\"677\" height=\"1024\" \/><\/td>\r\n<td style=\"width: 60%\">\r\n<p>\u00abHab\u00e9is superado con creces nuestras expectativas. Estamos ..........................felices en nuestro precioso, a la vez que comod\u00edsimo\u00bb<\/p>\r\n<p>MARI FE ORTEGA<\/p>\r\n<\/td>\r\n<\/tr>\r\n<\/tbody>\r\n<\/table><\/div>\n<div id='slider_481_slide03' class='sa_hover_container' style='padding:0% 0%; margin:0px 0%; '><table style=\"border-collapse: collapse;width: 100%\">\r\n<tbody>\r\n<tr>\r\n<td style=\"width: 60%\">\r\n<p>\u00abHab\u00e9is superado con creces nuestras expectativas. Estamos ..........................felices en nuestro precioso, a la vez que comod\u00edsimo\u00bb<\/p>\r\n<p>MARI FE ORTEGA<\/p>\r\n<\/td>\r\n<td style=\"width: 40%\"><img loading=\"lazy\" decoding=\"async\" class=\"aligncenter wp-image-512 size-large\" src=\"https:\/\/madoriarquitectos.com\/wp-content\/uploads\/2023\/04\/03_ELDELCLIENTEFRANCES_MADORIARQUITECTOS_1-677x1024.jpg\" alt=\"\" width=\"677\" height=\"1024\" \/><\/td>\r\n<\/tr>\r\n<\/tbody>\r\n<\/table><\/div>\n<\/div>\n<\/div>\n<script type='text\/javascript'>\n\tjQuery(document).ready(function() {\n\t\tjQuery('#slider_481').owlCarousel({\n\t\t\titems : 1,\n\t\t\tsmartSpeed : 200,\n\t\t\tautoplay : true,\n\t\t\tautoplayTimeout : 30000,\n\t\t\tautoplayHoverPause : true,\n\t\t\tsmartSpeed : 200,\n\t\t\tfluidSpeed : 200,\n\t\t\tautoplaySpeed : 200,\n\t\t\tnavSpeed : 200,\n\t\t\tdotsSpeed : 200,\n\t\t\tloop : true,\n\t\t\tnav : true,\n\t\t\tnavText : ['Previous','Next'],\n\t\t\tdots : false,\n\t\t\tresponsiveRefreshRate : 200,\n\t\t\tslideBy : 1,\n\t\t\tmergeFit : true,\n\t\t\tautoHeight : false,\n\t\t\tmouseDrag : true,\n\t\t\ttouchDrag : true\n\t\t});\n\t\tjQuery('#slider_481').css('visibility', 'visible');\n\t\tsa_resize_slider_481();\n\t\twindow.addEventListener('resize', sa_resize_slider_481);\n\t\tfunction sa_resize_slider_481() {\n\t\t\tvar min_height = '50';\n\t\t\tvar win_width = jQuery(window).width();\n\t\t\tvar slider_width = jQuery('#slider_481').width();\n\t\t\tif (win_width < 480) {\n\t\t\t\tvar slide_width = slider_width \/ 1;\n\t\t\t} else if (win_width < 768) {\n\t\t\t\tvar slide_width = slider_width \/ 1;\n\t\t\t} else if (win_width < 980) {\n\t\t\t\tvar slide_width = slider_width \/ 1;\n\t\t\t} else if (win_width < 1200) {\n\t\t\t\tvar slide_width = slider_width \/ 1;\n\t\t\t} else if (win_width < 1500) {\n\t\t\t\tvar slide_width = slider_width \/ 1;\n\t\t\t} else {\n\t\t\t\tvar slide_width = slider_width \/ 1;\n\t\t\t}\n\t\t\tslide_width = Math.round(slide_width);\n\t\t\tvar slide_height = '0';\n\t\t\tif (min_height == 'aspect43') {\n\t\t\t\tslide_height = (slide_width \/ 4) * 3;\t\t\t\tslide_height = Math.round(slide_height);\n\t\t\t} else if (min_height == 'aspect169') {\n\t\t\t\tslide_height = (slide_width \/ 16) * 9;\t\t\t\tslide_height = Math.round(slide_height);\n\t\t\t} else {\n\t\t\t\tslide_height = (slide_width \/ 100) * min_height;\t\t\t\tslide_height = Math.round(slide_height);\n\t\t\t}\n\t\t\tjQuery('#slider_481 .owl-item .sa_hover_container').css('min-height', slide_height+'px');\n\t\t}\n\t\tvar owl_goto = jQuery('#slider_481');\n\t\tjQuery('.slider_481_goto1').click(function(event){\n\t\t\towl_goto.trigger('to.owl.carousel', 0);\n\t\t});\n\t\tjQuery('.slider_481_goto2').click(function(event){\n\t\t\towl_goto.trigger('to.owl.carousel', 1);\n\t\t});\n\t\tjQuery('.slider_481_goto3').click(function(event){\n\t\t\towl_goto.trigger('to.owl.carousel', 2);\n\t\t});\n\t\tvar resize_481 = jQuery('.owl-carousel');\n\t\tresize_481.on('initialized.owl.carousel', function(e) {\n\t\t\tif (typeof(Event) === 'function') {\n\t\t\t\twindow.dispatchEvent(new Event('resize'));\n\t\t\t} else {\n\t\t\t\tvar evt = window.document.createEvent('UIEvents');\n\t\t\t\tevt.initUIEvent('resize', true, false, window, 0);\n\t\t\t\twindow.dispatchEvent(evt);\n\t\t\t}\n\t\t});\n\t});\n<\/script>\n\n<p>[\/et_pb_text][et_pb_text content_tablet=&#8221;<\/p>\n<p style=%22letter-spacing: 10px;%22>DESCUBRE M\u00c1S<br \/>\nPROYECTOS<\/p>\n<p>%91slide-anything id=%2245%22%93&#8243; content_phone=&#8221;<\/p>\n<p style=%22letter-spacing: 10px;%22>DESCUBRE M\u00c1S<br \/>\nPROYECTOS<\/p>\n<p>%91slide-anything id=%2245%22%93&#8243; content_last_edited=&#8221;off|desktop&#8221; disabled_on=&#8221;off|off|off&#8221; admin_label=&#8221;QUE DICEN DE NOSOTROS NUESTROS CLIENTES:<br \/>\n&#8221; module_class=&#8221;comentarios&#8221; _builder_version=&#8221;4.20.4&#8243; _module_preset=&#8221;default&#8221; global_colors_info=&#8221;{}&#8221; content__hover_enabled=&#8221;off|desktop&#8221;]<\/p>\n<p style=\"color: #000; font-size: 1.125rem;\">QUE DICEN DE NOSOTROS NUESTROS CLIENTES:<\/p>\n<p>[\/et_pb_text][\/et_pb_column][\/et_pb_row][et_pb_row custom_padding_last_edited=&#8221;on|tablet&#8221; _builder_version=&#8221;4.20.4&#8243; _module_preset=&#8221;default&#8221; width=&#8221;90%&#8221; max_width=&#8221;100%&#8221; custom_padding=&#8221;100px||0px||false|false&#8221; custom_padding_tablet=&#8221;50px||50px||false|false&#8221; custom_padding_phone=&#8221;50px||||false|false&#8221; global_colors_info=&#8221;{}&#8221;][et_pb_column type=&#8221;4_4&#8243; _builder_version=&#8221;4.20.4&#8243; _module_preset=&#8221;default&#8221; global_colors_info=&#8221;{}&#8221;][et_pb_text content_tablet=&#8221;<\/p>\n<p style=%22letter-spacing: 10px;%22>DESCUBRE M\u00c1S<br \/>\nPROYECTOS<\/p>\n<p>%91slide-anything id=%2245%22%93&#8243; content_phone=&#8221;<\/p>\n<p style=%22letter-spacing: 10px;%22>DESCUBRE M\u00c1S<br \/>\nPROYECTOS<\/p>\n<p>%91slide-anything id=%2245%22%93&#8243; content_last_edited=&#8221;off|desktop&#8221; disabled_on=&#8221;off|off|off&#8221; admin_label=&#8221;HEMOS TRABAJADO CON:&#8221; _builder_version=&#8221;4.20.4&#8243; _module_preset=&#8221;default&#8221; global_colors_info=&#8221;{}&#8221; content__hover_enabled=&#8221;off|desktop&#8221;]<\/p>\n<p style=\"font-size: 1.125rem;\">HEMOS TRABAJADO CON:<\/p>\n<p>&nbsp;<\/p>\n<p>[\/et_pb_text][et_pb_text content_tablet=&#8221;<\/p>\n<p style=%22letter-spacing: 10px;%22>DESCUBRE M\u00c1S<br \/>\nPROYECTOS<\/p>\n<p>%91slide-anything id=%2245%22%93&#8243; content_phone=&#8221;<\/p>\n<p style=%22letter-spacing: 10px;%22>DESCUBRE M\u00c1S<br \/>\nPROYECTOS<\/p>\n<p>%91slide-anything id=%2245%22%93&#8243; content_last_edited=&#8221;off|desktop&#8221; disabled_on=&#8221;on|on|on&#8221; admin_label=&#8221;OLD &#8211; SLIDER GRACIAS A&#8221; _builder_version=&#8221;4.20.4&#8243; _module_preset=&#8221;default&#8221; disabled=&#8221;on&#8221; global_colors_info=&#8221;{}&#8221; content__hover_enabled=&#8221;off|desktop&#8221;]<\/p>\n<p style=\"letter-spacing: 5px;\">GRACIAS A<\/p>\n<p><div class='white' style='background:rgba(0,0,0,0); border:solid 0px rgba(0,0,0,0); border-radius:0px; padding:0px 0px 0px 0px;'>\n<div id='slider_460' class='owl-carousel sa_owl_theme ' data-slider-id='slider_460' style='visibility:hidden;'>\n<div id='slider_460_slide01' class='sa_hover_container' style='padding:5% 5%; margin:0px 0%; '><p><img loading=\"lazy\" decoding=\"async\" class=\"aligncenter wp-image-1252 size-medium\" src=\"https:\/\/madoriarquitectos.com\/wp-content\/uploads\/2023\/05\/LOGO_A-CEL-OBERT_Mesa-de-trabajo-1-300x75.png\" alt=\"\" width=\"300\" height=\"75\" \/><\/p><\/div>\n<div id='slider_460_slide02' class='sa_hover_container' style='padding:5% 5%; margin:0px 0%; '><p>&nbsp;<\/p>\r\n<p><img loading=\"lazy\" decoding=\"async\" class=\"aligncenter wp-image-1253 size-medium\" src=\"https:\/\/madoriarquitectos.com\/wp-content\/uploads\/2023\/05\/LOGO_AJUNTAMENT-GRANOLLERS-300x66.png\" alt=\"\" width=\"300\" height=\"66\" \/><\/p><\/div>\n<div id='slider_460_slide03' class='sa_hover_container' style='padding:5% 5%; margin:0px 0%; '><p><img loading=\"lazy\" decoding=\"async\" class=\"size-medium wp-image-1254 aligncenter\" src=\"https:\/\/madoriarquitectos.com\/wp-content\/uploads\/2023\/05\/LOGO_AJUNTAMENT-TORTOSA_Mesa-de-trabajo-1-300x158.png\" alt=\"\" width=\"300\" height=\"158\" \/><\/p><\/div>\n<div id='slider_460_slide04' class='sa_hover_container' style='padding:5% 5%; margin:0px 0%; '><p><img loading=\"lazy\" decoding=\"async\" class=\"size-medium wp-image-1255 aligncenter\" src=\"https:\/\/madoriarquitectos.com\/wp-content\/uploads\/2023\/05\/LOGO_Generalitat-catalunya_Mesa-de-trabajo-1-300x99.png\" alt=\"\" width=\"300\" height=\"99\" \/><\/p><\/div>\n<div id='slider_460_slide05' class='sa_hover_container' style='padding:5% 5%; margin:0px 0%; '><p><img loading=\"lazy\" decoding=\"async\" class=\"size-medium wp-image-1256 aligncenter\" src=\"https:\/\/madoriarquitectos.com\/wp-content\/uploads\/2023\/05\/LOGO_MAU-300x264.png\" alt=\"\" width=\"300\" height=\"264\" \/><\/p><\/div>\n<div id='slider_460_slide06' class='sa_hover_container' style='padding:5% 5%; margin:0px 0%; '><p><img loading=\"lazy\" decoding=\"async\" class=\"size-medium wp-image-1257 aligncenter\" src=\"https:\/\/madoriarquitectos.com\/wp-content\/uploads\/2023\/05\/LOGO_museu-de-tortosa2_Mesa-de-trabajo-1-300x118.png\" alt=\"\" width=\"300\" height=\"118\" \/><\/p><\/div>\n<div id='slider_460_slide07' class='sa_hover_container' style='padding:5% 5%; margin:0px 0%; '><p><img loading=\"lazy\" decoding=\"async\" class=\"size-medium wp-image-1258 aligncenter\" src=\"https:\/\/madoriarquitectos.com\/wp-content\/uploads\/2023\/05\/LOGO_ROCAUMBERT-FA-300x189.png\" alt=\"\" width=\"300\" height=\"189\" \/><\/p><\/div>\n<div id='slider_460_slide08' class='sa_hover_container' style='padding:5% 5%; margin:0px 0%; '><p><img loading=\"lazy\" decoding=\"async\" class=\"size-medium wp-image-1259 aligncenter\" src=\"https:\/\/madoriarquitectos.com\/wp-content\/uploads\/2023\/05\/LOGO_Xarxa-Transversal_Mesa-de-trabajo-1-300x128.png\" alt=\"\" width=\"300\" height=\"128\" \/><\/p><\/div>\n<div id='slider_460_slide09' class='sa_hover_container' style='padding:5% 5%; margin:0px 0%; '><p><img loading=\"lazy\" decoding=\"async\" class=\"size-medium wp-image-1250 aligncenter\" src=\"https:\/\/madoriarquitectos.com\/wp-content\/uploads\/2023\/05\/LOGO-1-1-300x116.jpg\" alt=\"\" width=\"300\" height=\"116\" \/><\/p><\/div>\n<div id='slider_460_slide10' class='sa_hover_container' style='padding:5% 5%; margin:0px 0%; '><p><img loading=\"lazy\" decoding=\"async\" class=\"size-medium wp-image-1251 aligncenter\" src=\"https:\/\/madoriarquitectos.com\/wp-content\/uploads\/2023\/05\/masfibralogo2-9cf67606-300x72.png\" alt=\"\" width=\"300\" height=\"72\" \/><\/p><\/div>\n<\/div>\n<\/div>\n<script type='text\/javascript'>\n\tjQuery(document).ready(function() {\n\t\tjQuery('#slider_460').owlCarousel({\n\t\t\tresponsive:{\n\t\t\t\t0:{ items:1 },\n\t\t\t\t480:{ items:1 },\n\t\t\t\t768:{ items:3 },\n\t\t\t\t980:{ items:4 },\n\t\t\t\t1200:{ items:5 },\n\t\t\t\t1500:{ items:5 }\n\t\t\t},\n\t\t\tautoplay : true,\n\t\t\tautoplayTimeout : 5000,\n\t\t\tautoplayHoverPause : true,\n\t\t\tsmartSpeed : 200,\n\t\t\tfluidSpeed : 200,\n\t\t\tautoplaySpeed : 200,\n\t\t\tnavSpeed : 200,\n\t\t\tdotsSpeed : 200,\n\t\t\tloop : true,\n\t\t\tnav : true,\n\t\t\tnavText : ['Previous','Next'],\n\t\t\tdots : false,\n\t\t\tresponsiveRefreshRate : 200,\n\t\t\tslideBy : 1,\n\t\t\tmergeFit : true,\n\t\t\tautoHeight : false,\n\t\t\tmouseDrag : true,\n\t\t\ttouchDrag : true\n\t\t});\n\t\tjQuery('#slider_460').css('visibility', 'visible');\n\t\tsa_resize_slider_460();\n\t\twindow.addEventListener('resize', sa_resize_slider_460);\n\t\tfunction sa_resize_slider_460() {\n\t\t\tvar min_height = '50';\n\t\t\tvar win_width = jQuery(window).width();\n\t\t\tvar slider_width = jQuery('#slider_460').width();\n\t\t\tif (win_width < 480) {\n\t\t\t\tvar slide_width = slider_width \/ 1;\n\t\t\t} else if (win_width < 768) {\n\t\t\t\tvar slide_width = slider_width \/ 1;\n\t\t\t} else if (win_width < 980) {\n\t\t\t\tvar slide_width = slider_width \/ 3;\n\t\t\t} else if (win_width < 1200) {\n\t\t\t\tvar slide_width = slider_width \/ 4;\n\t\t\t} else if (win_width < 1500) {\n\t\t\t\tvar slide_width = slider_width \/ 5;\n\t\t\t} else {\n\t\t\t\tvar slide_width = slider_width \/ 5;\n\t\t\t}\n\t\t\tslide_width = Math.round(slide_width);\n\t\t\tvar slide_height = '0';\n\t\t\tif (min_height == 'aspect43') {\n\t\t\t\tslide_height = (slide_width \/ 4) * 3;\t\t\t\tslide_height = Math.round(slide_height);\n\t\t\t} else if (min_height == 'aspect169') {\n\t\t\t\tslide_height = (slide_width \/ 16) * 9;\t\t\t\tslide_height = Math.round(slide_height);\n\t\t\t} else {\n\t\t\t\tslide_height = (slide_width \/ 100) * min_height;\t\t\t\tslide_height = Math.round(slide_height);\n\t\t\t}\n\t\t\tjQuery('#slider_460 .owl-item .sa_hover_container').css('min-height', slide_height+'px');\n\t\t}\n\t\tvar owl_goto = jQuery('#slider_460');\n\t\tjQuery('.slider_460_goto1').click(function(event){\n\t\t\towl_goto.trigger('to.owl.carousel', 0);\n\t\t});\n\t\tjQuery('.slider_460_goto2').click(function(event){\n\t\t\towl_goto.trigger('to.owl.carousel', 1);\n\t\t});\n\t\tjQuery('.slider_460_goto3').click(function(event){\n\t\t\towl_goto.trigger('to.owl.carousel', 2);\n\t\t});\n\t\tjQuery('.slider_460_goto4').click(function(event){\n\t\t\towl_goto.trigger('to.owl.carousel', 3);\n\t\t});\n\t\tjQuery('.slider_460_goto5').click(function(event){\n\t\t\towl_goto.trigger('to.owl.carousel', 4);\n\t\t});\n\t\tjQuery('.slider_460_goto6').click(function(event){\n\t\t\towl_goto.trigger('to.owl.carousel', 5);\n\t\t});\n\t\tjQuery('.slider_460_goto7').click(function(event){\n\t\t\towl_goto.trigger('to.owl.carousel', 6);\n\t\t});\n\t\tjQuery('.slider_460_goto8').click(function(event){\n\t\t\towl_goto.trigger('to.owl.carousel', 7);\n\t\t});\n\t\tjQuery('.slider_460_goto9').click(function(event){\n\t\t\towl_goto.trigger('to.owl.carousel', 8);\n\t\t});\n\t\tjQuery('.slider_460_goto10').click(function(event){\n\t\t\towl_goto.trigger('to.owl.carousel', 9);\n\t\t});\n\t\tvar resize_460 = jQuery('.owl-carousel');\n\t\tresize_460.on('initialized.owl.carousel', function(e) {\n\t\t\tif (typeof(Event) === 'function') {\n\t\t\t\twindow.dispatchEvent(new Event('resize'));\n\t\t\t} else {\n\t\t\t\tvar evt = window.document.createEvent('UIEvents');\n\t\t\t\tevt.initUIEvent('resize', true, false, window, 0);\n\t\t\t\twindow.dispatchEvent(evt);\n\t\t\t}\n\t\t});\n\t});\n<\/script>\n[\/et_pb_text][\/et_pb_column][\/et_pb_row][et_pb_row column_structure=&#8221;1_5,1_5,1_5,1_5,1_5&#8243; custom_padding_last_edited=&#8221;off|desktop&#8221; disabled_on=&#8221;on|on|off&#8221; admin_label=&#8221;PC&#8221; module_class=&#8221;hemos_trabajado&#8221; _builder_version=&#8221;4.20.4&#8243; _module_preset=&#8221;default&#8221; width=&#8221;70%&#8221; max_width=&#8221;100%&#8221; custom_padding=&#8221;0px||0px||false|false&#8221; custom_padding_tablet=&#8221;||50px||false|false&#8221; custom_padding_phone=&#8221;||50px||false|false&#8221; global_colors_info=&#8221;{}&#8221;][et_pb_column type=&#8221;1_5&#8243; _builder_version=&#8221;4.20.4&#8243; _module_preset=&#8221;default&#8221; global_colors_info=&#8221;{}&#8221;][et_pb_text admin_label=&#8221;IMG &#8211; GENERALITAT DE CATALUNYA&#8221; _builder_version=&#8221;4.20.4&#8243; _module_preset=&#8221;default&#8221; global_colors_info=&#8221;{}&#8221;]<\/p>\n<p><img loading=\"lazy\" decoding=\"async\" class=\"aligncenter wp-image-1255 size-medium\" src=\"https:\/\/madoriarquitectos.com\/wp-content\/uploads\/2023\/05\/LOGO_Generalitat-catalunya_Mesa-de-trabajo-1-300x99.png\" alt=\"Logo Generalitat catalunya\" width=\"300\" height=\"99\" \/><\/p>\n<p>[\/et_pb_text][\/et_pb_column][et_pb_column type=&#8221;1_5&#8243; _builder_version=&#8221;4.20.4&#8243; _module_preset=&#8221;default&#8221; global_colors_info=&#8221;{}&#8221;][et_pb_text admin_label=&#8221;IMG &#8211; M\u00c1S FIBRA&#8221; _builder_version=&#8221;4.20.4&#8243; _module_preset=&#8221;default&#8221; global_colors_info=&#8221;{}&#8221;]<\/p>\n<p><img loading=\"lazy\" decoding=\"async\" class=\"aligncenter wp-image-1251 size-medium\" src=\"https:\/\/madoriarquitectos.com\/wp-content\/uploads\/2023\/05\/masfibralogo2-9cf67606-300x72.png\" alt=\"Logo m\u00e1s fibra\" width=\"300\" height=\"72\" \/><\/p>\n<p>[\/et_pb_text][\/et_pb_column][et_pb_column type=&#8221;1_5&#8243; _builder_version=&#8221;4.20.4&#8243; _module_preset=&#8221;default&#8221; global_colors_info=&#8221;{}&#8221;][et_pb_text admin_label=&#8221;IMG &#8211; A CEL OVERT&#8221; _builder_version=&#8221;4.20.4&#8243; _module_preset=&#8221;default&#8221; global_colors_info=&#8221;{}&#8221;]<\/p>\n<p><img loading=\"lazy\" decoding=\"async\" class=\"aligncenter wp-image-1252 size-medium\" src=\"https:\/\/madoriarquitectos.com\/wp-content\/uploads\/2023\/05\/LOGO_A-CEL-OBERT_Mesa-de-trabajo-1-300x75.png\" alt=\"Logo A CEL OVERT\" width=\"300\" height=\"75\" \/><\/p>\n<p>[\/et_pb_text][\/et_pb_column][et_pb_column type=&#8221;1_5&#8243; _builder_version=&#8221;4.20.4&#8243; _module_preset=&#8221;default&#8221; global_colors_info=&#8221;{}&#8221;][et_pb_text admin_label=&#8221;IMG &#8211; KEYFIBRE&#8221; _builder_version=&#8221;4.20.4&#8243; _module_preset=&#8221;default&#8221; global_colors_info=&#8221;{}&#8221;]<\/p>\n<p><img loading=\"lazy\" decoding=\"async\" class=\"aligncenter wp-image-1698 size-full\" src=\"https:\/\/madoriarquitectos.com\/wp-content\/uploads\/2023\/05\/LOGO-1-1-300x116-1.jpg\" alt=\"Logo Keyfibre\" width=\"300\" height=\"116\" \/><\/p>\n<p>[\/et_pb_text][\/et_pb_column][et_pb_column type=&#8221;1_5&#8243; _builder_version=&#8221;4.20.4&#8243; _module_preset=&#8221;default&#8221; global_colors_info=&#8221;{}&#8221;][et_pb_text admin_label=&#8221;IMG &#8211; MAU&#8221; _builder_version=&#8221;4.20.4&#8243; _module_preset=&#8221;default&#8221; global_colors_info=&#8221;{}&#8221;]<\/p>\n<p><img loading=\"lazy\" decoding=\"async\" class=\"wp-image-1449 size-full aligncenter\" src=\"https:\/\/madoriarquitectos.com\/wp-content\/uploads\/2023\/05\/LOGO_MAU_2-1.png\" alt=\"Logo mau\" width=\"150\" height=\"132\" \/><\/p>\n<p>[\/et_pb_text][\/et_pb_column][\/et_pb_row][et_pb_row column_structure=&#8221;1_5,1_5,1_5,1_5,1_5&#8243; custom_padding_last_edited=&#8221;off|desktop&#8221; disabled_on=&#8221;on|on|off&#8221; admin_label=&#8221;PC&#8221; module_class=&#8221;hemos_trabajado&#8221; _builder_version=&#8221;4.20.4&#8243; _module_preset=&#8221;default&#8221; width=&#8221;70%&#8221; max_width=&#8221;100%&#8221; custom_padding=&#8221;0px||100px||false|false&#8221; custom_padding_tablet=&#8221;||50px||false|false&#8221; custom_padding_phone=&#8221;||50px||false|false&#8221; global_colors_info=&#8221;{}&#8221;][et_pb_column type=&#8221;1_5&#8243; _builder_version=&#8221;4.20.4&#8243; _module_preset=&#8221;default&#8221; global_colors_info=&#8221;{}&#8221;][et_pb_text admin_label=&#8221;IMG &#8211; ROCAUMERT&#8221; _builder_version=&#8221;4.20.4&#8243; _module_preset=&#8221;default&#8221; global_colors_info=&#8221;{}&#8221;]<\/p>\n<p><img loading=\"lazy\" decoding=\"async\" class=\"wp-image-1450 size-full aligncenter\" src=\"https:\/\/madoriarquitectos.com\/wp-content\/uploads\/2023\/05\/LOGO_ROCAUMBERT-FA_2-1.png\" alt=\"Logo rocaumert\" width=\"150\" height=\"94\" \/><\/p>\n<p>[\/et_pb_text][\/et_pb_column][et_pb_column type=&#8221;1_5&#8243; _builder_version=&#8221;4.20.4&#8243; _module_preset=&#8221;default&#8221; global_colors_info=&#8221;{}&#8221;][et_pb_text admin_label=&#8221;IMG &#8211; AYUNTAMENT DE TORTOSA&#8221; _builder_version=&#8221;4.20.4&#8243; _module_preset=&#8221;default&#8221; global_colors_info=&#8221;{}&#8221;]<\/p>\n<p><img loading=\"lazy\" decoding=\"async\" class=\"wp-image-1254 size-medium aligncenter\" src=\"https:\/\/madoriarquitectos.com\/wp-content\/uploads\/2023\/05\/LOGO_AJUNTAMENT-TORTOSA_Mesa-de-trabajo-1-300x158.png\" alt=\"Logo Ayuntament de tortosa\" width=\"300\" height=\"158\" \/><\/p>\n<p>[\/et_pb_text][\/et_pb_column][et_pb_column type=&#8221;1_5&#8243; _builder_version=&#8221;4.20.4&#8243; _module_preset=&#8221;default&#8221; global_colors_info=&#8221;{}&#8221;][et_pb_text admin_label=&#8221;IMG &#8211; TRANSVERSAL&#8221; _builder_version=&#8221;4.20.4&#8243; _module_preset=&#8221;default&#8221; global_colors_info=&#8221;{}&#8221;]<\/p>\n<p><img loading=\"lazy\" decoding=\"async\" class=\"wp-image-1259 size-medium aligncenter\" src=\"https:\/\/madoriarquitectos.com\/wp-content\/uploads\/2023\/05\/LOGO_Xarxa-Transversal_Mesa-de-trabajo-1-300x128.png\" alt=\"Logo transversal\" width=\"300\" height=\"128\" \/><\/p>\n<p>[\/et_pb_text][\/et_pb_column][et_pb_column type=&#8221;1_5&#8243; _builder_version=&#8221;4.20.4&#8243; _module_preset=&#8221;default&#8221; global_colors_info=&#8221;{}&#8221;][et_pb_text admin_label=&#8221;IMG &#8211; MUSEO DE TORTOSA&#8221; _builder_version=&#8221;4.20.4&#8243; _module_preset=&#8221;default&#8221; global_colors_info=&#8221;{}&#8221;]<\/p>\n<p><img loading=\"lazy\" decoding=\"async\" class=\"wp-image-1257 size-medium aligncenter\" src=\"https:\/\/madoriarquitectos.com\/wp-content\/uploads\/2023\/05\/LOGO_museu-de-tortosa2_Mesa-de-trabajo-1-300x118.png\" alt=\"logo museo de tortosa\" width=\"300\" height=\"118\" \/><\/p>\n<p>[\/et_pb_text][\/et_pb_column][et_pb_column type=&#8221;1_5&#8243; _builder_version=&#8221;4.20.4&#8243; _module_preset=&#8221;default&#8221; global_colors_info=&#8221;{}&#8221;][et_pb_text admin_label=&#8221;IMG &#8211; AYUNTAMENT DE GRANOLLERS&#8221; _builder_version=&#8221;4.20.4&#8243; _module_preset=&#8221;default&#8221; global_colors_info=&#8221;{}&#8221;]<\/p>\n<p><img loading=\"lazy\" decoding=\"async\" class=\"wp-image-1253 size-medium aligncenter\" src=\"https:\/\/madoriarquitectos.com\/wp-content\/uploads\/2023\/05\/LOGO_AJUNTAMENT-GRANOLLERS-300x66.png\" alt=\"Logo ayuntament de granollers\" width=\"300\" height=\"66\" \/><\/p>\n<p>[\/et_pb_text][\/et_pb_column][\/et_pb_row][et_pb_row column_structure=&#8221;1_2,1_2&#8243; custom_padding_last_edited=&#8221;on|desktop&#8221; disabled_on=&#8221;off|off|on&#8221; admin_label=&#8221;TABLET \/ M\u00d3VIL&#8221; module_class=&#8221;hemos_trabajado&#8221; _builder_version=&#8221;4.20.4&#8243; _module_preset=&#8221;default&#8221; width=&#8221;90%&#8221; max_width=&#8221;100%&#8221; custom_padding=&#8221;0px||100px||false|false&#8221; custom_padding_tablet=&#8221;||50px||false|false&#8221; custom_padding_phone=&#8221;||50px||false|false&#8221; global_colors_info=&#8221;{}&#8221;][et_pb_column type=&#8221;1_2&#8243; _builder_version=&#8221;4.20.4&#8243; _module_preset=&#8221;default&#8221; global_colors_info=&#8221;{}&#8221;][et_pb_text admin_label=&#8221;IMG &#8211; GENERALITAT DE CATALUNYA&#8221; _builder_version=&#8221;4.20.4&#8243; _module_preset=&#8221;default&#8221; custom_margin=&#8221;||0px||false|false&#8221; global_colors_info=&#8221;{}&#8221;]<\/p>\n<p><img loading=\"lazy\" decoding=\"async\" class=\"aligncenter wp-image-1255 size-medium\" src=\"https:\/\/madoriarquitectos.com\/wp-content\/uploads\/2023\/05\/LOGO_Generalitat-catalunya_Mesa-de-trabajo-1-300x99.png\" alt=\"Logo Generalitat catalunya\" width=\"300\" height=\"99\" \/><\/p>\n<p>[\/et_pb_text][\/et_pb_column][et_pb_column type=&#8221;1_2&#8243; _builder_version=&#8221;4.20.4&#8243; _module_preset=&#8221;default&#8221; global_colors_info=&#8221;{}&#8221;][et_pb_text admin_label=&#8221;IMG &#8211; M\u00c1S FIBRA&#8221; _builder_version=&#8221;4.20.4&#8243; _module_preset=&#8221;default&#8221; global_colors_info=&#8221;{}&#8221;]<\/p>\n<p><img loading=\"lazy\" decoding=\"async\" class=\"aligncenter wp-image-1251 size-medium\" src=\"https:\/\/madoriarquitectos.com\/wp-content\/uploads\/2023\/05\/masfibralogo2-9cf67606-300x72.png\" alt=\"Logo m\u00e1s fibra\" width=\"300\" height=\"72\" \/><\/p>\n<p>[\/et_pb_text][\/et_pb_column][\/et_pb_row][et_pb_row column_structure=&#8221;1_2,1_2&#8243; custom_padding_last_edited=&#8221;on|desktop&#8221; disabled_on=&#8221;off|off|on&#8221; admin_label=&#8221;TABLET \/ M\u00d3VIL&#8221; module_class=&#8221;hemos_trabajado&#8221; _builder_version=&#8221;4.20.4&#8243; _module_preset=&#8221;default&#8221; width=&#8221;90%&#8221; max_width=&#8221;100%&#8221; custom_padding=&#8221;0px||100px||false|false&#8221; custom_padding_tablet=&#8221;||50px||false|false&#8221; custom_padding_phone=&#8221;||50px||false|false&#8221; global_colors_info=&#8221;{}&#8221;][et_pb_column type=&#8221;1_2&#8243; _builder_version=&#8221;4.20.4&#8243; _module_preset=&#8221;default&#8221; global_colors_info=&#8221;{}&#8221;][et_pb_text admin_label=&#8221;IMG &#8211; A CEL OVERT&#8221; _builder_version=&#8221;4.20.4&#8243; _module_preset=&#8221;default&#8221; custom_margin=&#8221;||0px||false|false&#8221; global_colors_info=&#8221;{}&#8221;]<\/p>\n<p><img loading=\"lazy\" decoding=\"async\" class=\"aligncenter wp-image-1252 size-medium\" src=\"https:\/\/madoriarquitectos.com\/wp-content\/uploads\/2023\/05\/LOGO_A-CEL-OBERT_Mesa-de-trabajo-1-300x75.png\" alt=\"Logo A CEL OVERT\" width=\"300\" height=\"75\" \/><\/p>\n<p>[\/et_pb_text][\/et_pb_column][et_pb_column type=&#8221;1_2&#8243; _builder_version=&#8221;4.20.4&#8243; _module_preset=&#8221;default&#8221; global_colors_info=&#8221;{}&#8221;][et_pb_text admin_label=&#8221;IMG &#8211; KEYFIBRE&#8221; _builder_version=&#8221;4.20.4&#8243; _module_preset=&#8221;default&#8221; global_colors_info=&#8221;{}&#8221;]<\/p>\n<p><img loading=\"lazy\" decoding=\"async\" class=\"aligncenter wp-image-1698 size-full\" src=\"https:\/\/madoriarquitectos.com\/wp-content\/uploads\/2023\/05\/LOGO-1-1-300x116-1.jpg\" alt=\"Logo Keyfibre\" width=\"300\" height=\"116\" \/><\/p>\n<p>[\/et_pb_text][\/et_pb_column][\/et_pb_row][et_pb_row column_structure=&#8221;1_2,1_2&#8243; custom_padding_last_edited=&#8221;on|desktop&#8221; disabled_on=&#8221;off|off|on&#8221; admin_label=&#8221;TABLET \/ M\u00d3VIL&#8221; module_class=&#8221;hemos_trabajado&#8221; _builder_version=&#8221;4.20.4&#8243; _module_preset=&#8221;default&#8221; width=&#8221;90%&#8221; max_width=&#8221;100%&#8221; custom_padding=&#8221;0px||100px||false|false&#8221; custom_padding_tablet=&#8221;||50px||false|false&#8221; custom_padding_phone=&#8221;||50px||false|false&#8221; global_colors_info=&#8221;{}&#8221;][et_pb_column type=&#8221;1_2&#8243; _builder_version=&#8221;4.20.4&#8243; _module_preset=&#8221;default&#8221; global_colors_info=&#8221;{}&#8221;][et_pb_text admin_label=&#8221;IMG &#8211; MAU&#8221; _builder_version=&#8221;4.20.4&#8243; _module_preset=&#8221;default&#8221; custom_margin=&#8221;||0px||false|false&#8221; global_colors_info=&#8221;{}&#8221;]<\/p>\n<p><img loading=\"lazy\" decoding=\"async\" class=\"wp-image-1449 size-full aligncenter\" src=\"https:\/\/madoriarquitectos.com\/wp-content\/uploads\/2023\/05\/LOGO_MAU_2-1.png\" alt=\"Logo mau\" width=\"150\" height=\"132\" \/><\/p>\n<p>[\/et_pb_text][\/et_pb_column][et_pb_column type=&#8221;1_2&#8243; _builder_version=&#8221;4.20.4&#8243; _module_preset=&#8221;default&#8221; global_colors_info=&#8221;{}&#8221;][et_pb_text admin_label=&#8221;IMG &#8211; ROCAUMERT&#8221; _builder_version=&#8221;4.20.4&#8243; _module_preset=&#8221;default&#8221; global_colors_info=&#8221;{}&#8221;]<\/p>\n<p><img loading=\"lazy\" decoding=\"async\" class=\"wp-image-1450 size-full aligncenter\" src=\"https:\/\/madoriarquitectos.com\/wp-content\/uploads\/2023\/05\/LOGO_ROCAUMBERT-FA_2-1.png\" alt=\"Logo rocaumert\" width=\"150\" height=\"94\" \/><\/p>\n<p>[\/et_pb_text][\/et_pb_column][\/et_pb_row][et_pb_row column_structure=&#8221;1_2,1_2&#8243; custom_padding_last_edited=&#8221;on|desktop&#8221; disabled_on=&#8221;off|off|on&#8221; admin_label=&#8221;TABLET \/ M\u00d3VIL&#8221; module_class=&#8221;hemos_trabajado&#8221; _builder_version=&#8221;4.20.4&#8243; _module_preset=&#8221;default&#8221; width=&#8221;90%&#8221; max_width=&#8221;100%&#8221; custom_padding=&#8221;0px||100px||false|false&#8221; custom_padding_tablet=&#8221;||50px||false|false&#8221; custom_padding_phone=&#8221;||50px||false|false&#8221; global_colors_info=&#8221;{}&#8221;][et_pb_column type=&#8221;1_2&#8243; _builder_version=&#8221;4.20.4&#8243; _module_preset=&#8221;default&#8221; global_colors_info=&#8221;{}&#8221;][et_pb_text admin_label=&#8221;IMG &#8211; AYUNTAMENT DE TORTOSA&#8221; _builder_version=&#8221;4.20.4&#8243; _module_preset=&#8221;default&#8221; custom_margin=&#8221;||0px||false|false&#8221; global_colors_info=&#8221;{}&#8221;]<\/p>\n<p><img loading=\"lazy\" decoding=\"async\" class=\"wp-image-1254 size-medium aligncenter\" src=\"https:\/\/madoriarquitectos.com\/wp-content\/uploads\/2023\/05\/LOGO_AJUNTAMENT-TORTOSA_Mesa-de-trabajo-1-300x158.png\" alt=\"Logo Ayuntament de tortosa\" width=\"300\" height=\"158\" \/><\/p>\n<p>[\/et_pb_text][\/et_pb_column][et_pb_column type=&#8221;1_2&#8243; _builder_version=&#8221;4.20.4&#8243; _module_preset=&#8221;default&#8221; global_colors_info=&#8221;{}&#8221;][et_pb_text admin_label=&#8221;IMG &#8211; TRANSVERSAL&#8221; _builder_version=&#8221;4.20.4&#8243; _module_preset=&#8221;default&#8221; global_colors_info=&#8221;{}&#8221;]<\/p>\n<p><img loading=\"lazy\" decoding=\"async\" class=\"wp-image-1259 size-medium aligncenter\" src=\"https:\/\/madoriarquitectos.com\/wp-content\/uploads\/2023\/05\/LOGO_Xarxa-Transversal_Mesa-de-trabajo-1-300x128.png\" alt=\"Logo transversal\" width=\"300\" height=\"128\" \/><\/p>\n<p>[\/et_pb_text][\/et_pb_column][\/et_pb_row][et_pb_row column_structure=&#8221;1_2,1_2&#8243; custom_padding_last_edited=&#8221;on|desktop&#8221; disabled_on=&#8221;off|off|on&#8221; admin_label=&#8221;TABLET \/ M\u00d3VIL&#8221; module_class=&#8221;hemos_trabajado&#8221; _builder_version=&#8221;4.20.4&#8243; _module_preset=&#8221;default&#8221; width=&#8221;90%&#8221; max_width=&#8221;100%&#8221; custom_padding=&#8221;0px||100px||false|false&#8221; custom_padding_tablet=&#8221;||50px||false|false&#8221; custom_padding_phone=&#8221;||50px||false|false&#8221; global_colors_info=&#8221;{}&#8221;][et_pb_column type=&#8221;1_2&#8243; _builder_version=&#8221;4.20.4&#8243; _module_preset=&#8221;default&#8221; global_colors_info=&#8221;{}&#8221;][et_pb_text admin_label=&#8221;IMG &#8211; MUSEO DE TORTOSA&#8221; _builder_version=&#8221;4.20.4&#8243; _module_preset=&#8221;default&#8221; custom_margin=&#8221;||0px||false|false&#8221; global_colors_info=&#8221;{}&#8221;]<\/p>\n<p><img loading=\"lazy\" decoding=\"async\" class=\"wp-image-1257 size-medium aligncenter\" src=\"https:\/\/madoriarquitectos.com\/wp-content\/uploads\/2023\/05\/LOGO_museu-de-tortosa2_Mesa-de-trabajo-1-300x118.png\" alt=\"Logo museo de tortosa\" width=\"300\" height=\"118\" \/><\/p>\n<p>[\/et_pb_text][\/et_pb_column][et_pb_column type=&#8221;1_2&#8243; _builder_version=&#8221;4.20.4&#8243; _module_preset=&#8221;default&#8221; global_colors_info=&#8221;{}&#8221;][et_pb_text admin_label=&#8221;IMG &#8211; AYUNTAMENT DE GRANOLLERS&#8221; _builder_version=&#8221;4.20.4&#8243; _module_preset=&#8221;default&#8221; global_colors_info=&#8221;{}&#8221;]<\/p>\n<p><img loading=\"lazy\" decoding=\"async\" class=\"wp-image-1253 size-medium aligncenter\" src=\"https:\/\/madoriarquitectos.com\/wp-content\/uploads\/2023\/05\/LOGO_AJUNTAMENT-GRANOLLERS-300x66.png\" alt=\"Logo ayuntament de granollers\" width=\"300\" height=\"66\" \/><\/p>\n<p>[\/et_pb_text][\/et_pb_column][\/et_pb_row][\/et_pb_section]<\/p>\n","protected":false},"excerpt":{"rendered":"<p>EL DE CUANDO CONSTRUIMOS SIN ZAPATASProyecto de vivienda unifamiliar en el centro hist\u00f3rico de Tavernes de la Valldigna. EL DEL CUBO NEGRO Reforma integral en Paseo de la Alameda, Valencia. EL DEL JARD\u00cdN DE LEIRE Proyecto de exteriorismo en la Pobla de Vallbona, Valencia. EL DE CUANDO TODO MIDE NOVENTA Proyecto de vivienda unifamiliar para [&hellip;]<\/p>\n","protected":false},"author":1,"featured_media":0,"parent":0,"menu_order":0,"comment_status":"closed","ping_status":"closed","template":"","meta":{"_et_pb_use_builder":"on","_et_pb_old_content":"","_et_gb_content_width":"","footnotes":""},"class_list":["post-3525","page","type-page","status-publish","hentry"],"yoast_head":"<!-- This site is optimized with the Yoast SEO plugin v27.8 - https:\/\/yoast.com\/product\/yoast-seo-wordpress\/ -->\n<title>Home<\/title>\n<meta name=\"robots\" content=\"index, follow, max-snippet:-1, max-image-preview:large, max-video-preview:-1\" \/>\n<link rel=\"canonical\" href=\"https:\/\/madoriarquitectos.com\/en\/inicio\/\" \/>\n<meta property=\"og:locale\" content=\"en_US\" \/>\n<meta property=\"og:type\" content=\"article\" \/>\n<meta property=\"og:title\" content=\"Home\" \/>\n<meta property=\"og:description\" content=\"EL DE CUANDO CONSTRUIMOS SIN ZAPATASProyecto de vivienda unifamiliar en el centro hist\u00f3rico de Tavernes de la Valldigna. EL DEL CUBO NEGRO Reforma integral en Paseo de la Alameda, Valencia. EL DEL JARD\u00cdN DE LEIRE Proyecto de exteriorismo en la Pobla de Vallbona, Valencia. EL DE CUANDO TODO MIDE NOVENTA Proyecto de vivienda unifamiliar para [&hellip;]\" \/>\n<meta property=\"og:url\" content=\"https:\/\/madoriarquitectos.com\/en\/inicio\/\" \/>\n<meta property=\"og:site_name\" content=\"MADORI ARQUITECTOS\" \/>\n<meta property=\"og:image\" content=\"https:\/\/madoriarquitectos.com\/wp-content\/uploads\/2023\/04\/FOTO-1_VTQYL-scaled.webp\" \/>\n<meta name=\"twitter:card\" content=\"summary_large_image\" \/>\n<meta name=\"twitter:label1\" content=\"Est. reading time\" \/>\n\t<meta name=\"twitter:data1\" content=\"29 minutes\" \/>\n<script type=\"application\/ld+json\" class=\"yoast-schema-graph\">{\"@context\":\"https:\\\/\\\/schema.org\",\"@graph\":[{\"@type\":\"WebPage\",\"@id\":\"https:\\\/\\\/madoriarquitectos.com\\\/en\\\/inicio\\\/\",\"url\":\"https:\\\/\\\/madoriarquitectos.com\\\/en\\\/inicio\\\/\",\"name\":\"Home\",\"isPartOf\":{\"@id\":\"https:\\\/\\\/madoriarquitectos.com\\\/#website\"},\"primaryImageOfPage\":{\"@id\":\"https:\\\/\\\/madoriarquitectos.com\\\/en\\\/inicio\\\/#primaryimage\"},\"image\":{\"@id\":\"https:\\\/\\\/madoriarquitectos.com\\\/en\\\/inicio\\\/#primaryimage\"},\"thumbnailUrl\":\"https:\\\/\\\/madoriarquitectos.com\\\/wp-content\\\/uploads\\\/2023\\\/04\\\/FOTO-1_VTQYL-scaled.webp\",\"datePublished\":\"2023-04-12T13:51:15+00:00\",\"breadcrumb\":{\"@id\":\"https:\\\/\\\/madoriarquitectos.com\\\/en\\\/inicio\\\/#breadcrumb\"},\"inLanguage\":\"en-US\",\"potentialAction\":[{\"@type\":\"ReadAction\",\"target\":[\"https:\\\/\\\/madoriarquitectos.com\\\/en\\\/inicio\\\/\"]}]},{\"@type\":\"ImageObject\",\"inLanguage\":\"en-US\",\"@id\":\"https:\\\/\\\/madoriarquitectos.com\\\/en\\\/inicio\\\/#primaryimage\",\"url\":\"https:\\\/\\\/madoriarquitectos.com\\\/wp-content\\\/uploads\\\/2023\\\/04\\\/FOTO-1_VTQYL-scaled.webp\",\"contentUrl\":\"https:\\\/\\\/madoriarquitectos.com\\\/wp-content\\\/uploads\\\/2023\\\/04\\\/FOTO-1_VTQYL-scaled.webp\"},{\"@type\":\"BreadcrumbList\",\"@id\":\"https:\\\/\\\/madoriarquitectos.com\\\/en\\\/inicio\\\/#breadcrumb\",\"itemListElement\":[{\"@type\":\"ListItem\",\"position\":1,\"name\":\"Home\",\"item\":\"https:\\\/\\\/madoriarquitectos.com\\\/en\\\/inicio\\\/\"},{\"@type\":\"ListItem\",\"position\":2,\"name\":\"Home\"}]},{\"@type\":\"WebSite\",\"@id\":\"https:\\\/\\\/madoriarquitectos.com\\\/#website\",\"url\":\"https:\\\/\\\/madoriarquitectos.com\\\/\",\"name\":\"Madori Arquitectos\",\"description\":\"Arquitectos Valencia Tavernes de la Valldigna Gandia Oliva J\u00e1vea D\u00e9nia Altea Calpe\",\"publisher\":{\"@id\":\"https:\\\/\\\/madoriarquitectos.com\\\/#organization\"},\"potentialAction\":[{\"@type\":\"SearchAction\",\"target\":{\"@type\":\"EntryPoint\",\"urlTemplate\":\"https:\\\/\\\/madoriarquitectos.com\\\/?s={search_term_string}\"},\"query-input\":{\"@type\":\"PropertyValueSpecification\",\"valueRequired\":true,\"valueName\":\"search_term_string\"}}],\"inLanguage\":\"en-US\"},{\"@type\":\"Organization\",\"@id\":\"https:\\\/\\\/madoriarquitectos.com\\\/#organization\",\"name\":\"Madori Arquitectos\",\"url\":\"https:\\\/\\\/madoriarquitectos.com\\\/\",\"logo\":{\"@type\":\"ImageObject\",\"inLanguage\":\"en-US\",\"@id\":\"https:\\\/\\\/madoriarquitectos.com\\\/#\\\/schema\\\/logo\\\/image\\\/\",\"url\":\"https:\\\/\\\/madoriarquitectos.com\\\/wp-content\\\/uploads\\\/2024\\\/02\\\/logo_am.webp\",\"contentUrl\":\"https:\\\/\\\/madoriarquitectos.com\\\/wp-content\\\/uploads\\\/2024\\\/02\\\/logo_am.webp\",\"width\":10508,\"height\":6391,\"caption\":\"Madori Arquitectos\"},\"image\":{\"@id\":\"https:\\\/\\\/madoriarquitectos.com\\\/#\\\/schema\\\/logo\\\/image\\\/\"},\"sameAs\":[\"https:\\\/\\\/www.instagram.com\\\/madoriarquitectos\\\/\",\"https:\\\/\\\/www.linkedin.com\\\/company\\\/madori-arquitectos-valencia\\\/\"]}]}<\/script>\n<!-- \/ Yoast SEO plugin. -->","yoast_head_json":{"title":"Home","robots":{"index":"index","follow":"follow","max-snippet":"max-snippet:-1","max-image-preview":"max-image-preview:large","max-video-preview":"max-video-preview:-1"},"canonical":"https:\/\/madoriarquitectos.com\/en\/inicio\/","og_locale":"en_US","og_type":"article","og_title":"Home","og_description":"EL DE CUANDO CONSTRUIMOS SIN ZAPATASProyecto de vivienda unifamiliar en el centro hist\u00f3rico de Tavernes de la Valldigna. EL DEL CUBO NEGRO Reforma integral en Paseo de la Alameda, Valencia. EL DEL JARD\u00cdN DE LEIRE Proyecto de exteriorismo en la Pobla de Vallbona, Valencia. EL DE CUANDO TODO MIDE NOVENTA Proyecto de vivienda unifamiliar para [&hellip;]","og_url":"https:\/\/madoriarquitectos.com\/en\/inicio\/","og_site_name":"MADORI ARQUITECTOS","og_image":[{"url":"https:\/\/madoriarquitectos.com\/wp-content\/uploads\/2023\/04\/FOTO-1_VTQYL-scaled.webp","type":"","width":"","height":""}],"twitter_card":"summary_large_image","twitter_misc":{"Est. reading time":"29 minutes"},"schema":{"@context":"https:\/\/schema.org","@graph":[{"@type":"WebPage","@id":"https:\/\/madoriarquitectos.com\/en\/inicio\/","url":"https:\/\/madoriarquitectos.com\/en\/inicio\/","name":"Home","isPartOf":{"@id":"https:\/\/madoriarquitectos.com\/#website"},"primaryImageOfPage":{"@id":"https:\/\/madoriarquitectos.com\/en\/inicio\/#primaryimage"},"image":{"@id":"https:\/\/madoriarquitectos.com\/en\/inicio\/#primaryimage"},"thumbnailUrl":"https:\/\/madoriarquitectos.com\/wp-content\/uploads\/2023\/04\/FOTO-1_VTQYL-scaled.webp","datePublished":"2023-04-12T13:51:15+00:00","breadcrumb":{"@id":"https:\/\/madoriarquitectos.com\/en\/inicio\/#breadcrumb"},"inLanguage":"en-US","potentialAction":[{"@type":"ReadAction","target":["https:\/\/madoriarquitectos.com\/en\/inicio\/"]}]},{"@type":"ImageObject","inLanguage":"en-US","@id":"https:\/\/madoriarquitectos.com\/en\/inicio\/#primaryimage","url":"https:\/\/madoriarquitectos.com\/wp-content\/uploads\/2023\/04\/FOTO-1_VTQYL-scaled.webp","contentUrl":"https:\/\/madoriarquitectos.com\/wp-content\/uploads\/2023\/04\/FOTO-1_VTQYL-scaled.webp"},{"@type":"BreadcrumbList","@id":"https:\/\/madoriarquitectos.com\/en\/inicio\/#breadcrumb","itemListElement":[{"@type":"ListItem","position":1,"name":"Home","item":"https:\/\/madoriarquitectos.com\/en\/inicio\/"},{"@type":"ListItem","position":2,"name":"Home"}]},{"@type":"WebSite","@id":"https:\/\/madoriarquitectos.com\/#website","url":"https:\/\/madoriarquitectos.com\/","name":"Madori Arquitectos","description":"Arquitectos Valencia Tavernes de la Valldigna Gandia Oliva J\u00e1vea D\u00e9nia Altea Calpe","publisher":{"@id":"https:\/\/madoriarquitectos.com\/#organization"},"potentialAction":[{"@type":"SearchAction","target":{"@type":"EntryPoint","urlTemplate":"https:\/\/madoriarquitectos.com\/?s={search_term_string}"},"query-input":{"@type":"PropertyValueSpecification","valueRequired":true,"valueName":"search_term_string"}}],"inLanguage":"en-US"},{"@type":"Organization","@id":"https:\/\/madoriarquitectos.com\/#organization","name":"Madori Arquitectos","url":"https:\/\/madoriarquitectos.com\/","logo":{"@type":"ImageObject","inLanguage":"en-US","@id":"https:\/\/madoriarquitectos.com\/#\/schema\/logo\/image\/","url":"https:\/\/madoriarquitectos.com\/wp-content\/uploads\/2024\/02\/logo_am.webp","contentUrl":"https:\/\/madoriarquitectos.com\/wp-content\/uploads\/2024\/02\/logo_am.webp","width":10508,"height":6391,"caption":"Madori Arquitectos"},"image":{"@id":"https:\/\/madoriarquitectos.com\/#\/schema\/logo\/image\/"},"sameAs":["https:\/\/www.instagram.com\/madoriarquitectos\/","https:\/\/www.linkedin.com\/company\/madori-arquitectos-valencia\/"]}]}},"_links":{"self":[{"href":"https:\/\/madoriarquitectos.com\/en\/wp-json\/wp\/v2\/pages\/3525","targetHints":{"allow":["GET"]}}],"collection":[{"href":"https:\/\/madoriarquitectos.com\/en\/wp-json\/wp\/v2\/pages"}],"about":[{"href":"https:\/\/madoriarquitectos.com\/en\/wp-json\/wp\/v2\/types\/page"}],"author":[{"embeddable":true,"href":"https:\/\/madoriarquitectos.com\/en\/wp-json\/wp\/v2\/users\/1"}],"replies":[{"embeddable":true,"href":"https:\/\/madoriarquitectos.com\/en\/wp-json\/wp\/v2\/comments?post=3525"}],"version-history":[{"count":0,"href":"https:\/\/madoriarquitectos.com\/en\/wp-json\/wp\/v2\/pages\/3525\/revisions"}],"wp:attachment":[{"href":"https:\/\/madoriarquitectos.com\/en\/wp-json\/wp\/v2\/media?parent=3525"}],"curies":[{"name":"wp","href":"https:\/\/api.w.org\/{rel}","templated":true}]}}