{"id":3396,"date":"2023-10-25T17:25:24","date_gmt":"2023-10-25T17:25:24","guid":{"rendered":"https:\/\/madoriarquitectos.com\/el-jardin-de-leire\/"},"modified":"2024-02-12T18:09:42","modified_gmt":"2024-02-12T18:09:42","slug":"el-jardin-de-leire","status":"publish","type":"page","link":"https:\/\/madoriarquitectos.com\/en\/proyectos\/el-jardin-de-leire\/","title":{"rendered":"EL DEL JARD\u00cdN DE LEIRE"},"content":{"rendered":"<p>[et_pb_section fb_built=&#8221;1&#8243; custom_padding_last_edited=&#8221;on|tablet&#8221; module_id=&#8221;proyecto&#8221; module_class=&#8221;pagina_proyecto img_anchura_completa_nuevo&#8221; _builder_version=&#8221;4.20.4&#8243; _module_preset=&#8221;default&#8221; custom_padding=&#8221;||200px||false|false&#8221; custom_padding_tablet=&#8221;||54px||false|false&#8221; custom_padding_phone=&#8221;||54px||false|false&#8221; global_colors_info=&#8221;{}&#8221;][et_pb_row disabled_on=&#8221;on|on|on&#8221; admin_label=&#8221;FULL IMAE + TEXTO &#8211; COPIA DE SEGUIRDAD&#8221; module_class=&#8221;img_anchura_proyecto&#8221; _builder_version=&#8221;4.20.4&#8243; _module_preset=&#8221;default&#8221; width=&#8221;100%&#8221; max_width=&#8221;100%&#8221; custom_padding=&#8221;0px||0px||false|false&#8221; disabled=&#8221;on&#8221; global_colors_info=&#8221;{}&#8221;][et_pb_column type=&#8221;4_4&#8243; _builder_version=&#8221;4.20.4&#8243; _module_preset=&#8221;default&#8221; global_colors_info=&#8221;{}&#8221;][et_pb_text admin_label=&#8221;IMAGEN + texto&#8221; _builder_version=&#8221;4.20.4&#8243; _module_preset=&#8221;default&#8221; global_colors_info=&#8221;{}&#8221;]<img loading=\"lazy\" decoding=\"async\" class=\"alignnone wp-image-2802 size-full\" src=\"https:\/\/madoriarquitectos.com\/wp-content\/uploads\/2023\/10\/VPBC_02-scaled.webp\" alt=\"\" width=\"2560\" height=\"1753\" \/><\/p>\n<p>&nbsp;<\/p>\n<p>&nbsp;<\/p>\n<h2><a>EL DEL JARD\u00cdN DE LEIRE<\/a><\/h2>\n<p><a>Proyecto de exteriorismo en la Pobla de Vallbona, Valencia.<\/a><\/p>\n<p>&nbsp;<\/p>\n<p>&nbsp;[\/et_pb_text][\/et_pb_column][\/et_pb_row][et_pb_row module_class=&#8221;img_full_frame&#8221; _builder_version=&#8221;4.20.4&#8243; _module_preset=&#8221;default&#8221; width=&#8221;100%&#8221; max_width=&#8221;100%&#8221; custom_margin=&#8221;||||false|false&#8221; custom_padding=&#8221;0px||0px||false|false&#8221; locked=&#8221;off&#8221; global_colors_info=&#8221;{}&#8221;][et_pb_column type=&#8221;4_4&#8243; _builder_version=&#8221;4.20.4&#8243; _module_preset=&#8221;default&#8221; global_colors_info=&#8221;{}&#8221;][et_pb_text admin_label=&#8221;IMAGEN&#8221; module_id=&#8221;alameda&#8221; module_class=&#8221;img_full_frame&#8221; _builder_version=&#8221;4.20.4&#8243; _module_preset=&#8221;default&#8221; custom_margin=&#8221;||0px||false|false&#8221; global_colors_info=&#8221;{}&#8221;]<img loading=\"lazy\" decoding=\"async\" class=\"alignnone wp-image-2802 size-full\" src=\"https:\/\/madoriarquitectos.com\/wp-content\/uploads\/2023\/10\/VPBC_02-scaled.webp\" alt=\"\" width=\"2560\" height=\"1753\" \/>[\/et_pb_text][et_pb_text admin_label=&#8221;EL DEL JARD\u00cdN DE LEIRE&#8221; _builder_version=&#8221;4.20.4&#8243; _module_preset=&#8221;default&#8221; custom_margin=&#8221;||0px||false|false&#8221; global_colors_info=&#8221;{}&#8221;]<\/p>\n<h2><a>EL DEL JARD\u00cdN DE LEIRE<\/a><\/h2>\n<p><a>Proyecto de exteriorismo en la Pobla de Vallbona, Valencia.<\/a>[\/et_pb_text][\/et_pb_column][\/et_pb_row][et_pb_row column_structure=&#8221;1_2,1_2&#8243; custom_padding_last_edited=&#8221;on|phone&#8221; module_class=&#8221;centrar_texto&#8221; _builder_version=&#8221;4.20.4&#8243; _module_preset=&#8221;default&#8221; width=&#8221;90%&#8221; max_width=&#8221;100%&#8221; custom_padding=&#8221;200px||0px||false|false&#8221; custom_padding_tablet=&#8221;100px||||false|false&#8221; custom_padding_phone=&#8221;50px||||false|false&#8221; custom_css_main_element=&#8221;display: flex;||\/*align-items: self-end;*\/||align-items: center;&#8221; global_colors_info=&#8221;{}&#8221;][et_pb_column type=&#8221;1_2&#8243; _builder_version=&#8221;4.20.4&#8243; _module_preset=&#8221;default&#8221; global_colors_info=&#8221;{}&#8221;][et_pb_text admin_label=&#8221;DATOS CLIENTE&#8221; _builder_version=&#8221;4.20.4&#8243; _module_preset=&#8221;default&#8221; custom_margin_tablet=&#8221;||50px||false|false&#8221; custom_margin_phone=&#8221;||50px||false|false&#8221; custom_margin_last_edited=&#8221;on|desktop&#8221; custom_padding=&#8221;||100px||false|false&#8221; custom_padding_tablet=&#8221;||0px||false|false&#8221; custom_padding_phone=&#8221;||0px||false|false&#8221; custom_padding_last_edited=&#8221;on|desktop&#8221; global_colors_info=&#8221;{}&#8221;]<\/p>\n<p style=\"text-align: justify;\"><span style=\"color: #000000;\">Cliente:<\/span><br \/><span style=\"color: #000000;\">Privado<\/span><\/p>\n<p>&nbsp;<\/p>\n<p style=\"text-align: justify;\"><span style=\"color: #000000;\">Superficie construida:<\/span><br \/><span style=\"color: #000000;\">100 m2<\/span><\/p>\n<p>&nbsp;<\/p>\n<p style=\"text-align: justify;\"><span style=\"color: #000000;\">Arquitectos:<\/span><br \/><span style=\"color: #000000;\">Adri\u00e1n Sifres Ortega y Elena Verdejo \u00c1lvarez<\/span><\/p>\n<p>&nbsp;<\/p>\n<p style=\"text-align: justify;\"><span style=\"color: #000000;\">Ubicaci\u00f3n:<\/span><br \/><span style=\"color: #000000;\">La Pobla de Vallbona, Valencia<\/span><\/p>\n<p>&nbsp;<\/p>\n<p>&nbsp;<\/p>\n<p>&nbsp;<\/p>\n<p><strong style=\"text-align: justify;\">CREATING A CUSTOMIZED OASIS<\/strong><\/p>\n<p style=\"text-align: justify;\">At Madori Architects, we understand the importance of transforming a home and its spaces into a personal oasis of comfort and relaxation. This oasis serves as an escape from the hustle and bustle of our daily routines. In our projects, we not only address the architectural design of homes and their interiors but also the surrounding outdoor spaces that make our daily lives more pleasant and vibrant.<\/p>\n<p style=\"text-align: justify;\">\n<p style=\"text-align: justify;\">The design of a home&#8217;s outdoor spaces not only adds value to the property but also enhances our quality of life.<\/p>\n<p style=\"text-align: justify;\">In this particular project, our clients aimed to breathe life, utility, and uniformity into the interstitial spaces surrounding their home. Their desire was to have a pool, a flexible terrace with a sun deck, and the capacity to host outdoor dining and relaxation, all without sacrificing the occasional placement of their vehicle within the property.<\/p>\n<p>[\/et_pb_text][\/et_pb_column][et_pb_column type=&#8221;1_2&#8243; _builder_version=&#8221;4.20.4&#8243; _module_preset=&#8221;default&#8221; global_colors_info=&#8221;{}&#8221;][et_pb_text admin_label=&#8221;IMAGEN&#8221; _builder_version=&#8221;4.20.4&#8243; _module_preset=&#8221;default&#8221; custom_padding_tablet=&#8221;||||false|false&#8221; custom_padding_phone=&#8221;||50px||false|false&#8221; custom_padding_last_edited=&#8221;off|tablet&#8221; global_colors_info=&#8221;{}&#8221;]<\/p>\n<p><img loading=\"lazy\" decoding=\"async\" class=\"alignnone wp-image-2800 size-full\" src=\"https:\/\/madoriarquitectos.com\/wp-content\/uploads\/2023\/10\/VPBC_01-scaled.webp\" alt=\"\" width=\"1853\" height=\"2560\" srcset=\"https:\/\/madoriarquitectos.com\/wp-content\/uploads\/2023\/10\/VPBC_01-scaled.webp 1853w, https:\/\/madoriarquitectos.com\/wp-content\/uploads\/2023\/10\/VPBC_01-1280x1768.webp 1280w, https:\/\/madoriarquitectos.com\/wp-content\/uploads\/2023\/10\/VPBC_01-980x1354.webp 980w, https:\/\/madoriarquitectos.com\/wp-content\/uploads\/2023\/10\/VPBC_01-480x663.webp 480w\" sizes=\"(min-width: 0px) and (max-width: 480px) 480px, (min-width: 481px) and (max-width: 980px) 980px, (min-width: 981px) and (max-width: 1280px) 1280px, (min-width: 1281px) 1853px, 100vw\" \/><\/p>\n<p>[\/et_pb_text][\/et_pb_column][\/et_pb_row][et_pb_row custom_padding_last_edited=&#8221;on|tablet&#8221; _builder_version=&#8221;4.20.4&#8243; _module_preset=&#8221;default&#8221; width=&#8221;60%&#8221; width_tablet=&#8221;90%&#8221; width_phone=&#8221;90%&#8221; width_last_edited=&#8221;on|tablet&#8221; max_width=&#8221;100%&#8221; custom_padding=&#8221;200px||0px||false|false&#8221; custom_padding_tablet=&#8221;50px||||false|false&#8221; custom_padding_phone=&#8221;50px||||false|false&#8221; global_colors_info=&#8221;{}&#8221; custom_css_before__hover_enabled=&#8221;on|desktop&#8221;][et_pb_column type=&#8221;4_4&#8243; _builder_version=&#8221;4.20.4&#8243; _module_preset=&#8221;default&#8221; global_colors_info=&#8221;{}&#8221;][et_pb_text disabled_on=&#8221;on|on|on&#8221; admin_label=&#8221;CARUSEL IMAGENES PROYECTO&#8221; _builder_version=&#8221;4.20.4&#8243; _module_preset=&#8221;default&#8221; disabled=&#8221;on&#8221; global_colors_info=&#8221;{}&#8221;]<div class='white' style='background:rgba(0,0,0,0); border:solid 0px rgba(0,0,0,0); border-radius:0px; padding:0px 0px 0px 0px;'>\n<div id='slider_338' class='owl-carousel sa_owl_theme autohide-arrows' data-slider-id='slider_338' style='visibility:hidden;'>\n<div id='slider_338_slide01' class='sa_hover_container' style='padding:0% 0%; margin:0px 0%; '><p><img loading=\"lazy\" decoding=\"async\" class=\"aligncenter wp-image-339 size-full\" src=\"https:\/\/madoriarquitectos.com\/wp-content\/uploads\/2023\/04\/01-scaled.webp\" alt=\"\" width=\"2560\" height=\"1724\" srcset=\"https:\/\/madoriarquitectos.com\/wp-content\/uploads\/2023\/04\/01-scaled.webp 2560w, https:\/\/madoriarquitectos.com\/wp-content\/uploads\/2023\/04\/01-1280x862.webp 1280w, https:\/\/madoriarquitectos.com\/wp-content\/uploads\/2023\/04\/01-980x660.webp 980w, https:\/\/madoriarquitectos.com\/wp-content\/uploads\/2023\/04\/01-480x323.webp 480w\" sizes=\"(min-width: 0px) and (max-width: 480px) 480px, (min-width: 481px) and (max-width: 980px) 980px, (min-width: 981px) and (max-width: 1280px) 1280px, (min-width: 1281px) 2560px, 100vw\" \/><\/p><\/div>\n<div id='slider_338_slide02' class='sa_hover_container' style='padding:0% 0%; margin:0px 0%; '><p><img loading=\"lazy\" decoding=\"async\" class=\"aligncenter wp-image-340 size-full\" src=\"https:\/\/madoriarquitectos.com\/wp-content\/uploads\/2023\/04\/03-scaled.webp\" alt=\"\" width=\"2560\" height=\"1707\" srcset=\"https:\/\/madoriarquitectos.com\/wp-content\/uploads\/2023\/04\/03-scaled.webp 2560w, https:\/\/madoriarquitectos.com\/wp-content\/uploads\/2023\/04\/03-1280x854.webp 1280w, https:\/\/madoriarquitectos.com\/wp-content\/uploads\/2023\/04\/03-980x653.webp 980w, https:\/\/madoriarquitectos.com\/wp-content\/uploads\/2023\/04\/03-480x320.webp 480w\" sizes=\"(min-width: 0px) and (max-width: 480px) 480px, (min-width: 481px) and (max-width: 980px) 980px, (min-width: 981px) and (max-width: 1280px) 1280px, (min-width: 1281px) 2560px, 100vw\" \/><\/p><\/div>\n<div id='slider_338_slide03' class='sa_hover_container' style='padding:0% 0%; margin:0px 0%; '><p><img loading=\"lazy\" decoding=\"async\" class=\"aligncenter wp-image-341 size-full\" src=\"https:\/\/madoriarquitectos.com\/wp-content\/uploads\/2023\/04\/07-scaled.webp\" alt=\"\" width=\"2560\" height=\"1745\" srcset=\"https:\/\/madoriarquitectos.com\/wp-content\/uploads\/2023\/04\/07-scaled.webp 2560w, https:\/\/madoriarquitectos.com\/wp-content\/uploads\/2023\/04\/07-1280x873.webp 1280w, https:\/\/madoriarquitectos.com\/wp-content\/uploads\/2023\/04\/07-980x668.webp 980w, https:\/\/madoriarquitectos.com\/wp-content\/uploads\/2023\/04\/07-480x327.webp 480w\" sizes=\"(min-width: 0px) and (max-width: 480px) 480px, (min-width: 481px) and (max-width: 980px) 980px, (min-width: 981px) and (max-width: 1280px) 1280px, (min-width: 1281px) 2560px, 100vw\" \/><img loading=\"lazy\" decoding=\"async\" class=\"alignnone size-medium wp-image-342\" src=\"https:\/\/madoriarquitectos.com\/wp-content\/uploads\/2023\/04\/08.webp\" alt=\"\" width=\"1\" height=\"1\" \/><\/p><\/div>\n<div id='slider_338_slide04' class='sa_hover_container' style='padding:0% 0%; margin:0px 0%; '><p><img loading=\"lazy\" decoding=\"async\" class=\"aligncenter wp-image-345 size-full\" src=\"https:\/\/madoriarquitectos.com\/wp-content\/uploads\/2023\/04\/08-1-scaled.webp\" alt=\"\" width=\"2560\" height=\"1707\" srcset=\"https:\/\/madoriarquitectos.com\/wp-content\/uploads\/2023\/04\/08-1-scaled.webp 2560w, https:\/\/madoriarquitectos.com\/wp-content\/uploads\/2023\/04\/08-1-1280x854.webp 1280w, https:\/\/madoriarquitectos.com\/wp-content\/uploads\/2023\/04\/08-1-980x653.webp 980w, https:\/\/madoriarquitectos.com\/wp-content\/uploads\/2023\/04\/08-1-480x320.webp 480w\" sizes=\"(min-width: 0px) and (max-width: 480px) 480px, (min-width: 481px) and (max-width: 980px) 980px, (min-width: 981px) and (max-width: 1280px) 1280px, (min-width: 1281px) 2560px, 100vw\" \/><\/p><\/div>\n<div id='slider_338_slide05' class='sa_hover_container' style='padding:0% 0%; margin:0px 0%; '><p><img loading=\"lazy\" decoding=\"async\" class=\"aligncenter wp-image-346 size-full\" src=\"https:\/\/madoriarquitectos.com\/wp-content\/uploads\/2023\/04\/10-1-scaled.webp\" alt=\"\" width=\"2560\" height=\"1707\" srcset=\"https:\/\/madoriarquitectos.com\/wp-content\/uploads\/2023\/04\/10-1-scaled.webp 2560w, https:\/\/madoriarquitectos.com\/wp-content\/uploads\/2023\/04\/10-1-300x200.webp 300w, https:\/\/madoriarquitectos.com\/wp-content\/uploads\/2023\/04\/10-1-1024x683.webp 1024w, https:\/\/madoriarquitectos.com\/wp-content\/uploads\/2023\/04\/10-1-768x512.webp 768w, https:\/\/madoriarquitectos.com\/wp-content\/uploads\/2023\/04\/10-1-1536x1024.webp 1536w, https:\/\/madoriarquitectos.com\/wp-content\/uploads\/2023\/04\/10-1-2048x1365.webp 2048w\" sizes=\"(max-width: 2560px) 100vw, 2560px\" \/><\/p><\/div>\n<div id='slider_338_slide06' class='sa_hover_container' style='padding:0% 0%; margin:0px 0%; '><p><img loading=\"lazy\" decoding=\"async\" class=\"aligncenter wp-image-347 size-full\" src=\"https:\/\/madoriarquitectos.com\/wp-content\/uploads\/2023\/04\/13-scaled.webp\" alt=\"\" width=\"2560\" height=\"1707\" srcset=\"https:\/\/madoriarquitectos.com\/wp-content\/uploads\/2023\/04\/13-scaled.webp 2560w, https:\/\/madoriarquitectos.com\/wp-content\/uploads\/2023\/04\/13-1280x854.webp 1280w, https:\/\/madoriarquitectos.com\/wp-content\/uploads\/2023\/04\/13-980x653.webp 980w, https:\/\/madoriarquitectos.com\/wp-content\/uploads\/2023\/04\/13-480x320.webp 480w\" sizes=\"(min-width: 0px) and (max-width: 480px) 480px, (min-width: 481px) and (max-width: 980px) 980px, (min-width: 981px) and (max-width: 1280px) 1280px, (min-width: 1281px) 2560px, 100vw\" \/><\/p><\/div>\n<div id='slider_338_slide07' class='sa_hover_container' style='padding:0% 0%; margin:0px 0%; '><p><img loading=\"lazy\" decoding=\"async\" class=\"aligncenter wp-image-348 size-full\" src=\"https:\/\/madoriarquitectos.com\/wp-content\/uploads\/2023\/04\/12-scaled.webp\" alt=\"\" width=\"2560\" height=\"1708\" srcset=\"https:\/\/madoriarquitectos.com\/wp-content\/uploads\/2023\/04\/12-scaled.webp 2560w, https:\/\/madoriarquitectos.com\/wp-content\/uploads\/2023\/04\/12-300x200.webp 300w, https:\/\/madoriarquitectos.com\/wp-content\/uploads\/2023\/04\/12-1024x683.webp 1024w, https:\/\/madoriarquitectos.com\/wp-content\/uploads\/2023\/04\/12-768x512.webp 768w, https:\/\/madoriarquitectos.com\/wp-content\/uploads\/2023\/04\/12-1536x1025.webp 1536w, https:\/\/madoriarquitectos.com\/wp-content\/uploads\/2023\/04\/12-2048x1366.webp 2048w, https:\/\/madoriarquitectos.com\/wp-content\/uploads\/2023\/04\/12-1080x720.webp 1080w\" sizes=\"(max-width: 2560px) 100vw, 2560px\" \/><\/p><\/div>\n<div id='slider_338_slide08' class='sa_hover_container' style='padding:0% 0%; margin:0px 0%; '><p><img loading=\"lazy\" decoding=\"async\" class=\"aligncenter wp-image-349 size-full\" src=\"https:\/\/madoriarquitectos.com\/wp-content\/uploads\/2023\/04\/16-scaled.webp\" alt=\"\" width=\"2560\" height=\"1792\" srcset=\"https:\/\/madoriarquitectos.com\/wp-content\/uploads\/2023\/04\/16-scaled.webp 2560w, https:\/\/madoriarquitectos.com\/wp-content\/uploads\/2023\/04\/16-1280x896.webp 1280w, https:\/\/madoriarquitectos.com\/wp-content\/uploads\/2023\/04\/16-980x686.webp 980w, https:\/\/madoriarquitectos.com\/wp-content\/uploads\/2023\/04\/16-480x336.webp 480w\" sizes=\"(min-width: 0px) and (max-width: 480px) 480px, (min-width: 481px) and (max-width: 980px) 980px, (min-width: 981px) and (max-width: 1280px) 1280px, (min-width: 1281px) 2560px, 100vw\" \/><\/p><\/div>\n<div id='slider_338_slide09' class='sa_hover_container' style='padding:0% 0%; margin:0px 0%; '><p><img loading=\"lazy\" decoding=\"async\" class=\"aligncenter wp-image-350 size-full\" src=\"https:\/\/madoriarquitectos.com\/wp-content\/uploads\/2023\/04\/17-scaled.webp\" alt=\"\" width=\"2560\" height=\"1606\" srcset=\"https:\/\/madoriarquitectos.com\/wp-content\/uploads\/2023\/04\/17-scaled.webp 2560w, https:\/\/madoriarquitectos.com\/wp-content\/uploads\/2023\/04\/17-300x188.webp 300w, https:\/\/madoriarquitectos.com\/wp-content\/uploads\/2023\/04\/17-1024x642.webp 1024w, https:\/\/madoriarquitectos.com\/wp-content\/uploads\/2023\/04\/17-768x482.webp 768w, https:\/\/madoriarquitectos.com\/wp-content\/uploads\/2023\/04\/17-1536x963.webp 1536w, https:\/\/madoriarquitectos.com\/wp-content\/uploads\/2023\/04\/17-2048x1284.webp 2048w, https:\/\/madoriarquitectos.com\/wp-content\/uploads\/2023\/04\/17-400x250.webp 400w, https:\/\/madoriarquitectos.com\/wp-content\/uploads\/2023\/04\/17-1080x677.webp 1080w\" sizes=\"(max-width: 2560px) 100vw, 2560px\" \/><\/p><\/div>\n<\/div>\n<\/div>\n<script type='text\/javascript'>\n\tjQuery(document).ready(function() {\n\t\tjQuery('#slider_338').owlCarousel({\n\t\t\titems : 1,\n\t\t\tsmartSpeed : 200,\n\t\t\tautoplay : true,\n\t\t\tautoplayTimeout : 5000,\n\t\t\tautoplayHoverPause : true,\n\t\t\tsmartSpeed : 200,\n\t\t\tfluidSpeed : 200,\n\t\t\tautoplaySpeed : 200,\n\t\t\tnavSpeed : 200,\n\t\t\tdotsSpeed : 200,\n\t\t\tloop : true,\n\t\t\tnav : true,\n\t\t\tnavText : ['Previous','Next'],\n\t\t\tdots : false,\n\t\t\tresponsiveRefreshRate : 200,\n\t\t\tslideBy : 1,\n\t\t\tmergeFit : true,\n\t\t\tautoHeight : false,\n\t\t\tmouseDrag : true,\n\t\t\ttouchDrag : true\n\t\t});\n\t\tjQuery('#slider_338').css('visibility', 'visible');\n\t\tsa_resize_slider_338();\n\t\twindow.addEventListener('resize', sa_resize_slider_338);\n\t\tfunction sa_resize_slider_338() {\n\t\t\tvar min_height = '50';\n\t\t\tvar win_width = jQuery(window).width();\n\t\t\tvar slider_width = jQuery('#slider_338').width();\n\t\t\tif (win_width < 480) {\n\t\t\t\tvar slide_width = slider_width \/ 1;\n\t\t\t} else if (win_width < 768) {\n\t\t\t\tvar slide_width = slider_width \/ 1;\n\t\t\t} else if (win_width < 980) {\n\t\t\t\tvar slide_width = slider_width \/ 1;\n\t\t\t} else if (win_width < 1200) {\n\t\t\t\tvar slide_width = slider_width \/ 1;\n\t\t\t} else if (win_width < 1500) {\n\t\t\t\tvar slide_width = slider_width \/ 1;\n\t\t\t} else {\n\t\t\t\tvar slide_width = slider_width \/ 1;\n\t\t\t}\n\t\t\tslide_width = Math.round(slide_width);\n\t\t\tvar slide_height = '0';\n\t\t\tif (min_height == 'aspect43') {\n\t\t\t\tslide_height = (slide_width \/ 4) * 3;\t\t\t\tslide_height = Math.round(slide_height);\n\t\t\t} else if (min_height == 'aspect169') {\n\t\t\t\tslide_height = (slide_width \/ 16) * 9;\t\t\t\tslide_height = Math.round(slide_height);\n\t\t\t} else {\n\t\t\t\tslide_height = (slide_width \/ 100) * min_height;\t\t\t\tslide_height = Math.round(slide_height);\n\t\t\t}\n\t\t\tjQuery('#slider_338 .owl-item .sa_hover_container').css('min-height', slide_height+'px');\n\t\t}\n\t\tvar owl_goto = jQuery('#slider_338');\n\t\tjQuery('.slider_338_goto1').click(function(event){\n\t\t\towl_goto.trigger('to.owl.carousel', 0);\n\t\t});\n\t\tjQuery('.slider_338_goto2').click(function(event){\n\t\t\towl_goto.trigger('to.owl.carousel', 1);\n\t\t});\n\t\tjQuery('.slider_338_goto3').click(function(event){\n\t\t\towl_goto.trigger('to.owl.carousel', 2);\n\t\t});\n\t\tjQuery('.slider_338_goto4').click(function(event){\n\t\t\towl_goto.trigger('to.owl.carousel', 3);\n\t\t});\n\t\tjQuery('.slider_338_goto5').click(function(event){\n\t\t\towl_goto.trigger('to.owl.carousel', 4);\n\t\t});\n\t\tjQuery('.slider_338_goto6').click(function(event){\n\t\t\towl_goto.trigger('to.owl.carousel', 5);\n\t\t});\n\t\tjQuery('.slider_338_goto7').click(function(event){\n\t\t\towl_goto.trigger('to.owl.carousel', 6);\n\t\t});\n\t\tjQuery('.slider_338_goto8').click(function(event){\n\t\t\towl_goto.trigger('to.owl.carousel', 7);\n\t\t});\n\t\tjQuery('.slider_338_goto9').click(function(event){\n\t\t\towl_goto.trigger('to.owl.carousel', 8);\n\t\t});\n\t\tvar resize_338 = jQuery('.owl-carousel');\n\t\tresize_338.on('initialized.owl.carousel', function(e) {\n\t\t\tif (typeof(Event) === 'function') {\n\t\t\t\twindow.dispatchEvent(new Event('resize'));\n\t\t\t} else {\n\t\t\t\tvar evt = window.document.createEvent('UIEvents');\n\t\t\t\tevt.initUIEvent('resize', true, false, window, 0);\n\t\t\t\twindow.dispatchEvent(evt);\n\t\t\t}\n\t\t});\n\t});\n<\/script>\n[\/et_pb_text][et_pb_nextend_smart_slider_3 slider=&#8221;14&#8243; admin_label=&#8221;Smart Slider 3 Proyectos&#8221; _builder_version=&#8221;4.20.4&#8243; _module_preset=&#8221;default&#8221; global_colors_info=&#8221;{}&#8221;][\/et_pb_nextend_smart_slider_3][\/et_pb_column][\/et_pb_row][et_pb_row column_structure=&#8221;1_2,1_2&#8243; custom_padding_last_edited=&#8221;on|phone&#8221; _builder_version=&#8221;4.20.4&#8243; _module_preset=&#8221;default&#8221; width=&#8221;90%&#8221; max_width=&#8221;100%&#8221; custom_padding=&#8221;200px||100px||false|false&#8221; custom_padding_tablet=&#8221;50px||0px||false|false&#8221; custom_padding_phone=&#8221;||0px||false|false&#8221; global_colors_info=&#8221;{}&#8221;][et_pb_column type=&#8221;1_2&#8243; _builder_version=&#8221;4.20.4&#8243; _module_preset=&#8221;default&#8221; global_colors_info=&#8221;{}&#8221;][et_pb_text admin_label=&#8221;IMAGEN&#8221; _builder_version=&#8221;4.20.4&#8243; _module_preset=&#8221;default&#8221; global_colors_info=&#8221;{}&#8221;]<img loading=\"lazy\" decoding=\"async\" class=\"alignnone wp-image-2814 size-full\" src=\"https:\/\/madoriarquitectos.com\/wp-content\/uploads\/2023\/10\/VPBC_08-scaled.webp\" alt=\"\" width=\"1803\" height=\"2560\" srcset=\"https:\/\/madoriarquitectos.com\/wp-content\/uploads\/2023\/10\/VPBC_08-scaled.webp 1803w, https:\/\/madoriarquitectos.com\/wp-content\/uploads\/2023\/10\/VPBC_08-1280x1817.webp 1280w, https:\/\/madoriarquitectos.com\/wp-content\/uploads\/2023\/10\/VPBC_08-980x1391.webp 980w, https:\/\/madoriarquitectos.com\/wp-content\/uploads\/2023\/10\/VPBC_08-480x682.webp 480w\" sizes=\"(min-width: 0px) and (max-width: 480px) 480px, (min-width: 481px) and (max-width: 980px) 980px, (min-width: 981px) and (max-width: 1280px) 1280px, (min-width: 1281px) 1803px, 100vw\" \/>[\/et_pb_text][\/et_pb_column][et_pb_column type=&#8221;1_2&#8243; _builder_version=&#8221;4.20.4&#8243; _module_preset=&#8221;default&#8221; global_colors_info=&#8221;{}&#8221;][et_pb_text admin_label=&#8221;TEXTO&#8221; _builder_version=&#8221;4.20.4&#8243; _module_preset=&#8221;default&#8221; custom_margin_tablet=&#8221;||50px||false|false&#8221; custom_margin_phone=&#8221;||50px||false|false&#8221; custom_margin_last_edited=&#8221;on|desktop&#8221; custom_padding=&#8221;||100px||false|false&#8221; custom_padding_tablet=&#8221;||0px||false|false&#8221; custom_padding_phone=&#8221;||0px||false|false&#8221; custom_padding_last_edited=&#8221;on|desktop&#8221; global_colors_info=&#8221;{}&#8221;]<\/p>\n<p><strong>MORE THAN JUST A GARDEN.<br \/><\/strong><strong>TRANSFORMATION OF OUTDOOR SPACES.<\/strong><\/p>\n<p>When approaching a project of this nature, we immerse ourselves in creating a green canvas tailored to the needs and desires of our clients.<\/p>\n<p>&nbsp;<\/p>\n<p><span style=\"text-align: justify;\">The garden, being the heart of outdoor spaces, was carefully designed to provide life, utility, and uniformity. By integrating natural elements such as clay, we created a warm and fresh atmosphere inviting you to enjoy tranquility and serenity outdoors. We conceived a horizontal plane that extends across the garden, resting on it as if introducing an elevated scenic space. A plan that unifies everything and on which anything can happen. Subsequently, we blurred its boundaries, allowing vegetation to surround it, integrating nature into every corner. Within this large horizontal plane surrounded by all these elements, the water emerges, becoming a pool.<\/span><\/p>\n<p>[\/et_pb_text][\/et_pb_column][\/et_pb_row][et_pb_row column_structure=&#8221;1_2,1_2&#8243; custom_padding_last_edited=&#8221;on|desktop&#8221; _builder_version=&#8221;4.20.4&#8243; _module_preset=&#8221;default&#8221; width=&#8221;90%&#8221; max_width=&#8221;100%&#8221; custom_padding=&#8221;200px||100px||false|false&#8221; custom_padding_tablet=&#8221;0px||50px||false|false&#8221; custom_padding_phone=&#8221;||50px||false|false&#8221; global_colors_info=&#8221;{}&#8221;][et_pb_column type=&#8221;1_2&#8243; _builder_version=&#8221;4.20.4&#8243; _module_preset=&#8221;default&#8221; global_colors_info=&#8221;{}&#8221;][et_pb_text admin_label=&#8221;TEXTO&#8221; _builder_version=&#8221;4.20.4&#8243; _module_preset=&#8221;default&#8221; custom_margin_tablet=&#8221;||50px||false|false&#8221; custom_margin_phone=&#8221;||50px||false|false&#8221; custom_margin_last_edited=&#8221;on|desktop&#8221; custom_padding=&#8221;||100px||false|false&#8221; custom_padding_tablet=&#8221;||0px||false|false&#8221; custom_padding_phone=&#8221;||0px||false|false&#8221; custom_padding_last_edited=&#8221;on|desktop&#8221; global_colors_info=&#8221;{}&#8221;]<\/p>\n<p><strong>A SENSORIAL EXPERIENCE<\/strong><\/p>\n<p>&nbsp;<\/p>\n<p>We believe that water, as a material, can be fascinating, capable of generating unique emotions and sensations. All our senses awaken and activate, creating unique experiences. Water has an unparalleled ability to create a magical atmosphere, reflecting and fading images, especially when combined with other elements like light and vegetation. We are interested in its capacity to activate and stimulate the senses. Handcrafted clay pieces or the finish of concrete provided a soft and warm sensation with simple foot contact, but water goes further, synthesizing sound, sight, touch, smell, all in one material.<\/p>\n<p>&nbsp;<\/p>\n<p style=\"font-weight: 400;\"><span style=\"font-weight: 400;\">Once the key elements are arranged on the canvas, we allow the user to take over the scenic space, letting it transform on its own. This is the uniqueness and great beauty of natural materials; time, light, seasons, nature\u2014all together create a continuously changing scenic space, and life unfolds around it like a grand celebration, where we are the guests.<\/span><\/p>\n<p>[\/et_pb_text][\/et_pb_column][et_pb_column type=&#8221;1_2&#8243; _builder_version=&#8221;4.20.4&#8243; _module_preset=&#8221;default&#8221; global_colors_info=&#8221;{}&#8221;][et_pb_text admin_label=&#8221;IMAGEN&#8221; _builder_version=&#8221;4.20.4&#8243; _module_preset=&#8221;default&#8221; custom_margin_tablet=&#8221;||20px||false|false&#8221; custom_margin_phone=&#8221;||20px||false|false&#8221; custom_margin_last_edited=&#8221;on|tablet&#8221; global_colors_info=&#8221;{}&#8221;]<img loading=\"lazy\" decoding=\"async\" class=\"alignnone wp-image-2816 size-full\" src=\"https:\/\/madoriarquitectos.com\/wp-content\/uploads\/2023\/10\/VPBC_09-scaled.webp\" alt=\"\" width=\"1876\" height=\"2560\" srcset=\"https:\/\/madoriarquitectos.com\/wp-content\/uploads\/2023\/10\/VPBC_09-scaled.webp 1876w, https:\/\/madoriarquitectos.com\/wp-content\/uploads\/2023\/10\/VPBC_09-1280x1747.webp 1280w, https:\/\/madoriarquitectos.com\/wp-content\/uploads\/2023\/10\/VPBC_09-980x1337.webp 980w, https:\/\/madoriarquitectos.com\/wp-content\/uploads\/2023\/10\/VPBC_09-480x655.webp 480w\" sizes=\"(min-width: 0px) and (max-width: 480px) 480px, (min-width: 481px) and (max-width: 980px) 980px, (min-width: 981px) and (max-width: 1280px) 1280px, (min-width: 1281px) 1876px, 100vw\" \/>[\/et_pb_text][\/et_pb_column][\/et_pb_row][et_pb_row column_structure=&#8221;1_2,1_2&#8243; custom_padding_last_edited=&#8221;on|desktop&#8221; _builder_version=&#8221;4.20.4&#8243; _module_preset=&#8221;default&#8221; width=&#8221;90%&#8221; max_width=&#8221;100%&#8221; custom_padding=&#8221;200px||100px||false|false&#8221; custom_padding_tablet=&#8221;0px||50px||false|false&#8221; custom_padding_phone=&#8221;||50px||false|false&#8221; global_colors_info=&#8221;{}&#8221;][et_pb_column type=&#8221;1_2&#8243; _builder_version=&#8221;4.20.4&#8243; _module_preset=&#8221;default&#8221; global_colors_info=&#8221;{}&#8221;][et_pb_text admin_label=&#8221;IMAGEN&#8221; _builder_version=&#8221;4.20.4&#8243; _module_preset=&#8221;default&#8221; global_colors_info=&#8221;{}&#8221;]<img loading=\"lazy\" decoding=\"async\" class=\"alignnone wp-image-2818 size-full\" src=\"https:\/\/madoriarquitectos.com\/wp-content\/uploads\/2023\/10\/VPBC_10-scaled.webp\" alt=\"\" width=\"1725\" height=\"2560\" srcset=\"https:\/\/madoriarquitectos.com\/wp-content\/uploads\/2023\/10\/VPBC_10-scaled.webp 1725w, https:\/\/madoriarquitectos.com\/wp-content\/uploads\/2023\/10\/VPBC_10-202x300.webp 202w, https:\/\/madoriarquitectos.com\/wp-content\/uploads\/2023\/10\/VPBC_10-690x1024.webp 690w, https:\/\/madoriarquitectos.com\/wp-content\/uploads\/2023\/10\/VPBC_10-768x1140.webp 768w, https:\/\/madoriarquitectos.com\/wp-content\/uploads\/2023\/10\/VPBC_10-1035x1536.webp 1035w, https:\/\/madoriarquitectos.com\/wp-content\/uploads\/2023\/10\/VPBC_10-1380x2048.webp 1380w, https:\/\/madoriarquitectos.com\/wp-content\/uploads\/2023\/10\/VPBC_10-1080x1603.webp 1080w\" sizes=\"(max-width: 1725px) 100vw, 1725px\" \/>[\/et_pb_text][\/et_pb_column][et_pb_column type=&#8221;1_2&#8243; _builder_version=&#8221;4.20.4&#8243; _module_preset=&#8221;default&#8221; global_colors_info=&#8221;{}&#8221;][et_pb_text admin_label=&#8221;TEXTO&#8221; _builder_version=&#8221;4.20.4&#8243; _module_preset=&#8221;default&#8221; custom_margin_tablet=&#8221;||50px||false|false&#8221; custom_margin_phone=&#8221;||50px||false|false&#8221; custom_margin_last_edited=&#8221;on|desktop&#8221; custom_padding=&#8221;||100px||false|false&#8221; custom_padding_tablet=&#8221;||0px||false|false&#8221; custom_padding_phone=&#8221;||0px||false|false&#8221; custom_padding_last_edited=&#8221;on|desktop&#8221; hover_enabled=&#8221;0&#8243; global_colors_info=&#8221;{}&#8221; sticky_enabled=&#8221;0&#8243;]<\/p>\n<p><strong>INVESTMENT IN QUALITY OF LIFE<\/strong><\/p>\n<p>&nbsp;<\/p>\n<div><span lang=\"EN-US\">At Madori Architects, we understand that the reform of your outdoor spaces goes beyond physical construction. It&#8217;s about creating a personalized refuge that reflects your lifestyle and enhances your well-being. We approach each project by combining architectural creativity with precise execution, with strategic planning extending beyond aesthetic design, prioritizing the functionality and durability of each element. This ensures that each project is something unique, where every detail has been carefully considered and designed for you.<\/span><\/div>\n<p>[\/et_pb_text][\/et_pb_column][\/et_pb_row][et_pb_row column_structure=&#8221;1_2,1_2&#8243; custom_padding_last_edited=&#8221;on|desktop&#8221; _builder_version=&#8221;4.20.4&#8243; _module_preset=&#8221;default&#8221; width=&#8221;90%&#8221; max_width=&#8221;100%&#8221; custom_padding=&#8221;200px||100px||false|false&#8221; custom_padding_tablet=&#8221;0px||50px||false|false&#8221; custom_padding_phone=&#8221;||50px||false|false&#8221; global_colors_info=&#8221;{}&#8221;][et_pb_column type=&#8221;1_2&#8243; _builder_version=&#8221;4.20.4&#8243; _module_preset=&#8221;default&#8221; global_colors_info=&#8221;{}&#8221;][et_pb_text admin_label=&#8221;IMAGEN&#8221; _builder_version=&#8221;4.20.4&#8243; _module_preset=&#8221;default&#8221; global_colors_info=&#8221;{}&#8221;]<\/p>\n<p><img loading=\"lazy\" decoding=\"async\" class=\"alignnone wp-image-3073 size-full\" src=\"https:\/\/madoriarquitectos.com\/wp-content\/uploads\/2023\/10\/VPBC_06-1-scaled.webp\" alt=\"\" width=\"1686\" height=\"2560\" srcset=\"https:\/\/madoriarquitectos.com\/wp-content\/uploads\/2023\/10\/VPBC_06-1-scaled.webp 1686w, https:\/\/madoriarquitectos.com\/wp-content\/uploads\/2023\/10\/VPBC_06-1-1280x1944.webp 1280w, https:\/\/madoriarquitectos.com\/wp-content\/uploads\/2023\/10\/VPBC_06-1-980x1488.webp 980w, https:\/\/madoriarquitectos.com\/wp-content\/uploads\/2023\/10\/VPBC_06-1-480x729.webp 480w\" sizes=\"(min-width: 0px) and (max-width: 480px) 480px, (min-width: 481px) and (max-width: 980px) 980px, (min-width: 981px) and (max-width: 1280px) 1280px, (min-width: 1281px) 1686px, 100vw\" \/><\/p>\n<p>[\/et_pb_text][\/et_pb_column][et_pb_column type=&#8221;1_2&#8243; _builder_version=&#8221;4.20.4&#8243; _module_preset=&#8221;default&#8221; global_colors_info=&#8221;{}&#8221;][et_pb_text admin_label=&#8221;IMAGEN&#8221; _builder_version=&#8221;4.20.4&#8243; _module_preset=&#8221;default&#8221; global_colors_info=&#8221;{}&#8221;]<img loading=\"lazy\" decoding=\"async\" class=\"alignnone wp-image-2820 size-full\" src=\"https:\/\/madoriarquitectos.com\/wp-content\/uploads\/2023\/10\/VPBC_11-scaled.webp\" alt=\"\" width=\"1686\" height=\"2560\" srcset=\"https:\/\/madoriarquitectos.com\/wp-content\/uploads\/2023\/10\/VPBC_11-scaled.webp 1686w, https:\/\/madoriarquitectos.com\/wp-content\/uploads\/2023\/10\/VPBC_11-1280x1944.webp 1280w, https:\/\/madoriarquitectos.com\/wp-content\/uploads\/2023\/10\/VPBC_11-980x1488.webp 980w, https:\/\/madoriarquitectos.com\/wp-content\/uploads\/2023\/10\/VPBC_11-480x729.webp 480w\" sizes=\"(min-width: 0px) and (max-width: 480px) 480px, (min-width: 481px) and (max-width: 980px) 980px, (min-width: 981px) and (max-width: 1280px) 1280px, (min-width: 1281px) 1686px, 100vw\" \/>[\/et_pb_text][\/et_pb_column][\/et_pb_row][et_pb_row custom_padding_last_edited=&#8221;on|desktop&#8221; _builder_version=&#8221;4.20.4&#8243; _module_preset=&#8221;default&#8221; width=&#8221;90%&#8221; max_width=&#8221;100%&#8221; custom_margin_tablet=&#8221;||50px||false|false&#8221; custom_margin_phone=&#8221;||50px||false|false&#8221; custom_margin_last_edited=&#8221;off|desktop&#8221; custom_padding=&#8221;200px||0px||false|false&#8221; custom_padding_tablet=&#8221;50px||||false|false&#8221; custom_padding_phone=&#8221;50px||||false|false&#8221; locked=&#8221;off&#8221; global_colors_info=&#8221;{}&#8221;][et_pb_column type=&#8221;4_4&#8243; _builder_version=&#8221;4.20.4&#8243; _module_preset=&#8221;default&#8221; global_colors_info=&#8221;{}&#8221;][et_pb_text admin_label=&#8221;IMAGEN&#8221; _builder_version=&#8221;4.20.4&#8243; _module_preset=&#8221;default&#8221; global_colors_info=&#8221;{}&#8221;]<\/p>\n<p><img loading=\"lazy\" decoding=\"async\" class=\"alignnone wp-image-2806 size-full\" src=\"https:\/\/madoriarquitectos.com\/wp-content\/uploads\/2023\/10\/VPBC_04-scaled.webp\" alt=\"\" width=\"2560\" height=\"1552\" srcset=\"https:\/\/madoriarquitectos.com\/wp-content\/uploads\/2023\/10\/VPBC_04-scaled.webp 2560w, https:\/\/madoriarquitectos.com\/wp-content\/uploads\/2023\/10\/VPBC_04-1280x776.webp 1280w, https:\/\/madoriarquitectos.com\/wp-content\/uploads\/2023\/10\/VPBC_04-980x594.webp 980w, https:\/\/madoriarquitectos.com\/wp-content\/uploads\/2023\/10\/VPBC_04-480x291.webp 480w\" sizes=\"(min-width: 0px) and (max-width: 480px) 480px, (min-width: 481px) and (max-width: 980px) 980px, (min-width: 981px) and (max-width: 1280px) 1280px, (min-width: 1281px) 2560px, 100vw\" \/><\/p>\n<p>&nbsp;<\/p>\n<p>[\/et_pb_text][\/et_pb_column][\/et_pb_row][et_pb_row column_structure=&#8221;1_2,1_2&#8243; custom_padding_last_edited=&#8221;on|desktop&#8221; admin_label=&#8221;Proyectos relacionados &#8211; titulo&#8221; module_class=&#8221;slider_proyectos_home_old&#8221; _builder_version=&#8221;4.20.4&#8243; _module_preset=&#8221;default&#8221; width=&#8221;90%&#8221; max_width=&#8221;100%&#8221; custom_margin=&#8221;||||false|false&#8221; custom_padding=&#8221;100px||0px||false|false&#8221; custom_padding_tablet=&#8221;50px||||false|false&#8221; custom_padding_phone=&#8221;50px||||false|false&#8221; saved_tabs=&#8221;all&#8221; collapsed=&#8221;on&#8221; global_colors_info=&#8221;{}&#8221;][et_pb_column type=&#8221;1_2&#8243; _builder_version=&#8221;4.20.4&#8243; _module_preset=&#8221;default&#8221; global_colors_info=&#8221;{}&#8221;][et_pb_text content_tablet=&#8221;<\/p>\n<p style=%22letter-spacing: 10px;%22>DESCUBRE M\u00c1S<br \/>\nPROYECTOS<\/p>\n<p>%91slide-anything id=%2245%22%93&#8243; content_phone=&#8221;<\/p>\n<p style=%22letter-spacing: 10px;%22>DESCUBRE M\u00c1S<br \/>\nPROYECTOS<\/p>\n<p>%91slide-anything id=%2245%22%93&#8243; content_last_edited=&#8221;off|desktop&#8221; admin_label=&#8221;PROYECTOS DESTACADOS&#8221; _builder_version=&#8221;4.20.4&#8243; _module_preset=&#8221;default&#8221; link_option_url=&#8221;https:\/\/madoriarquitectos.com\/proyectos\/&#8221; global_colors_info=&#8221;{}&#8221; content__hover_enabled=&#8221;off|desktop&#8221;]<\/p>\n<p style=\"color: #000; font-size: 1.125rem;\">PROYECTOS DESTACADOS<\/p>\n<p>[\/et_pb_text][et_pb_text content_tablet=&#8221;<\/p>\n<p style=%22letter-spacing: 10px;%22>DESCUBRE M\u00c1S<br \/>\nPROYECTOS<\/p>\n<p>%91slide-anything id=%2245%22%93&#8243; content_phone=&#8221;<\/p>\n<p style=%22letter-spacing: 10px;%22>DESCUBRE M\u00c1S<br \/>\nPROYECTOS<\/p>\n<p>%91slide-anything id=%2245%22%93&#8243; content_last_edited=&#8221;off|desktop&#8221; disabled_on=&#8221;on|on|on&#8221; admin_label=&#8221;OLD &#8211; SLIDER PROYECTOS&#8221; _builder_version=&#8221;4.20.4&#8243; _module_preset=&#8221;default&#8221; disabled=&#8221;on&#8221; global_colors_info=&#8221;{}&#8221; content__hover_enabled=&#8221;off|desktop&#8221;]<\/p>\n<p style=\"letter-spacing: 5px;\">DESCUBRE M\u00c1S PROYECTOS<\/p>\n<p><div class='white' style='background:rgba(0,0,0,0); border:solid 0px rgba(0,0,0,0); border-radius:0px; padding:0px 0px 0px 0px;'>\n<div id='slider_45' class='owl-carousel sa_owl_theme ' data-slider-id='slider_45' style='visibility:hidden;'>\n<div id='slider_45_slide02' class='sa_hover_container' style='padding:5% 5%; margin:0px 0%; '><h2>EL DE NOSOTROS MISMOS<\/h2>\r\n<p><img loading=\"lazy\" decoding=\"async\" class=\"aligncenter wp-image-511 size-large\" src=\"https:\/\/madoriarquitectos.com\/wp-content\/uploads\/2023\/04\/02_ELDENOSOTROSMISMOS_MADORIARQUITECTOS_1-677x1024.jpg\" alt=\"\" width=\"677\" height=\"1024\" \/><\/p>\r\n<p>Reforma Integral<br \/>junto al jard\u00edn bot\u00e1nico<\/p><\/div>\n<div id='slider_45_slide03' class='sa_hover_container' style='padding:5% 5%; margin:0px 0%; '><h2>EL DEL CLIENTE FRANC\u00c9S<\/h2>\r\n<p><img loading=\"lazy\" decoding=\"async\" class=\"aligncenter wp-image-512 size-large\" src=\"https:\/\/madoriarquitectos.com\/wp-content\/uploads\/2023\/04\/03_ELDELCLIENTEFRANCES_MADORIARQUITECTOS_1-677x1024.jpg\" alt=\"\" width=\"677\" height=\"1024\" \/><\/p>\r\n<p>Reforma Integral<br \/>en calle Jorge Juan, Valencia.<\/p><\/div>\n<div id='slider_45_slide04' class='sa_hover_container' style='padding:5% 5%; margin:0px 0%; '><h2><a href=\"https:\/\/madoriarquitectos.com\/proyectos\/2b-house\/\">EL DEL CUBO NEGRO<\/a><\/h2>\r\n<p><img loading=\"lazy\" decoding=\"async\" class=\"aligncenter wp-image-563 size-full\" src=\"https:\/\/madoriarquitectos.com\/wp-content\/uploads\/2023\/04\/09_VERTICALDERECHA_SINZAPATAS_MADORIARQUITECTOS_JPG.jpg\" alt=\"VERTICALDERECHA_SINZAPATAS_MADORIARQUITECTOS\" width=\"1704\" height=\"2500\" srcset=\"https:\/\/madoriarquitectos.com\/wp-content\/uploads\/2023\/04\/09_VERTICALDERECHA_SINZAPATAS_MADORIARQUITECTOS_JPG.jpg 1704w, https:\/\/madoriarquitectos.com\/wp-content\/uploads\/2023\/04\/09_VERTICALDERECHA_SINZAPATAS_MADORIARQUITECTOS_JPG-1280x1878.jpg 1280w, https:\/\/madoriarquitectos.com\/wp-content\/uploads\/2023\/04\/09_VERTICALDERECHA_SINZAPATAS_MADORIARQUITECTOS_JPG-980x1438.jpg 980w, https:\/\/madoriarquitectos.com\/wp-content\/uploads\/2023\/04\/09_VERTICALDERECHA_SINZAPATAS_MADORIARQUITECTOS_JPG-480x704.jpg 480w\" sizes=\"(min-width: 0px) and (max-width: 480px) 480px, (min-width: 481px) and (max-width: 980px) 980px, (min-width: 981px) and (max-width: 1280px) 1280px, (min-width: 1281px) 1704px, 100vw\" \/><\/p>\r\n<p><a href=\"https:\/\/madoriarquitectos.com\/proyectos\/2b-house\/\">Reforma Integral<\/a><br \/><a href=\"https:\/\/madoriarquitectos.com\/proyectos\/2b-house\/\">en la Alameda, Valencia<\/a><\/p><\/div>\n<div id='slider_45_slide01' class='sa_hover_container' style='padding:5% 5%; margin:0px 0%; '><h2><a href=\"https:\/\/madoriarquitectos.com\/proyectos\/2b-house\/\">EL DEL CUBO NEGRO<\/a><\/h2>\r\n<p><a href=\"https:\/\/madoriarquitectos.com\/proyectos\/2b-house\/\"><img loading=\"lazy\" decoding=\"async\" class=\"aligncenter wp-image-510 size-large\" src=\"https:\/\/madoriarquitectos.com\/wp-content\/uploads\/2023\/04\/01_ELDELCUBONEGRO_MADORIARQUITECTOS_1-677x1024.jpg\" alt=\"\" width=\"677\" height=\"1024\" \/><\/a><\/p>\r\n<p><a href=\"https:\/\/madoriarquitectos.com\/proyectos\/2b-house\/\">Reforma Integral<\/a><br \/><a href=\"https:\/\/madoriarquitectos.com\/proyectos\/2b-house\/\">en la Alameda, Valencia<\/a><\/p><\/div>\n<\/div>\n<\/div>\n<script type='text\/javascript'>\n\tjQuery(document).ready(function() {\n\t\tjQuery('#slider_45').owlCarousel({\n\t\t\tresponsive:{\n\t\t\t\t0:{ items:1 },\n\t\t\t\t480:{ items:1 },\n\t\t\t\t768:{ items:1 },\n\t\t\t\t980:{ items:2 },\n\t\t\t\t1200:{ items:3 },\n\t\t\t\t1500:{ items:3 }\n\t\t\t},\n\t\t\tautoplay : true,\n\t\t\tautoplayTimeout : 5000,\n\t\t\tautoplayHoverPause : true,\n\t\t\tsmartSpeed : 300,\n\t\t\tfluidSpeed : 300,\n\t\t\tautoplaySpeed : 300,\n\t\t\tnavSpeed : 300,\n\t\t\tdotsSpeed : 300,\n\t\t\tloop : true,\n\t\t\tnav : true,\n\t\t\tnavText : ['Previous','Next'],\n\t\t\tdots : false,\n\t\t\tresponsiveRefreshRate : 200,\n\t\t\tslideBy : 1,\n\t\t\tmergeFit : true,\n\t\t\tautoHeight : false,\n\t\t\tmouseDrag : true,\n\t\t\ttouchDrag : true\n\t\t});\n\t\tjQuery('#slider_45').css('visibility', 'visible');\n\t\tsa_resize_slider_45();\n\t\twindow.addEventListener('resize', sa_resize_slider_45);\n\t\tfunction sa_resize_slider_45() {\n\t\t\tvar min_height = '50';\n\t\t\tvar win_width = jQuery(window).width();\n\t\t\tvar slider_width = jQuery('#slider_45').width();\n\t\t\tif (win_width < 480) {\n\t\t\t\tvar slide_width = slider_width \/ 1;\n\t\t\t} else if (win_width < 768) {\n\t\t\t\tvar slide_width = slider_width \/ 1;\n\t\t\t} else if (win_width < 980) {\n\t\t\t\tvar slide_width = slider_width \/ 1;\n\t\t\t} else if (win_width < 1200) {\n\t\t\t\tvar slide_width = slider_width \/ 2;\n\t\t\t} else if (win_width < 1500) {\n\t\t\t\tvar slide_width = slider_width \/ 3;\n\t\t\t} else {\n\t\t\t\tvar slide_width = slider_width \/ 3;\n\t\t\t}\n\t\t\tslide_width = Math.round(slide_width);\n\t\t\tvar slide_height = '0';\n\t\t\tif (min_height == 'aspect43') {\n\t\t\t\tslide_height = (slide_width \/ 4) * 3;\t\t\t\tslide_height = Math.round(slide_height);\n\t\t\t} else if (min_height == 'aspect169') {\n\t\t\t\tslide_height = (slide_width \/ 16) * 9;\t\t\t\tslide_height = Math.round(slide_height);\n\t\t\t} else {\n\t\t\t\tslide_height = (slide_width \/ 100) * min_height;\t\t\t\tslide_height = Math.round(slide_height);\n\t\t\t}\n\t\t\tjQuery('#slider_45 .owl-item .sa_hover_container').css('min-height', slide_height+'px');\n\t\t}\n\t\tvar owl_goto = jQuery('#slider_45');\n\t\tjQuery('.slider_45_goto1').click(function(event){\n\t\t\towl_goto.trigger('to.owl.carousel', 0);\n\t\t});\n\t\tjQuery('.slider_45_goto2').click(function(event){\n\t\t\towl_goto.trigger('to.owl.carousel', 1);\n\t\t});\n\t\tjQuery('.slider_45_goto3').click(function(event){\n\t\t\towl_goto.trigger('to.owl.carousel', 2);\n\t\t});\n\t\tjQuery('.slider_45_goto4').click(function(event){\n\t\t\towl_goto.trigger('to.owl.carousel', 3);\n\t\t});\n\t\tvar resize_45 = jQuery('.owl-carousel');\n\t\tresize_45.on('initialized.owl.carousel', function(e) {\n\t\t\tif (typeof(Event) === 'function') {\n\t\t\t\twindow.dispatchEvent(new Event('resize'));\n\t\t\t} else {\n\t\t\t\tvar evt = window.document.createEvent('UIEvents');\n\t\t\t\tevt.initUIEvent('resize', true, false, window, 0);\n\t\t\t\twindow.dispatchEvent(evt);\n\t\t\t}\n\t\t});\n\t});\n<\/script>\n[\/et_pb_text][\/et_pb_column][et_pb_column type=&#8221;1_2&#8243; _builder_version=&#8221;4.20.4&#8243; _module_preset=&#8221;default&#8221; global_colors_info=&#8221;{}&#8221;][et_pb_text content_tablet=&#8221;<\/p>\n<p style=%22letter-spacing: 10px;%22>DESCUBRE M\u00c1S<br \/>\nPROYECTOS<\/p>\n<p>%91slide-anything id=%2245%22%93&#8243; content_phone=&#8221;<\/p>\n<p style=%22letter-spacing: 10px;%22>DESCUBRE M\u00c1S<br \/>\nPROYECTOS<\/p>\n<p>%91slide-anything id=%2245%22%93&#8243; content_last_edited=&#8221;off|desktop&#8221; disabled_on=&#8221;on|on|on&#8221; admin_label=&#8221;DESCUBRE M\u00c1S PROYECTOS&#8221; _builder_version=&#8221;4.20.4&#8243; _module_preset=&#8221;default&#8221; link_option_url=&#8221;https:\/\/madoriarquitectos.com\/proyectos\/&#8221; disabled=&#8221;on&#8221; global_colors_info=&#8221;{}&#8221; content__hover_enabled=&#8221;off|desktop&#8221;]<\/p>\n<p style=\"color: #000; text-align: right; font-size: 1.125rem;\">DESCUBRE OTROS<\/p>\n<p>[\/et_pb_text][et_pb_text disabled_on=&#8221;on|on|on&#8221; admin_label=&#8221;IMAGEN&#8221; _builder_version=&#8221;4.20.4&#8243; _module_preset=&#8221;default&#8221; custom_margin_tablet=&#8221;||20px||false|false&#8221; custom_margin_phone=&#8221;||20px||false|false&#8221; custom_margin_last_edited=&#8221;on|tablet&#8221; disabled=&#8221;on&#8221; global_colors_info=&#8221;{}&#8221;]<img loading=\"lazy\" decoding=\"async\" class=\"aligncenter wp-image-833 size-full\" src=\"https:\/\/madoriarquitectos.com\/wp-content\/uploads\/2023\/04\/04_1-scaled.jpg\" alt=\"Cubo cuadrado\" width=\"1728\" height=\"2560\" srcset=\"https:\/\/madoriarquitectos.com\/wp-content\/uploads\/2023\/04\/04_1-scaled.jpg 1728w, https:\/\/madoriarquitectos.com\/wp-content\/uploads\/2023\/04\/04_1-1280x1896.jpg 1280w, https:\/\/madoriarquitectos.com\/wp-content\/uploads\/2023\/04\/04_1-980x1452.jpg 980w, https:\/\/madoriarquitectos.com\/wp-content\/uploads\/2023\/04\/04_1-480x711.jpg 480w\" sizes=\"(min-width: 0px) and (max-width: 480px) 480px, (min-width: 481px) and (max-width: 980px) 980px, (min-width: 981px) and (max-width: 1280px) 1280px, (min-width: 1281px) 1728px, 100vw\" \/>[\/et_pb_text][\/et_pb_column][\/et_pb_row][et_pb_row column_structure=&#8221;1_3,1_3,1_3&#8243; admin_label=&#8221;Proyectos relacionados&#8221; module_id=&#8221;proyectos_destacados&#8221; module_class=&#8221;slider_proyectos_home&#8221; _builder_version=&#8221;4.20.4&#8243; _module_preset=&#8221;default&#8221; width=&#8221;90%&#8221; max_width=&#8221;100%&#8221; custom_margin=&#8221;||||false|false&#8221; custom_padding=&#8221;25px||||false|false&#8221; saved_tabs=&#8221;all&#8221; global_colors_info=&#8221;{}&#8221;][et_pb_column type=&#8221;1_3&#8243; _builder_version=&#8221;4.20.4&#8243; _module_preset=&#8221;default&#8221; global_colors_info=&#8221;{}&#8221;][et_pb_text admin_label=&#8221;IMG1 + Reforma Integral en la Alameda, Valencia.&#8221; module_class=&#8221;imagen_hover&#8221; _builder_version=&#8221;4.20.4&#8243; _module_preset=&#8221;default&#8221; link_option_url=&#8221;https:\/\/madoriarquitectos.com\/proyectos\/2b-house\/&#8221; global_colors_info=&#8221;{}&#8221;]<\/p>\n<h2 style=\"padding: 0px 10px;\"><span style=\"color: #000000;\">EL DEL CUBO NEGRO<\/span><\/h2>\n<p><img loading=\"lazy\" decoding=\"async\" class=\"aligncenter wp-image-510 size-full\" src=\"https:\/\/madoriarquitectos.com\/wp-content\/uploads\/2023\/04\/01_ELDELCUBONEGRO_MADORIARQUITECTOS_1-scaled.jpg\" alt=\"Reforma integral en Paseo de la Alameda, Valencia.\" width=\"1693\" height=\"2560\" srcset=\"https:\/\/madoriarquitectos.com\/wp-content\/uploads\/2023\/04\/01_ELDELCUBONEGRO_MADORIARQUITECTOS_1-scaled.jpg 1693w, https:\/\/madoriarquitectos.com\/wp-content\/uploads\/2023\/04\/01_ELDELCUBONEGRO_MADORIARQUITECTOS_1-1280x1935.jpg 1280w, https:\/\/madoriarquitectos.com\/wp-content\/uploads\/2023\/04\/01_ELDELCUBONEGRO_MADORIARQUITECTOS_1-980x1482.jpg 980w, https:\/\/madoriarquitectos.com\/wp-content\/uploads\/2023\/04\/01_ELDELCUBONEGRO_MADORIARQUITECTOS_1-480x726.jpg 480w\" sizes=\"(min-width: 0px) and (max-width: 480px) 480px, (min-width: 481px) and (max-width: 980px) 980px, (min-width: 981px) and (max-width: 1280px) 1280px, (min-width: 1281px) 1693px, 100vw\" \/><\/p>\n<p>Reforma integral en Paseo de la Alameda, Valencia.<\/p>\n<p>[\/et_pb_text][\/et_pb_column][et_pb_column type=&#8221;1_3&#8243; _builder_version=&#8221;4.20.4&#8243; _module_preset=&#8221;default&#8221; global_colors_info=&#8221;{}&#8221;][et_pb_text admin_label=&#8221;IMG2 + Reforma Integral junto al jard\u00edn bot\u00e1nico&#8221; module_class=&#8221;imagen_hover&#8221; _builder_version=&#8221;4.20.4&#8243; _module_preset=&#8221;default&#8221; link_option_url=&#8221;https:\/\/madoriarquitectos.com\/proyectos\/el-del-barrio-del-botanic\/&#8221; global_colors_info=&#8221;{}&#8221;]<\/p>\n<h2><span style=\"color: #000000;\">EL DEL BARRIO DEL BOT\u00c1NIC<\/span><\/h2>\n<p><img loading=\"lazy\" decoding=\"async\" class=\"aligncenter wp-image-511 size-full\" src=\"https:\/\/madoriarquitectos.com\/wp-content\/uploads\/2023\/04\/02_ELDENOSOTROSMISMOS_MADORIARQUITECTOS_1-scaled.jpg\" alt=\"Proyecto reforma integral en el barrio del Bot\u00e1nic, Valencia.\" width=\"1693\" height=\"2560\" srcset=\"https:\/\/madoriarquitectos.com\/wp-content\/uploads\/2023\/04\/02_ELDENOSOTROSMISMOS_MADORIARQUITECTOS_1-scaled.jpg 1693w, https:\/\/madoriarquitectos.com\/wp-content\/uploads\/2023\/04\/02_ELDENOSOTROSMISMOS_MADORIARQUITECTOS_1-1280x1935.jpg 1280w, https:\/\/madoriarquitectos.com\/wp-content\/uploads\/2023\/04\/02_ELDENOSOTROSMISMOS_MADORIARQUITECTOS_1-980x1482.jpg 980w, https:\/\/madoriarquitectos.com\/wp-content\/uploads\/2023\/04\/02_ELDENOSOTROSMISMOS_MADORIARQUITECTOS_1-480x726.jpg 480w\" sizes=\"(min-width: 0px) and (max-width: 480px) 480px, (min-width: 481px) and (max-width: 980px) 980px, (min-width: 981px) and (max-width: 1280px) 1280px, (min-width: 1281px) 1693px, 100vw\" \/><\/p>\n<p>Proyecto reforma integral en el barrio del Bot\u00e1nic, Valencia.<\/p>\n<p>[\/et_pb_text][\/et_pb_column][et_pb_column type=&#8221;1_3&#8243; _builder_version=&#8221;4.20.4&#8243; _module_preset=&#8221;default&#8221; global_colors_info=&#8221;{}&#8221;][et_pb_text admin_label=&#8221;IMG3 + Reforma Integral en calle Jorge Juan, Valencia.&#8221; module_class=&#8221;imagen_hover&#8221; _builder_version=&#8221;4.20.4&#8243; _module_preset=&#8221;default&#8221; link_option_url=&#8221;https:\/\/madoriarquitectos.com\/proyectos\/el-del-cliente-frances\/&#8221; global_colors_info=&#8221;{}&#8221;]<\/p>\n<h2><span style=\"color: #000000;\">EL DEL CLIENTE FRANC\u00c9S<\/span><\/h2>\n<p><img loading=\"lazy\" decoding=\"async\" class=\"aligncenter wp-image-512 size-full\" src=\"https:\/\/madoriarquitectos.com\/wp-content\/uploads\/2023\/04\/03_ELDELCLIENTEFRANCES_MADORIARQUITECTOS_1-scaled.jpg\" alt=\"Proyecto de reforma integral en Jorge Juan, Valencia.\" width=\"1693\" height=\"2560\" srcset=\"https:\/\/madoriarquitectos.com\/wp-content\/uploads\/2023\/04\/03_ELDELCLIENTEFRANCES_MADORIARQUITECTOS_1-scaled.jpg 1693w, https:\/\/madoriarquitectos.com\/wp-content\/uploads\/2023\/04\/03_ELDELCLIENTEFRANCES_MADORIARQUITECTOS_1-1280x1935.jpg 1280w, https:\/\/madoriarquitectos.com\/wp-content\/uploads\/2023\/04\/03_ELDELCLIENTEFRANCES_MADORIARQUITECTOS_1-980x1482.jpg 980w, https:\/\/madoriarquitectos.com\/wp-content\/uploads\/2023\/04\/03_ELDELCLIENTEFRANCES_MADORIARQUITECTOS_1-480x726.jpg 480w\" sizes=\"(min-width: 0px) and (max-width: 480px) 480px, (min-width: 481px) and (max-width: 980px) 980px, (min-width: 981px) and (max-width: 1280px) 1280px, (min-width: 1281px) 1693px, 100vw\" \/><\/p>\n<p>Proyecto de reforma integral en Jorge Juan, Valencia.\u00a0<\/p>\n<p>[\/et_pb_text][\/et_pb_column][\/et_pb_row][et_pb_row custom_padding_last_edited=&#8221;on|phone&#8221; disabled_on=&#8221;on|on|on&#8221; admin_label=&#8221;COPIA DE SEGURIDAD&#8221; module_class=&#8221;slider_proyectos_home_old&#8221; _builder_version=&#8221;4.20.4&#8243; _module_preset=&#8221;default&#8221; width=&#8221;90%&#8221; max_width=&#8221;100%&#8221; custom_margin=&#8221;||||false|false&#8221; custom_padding=&#8221;200px||0px||false|false&#8221; custom_padding_tablet=&#8221;0px||0px||false|false&#8221; custom_padding_phone=&#8221;||0px||false|false&#8221; disabled=&#8221;on&#8221; locked=&#8221;off&#8221; global_colors_info=&#8221;{}&#8221;][et_pb_column type=&#8221;4_4&#8243; _builder_version=&#8221;4.20.4&#8243; _module_preset=&#8221;default&#8221; global_colors_info=&#8221;{}&#8221;][et_pb_text content_tablet=&#8221;<\/p>\n<p>DESCUBRE M\u00c1S<br \/>\nPROYECTOS<\/p>\n<p>%91slide-anything id=%2245%22%93&#8243; content_phone=&#8221;<\/p>\n<p>DESCUBRE M\u00c1S<br \/>\nPROYECTOS<\/p>\n<p>%91slide-anything id=%2245%22%93&#8243; content_last_edited=&#8221;off|desktop&#8221; admin_label=&#8221;DESCUBRE M\u00c1S PROYECTOS&#8221; _builder_version=&#8221;4.20.4&#8243; _module_preset=&#8221;default&#8221; global_colors_info=&#8221;{}&#8221; content__hover_enabled=&#8221;off|desktop&#8221;]<\/p>\n<p style=\"font-size: 1.125rem;\">DESCUBRE M\u00c1S PROYECTOS<\/p>\n<p>[\/et_pb_text][et_pb_text content_tablet=&#8221;<\/p>\n<p>DESCUBRE M\u00c1S<br \/>\nPROYECTOS<\/p>\n<p>%91slide-anything id=%2245%22%93&#8243; content_phone=&#8221;<\/p>\n<p>DESCUBRE M\u00c1S<br \/>\nPROYECTOS<\/p>\n<p>%91slide-anything id=%2245%22%93&#8243; content_last_edited=&#8221;off|desktop&#8221; disabled_on=&#8221;on|on|on&#8221; admin_label=&#8221;OLD &#8211; SLIDER PROYECTOS&#8221; _builder_version=&#8221;4.20.4&#8243; _module_preset=&#8221;default&#8221; disabled=&#8221;on&#8221; global_colors_info=&#8221;{}&#8221; content__hover_enabled=&#8221;off|desktop&#8221;]<\/p>\n<p style=\"letter-spacing: 5px;\">DESCUBRE M\u00c1S PROYECTOS<\/p>\n<p><div class='white' style='background:rgba(0,0,0,0); border:solid 0px rgba(0,0,0,0); border-radius:0px; padding:0px 0px 0px 0px;'>\n<div id='slider_45' class='owl-carousel sa_owl_theme ' data-slider-id='slider_45' style='visibility:hidden;'>\n<div id='slider_45_slide03' class='sa_hover_container' style='padding:5% 5%; margin:0px 0%; '><h2>EL DEL CLIENTE FRANC\u00c9S<\/h2>\r\n<p><img loading=\"lazy\" decoding=\"async\" class=\"aligncenter wp-image-512 size-large\" src=\"https:\/\/madoriarquitectos.com\/wp-content\/uploads\/2023\/04\/03_ELDELCLIENTEFRANCES_MADORIARQUITECTOS_1-677x1024.jpg\" alt=\"\" width=\"677\" height=\"1024\" \/><\/p>\r\n<p>Reforma Integral<br \/>en calle Jorge Juan, Valencia.<\/p><\/div>\n<div id='slider_45_slide04' class='sa_hover_container' style='padding:5% 5%; margin:0px 0%; '><h2><a href=\"https:\/\/madoriarquitectos.com\/proyectos\/2b-house\/\">EL DEL CUBO NEGRO<\/a><\/h2>\r\n<p><img loading=\"lazy\" decoding=\"async\" class=\"aligncenter wp-image-563 size-full\" src=\"https:\/\/madoriarquitectos.com\/wp-content\/uploads\/2023\/04\/09_VERTICALDERECHA_SINZAPATAS_MADORIARQUITECTOS_JPG.jpg\" alt=\"VERTICALDERECHA_SINZAPATAS_MADORIARQUITECTOS\" width=\"1704\" height=\"2500\" srcset=\"https:\/\/madoriarquitectos.com\/wp-content\/uploads\/2023\/04\/09_VERTICALDERECHA_SINZAPATAS_MADORIARQUITECTOS_JPG.jpg 1704w, https:\/\/madoriarquitectos.com\/wp-content\/uploads\/2023\/04\/09_VERTICALDERECHA_SINZAPATAS_MADORIARQUITECTOS_JPG-1280x1878.jpg 1280w, https:\/\/madoriarquitectos.com\/wp-content\/uploads\/2023\/04\/09_VERTICALDERECHA_SINZAPATAS_MADORIARQUITECTOS_JPG-980x1438.jpg 980w, https:\/\/madoriarquitectos.com\/wp-content\/uploads\/2023\/04\/09_VERTICALDERECHA_SINZAPATAS_MADORIARQUITECTOS_JPG-480x704.jpg 480w\" sizes=\"(min-width: 0px) and (max-width: 480px) 480px, (min-width: 481px) and (max-width: 980px) 980px, (min-width: 981px) and (max-width: 1280px) 1280px, (min-width: 1281px) 1704px, 100vw\" \/><\/p>\r\n<p><a href=\"https:\/\/madoriarquitectos.com\/proyectos\/2b-house\/\">Reforma Integral<\/a><br \/><a href=\"https:\/\/madoriarquitectos.com\/proyectos\/2b-house\/\">en la Alameda, Valencia<\/a><\/p><\/div>\n<div id='slider_45_slide02' class='sa_hover_container' style='padding:5% 5%; margin:0px 0%; '><h2>EL DE NOSOTROS MISMOS<\/h2>\r\n<p><img loading=\"lazy\" decoding=\"async\" class=\"aligncenter wp-image-511 size-large\" src=\"https:\/\/madoriarquitectos.com\/wp-content\/uploads\/2023\/04\/02_ELDENOSOTROSMISMOS_MADORIARQUITECTOS_1-677x1024.jpg\" alt=\"\" width=\"677\" height=\"1024\" \/><\/p>\r\n<p>Reforma Integral<br \/>junto al jard\u00edn bot\u00e1nico<\/p><\/div>\n<div id='slider_45_slide01' class='sa_hover_container' style='padding:5% 5%; margin:0px 0%; '><h2><a href=\"https:\/\/madoriarquitectos.com\/proyectos\/2b-house\/\">EL DEL CUBO NEGRO<\/a><\/h2>\r\n<p><a href=\"https:\/\/madoriarquitectos.com\/proyectos\/2b-house\/\"><img loading=\"lazy\" decoding=\"async\" class=\"aligncenter wp-image-510 size-large\" src=\"https:\/\/madoriarquitectos.com\/wp-content\/uploads\/2023\/04\/01_ELDELCUBONEGRO_MADORIARQUITECTOS_1-677x1024.jpg\" alt=\"\" width=\"677\" height=\"1024\" \/><\/a><\/p>\r\n<p><a href=\"https:\/\/madoriarquitectos.com\/proyectos\/2b-house\/\">Reforma Integral<\/a><br \/><a href=\"https:\/\/madoriarquitectos.com\/proyectos\/2b-house\/\">en la Alameda, Valencia<\/a><\/p><\/div>\n<\/div>\n<\/div>\n<script type='text\/javascript'>\n\tjQuery(document).ready(function() {\n\t\tjQuery('#slider_45').owlCarousel({\n\t\t\tresponsive:{\n\t\t\t\t0:{ items:1 },\n\t\t\t\t480:{ items:1 },\n\t\t\t\t768:{ items:1 },\n\t\t\t\t980:{ items:2 },\n\t\t\t\t1200:{ items:3 },\n\t\t\t\t1500:{ items:3 }\n\t\t\t},\n\t\t\tautoplay : true,\n\t\t\tautoplayTimeout : 5000,\n\t\t\tautoplayHoverPause : true,\n\t\t\tsmartSpeed : 300,\n\t\t\tfluidSpeed : 300,\n\t\t\tautoplaySpeed : 300,\n\t\t\tnavSpeed : 300,\n\t\t\tdotsSpeed : 300,\n\t\t\tloop : true,\n\t\t\tnav : true,\n\t\t\tnavText : ['Previous','Next'],\n\t\t\tdots : false,\n\t\t\tresponsiveRefreshRate : 200,\n\t\t\tslideBy : 1,\n\t\t\tmergeFit : true,\n\t\t\tautoHeight : false,\n\t\t\tmouseDrag : true,\n\t\t\ttouchDrag : true\n\t\t});\n\t\tjQuery('#slider_45').css('visibility', 'visible');\n\t\tsa_resize_slider_45();\n\t\twindow.addEventListener('resize', sa_resize_slider_45);\n\t\tfunction sa_resize_slider_45() {\n\t\t\tvar min_height = '50';\n\t\t\tvar win_width = jQuery(window).width();\n\t\t\tvar slider_width = jQuery('#slider_45').width();\n\t\t\tif (win_width < 480) {\n\t\t\t\tvar slide_width = slider_width \/ 1;\n\t\t\t} else if (win_width < 768) {\n\t\t\t\tvar slide_width = slider_width \/ 1;\n\t\t\t} else if (win_width < 980) {\n\t\t\t\tvar slide_width = slider_width \/ 1;\n\t\t\t} else if (win_width < 1200) {\n\t\t\t\tvar slide_width = slider_width \/ 2;\n\t\t\t} else if (win_width < 1500) {\n\t\t\t\tvar slide_width = slider_width \/ 3;\n\t\t\t} else {\n\t\t\t\tvar slide_width = slider_width \/ 3;\n\t\t\t}\n\t\t\tslide_width = Math.round(slide_width);\n\t\t\tvar slide_height = '0';\n\t\t\tif (min_height == 'aspect43') {\n\t\t\t\tslide_height = (slide_width \/ 4) * 3;\t\t\t\tslide_height = Math.round(slide_height);\n\t\t\t} else if (min_height == 'aspect169') {\n\t\t\t\tslide_height = (slide_width \/ 16) * 9;\t\t\t\tslide_height = Math.round(slide_height);\n\t\t\t} else {\n\t\t\t\tslide_height = (slide_width \/ 100) * min_height;\t\t\t\tslide_height = Math.round(slide_height);\n\t\t\t}\n\t\t\tjQuery('#slider_45 .owl-item .sa_hover_container').css('min-height', slide_height+'px');\n\t\t}\n\t\tvar owl_goto = jQuery('#slider_45');\n\t\tjQuery('.slider_45_goto1').click(function(event){\n\t\t\towl_goto.trigger('to.owl.carousel', 0);\n\t\t});\n\t\tjQuery('.slider_45_goto2').click(function(event){\n\t\t\towl_goto.trigger('to.owl.carousel', 1);\n\t\t});\n\t\tjQuery('.slider_45_goto3').click(function(event){\n\t\t\towl_goto.trigger('to.owl.carousel', 2);\n\t\t});\n\t\tjQuery('.slider_45_goto4').click(function(event){\n\t\t\towl_goto.trigger('to.owl.carousel', 3);\n\t\t});\n\t\tvar resize_45 = jQuery('.owl-carousel');\n\t\tresize_45.on('initialized.owl.carousel', function(e) {\n\t\t\tif (typeof(Event) === 'function') {\n\t\t\t\twindow.dispatchEvent(new Event('resize'));\n\t\t\t} else {\n\t\t\t\tvar evt = window.document.createEvent('UIEvents');\n\t\t\t\tevt.initUIEvent('resize', true, false, window, 0);\n\t\t\t\twindow.dispatchEvent(evt);\n\t\t\t}\n\t\t});\n\t});\n<\/script>\n[\/et_pb_text][\/et_pb_column][\/et_pb_row][et_pb_row column_structure=&#8221;1_3,1_3,1_3&#8243; custom_padding_last_edited=&#8221;on|tablet&#8221; disabled_on=&#8221;on|on|on&#8221; admin_label=&#8221;COPIA DE SEGURIDAD&#8221; module_id=&#8221;proyectos_destacados&#8221; module_class=&#8221;slider_proyectos_home&#8221; _builder_version=&#8221;4.20.4&#8243; _module_preset=&#8221;default&#8221; width=&#8221;90%&#8221; max_width=&#8221;100%&#8221; custom_margin=&#8221;||||false|false&#8221; custom_padding=&#8221;40px||100px||false|false&#8221; custom_padding_tablet=&#8221;0px||||false|false&#8221; custom_padding_phone=&#8221;0px||||false|false&#8221; disabled=&#8221;on&#8221; locked=&#8221;off&#8221; global_colors_info=&#8221;{}&#8221;][et_pb_column type=&#8221;1_3&#8243; _builder_version=&#8221;4.20.4&#8243; _module_preset=&#8221;default&#8221; global_colors_info=&#8221;{}&#8221;][et_pb_text admin_label=&#8221;IMG1 + Reforma Integral en la Alameda, Valencia.&#8221; module_class=&#8221;imagen_hover&#8221; _builder_version=&#8221;4.20.4&#8243; _module_preset=&#8221;default&#8221; custom_margin_tablet=&#8221;||25px||false|false&#8221; custom_margin_phone=&#8221;||25px||false|false&#8221; custom_margin_last_edited=&#8221;on|tablet&#8221; link_option_url=&#8221;https:\/\/madoriarquitectos.com\/proyectos\/2b-house\/&#8221; global_colors_info=&#8221;{}&#8221;]<\/p>\n<h2><span style=\"color: #000000;\">EL DEL CUBO NEGRO<\/span><\/h2>\n<p><img loading=\"lazy\" decoding=\"async\" class=\"aligncenter wp-image-510 size-full\" src=\"https:\/\/madoriarquitectos.com\/wp-content\/uploads\/2023\/04\/01_ELDELCUBONEGRO_MADORIARQUITECTOS_1-scaled.jpg\" alt=\"Reforma integral en Paseo de la Alameda, Valencia.\" width=\"1693\" height=\"2560\" srcset=\"https:\/\/madoriarquitectos.com\/wp-content\/uploads\/2023\/04\/01_ELDELCUBONEGRO_MADORIARQUITECTOS_1-scaled.jpg 1693w, https:\/\/madoriarquitectos.com\/wp-content\/uploads\/2023\/04\/01_ELDELCUBONEGRO_MADORIARQUITECTOS_1-1280x1935.jpg 1280w, https:\/\/madoriarquitectos.com\/wp-content\/uploads\/2023\/04\/01_ELDELCUBONEGRO_MADORIARQUITECTOS_1-980x1482.jpg 980w, https:\/\/madoriarquitectos.com\/wp-content\/uploads\/2023\/04\/01_ELDELCUBONEGRO_MADORIARQUITECTOS_1-480x726.jpg 480w\" sizes=\"(min-width: 0px) and (max-width: 480px) 480px, (min-width: 481px) and (max-width: 980px) 980px, (min-width: 981px) and (max-width: 1280px) 1280px, (min-width: 1281px) 1693px, 100vw\" \/><\/p>\n<p>Reforma integral en Paseo de la Alameda, Valencia.<br \/>\n+ INFO[\/et_pb_text][\/et_pb_column][et_pb_column type=&#8221;1_3&#8243; _builder_version=&#8221;4.20.4&#8243; _module_preset=&#8221;default&#8221; global_colors_info=&#8221;{}&#8221;][et_pb_text admin_label=&#8221;IMG2 + Reforma Integral junto al jard\u00edn bot\u00e1nico&#8221; module_class=&#8221;imagen_hover&#8221; _builder_version=&#8221;4.20.4&#8243; _module_preset=&#8221;default&#8221; custom_margin_tablet=&#8221;||25px||false|false&#8221; custom_margin_phone=&#8221;||25px||false|false&#8221; custom_margin_last_edited=&#8221;on|tablet&#8221; global_colors_info=&#8221;{}&#8221;]<\/p>\n<h2><span style=\"color: #000000;\">EL DE NOSOTROS MISMOS<\/span><\/h2>\n<p><img loading=\"lazy\" decoding=\"async\" class=\"aligncenter wp-image-511 size-full\" src=\"https:\/\/madoriarquitectos.com\/wp-content\/uploads\/2023\/04\/02_ELDENOSOTROSMISMOS_MADORIARQUITECTOS_1-scaled.jpg\" alt=\"Proyecto reforma integral en el barrio del Bot\u00e1nic, Valencia.\" width=\"1693\" height=\"2560\" srcset=\"https:\/\/madoriarquitectos.com\/wp-content\/uploads\/2023\/04\/02_ELDENOSOTROSMISMOS_MADORIARQUITECTOS_1-scaled.jpg 1693w, https:\/\/madoriarquitectos.com\/wp-content\/uploads\/2023\/04\/02_ELDENOSOTROSMISMOS_MADORIARQUITECTOS_1-1280x1935.jpg 1280w, https:\/\/madoriarquitectos.com\/wp-content\/uploads\/2023\/04\/02_ELDENOSOTROSMISMOS_MADORIARQUITECTOS_1-980x1482.jpg 980w, https:\/\/madoriarquitectos.com\/wp-content\/uploads\/2023\/04\/02_ELDENOSOTROSMISMOS_MADORIARQUITECTOS_1-480x726.jpg 480w\" sizes=\"(min-width: 0px) and (max-width: 480px) 480px, (min-width: 481px) and (max-width: 980px) 980px, (min-width: 981px) and (max-width: 1280px) 1280px, (min-width: 1281px) 1693px, 100vw\" \/><\/p>\n<p>Proyecto reforma integral en el barrio del Bot\u00e1nic, Valencia.<br \/>\n+ INFO[\/et_pb_text][\/et_pb_column][et_pb_column type=&#8221;1_3&#8243; _builder_version=&#8221;4.20.4&#8243; _module_preset=&#8221;default&#8221; global_colors_info=&#8221;{}&#8221;][et_pb_text admin_label=&#8221;IMG3 + Reforma Integral en calle Jorge Juan, Valencia.&#8221; module_class=&#8221;imagen_hover&#8221; _builder_version=&#8221;4.20.4&#8243; _module_preset=&#8221;default&#8221; custom_margin_tablet=&#8221;||25px||false|false&#8221; custom_margin_phone=&#8221;||25px||false|false&#8221; custom_margin_last_edited=&#8221;on|tablet&#8221; global_colors_info=&#8221;{}&#8221;]<\/p>\n<h2><span style=\"color: #000000;\">EL DEL CLIENTE FRANC\u00c9S<\/span><\/h2>\n<p><img loading=\"lazy\" decoding=\"async\" class=\"aligncenter wp-image-512 size-full\" src=\"https:\/\/madoriarquitectos.com\/wp-content\/uploads\/2023\/04\/03_ELDELCLIENTEFRANCES_MADORIARQUITECTOS_1-scaled.jpg\" alt=\"Proyecto de reforma integral en Jorge Juan, Valencia.\" width=\"1693\" height=\"2560\" srcset=\"https:\/\/madoriarquitectos.com\/wp-content\/uploads\/2023\/04\/03_ELDELCLIENTEFRANCES_MADORIARQUITECTOS_1-scaled.jpg 1693w, https:\/\/madoriarquitectos.com\/wp-content\/uploads\/2023\/04\/03_ELDELCLIENTEFRANCES_MADORIARQUITECTOS_1-1280x1935.jpg 1280w, https:\/\/madoriarquitectos.com\/wp-content\/uploads\/2023\/04\/03_ELDELCLIENTEFRANCES_MADORIARQUITECTOS_1-980x1482.jpg 980w, https:\/\/madoriarquitectos.com\/wp-content\/uploads\/2023\/04\/03_ELDELCLIENTEFRANCES_MADORIARQUITECTOS_1-480x726.jpg 480w\" sizes=\"(min-width: 0px) and (max-width: 480px) 480px, (min-width: 481px) and (max-width: 980px) 980px, (min-width: 981px) and (max-width: 1280px) 1280px, (min-width: 1281px) 1693px, 100vw\" \/><\/p>\n<p>Proyecto de reforma integral en Jorge Juan, Valencia.<br \/>\n+INFO[\/et_pb_text][\/et_pb_column][\/et_pb_row][\/et_pb_section]<\/p>\n","protected":false},"excerpt":{"rendered":"<p>&nbsp; &nbsp; EL DEL JARD\u00cdN DE LEIRE Proyecto de exteriorismo en la Pobla de Vallbona, Valencia. &nbsp; &nbsp;EL DEL JARD\u00cdN DE LEIRE Proyecto de exteriorismo en la Pobla de Vallbona, Valencia.Cliente:Privado &nbsp; Superficie construida:100 m2 &nbsp; Arquitectos:Adri\u00e1n Sifres Ortega y Elena Verdejo \u00c1lvarez &nbsp; Ubicaci\u00f3n:La Pobla de Vallbona, Valencia &nbsp; &nbsp; &nbsp; CREATING A CUSTOMIZED [&hellip;]<\/p>\n","protected":false},"author":2,"featured_media":0,"parent":3530,"menu_order":0,"comment_status":"closed","ping_status":"closed","template":"","meta":{"_et_pb_use_builder":"on","_et_pb_old_content":"","_et_gb_content_width":"","footnotes":""},"class_list":["post-3396","page","type-page","status-publish","hentry"],"yoast_head":"<!-- This site is optimized with the Yoast SEO plugin v27.8 - https:\/\/yoast.com\/product\/yoast-seo-wordpress\/ -->\n<title>EL DEL JARD\u00cdN DE LEIRE<\/title>\n<meta name=\"robots\" content=\"index, follow, max-snippet:-1, max-image-preview:large, max-video-preview:-1\" \/>\n<link rel=\"canonical\" href=\"https:\/\/madoriarquitectos.com\/en\/el-jardin-de-leire\/\" \/>\n<meta property=\"og:locale\" content=\"en_US\" \/>\n<meta property=\"og:type\" content=\"article\" \/>\n<meta property=\"og:title\" content=\"EL DEL JARD\u00cdN DE LEIRE\" \/>\n<meta property=\"og:description\" content=\"&nbsp; &nbsp; EL DEL JARD\u00cdN DE LEIRE Proyecto de exteriorismo en la Pobla de Vallbona, Valencia. &nbsp; &nbsp;EL DEL JARD\u00cdN DE LEIRE Proyecto de exteriorismo en la Pobla de Vallbona, Valencia.Cliente:Privado &nbsp; Superficie construida:100 m2 &nbsp; Arquitectos:Adri\u00e1n Sifres Ortega y Elena Verdejo \u00c1lvarez &nbsp; Ubicaci\u00f3n:La Pobla de Vallbona, Valencia &nbsp; &nbsp; &nbsp; CREATING A CUSTOMIZED [&hellip;]\" \/>\n<meta property=\"og:url\" content=\"https:\/\/madoriarquitectos.com\/en\/el-jardin-de-leire\/\" \/>\n<meta property=\"og:site_name\" content=\"MADORI ARQUITECTOS\" \/>\n<meta property=\"article:modified_time\" content=\"2024-02-12T18:09:42+00:00\" \/>\n<meta property=\"og:image\" content=\"https:\/\/madoriarquitectos.com\/wp-content\/uploads\/2023\/10\/VPBC_02-scaled.webp\" \/>\n<meta name=\"twitter:card\" content=\"summary_large_image\" \/>\n<meta name=\"twitter:label1\" content=\"Est. reading time\" \/>\n\t<meta name=\"twitter:data1\" content=\"10 minutes\" \/>\n<script type=\"application\/ld+json\" class=\"yoast-schema-graph\">{\"@context\":\"https:\\\/\\\/schema.org\",\"@graph\":[{\"@type\":\"WebPage\",\"@id\":\"https:\\\/\\\/madoriarquitectos.com\\\/en\\\/el-jardin-de-leire\\\/\",\"url\":\"https:\\\/\\\/madoriarquitectos.com\\\/en\\\/el-jardin-de-leire\\\/\",\"name\":\"EL DEL JARD\u00cdN DE LEIRE\",\"isPartOf\":{\"@id\":\"https:\\\/\\\/madoriarquitectos.com\\\/#website\"},\"primaryImageOfPage\":{\"@id\":\"https:\\\/\\\/madoriarquitectos.com\\\/en\\\/el-jardin-de-leire\\\/#primaryimage\"},\"image\":{\"@id\":\"https:\\\/\\\/madoriarquitectos.com\\\/en\\\/el-jardin-de-leire\\\/#primaryimage\"},\"thumbnailUrl\":\"https:\\\/\\\/madoriarquitectos.com\\\/wp-content\\\/uploads\\\/2023\\\/10\\\/VPBC_02-scaled.webp\",\"datePublished\":\"2023-10-25T17:25:24+00:00\",\"dateModified\":\"2024-02-12T18:09:42+00:00\",\"breadcrumb\":{\"@id\":\"https:\\\/\\\/madoriarquitectos.com\\\/en\\\/el-jardin-de-leire\\\/#breadcrumb\"},\"inLanguage\":\"en-US\",\"potentialAction\":[{\"@type\":\"ReadAction\",\"target\":[\"https:\\\/\\\/madoriarquitectos.com\\\/en\\\/el-jardin-de-leire\\\/\"]}]},{\"@type\":\"ImageObject\",\"inLanguage\":\"en-US\",\"@id\":\"https:\\\/\\\/madoriarquitectos.com\\\/en\\\/el-jardin-de-leire\\\/#primaryimage\",\"url\":\"https:\\\/\\\/madoriarquitectos.com\\\/wp-content\\\/uploads\\\/2023\\\/10\\\/VPBC_02-scaled.webp\",\"contentUrl\":\"https:\\\/\\\/madoriarquitectos.com\\\/wp-content\\\/uploads\\\/2023\\\/10\\\/VPBC_02-scaled.webp\"},{\"@type\":\"BreadcrumbList\",\"@id\":\"https:\\\/\\\/madoriarquitectos.com\\\/en\\\/el-jardin-de-leire\\\/#breadcrumb\",\"itemListElement\":[{\"@type\":\"ListItem\",\"position\":1,\"name\":\"Home\",\"item\":\"https:\\\/\\\/madoriarquitectos.com\\\/en\\\/inicio\\\/\"},{\"@type\":\"ListItem\",\"position\":2,\"name\":\"EL DEL JARD\u00cdN DE LEIRE\"}]},{\"@type\":\"WebSite\",\"@id\":\"https:\\\/\\\/madoriarquitectos.com\\\/#website\",\"url\":\"https:\\\/\\\/madoriarquitectos.com\\\/\",\"name\":\"Madori Arquitectos\",\"description\":\"Arquitectos Valencia Tavernes de la Valldigna Gandia Oliva J\u00e1vea D\u00e9nia Altea Calpe\",\"publisher\":{\"@id\":\"https:\\\/\\\/madoriarquitectos.com\\\/#organization\"},\"potentialAction\":[{\"@type\":\"SearchAction\",\"target\":{\"@type\":\"EntryPoint\",\"urlTemplate\":\"https:\\\/\\\/madoriarquitectos.com\\\/?s={search_term_string}\"},\"query-input\":{\"@type\":\"PropertyValueSpecification\",\"valueRequired\":true,\"valueName\":\"search_term_string\"}}],\"inLanguage\":\"en-US\"},{\"@type\":\"Organization\",\"@id\":\"https:\\\/\\\/madoriarquitectos.com\\\/#organization\",\"name\":\"Madori Arquitectos\",\"url\":\"https:\\\/\\\/madoriarquitectos.com\\\/\",\"logo\":{\"@type\":\"ImageObject\",\"inLanguage\":\"en-US\",\"@id\":\"https:\\\/\\\/madoriarquitectos.com\\\/#\\\/schema\\\/logo\\\/image\\\/\",\"url\":\"https:\\\/\\\/madoriarquitectos.com\\\/wp-content\\\/uploads\\\/2024\\\/02\\\/logo_am.webp\",\"contentUrl\":\"https:\\\/\\\/madoriarquitectos.com\\\/wp-content\\\/uploads\\\/2024\\\/02\\\/logo_am.webp\",\"width\":10508,\"height\":6391,\"caption\":\"Madori Arquitectos\"},\"image\":{\"@id\":\"https:\\\/\\\/madoriarquitectos.com\\\/#\\\/schema\\\/logo\\\/image\\\/\"},\"sameAs\":[\"https:\\\/\\\/www.instagram.com\\\/madoriarquitectos\\\/\",\"https:\\\/\\\/www.linkedin.com\\\/company\\\/madori-arquitectos-valencia\\\/\"]}]}<\/script>\n<!-- \/ Yoast SEO plugin. -->","yoast_head_json":{"title":"EL DEL JARD\u00cdN DE LEIRE","robots":{"index":"index","follow":"follow","max-snippet":"max-snippet:-1","max-image-preview":"max-image-preview:large","max-video-preview":"max-video-preview:-1"},"canonical":"https:\/\/madoriarquitectos.com\/en\/el-jardin-de-leire\/","og_locale":"en_US","og_type":"article","og_title":"EL DEL JARD\u00cdN DE LEIRE","og_description":"&nbsp; &nbsp; EL DEL JARD\u00cdN DE LEIRE Proyecto de exteriorismo en la Pobla de Vallbona, Valencia. &nbsp; &nbsp;EL DEL JARD\u00cdN DE LEIRE Proyecto de exteriorismo en la Pobla de Vallbona, Valencia.Cliente:Privado &nbsp; Superficie construida:100 m2 &nbsp; Arquitectos:Adri\u00e1n Sifres Ortega y Elena Verdejo \u00c1lvarez &nbsp; Ubicaci\u00f3n:La Pobla de Vallbona, Valencia &nbsp; &nbsp; &nbsp; CREATING A CUSTOMIZED [&hellip;]","og_url":"https:\/\/madoriarquitectos.com\/en\/el-jardin-de-leire\/","og_site_name":"MADORI ARQUITECTOS","article_modified_time":"2024-02-12T18:09:42+00:00","og_image":[{"url":"https:\/\/madoriarquitectos.com\/wp-content\/uploads\/2023\/10\/VPBC_02-scaled.webp","type":"","width":"","height":""}],"twitter_card":"summary_large_image","twitter_misc":{"Est. reading time":"10 minutes"},"schema":{"@context":"https:\/\/schema.org","@graph":[{"@type":"WebPage","@id":"https:\/\/madoriarquitectos.com\/en\/el-jardin-de-leire\/","url":"https:\/\/madoriarquitectos.com\/en\/el-jardin-de-leire\/","name":"EL DEL JARD\u00cdN DE LEIRE","isPartOf":{"@id":"https:\/\/madoriarquitectos.com\/#website"},"primaryImageOfPage":{"@id":"https:\/\/madoriarquitectos.com\/en\/el-jardin-de-leire\/#primaryimage"},"image":{"@id":"https:\/\/madoriarquitectos.com\/en\/el-jardin-de-leire\/#primaryimage"},"thumbnailUrl":"https:\/\/madoriarquitectos.com\/wp-content\/uploads\/2023\/10\/VPBC_02-scaled.webp","datePublished":"2023-10-25T17:25:24+00:00","dateModified":"2024-02-12T18:09:42+00:00","breadcrumb":{"@id":"https:\/\/madoriarquitectos.com\/en\/el-jardin-de-leire\/#breadcrumb"},"inLanguage":"en-US","potentialAction":[{"@type":"ReadAction","target":["https:\/\/madoriarquitectos.com\/en\/el-jardin-de-leire\/"]}]},{"@type":"ImageObject","inLanguage":"en-US","@id":"https:\/\/madoriarquitectos.com\/en\/el-jardin-de-leire\/#primaryimage","url":"https:\/\/madoriarquitectos.com\/wp-content\/uploads\/2023\/10\/VPBC_02-scaled.webp","contentUrl":"https:\/\/madoriarquitectos.com\/wp-content\/uploads\/2023\/10\/VPBC_02-scaled.webp"},{"@type":"BreadcrumbList","@id":"https:\/\/madoriarquitectos.com\/en\/el-jardin-de-leire\/#breadcrumb","itemListElement":[{"@type":"ListItem","position":1,"name":"Home","item":"https:\/\/madoriarquitectos.com\/en\/inicio\/"},{"@type":"ListItem","position":2,"name":"EL DEL JARD\u00cdN DE LEIRE"}]},{"@type":"WebSite","@id":"https:\/\/madoriarquitectos.com\/#website","url":"https:\/\/madoriarquitectos.com\/","name":"Madori Arquitectos","description":"Arquitectos Valencia Tavernes de la Valldigna Gandia Oliva J\u00e1vea D\u00e9nia Altea Calpe","publisher":{"@id":"https:\/\/madoriarquitectos.com\/#organization"},"potentialAction":[{"@type":"SearchAction","target":{"@type":"EntryPoint","urlTemplate":"https:\/\/madoriarquitectos.com\/?s={search_term_string}"},"query-input":{"@type":"PropertyValueSpecification","valueRequired":true,"valueName":"search_term_string"}}],"inLanguage":"en-US"},{"@type":"Organization","@id":"https:\/\/madoriarquitectos.com\/#organization","name":"Madori Arquitectos","url":"https:\/\/madoriarquitectos.com\/","logo":{"@type":"ImageObject","inLanguage":"en-US","@id":"https:\/\/madoriarquitectos.com\/#\/schema\/logo\/image\/","url":"https:\/\/madoriarquitectos.com\/wp-content\/uploads\/2024\/02\/logo_am.webp","contentUrl":"https:\/\/madoriarquitectos.com\/wp-content\/uploads\/2024\/02\/logo_am.webp","width":10508,"height":6391,"caption":"Madori Arquitectos"},"image":{"@id":"https:\/\/madoriarquitectos.com\/#\/schema\/logo\/image\/"},"sameAs":["https:\/\/www.instagram.com\/madoriarquitectos\/","https:\/\/www.linkedin.com\/company\/madori-arquitectos-valencia\/"]}]}},"_links":{"self":[{"href":"https:\/\/madoriarquitectos.com\/en\/wp-json\/wp\/v2\/pages\/3396","targetHints":{"allow":["GET"]}}],"collection":[{"href":"https:\/\/madoriarquitectos.com\/en\/wp-json\/wp\/v2\/pages"}],"about":[{"href":"https:\/\/madoriarquitectos.com\/en\/wp-json\/wp\/v2\/types\/page"}],"author":[{"embeddable":true,"href":"https:\/\/madoriarquitectos.com\/en\/wp-json\/wp\/v2\/users\/2"}],"replies":[{"embeddable":true,"href":"https:\/\/madoriarquitectos.com\/en\/wp-json\/wp\/v2\/comments?post=3396"}],"version-history":[{"count":7,"href":"https:\/\/madoriarquitectos.com\/en\/wp-json\/wp\/v2\/pages\/3396\/revisions"}],"predecessor-version":[{"id":3415,"href":"https:\/\/madoriarquitectos.com\/en\/wp-json\/wp\/v2\/pages\/3396\/revisions\/3415"}],"up":[{"embeddable":true,"href":"https:\/\/madoriarquitectos.com\/en\/wp-json\/wp\/v2\/pages\/3530"}],"wp:attachment":[{"href":"https:\/\/madoriarquitectos.com\/en\/wp-json\/wp\/v2\/media?parent=3396"}],"curies":[{"name":"wp","href":"https:\/\/api.w.org\/{rel}","templated":true}]}}