{"id":2352,"date":"2023-05-04T12:40:02","date_gmt":"2023-05-04T12:40:02","guid":{"rendered":"https:\/\/madoriarquitectos.com\/aviso-legal\/"},"modified":"2023-09-20T15:17:12","modified_gmt":"2023-09-20T15:17:12","slug":"aviso-legal","status":"publish","type":"page","link":"https:\/\/madoriarquitectos.com\/en\/aviso-legal\/","title":{"rendered":"Aviso Legal"},"content":{"rendered":"<p>[et_pb_section fb_built=&#8221;1&#8243; custom_padding_last_edited=&#8221;on|tablet&#8221; _builder_version=&#8221;4.20.4&#8243; _module_preset=&#8221;default&#8221; custom_padding=&#8221;||125px||false|false&#8221; custom_padding_tablet=&#8221;||54px||false|false&#8221; custom_padding_phone=&#8221;||54px||false|false&#8221; global_colors_info=&#8221;{}&#8221;][et_pb_row _builder_version=&#8221;4.20.4&#8243; _module_preset=&#8221;default&#8221; global_colors_info=&#8221;{}&#8221;][et_pb_column type=&#8221;4_4&#8243; _builder_version=&#8221;4.20.4&#8243; _module_preset=&#8221;default&#8221; global_colors_info=&#8221;{}&#8221;][et_pb_text admin_label=&#8221;Aviso Legal&#8221; _builder_version=&#8221;4.20.4&#8243; _module_preset=&#8221;default&#8221; hover_enabled=&#8221;0&#8243; global_colors_info=&#8221;{}&#8221; sticky_enabled=&#8221;0&#8243;]<\/p>\n<h2 style=\"text-align: center;\"><strong><u>AVISO LEGAL.<\/u><\/strong><\/h2>\n<p>&nbsp;<\/p>\n<p style=\"text-align: justify;\">En cumplimiento de lo establecido en la normativa vigente en materia de protecci\u00f3n de datos personales y de servicios de la sociedad de la informaci\u00f3n, se informa al usuario que la titularidad del sitio web madoriarquitectos.com (en adelante, el Sitio Web) corresponde a ELENA VERDEJO ALVAREZ, con NIF 53605862S, con domicilio en C\/FRANCISCO DE QUEVEDO 6, y correo electr\u00f3nico de contacto info@madoriarquitectos.com.<\/p>\n<p>&nbsp;<\/p>\n<p style=\"text-align: justify;\">\n<p style=\"text-align: justify;\"><strong>1.- OBJETO<\/strong><\/p>\n<p>&nbsp;<\/p>\n<p>&nbsp;<\/p>\n<p style=\"text-align: justify;\">El presente Aviso Legal establece las condiciones de uso del Sitio Web que el usuario debe seguir para acceder a los servicios y contenidos ofrecidos por Madori Arquitectos.<\/p>\n<p>&nbsp;<\/p>\n<p>&nbsp;<\/p>\n<p style=\"text-align: justify;\"><strong>2.- CONDICIONES DE USO<\/strong><\/p>\n<p>&nbsp;<\/p>\n<p style=\"text-align: justify;\">\n<p style=\"text-align: justify;\">El usuario se compromete a utilizar el Sitio Web de acuerdo con la normativa vigente y de buena fe, y a no realizar actividades que puedan da\u00f1ar, inutilizar, sobrecargar o deteriorar el Sitio Web o los servicios y contenidos ofrecidos en el mismo, o que impidan su normal utilizaci\u00f3n por parte de otros usuarios.<\/p>\n<p>&nbsp;<\/p>\n<p style=\"text-align: justify;\">\n<p style=\"text-align: justify;\">El usuario se compromete a no utilizar el Sitio Web para la realizaci\u00f3n de actividades il\u00edcitas o contrarias a la buena fe y al orden p\u00fablico, y a respetar los derechos de propiedad intelectual e industrial de Madori Arquitectos y de terceros.<\/p>\n<p>&nbsp;<\/p>\n<p style=\"text-align: justify;\">\n<p style=\"text-align: justify;\">Madori Arquitectos se reserva el derecho de denegar el acceso al Sitio Web a aquellos usuarios que incumplan estas condiciones de uso.<\/p>\n<p>&nbsp;<\/p>\n<p style=\"text-align: justify;\">\n<p style=\"text-align: justify;\"><strong>3.- PROPIEDAD INTELECTUAL E INDUSTRIAL<\/strong><\/p>\n<p>&nbsp;<\/p>\n<p style=\"text-align: justify;\">\n<p style=\"text-align: justify;\">Los contenidos y servicios ofrecidos en el Sitio Web, incluyendo, sin car\u00e1cter limitativo, los textos, fotograf\u00edas, gr\u00e1ficos, im\u00e1genes, iconos, tecnolog\u00eda, software, links y dem\u00e1s contenidos audiovisuales o sonoros, as\u00ed como su dise\u00f1o gr\u00e1fico y c\u00f3digos fuente (en adelante, los Contenidos), son propiedad de Madori Arquitectos o de terceros, sin que puedan entenderse cedidos al usuario, en virtud de lo dispuesto en este Aviso Legal, ning\u00fan derecho de explotaci\u00f3n sobre los mismos m\u00e1s all\u00e1 de lo estrictamente necesario para el correcto uso del Sitio Web.<\/p>\n<p>&nbsp;<\/p>\n<p style=\"text-align: justify;\">\n<p style=\"text-align: justify;\">Las marcas, nombres comerciales o signos distintivos que aparecen en el Sitio Web son propiedad de Madori Arquitectos o de terceros, sin que pueda entenderse que el acceso al Sitio Web atribuya ning\u00fan derecho sobre los mismos.<\/p>\n<p>&nbsp;<\/p>\n<p style=\"text-align: justify;\">\n<p style=\"text-align: justify;\"><strong>4.- EXCLUSI\u00d3N DE RESPONSABILIDAD<\/strong><\/p>\n<p>&nbsp;<\/p>\n<p style=\"text-align: justify;\">\n<p style=\"text-align: justify;\">Madori Arquitectos no se hace responsable de los da\u00f1os y perjuicios que puedan derivarse del uso del Sitio Web, incluyendo, sin car\u00e1cter limitativo, los producidos en sistemas inform\u00e1ticos o los causados por virus, gusanos, troyanos o cualquier otro elemento da\u00f1ino.<\/p>\n<p>&nbsp;<\/p>\n<p>&nbsp;<\/p>\n<p style=\"text-align: justify;\">Madori Arquitectos no garantiza la disponibilidad y continuidad del funcionamiento del Sitio Web, ni la utilidad del mismo para la realizaci\u00f3n de ninguna actividad en particular, ni su infalibilidad, y puede interrumpir en cualquier momento y sin previo aviso el acceso al Sitio Web por motivos de mantenimiento, reparaci\u00f3n, actualizaci\u00f3n o mejora.<\/p>\n<p>&nbsp;<\/p>\n<p style=\"text-align: justify;\">\n<p style=\"text-align: justify;\">El usuario es el \u00fanico responsable del uso que realice del Sitio Web y de sus Contenidos.<\/p>\n<p>&nbsp;<\/p>\n<p style=\"text-align: justify;\">\n<p style=\"text-align: justify;\"><strong>5.- POL\u00cdTICA DE PRIVACIDAD<\/strong><\/p>\n<p>&nbsp;<\/p>\n<p style=\"text-align: justify;\">\n<p style=\"text-align: justify;\">En cumplimiento de la normativa vigente en materia de protecci\u00f3n de datos personales, se informa al usuario que los datos personales que se recogen a trav\u00e9s del Sitio Web ser\u00e1n tratados de manera confidencial y quedar\u00e1n incorporados en un fichero automatizado titularidad de ELENA VERDEJO ALVAREZ, con NIF ELENA VERDEJO ALVAREZ, con domicilio en C\/FRANCISCO DE QUEVEDO 6, y correo electr\u00f3nico de contacto info@madoriarquitectos.com, quien act\u00faa como responsable del fichero (en adelante, el Responsable del Fichero).<\/p>\n<p>&nbsp;<\/p>\n<p style=\"text-align: justify;\">\n<p style=\"text-align: justify;\">La finalidad del tratamiento de los datos personales es la gesti\u00f3n, mantenimiento y control de la relaci\u00f3n comercial con el usuario, as\u00ed como el env\u00edo de comunicaciones comerciales y publicitarias sobre productos y servicios que puedan ser de su inter\u00e9s.<\/p>\n<p>&nbsp;<\/p>\n<p style=\"text-align: justify;\">\n<p style=\"text-align: justify;\">El usuario que facilite datos personales a trav\u00e9s del Sitio Web consiente de manera expresa el tratamiento de los mismos por parte del Responsable del Fichero, para las finalidades descritas anteriormente.<\/p>\n<p>&nbsp;<\/p>\n<p style=\"text-align: justify;\">\n<p style=\"text-align: justify;\">El usuario podr\u00e1 ejercer en todo momento los derechos de acceso, rectificaci\u00f3n, cancelaci\u00f3n y oposici\u00f3n sobre sus datos personales, dirigiendo una comunicaci\u00f3n escrita a la direcci\u00f3n C\/FRANCISCO DE QUEVEDO 6, o al correo electr\u00f3nico info@madoriarquitectos.com, acompa\u00f1ando en ambos casos una copia de su documento nacional de identidad o documento equivalente.<\/p>\n<p>&nbsp;<\/p>\n<p style=\"text-align: justify;\">\n<p style=\"text-align: justify;\">El Responsable del Fichero ha adoptado las medidas de seguridad t\u00e9cnicas y organizativas necesarias para garantizar la seguridad e integridad de los datos personales que trata, as\u00ed como para evitar su alteraci\u00f3n, p\u00e9rdida, tratamiento o acceso no autorizado.<\/p>\n<p>&nbsp;<\/p>\n<p style=\"text-align: justify;\">\n<p style=\"text-align: justify;\">El usuario que facilite datos personales a trav\u00e9s del Sitio Web garantiza que los mismos son veraces, exactos, completos y actualizados, y ser\u00e1 responsable de cualquier da\u00f1o o perjuicio, directo o indirecto, que pudiera derivarse de la infracci\u00f3n de esta obligaci\u00f3n.<\/p>\n<p>&nbsp;<\/p>\n<p style=\"text-align: justify;\">\n<p style=\"text-align: justify;\"><strong>6.- COOKIES<\/strong><\/p>\n<p>&nbsp;<\/p>\n<p style=\"text-align: justify;\">\n<p style=\"text-align: justify;\">El Sitio Web utiliza cookies para facilitar la navegaci\u00f3n del usuario y mejorar la experiencia de uso del mismo. El usuario puede configurar su navegador para rechazar la instalaci\u00f3n de cookies, sin que ello perjudique la posibilidad del usuario de acceder a los contenidos del Sitio Web.<\/p>\n<p>&nbsp;<\/p>\n<p style=\"text-align: justify;\">\n<p style=\"text-align: justify;\"><strong>7.- MODIFICACIONES DEL AVISO LEGAL Y DE LA POL\u00cdTICA DE PRIVACIDAD<\/strong><\/p>\n<p>&nbsp;<\/p>\n<p style=\"text-align: justify;\">\n<p style=\"text-align: justify;\">El Responsable del Fichero se reserva el derecho a modificar en cualquier momento y sin necesidad de previo aviso el contenido del presente Aviso Legal y de la Pol\u00edtica de Privacidad, y a actualizar los contenidos y servicios ofrecidos en el Sitio Web, as\u00ed como a eliminarlos, limitarlos o suspenderlos temporal o definitivamente. El usuario deber\u00e1 leer atentamente el presente Aviso Legal y la Pol\u00edtica de Privacidad cada vez que acceda al Sitio Web, ya que estos pueden sufrir modificaciones.<\/p>\n<p>[\/et_pb_text][\/et_pb_column][\/et_pb_row][\/et_pb_section]<\/p>\n","protected":false},"excerpt":{"rendered":"<p>AVISO LEGAL. &nbsp; En cumplimiento de lo establecido en la normativa vigente en materia de protecci\u00f3n de datos personales y de servicios de la sociedad de la informaci\u00f3n, se informa al usuario que la titularidad del sitio web madoriarquitectos.com (en adelante, el Sitio Web) corresponde a ELENA VERDEJO ALVAREZ, con NIF 53605862S, con domicilio en [&hellip;]<\/p>\n","protected":false},"author":1,"featured_media":0,"parent":0,"menu_order":0,"comment_status":"closed","ping_status":"closed","template":"","meta":{"_et_pb_use_builder":"on","_et_pb_old_content":"","_et_gb_content_width":"","footnotes":""},"class_list":["post-2352","page","type-page","status-publish","hentry"],"yoast_head":"<!-- This site is optimized with the Yoast SEO plugin v27.8 - https:\/\/yoast.com\/product\/yoast-seo-wordpress\/ -->\n<title>Aviso Legal<\/title>\n<meta name=\"robots\" content=\"index, follow, max-snippet:-1, max-image-preview:large, max-video-preview:-1\" \/>\n<link rel=\"canonical\" href=\"https:\/\/madoriarquitectos.com\/en\/aviso-legal\/\" \/>\n<meta property=\"og:locale\" content=\"en_US\" \/>\n<meta property=\"og:type\" content=\"article\" \/>\n<meta property=\"og:title\" content=\"Aviso Legal\" \/>\n<meta property=\"og:description\" content=\"AVISO LEGAL. &nbsp; En cumplimiento de lo establecido en la normativa vigente en materia de protecci\u00f3n de datos personales y de servicios de la sociedad de la informaci\u00f3n, se informa al usuario que la titularidad del sitio web madoriarquitectos.com (en adelante, el Sitio Web) corresponde a ELENA VERDEJO ALVAREZ, con NIF 53605862S, con domicilio en [&hellip;]\" \/>\n<meta property=\"og:url\" content=\"https:\/\/madoriarquitectos.com\/en\/aviso-legal\/\" \/>\n<meta property=\"og:site_name\" content=\"MADORI ARQUITECTOS\" \/>\n<meta property=\"article:modified_time\" content=\"2023-09-20T15:17:12+00:00\" \/>\n<meta name=\"twitter:card\" content=\"summary_large_image\" \/>\n<meta name=\"twitter:label1\" content=\"Est. reading time\" \/>\n\t<meta name=\"twitter:data1\" content=\"5 minutes\" \/>\n<script type=\"application\/ld+json\" class=\"yoast-schema-graph\">{\"@context\":\"https:\\\/\\\/schema.org\",\"@graph\":[{\"@type\":\"WebPage\",\"@id\":\"https:\\\/\\\/madoriarquitectos.com\\\/en\\\/aviso-legal\\\/\",\"url\":\"https:\\\/\\\/madoriarquitectos.com\\\/en\\\/aviso-legal\\\/\",\"name\":\"Aviso Legal\",\"isPartOf\":{\"@id\":\"https:\\\/\\\/madoriarquitectos.com\\\/#website\"},\"datePublished\":\"2023-05-04T12:40:02+00:00\",\"dateModified\":\"2023-09-20T15:17:12+00:00\",\"breadcrumb\":{\"@id\":\"https:\\\/\\\/madoriarquitectos.com\\\/en\\\/aviso-legal\\\/#breadcrumb\"},\"inLanguage\":\"en-US\",\"potentialAction\":[{\"@type\":\"ReadAction\",\"target\":[\"https:\\\/\\\/madoriarquitectos.com\\\/en\\\/aviso-legal\\\/\"]}]},{\"@type\":\"BreadcrumbList\",\"@id\":\"https:\\\/\\\/madoriarquitectos.com\\\/en\\\/aviso-legal\\\/#breadcrumb\",\"itemListElement\":[{\"@type\":\"ListItem\",\"position\":1,\"name\":\"Home\",\"item\":\"https:\\\/\\\/madoriarquitectos.com\\\/en\\\/inicio\\\/\"},{\"@type\":\"ListItem\",\"position\":2,\"name\":\"Aviso Legal\"}]},{\"@type\":\"WebSite\",\"@id\":\"https:\\\/\\\/madoriarquitectos.com\\\/#website\",\"url\":\"https:\\\/\\\/madoriarquitectos.com\\\/\",\"name\":\"Madori Arquitectos\",\"description\":\"Arquitectos Valencia Tavernes de la Valldigna Gandia Oliva J\u00e1vea D\u00e9nia Altea Calpe\",\"publisher\":{\"@id\":\"https:\\\/\\\/madoriarquitectos.com\\\/#organization\"},\"potentialAction\":[{\"@type\":\"SearchAction\",\"target\":{\"@type\":\"EntryPoint\",\"urlTemplate\":\"https:\\\/\\\/madoriarquitectos.com\\\/?s={search_term_string}\"},\"query-input\":{\"@type\":\"PropertyValueSpecification\",\"valueRequired\":true,\"valueName\":\"search_term_string\"}}],\"inLanguage\":\"en-US\"},{\"@type\":\"Organization\",\"@id\":\"https:\\\/\\\/madoriarquitectos.com\\\/#organization\",\"name\":\"Madori Arquitectos\",\"url\":\"https:\\\/\\\/madoriarquitectos.com\\\/\",\"logo\":{\"@type\":\"ImageObject\",\"inLanguage\":\"en-US\",\"@id\":\"https:\\\/\\\/madoriarquitectos.com\\\/#\\\/schema\\\/logo\\\/image\\\/\",\"url\":\"https:\\\/\\\/madoriarquitectos.com\\\/wp-content\\\/uploads\\\/2024\\\/02\\\/logo_am.webp\",\"contentUrl\":\"https:\\\/\\\/madoriarquitectos.com\\\/wp-content\\\/uploads\\\/2024\\\/02\\\/logo_am.webp\",\"width\":10508,\"height\":6391,\"caption\":\"Madori Arquitectos\"},\"image\":{\"@id\":\"https:\\\/\\\/madoriarquitectos.com\\\/#\\\/schema\\\/logo\\\/image\\\/\"},\"sameAs\":[\"https:\\\/\\\/www.instagram.com\\\/madoriarquitectos\\\/\",\"https:\\\/\\\/www.linkedin.com\\\/company\\\/madori-arquitectos-valencia\\\/\"]}]}<\/script>\n<!-- \/ Yoast SEO plugin. -->","yoast_head_json":{"title":"Aviso Legal","robots":{"index":"index","follow":"follow","max-snippet":"max-snippet:-1","max-image-preview":"max-image-preview:large","max-video-preview":"max-video-preview:-1"},"canonical":"https:\/\/madoriarquitectos.com\/en\/aviso-legal\/","og_locale":"en_US","og_type":"article","og_title":"Aviso Legal","og_description":"AVISO LEGAL. &nbsp; En cumplimiento de lo establecido en la normativa vigente en materia de protecci\u00f3n de datos personales y de servicios de la sociedad de la informaci\u00f3n, se informa al usuario que la titularidad del sitio web madoriarquitectos.com (en adelante, el Sitio Web) corresponde a ELENA VERDEJO ALVAREZ, con NIF 53605862S, con domicilio en [&hellip;]","og_url":"https:\/\/madoriarquitectos.com\/en\/aviso-legal\/","og_site_name":"MADORI ARQUITECTOS","article_modified_time":"2023-09-20T15:17:12+00:00","twitter_card":"summary_large_image","twitter_misc":{"Est. reading time":"5 minutes"},"schema":{"@context":"https:\/\/schema.org","@graph":[{"@type":"WebPage","@id":"https:\/\/madoriarquitectos.com\/en\/aviso-legal\/","url":"https:\/\/madoriarquitectos.com\/en\/aviso-legal\/","name":"Aviso Legal","isPartOf":{"@id":"https:\/\/madoriarquitectos.com\/#website"},"datePublished":"2023-05-04T12:40:02+00:00","dateModified":"2023-09-20T15:17:12+00:00","breadcrumb":{"@id":"https:\/\/madoriarquitectos.com\/en\/aviso-legal\/#breadcrumb"},"inLanguage":"en-US","potentialAction":[{"@type":"ReadAction","target":["https:\/\/madoriarquitectos.com\/en\/aviso-legal\/"]}]},{"@type":"BreadcrumbList","@id":"https:\/\/madoriarquitectos.com\/en\/aviso-legal\/#breadcrumb","itemListElement":[{"@type":"ListItem","position":1,"name":"Home","item":"https:\/\/madoriarquitectos.com\/en\/inicio\/"},{"@type":"ListItem","position":2,"name":"Aviso Legal"}]},{"@type":"WebSite","@id":"https:\/\/madoriarquitectos.com\/#website","url":"https:\/\/madoriarquitectos.com\/","name":"Madori Arquitectos","description":"Arquitectos Valencia Tavernes de la Valldigna Gandia Oliva J\u00e1vea D\u00e9nia Altea Calpe","publisher":{"@id":"https:\/\/madoriarquitectos.com\/#organization"},"potentialAction":[{"@type":"SearchAction","target":{"@type":"EntryPoint","urlTemplate":"https:\/\/madoriarquitectos.com\/?s={search_term_string}"},"query-input":{"@type":"PropertyValueSpecification","valueRequired":true,"valueName":"search_term_string"}}],"inLanguage":"en-US"},{"@type":"Organization","@id":"https:\/\/madoriarquitectos.com\/#organization","name":"Madori Arquitectos","url":"https:\/\/madoriarquitectos.com\/","logo":{"@type":"ImageObject","inLanguage":"en-US","@id":"https:\/\/madoriarquitectos.com\/#\/schema\/logo\/image\/","url":"https:\/\/madoriarquitectos.com\/wp-content\/uploads\/2024\/02\/logo_am.webp","contentUrl":"https:\/\/madoriarquitectos.com\/wp-content\/uploads\/2024\/02\/logo_am.webp","width":10508,"height":6391,"caption":"Madori Arquitectos"},"image":{"@id":"https:\/\/madoriarquitectos.com\/#\/schema\/logo\/image\/"},"sameAs":["https:\/\/www.instagram.com\/madoriarquitectos\/","https:\/\/www.linkedin.com\/company\/madori-arquitectos-valencia\/"]}]}},"_links":{"self":[{"href":"https:\/\/madoriarquitectos.com\/en\/wp-json\/wp\/v2\/pages\/2352","targetHints":{"allow":["GET"]}}],"collection":[{"href":"https:\/\/madoriarquitectos.com\/en\/wp-json\/wp\/v2\/pages"}],"about":[{"href":"https:\/\/madoriarquitectos.com\/en\/wp-json\/wp\/v2\/types\/page"}],"author":[{"embeddable":true,"href":"https:\/\/madoriarquitectos.com\/en\/wp-json\/wp\/v2\/users\/1"}],"replies":[{"embeddable":true,"href":"https:\/\/madoriarquitectos.com\/en\/wp-json\/wp\/v2\/comments?post=2352"}],"version-history":[{"count":1,"href":"https:\/\/madoriarquitectos.com\/en\/wp-json\/wp\/v2\/pages\/2352\/revisions"}],"predecessor-version":[{"id":2354,"href":"https:\/\/madoriarquitectos.com\/en\/wp-json\/wp\/v2\/pages\/2352\/revisions\/2354"}],"wp:attachment":[{"href":"https:\/\/madoriarquitectos.com\/en\/wp-json\/wp\/v2\/media?parent=2352"}],"curies":[{"name":"wp","href":"https:\/\/api.w.org\/{rel}","templated":true}]}}