{"id":2344,"date":"2023-05-04T13:14:52","date_gmt":"2023-05-04T13:14:52","guid":{"rendered":"https:\/\/madoriarquitectos.com\/politica-de-privacidad\/"},"modified":"2023-09-20T15:14:33","modified_gmt":"2023-09-20T15:14:33","slug":"politica-de-privacidad","status":"publish","type":"page","link":"https:\/\/madoriarquitectos.com\/en\/politica-de-privacidad\/","title":{"rendered":"Pol\u00edtica de privacidad"},"content":{"rendered":"<p>[et_pb_section fb_built=&#8221;1&#8243; custom_padding_last_edited=&#8221;on|tablet&#8221; _builder_version=&#8221;4.20.4&#8243; _module_preset=&#8221;default&#8221; custom_padding=&#8221;||100px||false|false&#8221; custom_padding_tablet=&#8221;||54px||false|false&#8221; custom_padding_phone=&#8221;||54px||false|false&#8221; global_colors_info=&#8221;{}&#8221;][et_pb_row _builder_version=&#8221;4.20.4&#8243; _module_preset=&#8221;default&#8221; global_colors_info=&#8221;{}&#8221;][et_pb_column type=&#8221;4_4&#8243; _builder_version=&#8221;4.20.4&#8243; _module_preset=&#8221;default&#8221; global_colors_info=&#8221;{}&#8221;][et_pb_text admin_label=&#8221;Pol\u00edtica de privacidad&#8221; _builder_version=&#8221;4.20.4&#8243; _module_preset=&#8221;default&#8221; hover_enabled=&#8221;0&#8243; global_colors_info=&#8221;{}&#8221; sticky_enabled=&#8221;0&#8243;]<\/p>\n<h2 style=\"text-align: center;\"><strong><u>POL\u00cdTICA DE PRIVACIDAD DE MADORI ARQUITECTOS<\/u><\/strong><\/h2>\n<p style=\"text-align: justify;\"><strong>\u00a0<\/strong><\/p>\n<ol style=\"text-align: justify;\">\n<li><strong>INTRODUCCI\u00d3N<\/strong><\/li>\n<\/ol>\n<p>&nbsp;<\/p>\n<p style=\"text-align: justify;\">En Madori Arquitectos, nos comprometemos a proteger la privacidad y los datos personales de nuestros usuarios, respetando en todo momento la normativa espa\u00f1ola de protecci\u00f3n de datos personales y la normativa europea de protecci\u00f3n de datos personales, la LOPDD (Ley Org\u00e1nica de Protecci\u00f3n de Datos y garant\u00eda de los derechos digitales) y el RGPD (Reglamento General de Protecci\u00f3n de Datos).<\/p>\n<p>&nbsp;<\/p>\n<p style=\"text-align: justify;\">En esta Pol\u00edtica de privacidad, explicamos c\u00f3mo recopilamos, utilizamos y protegemos la informaci\u00f3n personal de los usuarios que visitan nuestra p\u00e1gina web, <u><a href=\"http:\/\/www.madoriarquitectos.com\/\">www.madoriarquitectos.com<\/a><\/u>.<\/p>\n<p>&nbsp;<\/p>\n<ol style=\"text-align: justify;\" start=\"2\">\n<li><strong>RESPONSABLE DEL TRATAMIENTO<\/strong><\/li>\n<\/ol>\n<p>&nbsp;<\/p>\n<p style=\"text-align: justify;\">El responsable del tratamiento de los datos personales recogidos a trav\u00e9s de la p\u00e1gina web <u><a href=\"http:\/\/www.madoriarquitectos.com\/\">www.madoriarquitectos.com<\/a><\/u> es Madori Arquitectos, con domicilio en C\/FRANCISCO DE QUEVEDO 6 y correo electr\u00f3nico de contacto info@madoriarquitectos.com. En adelante, el &#8220;Responsable del tratamiento&#8221;.<\/p>\n<p>&nbsp;<\/p>\n<ol style=\"text-align: justify;\" start=\"3\">\n<li><strong>INFORMACI\u00d3N RECOPILADA Y FINALIDAD DEL TRATAMIENTO<\/strong><\/li>\n<\/ol>\n<p>&nbsp;<\/p>\n<p style=\"text-align: justify;\">En Madori Arquitectos, podemos recopilar los siguientes datos personales de los usuarios que visitan nuestra p\u00e1gina web:<\/p>\n<p>&nbsp;<\/p>\n<ul style=\"text-align: justify;\">\n<li>Nombre y apellidos: ELENA VERDEJO ALVAREZ<\/li>\n<li>Direcci\u00f3n de correo electr\u00f3nico: C\/FRANCISCO DE QUEVEDO 6<\/li>\n<li>Tel\u00e9fono<\/li>\n<li>Direcci\u00f3n postal: 46190<\/li>\n<li>Informaci\u00f3n de la empresa<\/li>\n<li>Informaci\u00f3n de la consulta o solicitud realizada<\/li>\n<\/ul>\n<p>&nbsp;<\/p>\n<p style=\"text-align: justify;\">Estos datos personales son recopilados a trav\u00e9s de los formularios de contacto o de solicitud de informaci\u00f3n que se encuentran en nuestra p\u00e1gina web, o a trav\u00e9s de los correos electr\u00f3nicos que los usuarios puedan enviarnos.<\/p>\n<p>&nbsp;<\/p>\n<p style=\"text-align: justify;\">La finalidad del tratamiento de estos datos personales es la de gestionar las consultas y solicitudes realizadas por los usuarios, dar respuesta a las mismas, as\u00ed como mantener a los usuarios informados de nuestros servicios y actividades. Asimismo, podremos utilizar los datos personales para mejorar la experiencia de navegaci\u00f3n en nuestra p\u00e1gina web.<\/p>\n<p>&nbsp;<\/p>\n<ol style=\"text-align: justify;\" start=\"4\">\n<li><strong>BASE JUR\u00cdDICA DEL TRATAMIENTO<\/strong><\/li>\n<\/ol>\n<p>&nbsp;<\/p>\n<p style=\"text-align: justify;\">La base jur\u00eddica para el tratamiento de los datos personales recogidos a trav\u00e9s de nuestra p\u00e1gina web es el consentimiento del usuario, el cual se solicitar\u00e1 a trav\u00e9s de un consentimiento expreso y voluntario.<\/p>\n<p>&nbsp;<\/p>\n<ol style=\"text-align: justify;\" start=\"5\">\n<li><strong>COMUNICACI\u00d3N DE DATOS A TERCEROS<\/strong><\/li>\n<\/ol>\n<p>&nbsp;<\/p>\n<p style=\"text-align: justify;\">En Madori Arquitectos, no compartimos datos personales con terceros sin el consentimiento previo de los usuarios. No obstante, podremos comunicar los datos personales a terceros en los siguientes casos:<\/p>\n<p>&nbsp;<\/p>\n<ul style=\"text-align: justify;\">\n<li>Cuando sea necesario para cumplir con una obligaci\u00f3n legal.<\/li>\n<li>Cuando sea necesario para proteger los intereses leg\u00edtimos de Madori Arquitectos o de terceros.<\/li>\n<li>Cuando sea necesario para prestar los servicios solicitados por el usuario, como por ejemplo a proveedores de servicios externos que presten servicios en nuestro nombre.<\/li>\n<li>Cuando el usuario haya dado su consentimiento expreso para la comunicaci\u00f3n de sus datos personales a terceros.<\/li>\n<\/ul>\n<p>&nbsp;<\/p>\n<ol style=\"text-align: justify;\" start=\"6\">\n<li><strong>DERECHOS DE LOS USUARIOS<\/strong><\/li>\n<\/ol>\n<p>&nbsp;<\/p>\n<p style=\"text-align: justify;\">Los usuarios tienen derecho a ejercer los siguientes derechos en relaci\u00f3n a sus datos personales:<\/p>\n<p>&nbsp;<\/p>\n<p style=\"text-align: justify;\">1.-Derecho de acceso: los usuarios tienen derecho a obtener informaci\u00f3n sobre los datos personales que Madori Arquitectos tiene almacenados sobre ellos.<\/p>\n<p>&nbsp;<\/p>\n<p style=\"text-align: justify;\">2.-Derecho de rectificaci\u00f3n: los usuarios tienen derecho a solicitar la correcci\u00f3n de los datos personales inexactos o incompletos que Madori Arquitectos tenga almacenados sobre ellos.<\/p>\n<p>&nbsp;<\/p>\n<p style=\"text-align: justify;\">3.-Derecho de supresi\u00f3n: los usuarios tienen derecho a solicitar la eliminaci\u00f3n de sus datos personales cuando ya no sean necesarios para los fines para los que se recopilaron, cuando se retire el consentimiento del usuario, cuando se hayan tratado de manera il\u00edcita o cuando exista una obligaci\u00f3n legal de eliminarlos.<\/p>\n<p>&nbsp;<\/p>\n<p style=\"text-align: justify;\">4.-Derecho de oposici\u00f3n: los usuarios tienen derecho a oponerse al tratamiento de sus datos personales cuando se basen en intereses leg\u00edtimos de Madori Arquitectos o de terceros, incluyendo la elaboraci\u00f3n de perfiles.<\/p>\n<p>&nbsp;<\/p>\n<p style=\"text-align: justify;\">5.-Derecho a la limitaci\u00f3n del tratamiento: los usuarios tienen derecho a solicitar la limitaci\u00f3n del tratamiento de sus datos personales en determinadas circunstancias, como cuando se haya impugnado la exactitud de los datos personales o cuando el tratamiento sea il\u00edcito.<\/p>\n<p>&nbsp;<\/p>\n<p style=\"text-align: justify;\">6.-Derecho a la portabilidad de los datos: los usuarios tienen derecho a recibir los datos personales que hayan facilitado a Madori Arquitectos en un formato estructurado, de uso com\u00fan y lectura mec\u00e1nica, y a transmitirlos a otro responsable del tratamiento cuando sea t\u00e9cnicamente posible.<\/p>\n<p>&nbsp;<\/p>\n<p style=\"text-align: justify;\">Los usuarios pueden ejercer sus derechos mediante una solicitud escrita enviada al correo electr\u00f3nico info@madoriarquitectos.com, junto con una copia de su documento de identidad.<\/p>\n<p>&nbsp;<\/p>\n<ol style=\"text-align: justify;\" start=\"7\">\n<li><strong>MEDIDAS DE SEGURIDAD<\/strong><\/li>\n<\/ol>\n<p>&nbsp;<\/p>\n<p style=\"text-align: justify;\">En Madori Arquitectos, adoptamos las medidas de seguridad necesarias para garantizar la protecci\u00f3n de los datos personales de los usuarios frente a accesos no autorizados, modificaciones, divulgaci\u00f3n o destrucci\u00f3n de los mismos. Asimismo, revisamos y actualizamos nuestras medidas de seguridad de forma regular para asegurar su efectividad.<\/p>\n<p>&nbsp;<\/p>\n<ol style=\"text-align: justify;\" start=\"8\">\n<li><strong>CONSERVACI\u00d3N DE LOS DATOS<\/strong><\/li>\n<\/ol>\n<p>&nbsp;<\/p>\n<p style=\"text-align: justify;\">En Madori Arquitectos, conservamos los datos personales de los usuarios durante el tiempo necesario para cumplir con la finalidad para la que fueron recopilados, a menos que exista una obligaci\u00f3n legal de conservarlos por m\u00e1s tiempo.<\/p>\n<p>&nbsp;<\/p>\n<ol style=\"text-align: justify;\" start=\"9\">\n<li><strong>MODIFICACIONES DE LA POL\u00cdTICA DE PRIVACIDAD<\/strong><\/li>\n<\/ol>\n<p>&nbsp;<\/p>\n<p style=\"text-align: justify;\">Madori Arquitectos se reserva el derecho de modificar en cualquier momento esta Pol\u00edtica de privacidad para adaptarla a novedades legislativas o jurisprudenciales, as\u00ed como a pr\u00e1cticas del mercado. En caso de cambios significativos en la Pol\u00edtica de privacidad, se notificar\u00e1 a los usuarios a trav\u00e9s de la p\u00e1gina web.<\/p>\n<p>&nbsp;<\/p>\n<ol style=\"text-align: justify;\" start=\"10\">\n<li><strong>CONTACTO<\/strong><\/li>\n<\/ol>\n<p>&nbsp;<\/p>\n<p style=\"text-align: justify;\">Para cualquier duda, comentario o sugerencia sobre nuestra Pol\u00edtica de privacidad, los usuarios pueden contactarnos a trav\u00e9s del correo electr\u00f3nico info@madoriarquitectos.com.<\/p>\n<p>[\/et_pb_text][\/et_pb_column][\/et_pb_row][\/et_pb_section]<\/p>\n","protected":false},"excerpt":{"rendered":"<p>POL\u00cdTICA DE PRIVACIDAD DE MADORI ARQUITECTOS \u00a0 INTRODUCCI\u00d3N &nbsp; En Madori Arquitectos, nos comprometemos a proteger la privacidad y los datos personales de nuestros usuarios, respetando en todo momento la normativa espa\u00f1ola de protecci\u00f3n de datos personales y la normativa europea de protecci\u00f3n de datos personales, la LOPDD (Ley Org\u00e1nica de Protecci\u00f3n de Datos y [&hellip;]<\/p>\n","protected":false},"author":1,"featured_media":0,"parent":0,"menu_order":0,"comment_status":"closed","ping_status":"closed","template":"","meta":{"_et_pb_use_builder":"on","_et_pb_old_content":"","_et_gb_content_width":"","footnotes":""},"class_list":["post-2344","page","type-page","status-publish","hentry"],"yoast_head":"<!-- This site is optimized with the Yoast SEO plugin v27.8 - https:\/\/yoast.com\/product\/yoast-seo-wordpress\/ -->\n<title>Pol\u00edtica de privacidad<\/title>\n<meta name=\"robots\" content=\"index, follow, max-snippet:-1, max-image-preview:large, max-video-preview:-1\" \/>\n<link rel=\"canonical\" href=\"https:\/\/madoriarquitectos.com\/en\/politica-de-privacidad\/\" \/>\n<meta property=\"og:locale\" content=\"en_US\" \/>\n<meta property=\"og:type\" content=\"article\" \/>\n<meta property=\"og:title\" content=\"Pol\u00edtica de privacidad\" \/>\n<meta property=\"og:description\" content=\"POL\u00cdTICA DE PRIVACIDAD DE MADORI ARQUITECTOS \u00a0 INTRODUCCI\u00d3N &nbsp; En Madori Arquitectos, nos comprometemos a proteger la privacidad y los datos personales de nuestros usuarios, respetando en todo momento la normativa espa\u00f1ola de protecci\u00f3n de datos personales y la normativa europea de protecci\u00f3n de datos personales, la LOPDD (Ley Org\u00e1nica de Protecci\u00f3n de Datos y [&hellip;]\" \/>\n<meta property=\"og:url\" content=\"https:\/\/madoriarquitectos.com\/en\/politica-de-privacidad\/\" \/>\n<meta property=\"og:site_name\" content=\"MADORI ARQUITECTOS\" \/>\n<meta property=\"article:modified_time\" content=\"2023-09-20T15:14:33+00:00\" \/>\n<meta name=\"twitter:card\" content=\"summary_large_image\" \/>\n<meta name=\"twitter:label1\" content=\"Est. reading time\" \/>\n\t<meta name=\"twitter:data1\" content=\"4 minutes\" \/>\n<script type=\"application\/ld+json\" class=\"yoast-schema-graph\">{\"@context\":\"https:\\\/\\\/schema.org\",\"@graph\":[{\"@type\":\"WebPage\",\"@id\":\"https:\\\/\\\/madoriarquitectos.com\\\/en\\\/politica-de-privacidad\\\/\",\"url\":\"https:\\\/\\\/madoriarquitectos.com\\\/en\\\/politica-de-privacidad\\\/\",\"name\":\"Pol\u00edtica de privacidad\",\"isPartOf\":{\"@id\":\"https:\\\/\\\/madoriarquitectos.com\\\/#website\"},\"datePublished\":\"2023-05-04T13:14:52+00:00\",\"dateModified\":\"2023-09-20T15:14:33+00:00\",\"breadcrumb\":{\"@id\":\"https:\\\/\\\/madoriarquitectos.com\\\/en\\\/politica-de-privacidad\\\/#breadcrumb\"},\"inLanguage\":\"en-US\",\"potentialAction\":[{\"@type\":\"ReadAction\",\"target\":[\"https:\\\/\\\/madoriarquitectos.com\\\/en\\\/politica-de-privacidad\\\/\"]}]},{\"@type\":\"BreadcrumbList\",\"@id\":\"https:\\\/\\\/madoriarquitectos.com\\\/en\\\/politica-de-privacidad\\\/#breadcrumb\",\"itemListElement\":[{\"@type\":\"ListItem\",\"position\":1,\"name\":\"Home\",\"item\":\"https:\\\/\\\/madoriarquitectos.com\\\/en\\\/inicio\\\/\"},{\"@type\":\"ListItem\",\"position\":2,\"name\":\"Pol\u00edtica de privacidad\"}]},{\"@type\":\"WebSite\",\"@id\":\"https:\\\/\\\/madoriarquitectos.com\\\/#website\",\"url\":\"https:\\\/\\\/madoriarquitectos.com\\\/\",\"name\":\"Madori Arquitectos\",\"description\":\"Arquitectos Valencia Tavernes de la Valldigna Gandia Oliva J\u00e1vea D\u00e9nia Altea Calpe\",\"publisher\":{\"@id\":\"https:\\\/\\\/madoriarquitectos.com\\\/#organization\"},\"potentialAction\":[{\"@type\":\"SearchAction\",\"target\":{\"@type\":\"EntryPoint\",\"urlTemplate\":\"https:\\\/\\\/madoriarquitectos.com\\\/?s={search_term_string}\"},\"query-input\":{\"@type\":\"PropertyValueSpecification\",\"valueRequired\":true,\"valueName\":\"search_term_string\"}}],\"inLanguage\":\"en-US\"},{\"@type\":\"Organization\",\"@id\":\"https:\\\/\\\/madoriarquitectos.com\\\/#organization\",\"name\":\"Madori Arquitectos\",\"url\":\"https:\\\/\\\/madoriarquitectos.com\\\/\",\"logo\":{\"@type\":\"ImageObject\",\"inLanguage\":\"en-US\",\"@id\":\"https:\\\/\\\/madoriarquitectos.com\\\/#\\\/schema\\\/logo\\\/image\\\/\",\"url\":\"https:\\\/\\\/madoriarquitectos.com\\\/wp-content\\\/uploads\\\/2024\\\/02\\\/logo_am.webp\",\"contentUrl\":\"https:\\\/\\\/madoriarquitectos.com\\\/wp-content\\\/uploads\\\/2024\\\/02\\\/logo_am.webp\",\"width\":10508,\"height\":6391,\"caption\":\"Madori Arquitectos\"},\"image\":{\"@id\":\"https:\\\/\\\/madoriarquitectos.com\\\/#\\\/schema\\\/logo\\\/image\\\/\"},\"sameAs\":[\"https:\\\/\\\/www.instagram.com\\\/madoriarquitectos\\\/\",\"https:\\\/\\\/www.linkedin.com\\\/company\\\/madori-arquitectos-valencia\\\/\"]}]}<\/script>\n<!-- \/ Yoast SEO plugin. -->","yoast_head_json":{"title":"Pol\u00edtica de privacidad","robots":{"index":"index","follow":"follow","max-snippet":"max-snippet:-1","max-image-preview":"max-image-preview:large","max-video-preview":"max-video-preview:-1"},"canonical":"https:\/\/madoriarquitectos.com\/en\/politica-de-privacidad\/","og_locale":"en_US","og_type":"article","og_title":"Pol\u00edtica de privacidad","og_description":"POL\u00cdTICA DE PRIVACIDAD DE MADORI ARQUITECTOS \u00a0 INTRODUCCI\u00d3N &nbsp; En Madori Arquitectos, nos comprometemos a proteger la privacidad y los datos personales de nuestros usuarios, respetando en todo momento la normativa espa\u00f1ola de protecci\u00f3n de datos personales y la normativa europea de protecci\u00f3n de datos personales, la LOPDD (Ley Org\u00e1nica de Protecci\u00f3n de Datos y [&hellip;]","og_url":"https:\/\/madoriarquitectos.com\/en\/politica-de-privacidad\/","og_site_name":"MADORI ARQUITECTOS","article_modified_time":"2023-09-20T15:14:33+00:00","twitter_card":"summary_large_image","twitter_misc":{"Est. reading time":"4 minutes"},"schema":{"@context":"https:\/\/schema.org","@graph":[{"@type":"WebPage","@id":"https:\/\/madoriarquitectos.com\/en\/politica-de-privacidad\/","url":"https:\/\/madoriarquitectos.com\/en\/politica-de-privacidad\/","name":"Pol\u00edtica de privacidad","isPartOf":{"@id":"https:\/\/madoriarquitectos.com\/#website"},"datePublished":"2023-05-04T13:14:52+00:00","dateModified":"2023-09-20T15:14:33+00:00","breadcrumb":{"@id":"https:\/\/madoriarquitectos.com\/en\/politica-de-privacidad\/#breadcrumb"},"inLanguage":"en-US","potentialAction":[{"@type":"ReadAction","target":["https:\/\/madoriarquitectos.com\/en\/politica-de-privacidad\/"]}]},{"@type":"BreadcrumbList","@id":"https:\/\/madoriarquitectos.com\/en\/politica-de-privacidad\/#breadcrumb","itemListElement":[{"@type":"ListItem","position":1,"name":"Home","item":"https:\/\/madoriarquitectos.com\/en\/inicio\/"},{"@type":"ListItem","position":2,"name":"Pol\u00edtica de privacidad"}]},{"@type":"WebSite","@id":"https:\/\/madoriarquitectos.com\/#website","url":"https:\/\/madoriarquitectos.com\/","name":"Madori Arquitectos","description":"Arquitectos Valencia Tavernes de la Valldigna Gandia Oliva J\u00e1vea D\u00e9nia Altea Calpe","publisher":{"@id":"https:\/\/madoriarquitectos.com\/#organization"},"potentialAction":[{"@type":"SearchAction","target":{"@type":"EntryPoint","urlTemplate":"https:\/\/madoriarquitectos.com\/?s={search_term_string}"},"query-input":{"@type":"PropertyValueSpecification","valueRequired":true,"valueName":"search_term_string"}}],"inLanguage":"en-US"},{"@type":"Organization","@id":"https:\/\/madoriarquitectos.com\/#organization","name":"Madori Arquitectos","url":"https:\/\/madoriarquitectos.com\/","logo":{"@type":"ImageObject","inLanguage":"en-US","@id":"https:\/\/madoriarquitectos.com\/#\/schema\/logo\/image\/","url":"https:\/\/madoriarquitectos.com\/wp-content\/uploads\/2024\/02\/logo_am.webp","contentUrl":"https:\/\/madoriarquitectos.com\/wp-content\/uploads\/2024\/02\/logo_am.webp","width":10508,"height":6391,"caption":"Madori Arquitectos"},"image":{"@id":"https:\/\/madoriarquitectos.com\/#\/schema\/logo\/image\/"},"sameAs":["https:\/\/www.instagram.com\/madoriarquitectos\/","https:\/\/www.linkedin.com\/company\/madori-arquitectos-valencia\/"]}]}},"_links":{"self":[{"href":"https:\/\/madoriarquitectos.com\/en\/wp-json\/wp\/v2\/pages\/2344","targetHints":{"allow":["GET"]}}],"collection":[{"href":"https:\/\/madoriarquitectos.com\/en\/wp-json\/wp\/v2\/pages"}],"about":[{"href":"https:\/\/madoriarquitectos.com\/en\/wp-json\/wp\/v2\/types\/page"}],"author":[{"embeddable":true,"href":"https:\/\/madoriarquitectos.com\/en\/wp-json\/wp\/v2\/users\/1"}],"replies":[{"embeddable":true,"href":"https:\/\/madoriarquitectos.com\/en\/wp-json\/wp\/v2\/comments?post=2344"}],"version-history":[{"count":2,"href":"https:\/\/madoriarquitectos.com\/en\/wp-json\/wp\/v2\/pages\/2344\/revisions"}],"predecessor-version":[{"id":2349,"href":"https:\/\/madoriarquitectos.com\/en\/wp-json\/wp\/v2\/pages\/2344\/revisions\/2349"}],"wp:attachment":[{"href":"https:\/\/madoriarquitectos.com\/en\/wp-json\/wp\/v2\/media?parent=2344"}],"curies":[{"name":"wp","href":"https:\/\/api.w.org\/{rel}","templated":true}]}}